{"id":9420,"date":"2019-02-11T21:38:10","date_gmt":"2019-02-11T20:38:10","guid":{"rendered":"http:\/\/almkullens.se\/?page_id=9420"},"modified":"2020-11-19T07:52:09","modified_gmt":"2020-11-19T06:52:09","slug":"bretongalleri-utlandska-hundar","status":"publish","type":"page","link":"https:\/\/almkullens.se\/?page_id=9420","title":{"rendered":"Bretongalleri -utl\u00e4ndska hundar"},"content":{"rendered":"\n<figure class=\"wp-block-gallery alignfull columns-3 is-cropped wp-block-gallery-1\"><ul class=\"blocks-gallery-grid\"><li class=\"blocks-gallery-item\"><figure><img loading=\"lazy\" decoding=\"async\" width=\"1024\" height=\"683\" src=\"https:\/\/almkullens.se\/wp-content\/uploads\/2019\/02\/131-1024x683.jpg\" alt=\"\" data-id=\"9468\" data-full-url=\"https:\/\/almkullens.se\/wp-content\/uploads\/2019\/02\/131.jpg\" data-link=\"https:\/\/almkullens.se\/?attachment_id=9468\" class=\"wp-image-9468\" srcset=\"https:\/\/almkullens.se\/wp-content\/uploads\/2019\/02\/131-1024x683.jpg 1024w, https:\/\/almkullens.se\/wp-content\/uploads\/2019\/02\/131-300x200.jpg 300w, https:\/\/almkullens.se\/wp-content\/uploads\/2019\/02\/131-768x512.jpg 768w, https:\/\/almkullens.se\/wp-content\/uploads\/2019\/02\/131-1568x1045.jpg 1568w, https:\/\/almkullens.se\/wp-content\/uploads\/2019\/02\/131.jpg 1800w\" sizes=\"auto, (max-width: 1024px) 100vw, 1024px\" \/><figcaption class=\"blocks-gallery-item__caption is-layout-flex wp-block-gallery-is-layout-flex\">Aida \u00c4g: Oskar Stenh\u00f6j<\/figcaption><\/figure><\/li><li class=\"blocks-gallery-item\"><figure><img loading=\"lazy\" decoding=\"async\" width=\"1024\" height=\"683\" src=\"https:\/\/almkullens.se\/wp-content\/uploads\/2019\/02\/3Q1A2527-1024x683.jpg\" alt=\"\" data-id=\"9422\" data-full-url=\"https:\/\/almkullens.se\/wp-content\/uploads\/2019\/02\/3Q1A2527.jpg\" data-link=\"https:\/\/almkullens.se\/?attachment_id=9422\" class=\"wp-image-9422\" srcset=\"https:\/\/almkullens.se\/wp-content\/uploads\/2019\/02\/3Q1A2527-1024x683.jpg 1024w, https:\/\/almkullens.se\/wp-content\/uploads\/2019\/02\/3Q1A2527-300x200.jpg 300w, https:\/\/almkullens.se\/wp-content\/uploads\/2019\/02\/3Q1A2527-768x512.jpg 768w, https:\/\/almkullens.se\/wp-content\/uploads\/2019\/02\/3Q1A2527-1568x1045.jpg 1568w, https:\/\/almkullens.se\/wp-content\/uploads\/2019\/02\/3Q1A2527.jpg 1800w\" sizes=\"auto, (max-width: 1024px) 100vw, 1024px\" \/><figcaption class=\"blocks-gallery-item__caption\">Aldo Des sources claires \u00c4g: Gilles Pasty<\/figcaption><\/figure><\/li><li class=\"blocks-gallery-item\"><figure><img loading=\"lazy\" decoding=\"async\" width=\"1024\" height=\"683\" src=\"https:\/\/almkullens.se\/wp-content\/uploads\/2016\/10\/777-1024x683.jpg\" alt=\"\" data-id=\"7456\" data-full-url=\"https:\/\/almkullens.se\/wp-content\/uploads\/2016\/10\/777.jpg\" data-link=\"https:\/\/almkullens.se\/?attachment_id=7456\" class=\"wp-image-7456\" srcset=\"https:\/\/almkullens.se\/wp-content\/uploads\/2016\/10\/777-1024x683.jpg 1024w, https:\/\/almkullens.se\/wp-content\/uploads\/2016\/10\/777-300x200.jpg 300w, https:\/\/almkullens.se\/wp-content\/uploads\/2016\/10\/777-768x512.jpg 768w, https:\/\/almkullens.se\/wp-content\/uploads\/2016\/10\/777.jpg 1800w\" sizes=\"auto, (max-width: 1024px) 100vw, 1024px\" \/><figcaption class=\"blocks-gallery-item__caption\">Aulumboen\u2019s B-Pepsi \u00c4g: Jan Nielsen<\/figcaption><\/figure><\/li><li class=\"blocks-gallery-item\"><figure><img loading=\"lazy\" decoding=\"async\" width=\"1024\" height=\"683\" src=\"https:\/\/almkullens.se\/wp-content\/uploads\/2015\/02\/017-1024x683.jpg\" alt=\"\" data-id=\"4947\" data-full-url=\"https:\/\/almkullens.se\/wp-content\/uploads\/2015\/02\/017.jpg\" data-link=\"https:\/\/almkullens.se\/?attachment_id=4947\" class=\"wp-image-4947\" srcset=\"https:\/\/almkullens.se\/wp-content\/uploads\/2015\/02\/017-1024x683.jpg 1024w, https:\/\/almkullens.se\/wp-content\/uploads\/2015\/02\/017-300x200.jpg 300w, https:\/\/almkullens.se\/wp-content\/uploads\/2015\/02\/017.jpg 1800w\" sizes=\"auto, (max-width: 1024px) 100vw, 1024px\" \/><figcaption class=\"blocks-gallery-item__caption\">Bob Des Landes Du Pech Pappa till Almkullens F-kull \u00c4g: St\u00e9phane PORTELLI<\/figcaption><\/figure><\/li><li class=\"blocks-gallery-item\"><figure><img loading=\"lazy\" decoding=\"async\" width=\"1024\" height=\"683\" src=\"https:\/\/almkullens.se\/wp-content\/uploads\/2015\/08\/3Q1A2566-1024x683.jpg\" alt=\"\" data-id=\"5944\" data-full-url=\"https:\/\/almkullens.se\/wp-content\/uploads\/2015\/08\/3Q1A2566.jpg\" data-link=\"https:\/\/almkullens.se\/?attachment_id=5944\" class=\"wp-image-5944\" srcset=\"https:\/\/almkullens.se\/wp-content\/uploads\/2015\/08\/3Q1A2566-1024x683.jpg 1024w, https:\/\/almkullens.se\/wp-content\/uploads\/2015\/08\/3Q1A2566-300x200.jpg 300w, https:\/\/almkullens.se\/wp-content\/uploads\/2015\/08\/3Q1A2566.jpg 1800w\" sizes=\"auto, (max-width: 1024px) 100vw, 1024px\" \/><figcaption class=\"blocks-gallery-item__caption\">B\u00f6lh\u00f6gda&#8217;s Hi Chanel \u00c4g: Sven J\u00f6leid<\/figcaption><\/figure><\/li><li class=\"blocks-gallery-item\"><figure><img loading=\"lazy\" decoding=\"async\" width=\"1024\" height=\"683\" src=\"https:\/\/almkullens.se\/wp-content\/uploads\/2015\/08\/3Q1A2184-1024x683.jpg\" alt=\"\" data-id=\"5926\" data-full-url=\"https:\/\/almkullens.se\/wp-content\/uploads\/2015\/08\/3Q1A2184.jpg\" data-link=\"https:\/\/almkullens.se\/?attachment_id=5926\" class=\"wp-image-5926\" srcset=\"https:\/\/almkullens.se\/wp-content\/uploads\/2015\/08\/3Q1A2184-1024x683.jpg 1024w, https:\/\/almkullens.se\/wp-content\/uploads\/2015\/08\/3Q1A2184-300x200.jpg 300w, https:\/\/almkullens.se\/wp-content\/uploads\/2015\/08\/3Q1A2184.jpg 1800w\" sizes=\"auto, (max-width: 1024px) 100vw, 1024px\" \/><figcaption class=\"blocks-gallery-item__caption\">B\u00f6lh\u00f6gda&#8217;s Jennie \u00c4g: Lars Farnes<\/figcaption><\/figure><\/li><li class=\"blocks-gallery-item\"><figure><img loading=\"lazy\" decoding=\"async\" width=\"1024\" height=\"683\" src=\"https:\/\/almkullens.se\/wp-content\/uploads\/2019\/02\/3Q1A2650-1024x683.jpg\" alt=\"\" data-id=\"9424\" data-full-url=\"https:\/\/almkullens.se\/wp-content\/uploads\/2019\/02\/3Q1A2650.jpg\" data-link=\"https:\/\/almkullens.se\/?attachment_id=9424\" class=\"wp-image-9424\" srcset=\"https:\/\/almkullens.se\/wp-content\/uploads\/2019\/02\/3Q1A2650-1024x683.jpg 1024w, https:\/\/almkullens.se\/wp-content\/uploads\/2019\/02\/3Q1A2650-300x200.jpg 300w, https:\/\/almkullens.se\/wp-content\/uploads\/2019\/02\/3Q1A2650-768x512.jpg 768w, https:\/\/almkullens.se\/wp-content\/uploads\/2019\/02\/3Q1A2650-1568x1045.jpg 1568w, https:\/\/almkullens.se\/wp-content\/uploads\/2019\/02\/3Q1A2650.jpg 1800w\" sizes=\"auto, (max-width: 1024px) 100vw, 1024px\" \/><figcaption class=\"blocks-gallery-item__caption\">Caresse De sous les viviers \u00c4g: Gilles Pasty<\/figcaption><\/figure><\/li><li class=\"blocks-gallery-item\"><figure><img loading=\"lazy\" decoding=\"async\" width=\"1024\" height=\"682\" src=\"https:\/\/almkullens.se\/wp-content\/uploads\/2012\/07\/162-1024x682.jpg\" alt=\"\" data-id=\"3240\" data-full-url=\"https:\/\/almkullens.se\/wp-content\/uploads\/2012\/07\/162.jpg\" data-link=\"https:\/\/almkullens.se\/?attachment_id=3240\" class=\"wp-image-3240\" srcset=\"https:\/\/almkullens.se\/wp-content\/uploads\/2012\/07\/162-1024x682.jpg 1024w, https:\/\/almkullens.se\/wp-content\/uploads\/2012\/07\/162-300x200.jpg 300w, https:\/\/almkullens.se\/wp-content\/uploads\/2012\/07\/162.jpg 1200w\" sizes=\"auto, (max-width: 1024px) 100vw, 1024px\" \/><figcaption class=\"blocks-gallery-item__caption\">Carl D\u2019ar Roc\u2019h Bernez, pappa till v\u00e5r E-kull \u00c4g: Stian Aaserud<\/figcaption><\/figure><\/li><li class=\"blocks-gallery-item\"><figure><img loading=\"lazy\" decoding=\"async\" width=\"1024\" height=\"683\" src=\"https:\/\/almkullens.se\/wp-content\/uploads\/2015\/08\/331-1024x683.jpg\" alt=\"\" data-id=\"5962\" data-full-url=\"https:\/\/almkullens.se\/wp-content\/uploads\/2015\/08\/331.jpg\" data-link=\"https:\/\/almkullens.se\/?attachment_id=5962\" class=\"wp-image-5962\" srcset=\"https:\/\/almkullens.se\/wp-content\/uploads\/2015\/08\/331-1024x683.jpg 1024w, https:\/\/almkullens.se\/wp-content\/uploads\/2015\/08\/331-300x200.jpg 300w, https:\/\/almkullens.se\/wp-content\/uploads\/2015\/08\/331.jpg 1800w\" sizes=\"auto, (max-width: 1024px) 100vw, 1024px\" \/><figcaption class=\"blocks-gallery-item__caption\">Dirk Vom Schwanenberg \u00c4g: Kenneth Sveen<\/figcaption><\/figure><\/li><li class=\"blocks-gallery-item\"><figure><img loading=\"lazy\" decoding=\"async\" width=\"500\" height=\"398\" src=\"https:\/\/almkullens.se\/wp-content\/uploads\/2012\/07\/Elske-Van-t-Gillishof.jpg\" alt=\"\" data-id=\"3336\" data-full-url=\"https:\/\/almkullens.se\/wp-content\/uploads\/2012\/07\/Elske-Van-t-Gillishof.jpg\" data-link=\"https:\/\/almkullens.se\/?attachment_id=3336\" class=\"wp-image-3336\" srcset=\"https:\/\/almkullens.se\/wp-content\/uploads\/2012\/07\/Elske-Van-t-Gillishof.jpg 500w, https:\/\/almkullens.se\/wp-content\/uploads\/2012\/07\/Elske-Van-t-Gillishof-300x238.jpg 300w\" sizes=\"auto, (max-width: 500px) 100vw, 500px\" \/><figcaption class=\"blocks-gallery-item__caption\">Elske Van &#8217;t Gillishof. Mamma till P\u00e5lamalmens E-kull Foto:  Marina Bengtsson<\/figcaption><\/figure><\/li><li class=\"blocks-gallery-item\"><figure><img loading=\"lazy\" decoding=\"async\" width=\"1024\" height=\"683\" src=\"https:\/\/almkullens.se\/wp-content\/uploads\/2019\/02\/1913-1024x683.jpg\" alt=\"\" data-id=\"9442\" data-full-url=\"https:\/\/almkullens.se\/wp-content\/uploads\/2019\/02\/1913.jpg\" data-link=\"https:\/\/almkullens.se\/?attachment_id=9442\" class=\"wp-image-9442\" srcset=\"https:\/\/almkullens.se\/wp-content\/uploads\/2019\/02\/1913-1024x683.jpg 1024w, https:\/\/almkullens.se\/wp-content\/uploads\/2019\/02\/1913-300x200.jpg 300w, https:\/\/almkullens.se\/wp-content\/uploads\/2019\/02\/1913-768x512.jpg 768w, https:\/\/almkullens.se\/wp-content\/uploads\/2019\/02\/1913-1568x1045.jpg 1568w, https:\/\/almkullens.se\/wp-content\/uploads\/2019\/02\/1913.jpg 1800w\" sizes=\"auto, (max-width: 1024px) 100vw, 1024px\" \/><figcaption class=\"blocks-gallery-item__caption\">Engbjergvejs Igor \u00c4g: Steen Ulrich Hansen<\/figcaption><\/figure><\/li><li class=\"blocks-gallery-item\"><figure><img loading=\"lazy\" decoding=\"async\" width=\"1024\" height=\"683\" src=\"https:\/\/almkullens.se\/wp-content\/uploads\/2019\/02\/1634-1024x683.jpg\" alt=\"\" data-id=\"9437\" data-full-url=\"https:\/\/almkullens.se\/wp-content\/uploads\/2019\/02\/1634.jpg\" data-link=\"https:\/\/almkullens.se\/?attachment_id=9437\" class=\"wp-image-9437\" srcset=\"https:\/\/almkullens.se\/wp-content\/uploads\/2019\/02\/1634-1024x683.jpg 1024w, https:\/\/almkullens.se\/wp-content\/uploads\/2019\/02\/1634-300x200.jpg 300w, https:\/\/almkullens.se\/wp-content\/uploads\/2019\/02\/1634-768x512.jpg 768w, https:\/\/almkullens.se\/wp-content\/uploads\/2019\/02\/1634-1568x1045.jpg 1568w, https:\/\/almkullens.se\/wp-content\/uploads\/2019\/02\/1634.jpg 1800w\" sizes=\"auto, (max-width: 1024px) 100vw, 1024px\" \/><figcaption class=\"blocks-gallery-item__caption\">Esg\u00e5rd Tjalfe \u00c4g: John Madsen<\/figcaption><\/figure><\/li><li class=\"blocks-gallery-item\"><figure><img loading=\"lazy\" decoding=\"async\" width=\"1024\" height=\"682\" src=\"https:\/\/almkullens.se\/wp-content\/uploads\/2012\/07\/014-1024x682.jpg\" alt=\"Fabian Du Vallon De La Rigaude \u00c4gare: Arild Eikeland\" data-id=\"3193\" data-full-url=\"https:\/\/almkullens.se\/wp-content\/uploads\/2012\/07\/014.jpg\" data-link=\"https:\/\/almkullens.se\/?attachment_id=3193\" class=\"wp-image-3193\" srcset=\"https:\/\/almkullens.se\/wp-content\/uploads\/2012\/07\/014-1024x682.jpg 1024w, https:\/\/almkullens.se\/wp-content\/uploads\/2012\/07\/014-300x200.jpg 300w, https:\/\/almkullens.se\/wp-content\/uploads\/2012\/07\/014.jpg 1200w\" sizes=\"auto, (max-width: 1024px) 100vw, 1024px\" \/><figcaption class=\"blocks-gallery-item__caption\">Fabian Du Vallon De La Rigaude, Pappa till v\u00e5r D-kull. \u00c4gare: Arild Eikeland<\/figcaption><\/figure><\/li><li class=\"blocks-gallery-item\"><figure><img loading=\"lazy\" decoding=\"async\" width=\"1024\" height=\"683\" src=\"https:\/\/almkullens.se\/wp-content\/uploads\/2016\/10\/192-1024x683.jpg\" alt=\"\" data-id=\"7438\" data-full-url=\"https:\/\/almkullens.se\/wp-content\/uploads\/2016\/10\/192.jpg\" data-link=\"https:\/\/almkullens.se\/?attachment_id=7438\" class=\"wp-image-7438\" srcset=\"https:\/\/almkullens.se\/wp-content\/uploads\/2016\/10\/192-1024x683.jpg 1024w, https:\/\/almkullens.se\/wp-content\/uploads\/2016\/10\/192-300x200.jpg 300w, https:\/\/almkullens.se\/wp-content\/uploads\/2016\/10\/192-768x512.jpg 768w, https:\/\/almkullens.se\/wp-content\/uploads\/2016\/10\/192.jpg 1800w\" sizes=\"auto, (max-width: 1024px) 100vw, 1024px\" \/><figcaption class=\"blocks-gallery-item__caption\">Facco De La Mabirado \u00c4g: Jens Hansen<\/figcaption><\/figure><\/li><li class=\"blocks-gallery-item\"><figure><img loading=\"lazy\" decoding=\"async\" width=\"1024\" height=\"683\" src=\"https:\/\/almkullens.se\/wp-content\/uploads\/2019\/02\/3Q1A2436-1024x683.jpg\" alt=\"\" data-id=\"9421\" data-full-url=\"https:\/\/almkullens.se\/wp-content\/uploads\/2019\/02\/3Q1A2436.jpg\" data-link=\"https:\/\/almkullens.se\/?attachment_id=9421\" class=\"wp-image-9421\" srcset=\"https:\/\/almkullens.se\/wp-content\/uploads\/2019\/02\/3Q1A2436-1024x683.jpg 1024w, https:\/\/almkullens.se\/wp-content\/uploads\/2019\/02\/3Q1A2436-300x200.jpg 300w, https:\/\/almkullens.se\/wp-content\/uploads\/2019\/02\/3Q1A2436-768x512.jpg 768w, https:\/\/almkullens.se\/wp-content\/uploads\/2019\/02\/3Q1A2436-1568x1045.jpg 1568w, https:\/\/almkullens.se\/wp-content\/uploads\/2019\/02\/3Q1A2436.jpg 1800w\" sizes=\"auto, (max-width: 1024px) 100vw, 1024px\" \/><figcaption class=\"blocks-gallery-item__caption\">Favie Des Sources Claires \u00c4g: Gilles Pasty<\/figcaption><\/figure><\/li><li class=\"blocks-gallery-item\"><figure><img loading=\"lazy\" decoding=\"async\" width=\"1017\" height=\"678\" src=\"https:\/\/almkullens.se\/wp-content\/uploads\/2012\/07\/208.jpg\" alt=\"\" data-id=\"3250\" data-full-url=\"https:\/\/almkullens.se\/wp-content\/uploads\/2012\/07\/208.jpg\" data-link=\"https:\/\/almkullens.se\/?attachment_id=3250\" class=\"wp-image-3250\" srcset=\"https:\/\/almkullens.se\/wp-content\/uploads\/2012\/07\/208.jpg 1017w, https:\/\/almkullens.se\/wp-content\/uploads\/2012\/07\/208-300x200.jpg 300w\" sizes=\"auto, (max-width: 1017px) 100vw, 1017px\" \/><figcaption class=\"blocks-gallery-item__caption\">Femme Fatale De La Source Aux Perdrix (Fam) \u00c4g: Morten L\u00f8ken<\/figcaption><\/figure><\/li><li class=\"blocks-gallery-item\"><figure><img loading=\"lazy\" decoding=\"async\" width=\"1024\" height=\"768\" src=\"https:\/\/almkullens.se\/wp-content\/uploads\/2019\/02\/3Q1A2947-2-1024x768.jpg\" alt=\"\" data-id=\"9426\" data-full-url=\"https:\/\/almkullens.se\/wp-content\/uploads\/2019\/02\/3Q1A2947-2.jpg\" data-link=\"https:\/\/almkullens.se\/?attachment_id=9426\" class=\"wp-image-9426\" srcset=\"https:\/\/almkullens.se\/wp-content\/uploads\/2019\/02\/3Q1A2947-2-1024x768.jpg 1024w, https:\/\/almkullens.se\/wp-content\/uploads\/2019\/02\/3Q1A2947-2-300x225.jpg 300w, https:\/\/almkullens.se\/wp-content\/uploads\/2019\/02\/3Q1A2947-2-768x576.jpg 768w, https:\/\/almkullens.se\/wp-content\/uploads\/2019\/02\/3Q1A2947-2-1568x1176.jpg 1568w, https:\/\/almkullens.se\/wp-content\/uploads\/2019\/02\/3Q1A2947-2.jpg 1800w\" sizes=\"auto, (max-width: 1024px) 100vw, 1024px\" \/><figcaption class=\"blocks-gallery-item__caption\">Fifie de la Plaine Marat \u00c4g: Gilles Pasty<\/figcaption><\/figure><\/li><li class=\"blocks-gallery-item\"><figure><img loading=\"lazy\" decoding=\"async\" width=\"1024\" height=\"768\" src=\"https:\/\/almkullens.se\/wp-content\/uploads\/2019\/02\/3Q1A2955-1024x768.jpg\" alt=\"\" data-id=\"9427\" data-full-url=\"https:\/\/almkullens.se\/wp-content\/uploads\/2019\/02\/3Q1A2955.jpg\" data-link=\"https:\/\/almkullens.se\/?attachment_id=9427\" class=\"wp-image-9427\" srcset=\"https:\/\/almkullens.se\/wp-content\/uploads\/2019\/02\/3Q1A2955-1024x768.jpg 1024w, https:\/\/almkullens.se\/wp-content\/uploads\/2019\/02\/3Q1A2955-300x225.jpg 300w, https:\/\/almkullens.se\/wp-content\/uploads\/2019\/02\/3Q1A2955-768x576.jpg 768w, https:\/\/almkullens.se\/wp-content\/uploads\/2019\/02\/3Q1A2955-1568x1176.jpg 1568w, https:\/\/almkullens.se\/wp-content\/uploads\/2019\/02\/3Q1A2955.jpg 1800w\" sizes=\"auto, (max-width: 1024px) 100vw, 1024px\" \/><figcaption class=\"blocks-gallery-item__caption\">F&#8217;tina De La Plaine Marat \u00c4g: Gilles Pasty<\/figcaption><\/figure><\/li><li class=\"blocks-gallery-item\"><figure><img loading=\"lazy\" decoding=\"async\" width=\"1024\" height=\"682\" src=\"https:\/\/almkullens.se\/wp-content\/uploads\/2012\/07\/091-1024x682.jpg\" alt=\"\" data-id=\"3225\" data-full-url=\"https:\/\/almkullens.se\/wp-content\/uploads\/2012\/07\/091.jpg\" data-link=\"https:\/\/almkullens.se\/?attachment_id=3225\" class=\"wp-image-3225\" srcset=\"https:\/\/almkullens.se\/wp-content\/uploads\/2012\/07\/091-1024x682.jpg 1024w, https:\/\/almkullens.se\/wp-content\/uploads\/2012\/07\/091-300x200.jpg 300w, https:\/\/almkullens.se\/wp-content\/uploads\/2012\/07\/091.jpg 1200w\" sizes=\"auto, (max-width: 1024px) 100vw, 1024px\" \/><figcaption class=\"blocks-gallery-item__caption\">F\u00f8nsvigs Darwin uppvaktar Tors Riva, Pappa till Almkullens B-kull \u00c4g: Flemming Knutsen<\/figcaption><\/figure><\/li><li class=\"blocks-gallery-item\"><figure><img loading=\"lazy\" decoding=\"async\" width=\"1024\" height=\"768\" src=\"https:\/\/almkullens.se\/wp-content\/uploads\/2019\/02\/1675-1024x768.jpg\" alt=\"\" data-id=\"9439\" data-full-url=\"https:\/\/almkullens.se\/wp-content\/uploads\/2019\/02\/1675.jpg\" data-link=\"https:\/\/almkullens.se\/?attachment_id=9439\" class=\"wp-image-9439\" srcset=\"https:\/\/almkullens.se\/wp-content\/uploads\/2019\/02\/1675-1024x768.jpg 1024w, https:\/\/almkullens.se\/wp-content\/uploads\/2019\/02\/1675-300x225.jpg 300w, https:\/\/almkullens.se\/wp-content\/uploads\/2019\/02\/1675-768x576.jpg 768w, https:\/\/almkullens.se\/wp-content\/uploads\/2019\/02\/1675-1568x1176.jpg 1568w, https:\/\/almkullens.se\/wp-content\/uploads\/2019\/02\/1675.jpg 1800w\" sizes=\"auto, (max-width: 1024px) 100vw, 1024px\" \/><figcaption class=\"blocks-gallery-item__caption\">F\u00f6nsvigs Debit \u00c4g: Torben Andreasen<\/figcaption><\/figure><\/li><li class=\"blocks-gallery-item\"><figure><img loading=\"lazy\" decoding=\"async\" width=\"1024\" height=\"683\" src=\"https:\/\/almkullens.se\/wp-content\/uploads\/2015\/08\/3Q1A1502-1024x683.jpg\" alt=\"\" data-id=\"5905\" data-full-url=\"https:\/\/almkullens.se\/wp-content\/uploads\/2015\/08\/3Q1A1502.jpg\" data-link=\"https:\/\/almkullens.se\/?attachment_id=5905\" class=\"wp-image-5905\" srcset=\"https:\/\/almkullens.se\/wp-content\/uploads\/2015\/08\/3Q1A1502-1024x683.jpg 1024w, https:\/\/almkullens.se\/wp-content\/uploads\/2015\/08\/3Q1A1502-300x200.jpg 300w, https:\/\/almkullens.se\/wp-content\/uploads\/2015\/08\/3Q1A1502.jpg 1800w\" sizes=\"auto, (max-width: 1024px) 100vw, 1024px\" \/><figcaption class=\"blocks-gallery-item__caption\">Gaya \u00c4g: Tom Middelhuis<\/figcaption><\/figure><\/li><li class=\"blocks-gallery-item\"><figure><img loading=\"lazy\" decoding=\"async\" width=\"1024\" height=\"683\" src=\"https:\/\/almkullens.se\/wp-content\/uploads\/2019\/02\/3Q1A2671-1024x683.jpg\" alt=\"\" data-id=\"9425\" data-full-url=\"https:\/\/almkullens.se\/wp-content\/uploads\/2019\/02\/3Q1A2671.jpg\" data-link=\"https:\/\/almkullens.se\/?attachment_id=9425\" class=\"wp-image-9425\" srcset=\"https:\/\/almkullens.se\/wp-content\/uploads\/2019\/02\/3Q1A2671-1024x683.jpg 1024w, https:\/\/almkullens.se\/wp-content\/uploads\/2019\/02\/3Q1A2671-300x200.jpg 300w, https:\/\/almkullens.se\/wp-content\/uploads\/2019\/02\/3Q1A2671-768x512.jpg 768w, https:\/\/almkullens.se\/wp-content\/uploads\/2019\/02\/3Q1A2671-1568x1045.jpg 1568w, https:\/\/almkullens.se\/wp-content\/uploads\/2019\/02\/3Q1A2671.jpg 1800w\" sizes=\"auto, (max-width: 1024px) 100vw, 1024px\" \/><figcaption class=\"blocks-gallery-item__caption\">Glen De la plaine marat \u00c4g: Gilles Pasty<\/figcaption><\/figure><\/li><li class=\"blocks-gallery-item\"><figure><img loading=\"lazy\" decoding=\"async\" width=\"1024\" height=\"768\" src=\"https:\/\/almkullens.se\/wp-content\/uploads\/2019\/02\/362-1024x768.jpg\" alt=\"\" data-id=\"9429\" data-full-url=\"https:\/\/almkullens.se\/wp-content\/uploads\/2019\/02\/362.jpg\" data-link=\"https:\/\/almkullens.se\/?attachment_id=9429\" class=\"wp-image-9429\" srcset=\"https:\/\/almkullens.se\/wp-content\/uploads\/2019\/02\/362-1024x768.jpg 1024w, https:\/\/almkullens.se\/wp-content\/uploads\/2019\/02\/362-300x225.jpg 300w, https:\/\/almkullens.se\/wp-content\/uploads\/2019\/02\/362-768x576.jpg 768w, https:\/\/almkullens.se\/wp-content\/uploads\/2019\/02\/362-1568x1176.jpg 1568w, https:\/\/almkullens.se\/wp-content\/uploads\/2019\/02\/362.jpg 1800w\" sizes=\"auto, (max-width: 1024px) 100vw, 1024px\" \/><figcaption class=\"blocks-gallery-item__caption\">G&#8217;Saga Du Comte De Batz Castelmore \u00c4g: Anne Merete J\u00f6rgensen<\/figcaption><\/figure><\/li><li class=\"blocks-gallery-item\"><figure><img loading=\"lazy\" decoding=\"async\" width=\"1024\" height=\"768\" src=\"https:\/\/almkullens.se\/wp-content\/uploads\/2019\/02\/1693-1024x768.jpg\" alt=\"\" data-id=\"9440\" data-full-url=\"https:\/\/almkullens.se\/wp-content\/uploads\/2019\/02\/1693.jpg\" data-link=\"https:\/\/almkullens.se\/?attachment_id=9440\" class=\"wp-image-9440\" srcset=\"https:\/\/almkullens.se\/wp-content\/uploads\/2019\/02\/1693-1024x768.jpg 1024w, https:\/\/almkullens.se\/wp-content\/uploads\/2019\/02\/1693-300x225.jpg 300w, https:\/\/almkullens.se\/wp-content\/uploads\/2019\/02\/1693-768x576.jpg 768w, https:\/\/almkullens.se\/wp-content\/uploads\/2019\/02\/1693-1568x1176.jpg 1568w, https:\/\/almkullens.se\/wp-content\/uploads\/2019\/02\/1693.jpg 1800w\" sizes=\"auto, (max-width: 1024px) 100vw, 1024px\" \/><figcaption class=\"blocks-gallery-item__caption\">Grand\u2019s Uniq Itro \u00c4g: Jens Hansen<\/figcaption><\/figure><\/li><li class=\"blocks-gallery-item\"><figure><img loading=\"lazy\" decoding=\"async\" width=\"1024\" height=\"768\" src=\"https:\/\/almkullens.se\/wp-content\/uploads\/2018\/12\/1347-1024x768.jpg\" alt=\"\" data-id=\"8969\" data-full-url=\"https:\/\/almkullens.se\/wp-content\/uploads\/2018\/12\/1347.jpg\" data-link=\"https:\/\/almkullens.se\/?attachment_id=8969\" class=\"wp-image-8969\" srcset=\"https:\/\/almkullens.se\/wp-content\/uploads\/2018\/12\/1347-1024x768.jpg 1024w, https:\/\/almkullens.se\/wp-content\/uploads\/2018\/12\/1347-300x225.jpg 300w, https:\/\/almkullens.se\/wp-content\/uploads\/2018\/12\/1347-768x576.jpg 768w, https:\/\/almkullens.se\/wp-content\/uploads\/2018\/12\/1347.jpg 1800w\" sizes=\"auto, (max-width: 1024px) 100vw, 1024px\" \/><figcaption class=\"blocks-gallery-item__caption\">Grand&#8217;s Uniq Luke \u00c4g: Jan B. Larsen<\/figcaption><\/figure><\/li><li class=\"blocks-gallery-item\"><figure><img loading=\"lazy\" decoding=\"async\" width=\"1024\" height=\"683\" src=\"https:\/\/almkullens.se\/wp-content\/uploads\/2019\/02\/1449-1024x683.jpg\" alt=\"\" data-id=\"9436\" data-full-url=\"https:\/\/almkullens.se\/wp-content\/uploads\/2019\/02\/1449.jpg\" data-link=\"https:\/\/almkullens.se\/?attachment_id=9436\" class=\"wp-image-9436\" srcset=\"https:\/\/almkullens.se\/wp-content\/uploads\/2019\/02\/1449-1024x683.jpg 1024w, https:\/\/almkullens.se\/wp-content\/uploads\/2019\/02\/1449-300x200.jpg 300w, https:\/\/almkullens.se\/wp-content\/uploads\/2019\/02\/1449-768x512.jpg 768w, https:\/\/almkullens.se\/wp-content\/uploads\/2019\/02\/1449-1568x1045.jpg 1568w, https:\/\/almkullens.se\/wp-content\/uploads\/2019\/02\/1449.jpg 1800w\" sizes=\"auto, (max-width: 1024px) 100vw, 1024px\" \/><figcaption class=\"blocks-gallery-item__caption\">Gribskoven&#8217;s Cesar \u00c4g: John Hjern\u00f6<\/figcaption><\/figure><\/li><li class=\"blocks-gallery-item\"><figure><img loading=\"lazy\" decoding=\"async\" width=\"1024\" height=\"683\" src=\"https:\/\/almkullens.se\/wp-content\/uploads\/2015\/12\/3Q1A2827-1024x683.jpg\" alt=\"\" data-id=\"6393\" data-full-url=\"https:\/\/almkullens.se\/wp-content\/uploads\/2015\/12\/3Q1A2827.jpg\" data-link=\"https:\/\/almkullens.se\/?attachment_id=6393\" class=\"wp-image-6393\" srcset=\"https:\/\/almkullens.se\/wp-content\/uploads\/2015\/12\/3Q1A2827-1024x683.jpg 1024w, https:\/\/almkullens.se\/wp-content\/uploads\/2015\/12\/3Q1A2827-300x200.jpg 300w, https:\/\/almkullens.se\/wp-content\/uploads\/2015\/12\/3Q1A2827.jpg 1800w\" sizes=\"auto, (max-width: 1024px) 100vw, 1024px\" \/><figcaption class=\"blocks-gallery-item__caption\">H\u00e9rak de la Plaine Marat Pappa till Almkullens G-kull \u00c4g: Gilles Pasty<\/figcaption><\/figure><\/li><li class=\"blocks-gallery-item\"><figure><img loading=\"lazy\" decoding=\"async\" width=\"1024\" height=\"683\" src=\"https:\/\/almkullens.se\/wp-content\/uploads\/2015\/08\/3Q1A2337-1024x683.jpg\" alt=\"\" data-id=\"5928\" data-full-url=\"https:\/\/almkullens.se\/wp-content\/uploads\/2015\/08\/3Q1A2337.jpg\" data-link=\"https:\/\/almkullens.se\/?attachment_id=5928\" class=\"wp-image-5928\" srcset=\"https:\/\/almkullens.se\/wp-content\/uploads\/2015\/08\/3Q1A2337-1024x683.jpg 1024w, https:\/\/almkullens.se\/wp-content\/uploads\/2015\/08\/3Q1A2337-300x200.jpg 300w, https:\/\/almkullens.se\/wp-content\/uploads\/2015\/08\/3Q1A2337.jpg 1800w\" sizes=\"auto, (max-width: 1024px) 100vw, 1024px\" \/><figcaption class=\"blocks-gallery-item__caption\">Indi De Fresnel \u00c4g: Tor Einar J\u00f6rgensen<\/figcaption><\/figure><\/li><li class=\"blocks-gallery-item\"><figure><img loading=\"lazy\" decoding=\"async\" width=\"1024\" height=\"768\" src=\"https:\/\/almkullens.se\/wp-content\/uploads\/2010\/07\/1457-1024x768.jpg\" alt=\"\" data-id=\"8047\" data-full-url=\"https:\/\/almkullens.se\/wp-content\/uploads\/2010\/07\/1457.jpg\" data-link=\"https:\/\/almkullens.se\/?attachment_id=8047\" class=\"wp-image-8047\" srcset=\"https:\/\/almkullens.se\/wp-content\/uploads\/2010\/07\/1457-1024x768.jpg 1024w, https:\/\/almkullens.se\/wp-content\/uploads\/2010\/07\/1457-300x225.jpg 300w, https:\/\/almkullens.se\/wp-content\/uploads\/2010\/07\/1457-768x576.jpg 768w, https:\/\/almkullens.se\/wp-content\/uploads\/2010\/07\/1457.jpg 1600w\" sizes=\"auto, (max-width: 1024px) 100vw, 1024px\" \/><figcaption class=\"blocks-gallery-item__caption\">Inouk De L&#8217;ardour Pappa till Almkullens H-kull \u00c4g: Jens Ole Nielsen<\/figcaption><\/figure><\/li><li class=\"blocks-gallery-item\"><figure><img loading=\"lazy\" decoding=\"async\" width=\"1024\" height=\"683\" src=\"https:\/\/almkullens.se\/wp-content\/uploads\/2015\/08\/3Q1A2209-1024x683.jpg\" alt=\"\" data-id=\"5927\" data-full-url=\"https:\/\/almkullens.se\/wp-content\/uploads\/2015\/08\/3Q1A2209.jpg\" data-link=\"https:\/\/almkullens.se\/?attachment_id=5927\" class=\"wp-image-5927\" srcset=\"https:\/\/almkullens.se\/wp-content\/uploads\/2015\/08\/3Q1A2209-1024x683.jpg 1024w, https:\/\/almkullens.se\/wp-content\/uploads\/2015\/08\/3Q1A2209-300x200.jpg 300w, https:\/\/almkullens.se\/wp-content\/uploads\/2015\/08\/3Q1A2209.jpg 1800w\" sizes=\"auto, (max-width: 1024px) 100vw, 1024px\" \/><figcaption class=\"blocks-gallery-item__caption\">Ipanema Du Bois De Sains \u00c4g: Sven J\u00f6leid<\/figcaption><\/figure><\/li><li class=\"blocks-gallery-item\"><figure><img loading=\"lazy\" decoding=\"async\" width=\"1024\" height=\"683\" src=\"https:\/\/almkullens.se\/wp-content\/uploads\/2019\/02\/3Q1A2543-1024x683.jpg\" alt=\"\" data-id=\"9423\" data-full-url=\"https:\/\/almkullens.se\/wp-content\/uploads\/2019\/02\/3Q1A2543.jpg\" data-link=\"https:\/\/almkullens.se\/?attachment_id=9423\" class=\"wp-image-9423\" srcset=\"https:\/\/almkullens.se\/wp-content\/uploads\/2019\/02\/3Q1A2543-1024x683.jpg 1024w, https:\/\/almkullens.se\/wp-content\/uploads\/2019\/02\/3Q1A2543-300x200.jpg 300w, https:\/\/almkullens.se\/wp-content\/uploads\/2019\/02\/3Q1A2543-768x512.jpg 768w, https:\/\/almkullens.se\/wp-content\/uploads\/2019\/02\/3Q1A2543-1568x1045.jpg 1568w, https:\/\/almkullens.se\/wp-content\/uploads\/2019\/02\/3Q1A2543.jpg 1800w\" sizes=\"auto, (max-width: 1024px) 100vw, 1024px\" \/><figcaption class=\"blocks-gallery-item__caption\">Jade II de la Plaine Marat \u00c4g: Gilles Pasty<\/figcaption><\/figure><\/li><li class=\"blocks-gallery-item\"><figure><img loading=\"lazy\" decoding=\"async\" width=\"1024\" height=\"683\" src=\"https:\/\/almkullens.se\/wp-content\/uploads\/2016\/10\/080-1024x683.jpg\" alt=\"\" data-id=\"7423\" data-full-url=\"https:\/\/almkullens.se\/wp-content\/uploads\/2016\/10\/080.jpg\" data-link=\"https:\/\/almkullens.se\/?attachment_id=7423\" class=\"wp-image-7423\" srcset=\"https:\/\/almkullens.se\/wp-content\/uploads\/2016\/10\/080-1024x683.jpg 1024w, https:\/\/almkullens.se\/wp-content\/uploads\/2016\/10\/080-300x200.jpg 300w, https:\/\/almkullens.se\/wp-content\/uploads\/2016\/10\/080-768x512.jpg 768w, https:\/\/almkullens.se\/wp-content\/uploads\/2016\/10\/080.jpg 1800w\" sizes=\"auto, (max-width: 1024px) 100vw, 1024px\" \/><figcaption class=\"blocks-gallery-item__caption\">Kenzo \u00c4g: Thomas Klit<\/figcaption><\/figure><\/li><li class=\"blocks-gallery-item\"><figure><img loading=\"lazy\" decoding=\"async\" width=\"1024\" height=\"683\" src=\"https:\/\/almkullens.se\/wp-content\/uploads\/2019\/02\/1670-1024x683.jpg\" alt=\"\" data-id=\"9438\" data-full-url=\"https:\/\/almkullens.se\/wp-content\/uploads\/2019\/02\/1670.jpg\" data-link=\"https:\/\/almkullens.se\/?attachment_id=9438\" class=\"wp-image-9438\" srcset=\"https:\/\/almkullens.se\/wp-content\/uploads\/2019\/02\/1670-1024x683.jpg 1024w, https:\/\/almkullens.se\/wp-content\/uploads\/2019\/02\/1670-300x200.jpg 300w, https:\/\/almkullens.se\/wp-content\/uploads\/2019\/02\/1670-768x512.jpg 768w, https:\/\/almkullens.se\/wp-content\/uploads\/2019\/02\/1670-1568x1045.jpg 1568w, https:\/\/almkullens.se\/wp-content\/uploads\/2019\/02\/1670.jpg 1800w\" sizes=\"auto, (max-width: 1024px) 100vw, 1024px\" \/><figcaption class=\"blocks-gallery-item__caption\">Klaphattens Asta \u00c4g: Kenneth Schultz<\/figcaption><\/figure><\/li><li class=\"blocks-gallery-item\"><figure><img loading=\"lazy\" decoding=\"async\" width=\"1024\" height=\"768\" src=\"https:\/\/almkullens.se\/wp-content\/uploads\/2019\/02\/836-1024x768.jpg\" alt=\"\" data-id=\"9432\" data-full-url=\"https:\/\/almkullens.se\/wp-content\/uploads\/2019\/02\/836.jpg\" data-link=\"https:\/\/almkullens.se\/?attachment_id=9432\" class=\"wp-image-9432\" srcset=\"https:\/\/almkullens.se\/wp-content\/uploads\/2019\/02\/836-1024x768.jpg 1024w, https:\/\/almkullens.se\/wp-content\/uploads\/2019\/02\/836-300x225.jpg 300w, https:\/\/almkullens.se\/wp-content\/uploads\/2019\/02\/836-768x576.jpg 768w, https:\/\/almkullens.se\/wp-content\/uploads\/2019\/02\/836-1568x1176.jpg 1568w, https:\/\/almkullens.se\/wp-content\/uploads\/2019\/02\/836.jpg 1800w\" sizes=\"auto, (max-width: 1024px) 100vw, 1024px\" \/><figcaption class=\"blocks-gallery-item__caption\">Kulmann&#8217;s Aggi \u00c4g: Benny Kulmann<\/figcaption><\/figure><\/li><li class=\"blocks-gallery-item\"><figure><img loading=\"lazy\" decoding=\"async\" width=\"1024\" height=\"683\" src=\"https:\/\/almkullens.se\/wp-content\/uploads\/2020\/11\/297-1024x683.jpg\" alt=\"\" data-id=\"10401\" data-full-url=\"https:\/\/almkullens.se\/wp-content\/uploads\/2020\/11\/297.jpg\" data-link=\"https:\/\/almkullens.se\/?attachment_id=10401\" class=\"wp-image-10401\" srcset=\"https:\/\/almkullens.se\/wp-content\/uploads\/2020\/11\/297-1024x683.jpg 1024w, https:\/\/almkullens.se\/wp-content\/uploads\/2020\/11\/297-300x200.jpg 300w, https:\/\/almkullens.se\/wp-content\/uploads\/2020\/11\/297-768x512.jpg 768w, https:\/\/almkullens.se\/wp-content\/uploads\/2020\/11\/297-1536x1024.jpg 1536w, https:\/\/almkullens.se\/wp-content\/uploads\/2020\/11\/297.jpg 1800w\" sizes=\"auto, (max-width: 1024px) 100vw, 1024px\" \/><figcaption class=\"blocks-gallery-item__caption\">Kvikksteps C \u2013 Neo \u00c4g: Halvor Aasen<\/figcaption><\/figure><\/li><li class=\"blocks-gallery-item\"><figure><img loading=\"lazy\" decoding=\"async\" width=\"1024\" height=\"683\" src=\"https:\/\/almkullens.se\/wp-content\/uploads\/2019\/02\/1044-1024x683.jpg\" alt=\"\" data-id=\"9433\" data-full-url=\"https:\/\/almkullens.se\/wp-content\/uploads\/2019\/02\/1044.jpg\" data-link=\"https:\/\/almkullens.se\/?attachment_id=9433\" class=\"wp-image-9433\" srcset=\"https:\/\/almkullens.se\/wp-content\/uploads\/2019\/02\/1044-1024x683.jpg 1024w, https:\/\/almkullens.se\/wp-content\/uploads\/2019\/02\/1044-300x200.jpg 300w, https:\/\/almkullens.se\/wp-content\/uploads\/2019\/02\/1044-768x512.jpg 768w, https:\/\/almkullens.se\/wp-content\/uploads\/2019\/02\/1044-1568x1045.jpg 1568w, https:\/\/almkullens.se\/wp-content\/uploads\/2019\/02\/1044.jpg 1800w\" sizes=\"auto, (max-width: 1024px) 100vw, 1024px\" \/><figcaption class=\"blocks-gallery-item__caption\">Lilli Du Bois Courcol \u00c4g: Torbj\u00f6rn Rantanen Lund-Nielsen<\/figcaption><\/figure><\/li><li class=\"blocks-gallery-item\"><figure><img loading=\"lazy\" decoding=\"async\" width=\"1024\" height=\"683\" src=\"https:\/\/almkullens.se\/wp-content\/uploads\/2019\/02\/702-1024x683.jpg\" alt=\"\" data-id=\"9431\" data-full-url=\"https:\/\/almkullens.se\/wp-content\/uploads\/2019\/02\/702.jpg\" data-link=\"https:\/\/almkullens.se\/?attachment_id=9431\" class=\"wp-image-9431\" srcset=\"https:\/\/almkullens.se\/wp-content\/uploads\/2019\/02\/702-1024x683.jpg 1024w, https:\/\/almkullens.se\/wp-content\/uploads\/2019\/02\/702-300x200.jpg 300w, https:\/\/almkullens.se\/wp-content\/uploads\/2019\/02\/702-768x512.jpg 768w, https:\/\/almkullens.se\/wp-content\/uploads\/2019\/02\/702-1568x1045.jpg 1568w, https:\/\/almkullens.se\/wp-content\/uploads\/2019\/02\/702.jpg 1800w\" sizes=\"auto, (max-width: 1024px) 100vw, 1024px\" \/><figcaption class=\"blocks-gallery-item__caption\">Louna Du Bois Courcol? \u00c4g: Jan Nielsen<\/figcaption><\/figure><\/li><li class=\"blocks-gallery-item\"><figure><img loading=\"lazy\" decoding=\"async\" width=\"1024\" height=\"682\" src=\"https:\/\/almkullens.se\/wp-content\/uploads\/2012\/07\/317-1024x682.jpg\" alt=\"\" data-id=\"3272\" data-full-url=\"https:\/\/almkullens.se\/wp-content\/uploads\/2012\/07\/317.jpg\" data-link=\"https:\/\/almkullens.se\/?attachment_id=3272\" class=\"wp-image-3272\" srcset=\"https:\/\/almkullens.se\/wp-content\/uploads\/2012\/07\/317-1024x682.jpg 1024w, https:\/\/almkullens.se\/wp-content\/uploads\/2012\/07\/317-300x200.jpg 300w, https:\/\/almkullens.se\/wp-content\/uploads\/2012\/07\/317.jpg 1200w\" sizes=\"auto, (max-width: 1024px) 100vw, 1024px\" \/><figcaption class=\"blocks-gallery-item__caption\">Midtvejs Loke pappa till Almkullens C-Kull \u00e4g: Karsten Hinnerup<\/figcaption><\/figure><\/li><li class=\"blocks-gallery-item\"><figure><img loading=\"lazy\" decoding=\"async\" width=\"1024\" height=\"683\" src=\"https:\/\/almkullens.se\/wp-content\/uploads\/2019\/02\/3Q1A2160-1024x683.jpg\" alt=\"\" data-id=\"9467\" data-full-url=\"https:\/\/almkullens.se\/wp-content\/uploads\/2019\/02\/3Q1A2160.jpg\" data-link=\"https:\/\/almkullens.se\/?attachment_id=9467\" class=\"wp-image-9467\" srcset=\"https:\/\/almkullens.se\/wp-content\/uploads\/2019\/02\/3Q1A2160-1024x683.jpg 1024w, https:\/\/almkullens.se\/wp-content\/uploads\/2019\/02\/3Q1A2160-300x200.jpg 300w, https:\/\/almkullens.se\/wp-content\/uploads\/2019\/02\/3Q1A2160-768x512.jpg 768w, https:\/\/almkullens.se\/wp-content\/uploads\/2019\/02\/3Q1A2160-1568x1045.jpg 1568w, https:\/\/almkullens.se\/wp-content\/uploads\/2019\/02\/3Q1A2160.jpg 1800w\" sizes=\"auto, (max-width: 1024px) 100vw, 1024px\" \/><figcaption class=\"blocks-gallery-item__caption\">Paris De Casa Ato \u00c4g: Jan Henrik Monsen<\/figcaption><\/figure><\/li><li class=\"blocks-gallery-item\"><figure><img loading=\"lazy\" decoding=\"async\" width=\"1024\" height=\"683\" src=\"https:\/\/almkullens.se\/wp-content\/uploads\/2015\/08\/3Q1A1491-1024x683.jpg\" alt=\"\" data-id=\"5904\" data-full-url=\"https:\/\/almkullens.se\/wp-content\/uploads\/2015\/08\/3Q1A1491.jpg\" data-link=\"https:\/\/almkullens.se\/?attachment_id=5904\" class=\"wp-image-5904\" srcset=\"https:\/\/almkullens.se\/wp-content\/uploads\/2015\/08\/3Q1A1491-1024x683.jpg 1024w, https:\/\/almkullens.se\/wp-content\/uploads\/2015\/08\/3Q1A1491-300x200.jpg 300w, https:\/\/almkullens.se\/wp-content\/uploads\/2015\/08\/3Q1A1491.jpg 1800w\" sizes=\"auto, (max-width: 1024px) 100vw, 1024px\" \/><figcaption class=\"blocks-gallery-item__caption\">Stenh\u00f8j R Molte \u00c4g: Tom Middelhuis<\/figcaption><\/figure><\/li><li class=\"blocks-gallery-item\"><figure><img loading=\"lazy\" decoding=\"async\" width=\"1024\" height=\"683\" src=\"https:\/\/almkullens.se\/wp-content\/uploads\/2019\/02\/1742-1024x683.jpg\" alt=\"\" data-id=\"9441\" data-full-url=\"https:\/\/almkullens.se\/wp-content\/uploads\/2019\/02\/1742.jpg\" data-link=\"https:\/\/almkullens.se\/?attachment_id=9441\" class=\"wp-image-9441\" srcset=\"https:\/\/almkullens.se\/wp-content\/uploads\/2019\/02\/1742-1024x683.jpg 1024w, https:\/\/almkullens.se\/wp-content\/uploads\/2019\/02\/1742-300x200.jpg 300w, https:\/\/almkullens.se\/wp-content\/uploads\/2019\/02\/1742-768x512.jpg 768w, https:\/\/almkullens.se\/wp-content\/uploads\/2019\/02\/1742-1568x1045.jpg 1568w, https:\/\/almkullens.se\/wp-content\/uploads\/2019\/02\/1742.jpg 1800w\" sizes=\"auto, (max-width: 1024px) 100vw, 1024px\" \/><figcaption class=\"blocks-gallery-item__caption\">Stevns\u00e5ens Freja \u00c4g: Frantz Metzer<\/figcaption><\/figure><\/li><li class=\"blocks-gallery-item\"><figure><img loading=\"lazy\" decoding=\"async\" width=\"1024\" height=\"683\" src=\"https:\/\/almkullens.se\/wp-content\/uploads\/2019\/02\/1167-1024x683.jpg\" alt=\"\" data-id=\"9434\" data-full-url=\"https:\/\/almkullens.se\/wp-content\/uploads\/2019\/02\/1167.jpg\" data-link=\"https:\/\/almkullens.se\/?attachment_id=9434\" class=\"wp-image-9434\" srcset=\"https:\/\/almkullens.se\/wp-content\/uploads\/2019\/02\/1167-1024x683.jpg 1024w, https:\/\/almkullens.se\/wp-content\/uploads\/2019\/02\/1167-300x200.jpg 300w, https:\/\/almkullens.se\/wp-content\/uploads\/2019\/02\/1167-768x512.jpg 768w, https:\/\/almkullens.se\/wp-content\/uploads\/2019\/02\/1167-1568x1045.jpg 1568w, https:\/\/almkullens.se\/wp-content\/uploads\/2019\/02\/1167.jpg 1800w\" sizes=\"auto, (max-width: 1024px) 100vw, 1024px\" \/><figcaption class=\"blocks-gallery-item__caption\">Stevns\u00e5ens Naja \u00c4g: Niels Erik Kr\u00fcger<\/figcaption><\/figure><\/li><li class=\"blocks-gallery-item\"><figure><img loading=\"lazy\" decoding=\"async\" width=\"1024\" height=\"683\" src=\"https:\/\/almkullens.se\/wp-content\/uploads\/2019\/02\/1158-1024x683.jpg\" alt=\"\" data-id=\"9469\" data-full-url=\"https:\/\/almkullens.se\/wp-content\/uploads\/2019\/02\/1158.jpg\" data-link=\"https:\/\/almkullens.se\/?attachment_id=9469\" class=\"wp-image-9469\" srcset=\"https:\/\/almkullens.se\/wp-content\/uploads\/2019\/02\/1158-1024x683.jpg 1024w, https:\/\/almkullens.se\/wp-content\/uploads\/2019\/02\/1158-300x200.jpg 300w, https:\/\/almkullens.se\/wp-content\/uploads\/2019\/02\/1158-768x512.jpg 768w, https:\/\/almkullens.se\/wp-content\/uploads\/2019\/02\/1158-1568x1045.jpg 1568w, https:\/\/almkullens.se\/wp-content\/uploads\/2019\/02\/1158.jpg 1800w\" sizes=\"auto, (max-width: 1024px) 100vw, 1024px\" \/><figcaption class=\"blocks-gallery-item__caption\">Stevns\u00e5en&#8217;s Saga \u00c4g: Paul Vestervang<\/figcaption><\/figure><\/li><li class=\"blocks-gallery-item\"><figure><img loading=\"lazy\" decoding=\"async\" width=\"1024\" height=\"768\" src=\"https:\/\/almkullens.se\/wp-content\/uploads\/2012\/07\/007-1024x768.jpg\" alt=\"\" data-id=\"3191\" data-full-url=\"https:\/\/almkullens.se\/wp-content\/uploads\/2012\/07\/007.jpg\" data-link=\"https:\/\/almkullens.se\/?attachment_id=3191\" class=\"wp-image-3191\" srcset=\"https:\/\/almkullens.se\/wp-content\/uploads\/2012\/07\/007-1024x768.jpg 1024w, https:\/\/almkullens.se\/wp-content\/uploads\/2012\/07\/007-300x225.jpg 300w, https:\/\/almkullens.se\/wp-content\/uploads\/2012\/07\/007.jpg 1200w\" sizes=\"auto, (max-width: 1024px) 100vw, 1024px\" \/><figcaption class=\"blocks-gallery-item__caption\">Stevns\u00e5ens Valde \u00e4g: Poul Vestervang Pappa till v\u00e5r A-kull<\/figcaption><\/figure><\/li><li class=\"blocks-gallery-item\"><figure><img loading=\"lazy\" decoding=\"async\" width=\"1024\" height=\"768\" src=\"https:\/\/almkullens.se\/wp-content\/uploads\/2019\/02\/1181-1024x768.jpg\" alt=\"\" data-id=\"9435\" data-full-url=\"https:\/\/almkullens.se\/wp-content\/uploads\/2019\/02\/1181.jpg\" data-link=\"https:\/\/almkullens.se\/?attachment_id=9435\" class=\"wp-image-9435\" srcset=\"https:\/\/almkullens.se\/wp-content\/uploads\/2019\/02\/1181-1024x768.jpg 1024w, https:\/\/almkullens.se\/wp-content\/uploads\/2019\/02\/1181-300x225.jpg 300w, https:\/\/almkullens.se\/wp-content\/uploads\/2019\/02\/1181-768x576.jpg 768w, https:\/\/almkullens.se\/wp-content\/uploads\/2019\/02\/1181-1568x1176.jpg 1568w, https:\/\/almkullens.se\/wp-content\/uploads\/2019\/02\/1181.jpg 1800w\" sizes=\"auto, (max-width: 1024px) 100vw, 1024px\" \/><figcaption class=\"blocks-gallery-item__caption\">Strandbys Bon \u00c4g: Jens Stenh\u00f6j<\/figcaption><\/figure><\/li><li class=\"blocks-gallery-item\"><figure><img loading=\"lazy\" decoding=\"async\" width=\"1024\" height=\"768\" src=\"https:\/\/almkullens.se\/wp-content\/uploads\/2020\/11\/Falco-1024x768.jpg\" alt=\"\" data-id=\"10396\" data-full-url=\"https:\/\/almkullens.se\/wp-content\/uploads\/2020\/11\/Falco.jpg\" data-link=\"https:\/\/almkullens.se\/?attachment_id=10396\" class=\"wp-image-10396\" srcset=\"https:\/\/almkullens.se\/wp-content\/uploads\/2020\/11\/Falco-1024x768.jpg 1024w, https:\/\/almkullens.se\/wp-content\/uploads\/2020\/11\/Falco-300x225.jpg 300w, https:\/\/almkullens.se\/wp-content\/uploads\/2020\/11\/Falco-768x576.jpg 768w, https:\/\/almkullens.se\/wp-content\/uploads\/2020\/11\/Falco-1536x1152.jpg 1536w, https:\/\/almkullens.se\/wp-content\/uploads\/2020\/11\/Falco.jpg 1800w\" sizes=\"auto, (max-width: 1024px) 100vw, 1024px\" \/><figcaption class=\"blocks-gallery-item__caption\">Strandbys Falco \u00c4g: Thomas Dahl  Klit<\/figcaption><\/figure><\/li><li class=\"blocks-gallery-item\"><figure><img loading=\"lazy\" decoding=\"async\" width=\"1024\" height=\"768\" src=\"https:\/\/almkullens.se\/wp-content\/uploads\/2020\/11\/Fille-1024x768.jpg\" alt=\"\" data-id=\"10397\" data-full-url=\"https:\/\/almkullens.se\/wp-content\/uploads\/2020\/11\/Fille.jpg\" data-link=\"https:\/\/almkullens.se\/?attachment_id=10397\" class=\"wp-image-10397\" srcset=\"https:\/\/almkullens.se\/wp-content\/uploads\/2020\/11\/Fille-1024x768.jpg 1024w, https:\/\/almkullens.se\/wp-content\/uploads\/2020\/11\/Fille-300x225.jpg 300w, https:\/\/almkullens.se\/wp-content\/uploads\/2020\/11\/Fille-768x576.jpg 768w, https:\/\/almkullens.se\/wp-content\/uploads\/2020\/11\/Fille-1536x1152.jpg 1536w, https:\/\/almkullens.se\/wp-content\/uploads\/2020\/11\/Fille.jpg 1800w\" sizes=\"auto, (max-width: 1024px) 100vw, 1024px\" \/><figcaption class=\"blocks-gallery-item__caption\">Strandbys Fille \u00c4g: Jens o Annie Hansen<\/figcaption><\/figure><\/li><li class=\"blocks-gallery-item\"><figure><img loading=\"lazy\" decoding=\"async\" width=\"1024\" height=\"768\" src=\"https:\/\/almkullens.se\/wp-content\/uploads\/2019\/02\/616-1024x768.jpg\" alt=\"\" data-id=\"9430\" data-full-url=\"https:\/\/almkullens.se\/wp-content\/uploads\/2019\/02\/616.jpg\" data-link=\"https:\/\/almkullens.se\/?attachment_id=9430\" class=\"wp-image-9430\" srcset=\"https:\/\/almkullens.se\/wp-content\/uploads\/2019\/02\/616-1024x768.jpg 1024w, https:\/\/almkullens.se\/wp-content\/uploads\/2019\/02\/616-300x225.jpg 300w, https:\/\/almkullens.se\/wp-content\/uploads\/2019\/02\/616-768x576.jpg 768w, https:\/\/almkullens.se\/wp-content\/uploads\/2019\/02\/616-1568x1176.jpg 1568w, https:\/\/almkullens.se\/wp-content\/uploads\/2019\/02\/616.jpg 1800w\" sizes=\"auto, (max-width: 1024px) 100vw, 1024px\" \/><figcaption class=\"blocks-gallery-item__caption\">Vanity Tyson \u00c4g: Poul Valdemar Nielsen<\/figcaption><\/figure><\/li><li class=\"blocks-gallery-item\"><figure><img loading=\"lazy\" decoding=\"async\" width=\"1024\" height=\"768\" src=\"https:\/\/almkullens.se\/wp-content\/uploads\/2019\/02\/098-1024x768.jpg\" alt=\"\" data-id=\"9333\" data-full-url=\"https:\/\/almkullens.se\/wp-content\/uploads\/2019\/02\/098.jpg\" data-link=\"https:\/\/almkullens.se\/?attachment_id=9333\" class=\"wp-image-9333\" srcset=\"https:\/\/almkullens.se\/wp-content\/uploads\/2019\/02\/098-1024x768.jpg 1024w, https:\/\/almkullens.se\/wp-content\/uploads\/2019\/02\/098-300x225.jpg 300w, https:\/\/almkullens.se\/wp-content\/uploads\/2019\/02\/098-768x576.jpg 768w, https:\/\/almkullens.se\/wp-content\/uploads\/2019\/02\/098-1568x1176.jpg 1568w, https:\/\/almkullens.se\/wp-content\/uploads\/2019\/02\/098.jpg 1800w\" sizes=\"auto, (max-width: 1024px) 100vw, 1024px\" \/><figcaption class=\"blocks-gallery-item__caption\">Vestre Demmas Teodor Pappa till v\u00e5r I-kull \u00c4g: Trond Guttormsen<\/figcaption><\/figure><\/li><li class=\"blocks-gallery-item\"><figure><img loading=\"lazy\" decoding=\"async\" width=\"1024\" height=\"682\" src=\"https:\/\/almkullens.se\/wp-content\/uploads\/2012\/07\/146-1024x682.jpg\" alt=\"\" data-id=\"3237\" data-full-url=\"https:\/\/almkullens.se\/wp-content\/uploads\/2012\/07\/146.jpg\" data-link=\"https:\/\/almkullens.se\/?attachment_id=3237\" class=\"wp-image-3237\" srcset=\"https:\/\/almkullens.se\/wp-content\/uploads\/2012\/07\/146-1024x682.jpg 1024w, https:\/\/almkullens.se\/wp-content\/uploads\/2012\/07\/146-300x200.jpg 300w, https:\/\/almkullens.se\/wp-content\/uploads\/2012\/07\/146.jpg 1200w\" sizes=\"auto, (max-width: 1024px) 100vw, 1024px\" \/><figcaption class=\"blocks-gallery-item__caption\">Vulcain de Saint Lubin<\/figcaption><\/figure><\/li><li class=\"blocks-gallery-item\"><figure><img loading=\"lazy\" decoding=\"async\" width=\"1024\" height=\"683\" src=\"https:\/\/almkullens.se\/wp-content\/uploads\/2019\/02\/200-1024x683.jpg\" alt=\"\" data-id=\"9428\" data-full-url=\"https:\/\/almkullens.se\/wp-content\/uploads\/2019\/02\/200.jpg\" data-link=\"https:\/\/almkullens.se\/?attachment_id=9428\" class=\"wp-image-9428\" srcset=\"https:\/\/almkullens.se\/wp-content\/uploads\/2019\/02\/200-1024x683.jpg 1024w, https:\/\/almkullens.se\/wp-content\/uploads\/2019\/02\/200-300x200.jpg 300w, https:\/\/almkullens.se\/wp-content\/uploads\/2019\/02\/200-768x512.jpg 768w, https:\/\/almkullens.se\/wp-content\/uploads\/2019\/02\/200-1568x1045.jpg 1568w, https:\/\/almkullens.se\/wp-content\/uploads\/2019\/02\/200.jpg 1800w\" sizes=\"auto, (max-width: 1024px) 100vw, 1024px\" \/><figcaption class=\"blocks-gallery-item__caption\">\u00d8stfyns Maji \u00c4g: Frede Nielsen<\/figcaption><\/figure><\/li><\/ul><\/figure>\n","protected":false},"excerpt":{"rendered":"","protected":false},"author":1,"featured_media":0,"parent":0,"menu_order":0,"comment_status":"closed","ping_status":"closed","template":"","meta":{"_crdt_document":"","advgb_blocks_editor_width":"","advgb_blocks_columns_visual_guide":"","footnotes":""},"class_list":["post-9420","page","type-page","status-publish","hentry","entry"],"coauthors":[],"author_meta":{"author_link":"https:\/\/almkullens.se\/?author=1","display_name":"Peter &amp; Johanna"},"relative_dates":{"created":"Publicerad 7 \u00e5r sedan","modified":"Uppdaterad 5 \u00e5r sedan"},"absolute_dates":{"created":"Publicerat den 11 februari, 2019","modified":"Uppdaterad den 19 november, 2020"},"absolute_dates_time":{"created":"Publicerat den 11 februari, 2019 21:38","modified":"Uppdaterad den 19 november, 2020 07:52"},"featured_img_caption":"","featured_img":false,"series_order":"","jetpack_sharing_enabled":true,"_links":{"self":[{"href":"https:\/\/almkullens.se\/index.php?rest_route=\/wp\/v2\/pages\/9420","targetHints":{"allow":["GET"]}}],"collection":[{"href":"https:\/\/almkullens.se\/index.php?rest_route=\/wp\/v2\/pages"}],"about":[{"href":"https:\/\/almkullens.se\/index.php?rest_route=\/wp\/v2\/types\/page"}],"author":[{"embeddable":true,"href":"https:\/\/almkullens.se\/index.php?rest_route=\/wp\/v2\/users\/1"}],"replies":[{"embeddable":true,"href":"https:\/\/almkullens.se\/index.php?rest_route=%2Fwp%2Fv2%2Fcomments&post=9420"}],"version-history":[{"count":11,"href":"https:\/\/almkullens.se\/index.php?rest_route=\/wp\/v2\/pages\/9420\/revisions"}],"predecessor-version":[{"id":10403,"href":"https:\/\/almkullens.se\/index.php?rest_route=\/wp\/v2\/pages\/9420\/revisions\/10403"}],"wp:attachment":[{"href":"https:\/\/almkullens.se\/index.php?rest_route=%2Fwp%2Fv2%2Fmedia&parent=9420"}],"curies":[{"name":"wp","href":"https:\/\/api.w.org\/{rel}","templated":true}]}}