{"id":8892,"date":"2018-11-25T10:40:17","date_gmt":"2018-11-25T09:40:17","guid":{"rendered":"http:\/\/almkullens.se\/?page_id=8892"},"modified":"2020-11-05T17:18:54","modified_gmt":"2020-11-05T16:18:54","slug":"almkullens-i-kull-2","status":"publish","type":"page","link":"https:\/\/almkullens.se\/?page_id=8892","title":{"rendered":"Almkullens I-kull"},"content":{"rendered":"\n<div class=\"wp-block-columns has-2-columns is-layout-flex wp-container-core-columns-is-layout-8f761849 wp-block-columns-is-layout-flex\">\n<div class=\"wp-block-column is-layout-flow wp-block-column-is-layout-flow\">\n<figure class=\"wp-block-image\"><a href=\"https:\/\/almkullens.se\/wp-content\/uploads\/2018\/04\/1249.jpg\" rel=\"lightbox[8892]\"><img loading=\"lazy\" decoding=\"async\" width=\"1024\" height=\"768\" src=\"https:\/\/almkullens.se\/wp-content\/uploads\/2019\/02\/098-1024x768.jpg\" alt=\"\" class=\"wp-image-9333\" srcset=\"https:\/\/almkullens.se\/wp-content\/uploads\/2019\/02\/098-1024x768.jpg 1024w, https:\/\/almkullens.se\/wp-content\/uploads\/2019\/02\/098-300x225.jpg 300w, https:\/\/almkullens.se\/wp-content\/uploads\/2019\/02\/098-768x576.jpg 768w, https:\/\/almkullens.se\/wp-content\/uploads\/2019\/02\/098-1568x1176.jpg 1568w, https:\/\/almkullens.se\/wp-content\/uploads\/2019\/02\/098.jpg 1800w\" sizes=\"auto, (max-width: 1024px) 100vw, 1024px\" \/><\/a><\/figure>\n<\/div>\n\n\n\n<div class=\"wp-block-column is-layout-flow wp-block-column-is-layout-flow\">\n<figure class=\"wp-block-image\"><a href=\"https:\/\/almkullens.se\/wp-content\/uploads\/2016\/06\/784.jpg\" rel=\"lightbox[8892]\"><img loading=\"lazy\" decoding=\"async\" width=\"1024\" height=\"768\" src=\"https:\/\/almkullens.se\/wp-content\/uploads\/2016\/06\/784-1024x768.jpg\" alt=\"\" class=\"wp-image-6999\" srcset=\"https:\/\/almkullens.se\/wp-content\/uploads\/2016\/06\/784-1024x768.jpg 1024w, https:\/\/almkullens.se\/wp-content\/uploads\/2016\/06\/784-300x225.jpg 300w, https:\/\/almkullens.se\/wp-content\/uploads\/2016\/06\/784-768x576.jpg 768w, https:\/\/almkullens.se\/wp-content\/uploads\/2016\/06\/784.jpg 1800w\" sizes=\"auto, (max-width: 1024px) 100vw, 1024px\" \/><\/a><\/figure>\n<\/div>\n<\/div>\n\n\n\n<div class=\"wp-block-columns has-2-columns is-layout-flex wp-container-core-columns-is-layout-8f761849 wp-block-columns-is-layout-flex\">\n<div class=\"wp-block-column is-layout-flow wp-block-column-is-layout-flow\">\n<p class=\"has-very-dark-gray-color has-text-color wp-block-paragraph\"><strong>Vestre Demmas Teodore<br \/><\/strong>NO46183\/16<br \/>Vit\/Orange<br \/>L\u00e5ng svans<br \/>HD: A<br \/>HQ: 0,96<br \/>Jaktprov: 1 pris Ukl <br \/> \u00a0 \u00a0 \u00a0 \u00a0 \u00a0 \u00a0 \u00a0 \u00a0 \u00a0 2\u00d72 pris \u00d6kl<br \/>Utst:  NORDV-18 <br \/> \u00a0 \u00a0 \u00a0 \u00a0 \u00a03 cert CACIB<br \/>\u00c4g: Trond Guttormsen<br \/>Galleri:\u00a0<a href=\"https:\/\/almkullens.se\/?page_id=8779\">Vestre Demmas Teodore<\/a><\/p>\n<\/div>\n\n\n\n<div class=\"wp-block-column is-layout-flow wp-block-column-is-layout-flow\">\n<p class=\"has-very-dark-gray-color has-text-color wp-block-paragraph\"><strong>Almkullens Fia<br \/><\/strong>SE29341\/2015<br \/>Vit\/Orange<br \/>L\u00e5ng svans<br \/>HD: B<br \/>HQ: 0,98<br \/>Jaktprov: 4\u00d71 pris Ukl + HP<br \/>F\u00e4lt: \u00a0 \u00a0 \u00a0 \u00a0 \u00a01 pris \u00d6kl<br \/>Fj\u00e4ll:\u00a0 \u00a0 \u00a0 \u00a0 \u00a02 pris Ekl<br \/>F\u00e4lt:\u00a0 \u00a0 \u00a0 \u00a0 \u00a0\u00a02 pris Ekl<br \/>\u00a0 \u00a0 \u00a0 \u00a0 \u00a0 \u00a0 \u00a0 \u00a0\u00a0 \u00a03 pris Ekl \u00a0\u00a0\u00a0<br \/> \u00a0 \u00a0 \u00a0 \u00a0 \u00a0 \u00a0  \u00a0\u00a0\u00a0\u00a0 \u00a01 pris Ekl \u00a0 \u00a0 \u00a0 \u00a0 \u00a0\u00a0\u00a0<br \/>Utst: 2 cert BIR<br \/>\u00c5rets Breton Unghund 2016<br \/><a href=\"https:\/\/almkullens.se\/?page_id=5732\">Fias sida<\/a><\/p>\n<\/div>\n<\/div>\n\n\n\n<p class=\"has-text-align-center wp-block-paragraph\"><em>Valparna \u00e4r f\u00f6dda den 14\/8 2018<\/em><\/p>\n\n\n\n<hr class=\"wp-block-separator is-style-wide\"\/>\n\n\n\n<div class=\"wp-block-columns has-2-columns is-layout-flex wp-container-core-columns-is-layout-8f761849 wp-block-columns-is-layout-flex\">\n<div class=\"wp-block-column is-layout-flow wp-block-column-is-layout-flow\">\n<figure class=\"wp-block-image\"><a href=\"https:\/\/almkullens.se\/wp-content\/uploads\/2018\/11\/1030.jpg\" rel=\"lightbox[8892]\"><img loading=\"lazy\" decoding=\"async\" width=\"1024\" height=\"683\" src=\"https:\/\/almkullens.se\/wp-content\/uploads\/2019\/02\/055-1024x683.jpg\" alt=\"\" class=\"wp-image-9329\" srcset=\"https:\/\/almkullens.se\/wp-content\/uploads\/2019\/02\/055-1024x683.jpg 1024w, https:\/\/almkullens.se\/wp-content\/uploads\/2019\/02\/055-300x200.jpg 300w, https:\/\/almkullens.se\/wp-content\/uploads\/2019\/02\/055-768x512.jpg 768w, https:\/\/almkullens.se\/wp-content\/uploads\/2019\/02\/055-1568x1045.jpg 1568w, https:\/\/almkullens.se\/wp-content\/uploads\/2019\/02\/055.jpg 1800w\" sizes=\"auto, (max-width: 1024px) 100vw, 1024px\" \/><\/a><\/figure>\n<\/div>\n\n\n\n<div class=\"wp-block-column is-layout-flow wp-block-column-is-layout-flow\">\n<p class=\"has-very-dark-gray-color has-text-color wp-block-paragraph\"><strong>Almkullens Ispa<\/strong><br \/>SE48886\/2018<br \/>HD: B<br \/>HQ: 0,98<br \/>Mankh\u00f6jd: 48cm<br \/>Vit\/Orange<br \/>Tik med svans<br \/>Skimmel<br \/>Utst\u00e4llning:<br \/>Juniorklass: Very Good<br \/>Galleri: <a href=\"https:\/\/almkullens.se\/?page_id=9381\">Almkullens Ispa<\/a><\/p>\n\n\n\n<p class=\"has-very-dark-gray-color has-text-color wp-block-paragraph\">Ispa har flyttat till Moa H\u00f6rnlund och Tobias i Vilhelmina<\/p>\n<\/div>\n<\/div>\n\n\n\n<hr class=\"wp-block-separator is-style-wide\"\/>\n\n\n\n<div class=\"wp-block-columns has-2-columns is-layout-flex wp-container-core-columns-is-layout-8f761849 wp-block-columns-is-layout-flex\">\n<div class=\"wp-block-column is-layout-flow wp-block-column-is-layout-flow\">\n<figure class=\"wp-block-image size-large\"><a href=\"https:\/\/almkullens.se\/wp-content\/uploads\/2018\/10\/469.jpg\" rel=\"lightbox[8892]\"><img loading=\"lazy\" decoding=\"async\" width=\"1024\" height=\"683\" src=\"https:\/\/almkullens.se\/wp-content\/uploads\/2019\/05\/635-1024x683.jpg\" alt=\"\" class=\"wp-image-9674\" srcset=\"https:\/\/almkullens.se\/wp-content\/uploads\/2019\/05\/635-1024x683.jpg 1024w, https:\/\/almkullens.se\/wp-content\/uploads\/2019\/05\/635-300x200.jpg 300w, https:\/\/almkullens.se\/wp-content\/uploads\/2019\/05\/635-768x512.jpg 768w, https:\/\/almkullens.se\/wp-content\/uploads\/2019\/05\/635-1568x1045.jpg 1568w, https:\/\/almkullens.se\/wp-content\/uploads\/2019\/05\/635.jpg 1800w\" sizes=\"auto, (max-width: 1024px) 100vw, 1024px\" \/><\/a><figcaption>Almkullens Irma Mi \u00c4g: Monika Hansen<\/figcaption><\/figure>\n\n\n\n<p>Irma Mi har flyttat till Monika Hansen i Ski, Norge Irma Mi har ocks\u00e5 en extrahusse i Rune Hansen<br \/>Galleri: <a href=\"https:\/\/almkullens.se\/?page_id=9387\">Almkullens Irma Mi<\/a><\/p>\n<\/div>\n\n\n\n<div class=\"wp-block-column is-layout-flow wp-block-column-is-layout-flow\">\n<p class=\"has-very-dark-gray-color has-text-color wp-block-paragraph\"><strong>Almkullens Irma Mi<\/strong><br \/>SE48887\/2018<br \/>HD: B <br \/>HQ: 0,94<br \/>Vit\/Orange<br \/>Tik med svans<br \/>Skimmel<br \/>Utst\u00e4llning:<br \/>Valpklass: 2 x Excellent Birvalp HP<br \/>Unghundsklass: Excellent CK <br \/>Efters\u00f6ksgrenar:<br \/>Apportbevis i box 12\/8-19<br \/>Uk apport: 3 pris, 5 vatten 8 s\u00f6k=13p<br \/>Uk apport: 1 pris, 10 vatten 10 s\u00f6k=20p<br \/>Uk apport: 1 pris, 10 vatten 8 s\u00f6k=18p<br \/>Uk apport: 1 pris 9 vatten 10 s\u00f6k=19p<br \/><\/p>\n\n\n\n<p class=\"has-very-dark-gray-color has-text-color wp-block-paragraph\"><\/p>\n<\/div>\n<\/div>\n\n\n\n<hr class=\"wp-block-separator is-style-wide\"\/>\n\n\n\n<div class=\"wp-block-columns has-2-columns is-layout-flex wp-container-core-columns-is-layout-8f761849 wp-block-columns-is-layout-flex\">\n<div class=\"wp-block-column is-layout-flow wp-block-column-is-layout-flow\">\n<figure class=\"wp-block-image\"><a href=\"https:\/\/almkullens.se\/wp-content\/uploads\/2018\/11\/1045.jpg\" rel=\"lightbox[8892]\"><img loading=\"lazy\" decoding=\"async\" width=\"1024\" height=\"768\" src=\"https:\/\/almkullens.se\/wp-content\/uploads\/2019\/02\/112-1024x768.jpg\" alt=\"\" class=\"wp-image-9371\" srcset=\"https:\/\/almkullens.se\/wp-content\/uploads\/2019\/02\/112-1024x768.jpg 1024w, https:\/\/almkullens.se\/wp-content\/uploads\/2019\/02\/112-300x225.jpg 300w, https:\/\/almkullens.se\/wp-content\/uploads\/2019\/02\/112-768x576.jpg 768w, https:\/\/almkullens.se\/wp-content\/uploads\/2019\/02\/112-1568x1176.jpg 1568w, https:\/\/almkullens.se\/wp-content\/uploads\/2019\/02\/112.jpg 1800w\" sizes=\"auto, (max-width: 1024px) 100vw, 1024px\" \/><\/a><\/figure>\n<\/div>\n\n\n\n<div class=\"wp-block-column is-layout-flow wp-block-column-is-layout-flow\">\n<p class=\"has-very-dark-gray-color has-text-color wp-block-paragraph\"><strong>Almkullens Ipa<\/strong><br \/>SE48888\/2018<br \/>HD: B\/C<br \/>HQ: 0,93 <br \/>Vit\/Orange<br \/>Tik med svans<br \/>Skimmel<br \/>Galleri: <a href=\"https:\/\/almkullens.se\/?page_id=9392\">Almkullens Ipa<\/a><br \/>Vinnare KM Ukl i Karlstads f\u00e5gelhundsklubb-2019<\/p>\n\n\n\n<p class=\"has-very-dark-gray-color has-text-color wp-block-paragraph\">Ipa har flyttat till Birgitta och Mats Sigvant i Karlstad<\/p>\n<\/div>\n<\/div>\n\n\n\n<hr class=\"wp-block-separator is-style-wide\"\/>\n\n\n\n<div class=\"wp-block-columns has-2-columns is-layout-flex wp-container-core-columns-is-layout-8f761849 wp-block-columns-is-layout-flex\">\n<div class=\"wp-block-column is-layout-flow wp-block-column-is-layout-flow\">\n<figure class=\"wp-block-image\"><a href=\"https:\/\/almkullens.se\/wp-content\/uploads\/2018\/09\/836.jpg\" rel=\"lightbox[8892]\"><img loading=\"lazy\" decoding=\"async\" width=\"1024\" height=\"768\" src=\"https:\/\/almkullens.se\/wp-content\/uploads\/2019\/02\/496-1024x768.jpg\" alt=\"\" class=\"wp-image-9345\" srcset=\"https:\/\/almkullens.se\/wp-content\/uploads\/2019\/02\/496-1024x768.jpg 1024w, https:\/\/almkullens.se\/wp-content\/uploads\/2019\/02\/496-300x225.jpg 300w, https:\/\/almkullens.se\/wp-content\/uploads\/2019\/02\/496-768x576.jpg 768w, https:\/\/almkullens.se\/wp-content\/uploads\/2019\/02\/496-1568x1176.jpg 1568w, https:\/\/almkullens.se\/wp-content\/uploads\/2019\/02\/496.jpg 1800w\" sizes=\"auto, (max-width: 1024px) 100vw, 1024px\" \/><\/a><\/figure>\n<\/div>\n\n\n\n<div class=\"wp-block-column is-layout-flow wp-block-column-is-layout-flow\">\n<p class=\"has-very-dark-gray-color has-text-color wp-block-paragraph\"><strong>Almkullens Ibsen<\/strong><br \/>SE48889\/2018<br \/>HD: B<br \/>HQ: 0,96<br \/>Vit\/Orange<br \/>Hane med svans<br \/>Skimmel<br \/>Galleri: <a href=\"https:\/\/almkullens.se\/?page_id=9401\">Almkullens Ibsen<\/a><\/p>\n\n\n\n<p class=\"has-very-dark-gray-color has-text-color wp-block-paragraph\">Ibsen har flyttat till&nbsp;Andreas Lindheim i \u00d8yer, Norge&nbsp;<\/p>\n<\/div>\n<\/div>\n\n\n\n<hr class=\"wp-block-separator is-style-wide\"\/>\n\n\n\n<div class=\"wp-block-columns has-2-columns is-layout-flex wp-container-core-columns-is-layout-8f761849 wp-block-columns-is-layout-flex\">\n<div class=\"wp-block-column is-layout-flow wp-block-column-is-layout-flow\">\n<figure class=\"wp-block-image\"><a href=\"https:\/\/almkullens.se\/wp-content\/uploads\/2018\/09\/483.jpg\" rel=\"lightbox[8892]\"><img loading=\"lazy\" decoding=\"async\" width=\"1024\" height=\"768\" src=\"https:\/\/almkullens.se\/wp-content\/uploads\/2019\/02\/117-1024x768.jpg\" alt=\"\" class=\"wp-image-9335\" srcset=\"https:\/\/almkullens.se\/wp-content\/uploads\/2019\/02\/117-1024x768.jpg 1024w, https:\/\/almkullens.se\/wp-content\/uploads\/2019\/02\/117-300x225.jpg 300w, https:\/\/almkullens.se\/wp-content\/uploads\/2019\/02\/117-768x576.jpg 768w, https:\/\/almkullens.se\/wp-content\/uploads\/2019\/02\/117-1568x1176.jpg 1568w, https:\/\/almkullens.se\/wp-content\/uploads\/2019\/02\/117.jpg 1800w\" sizes=\"auto, (max-width: 1024px) 100vw, 1024px\" \/><\/a><\/figure>\n<\/div>\n\n\n\n<div class=\"wp-block-column is-layout-flow wp-block-column-is-layout-flow\">\n<p class=\"has-very-dark-gray-color has-text-color wp-block-paragraph\"><strong>Almkullens Isidor<\/strong> <img loading=\"lazy\" decoding=\"async\" width=\"16\" height=\"16\" class=\"wp-image-9563\" style=\"width: 16px;\" src=\"https:\/\/almkullens.se\/wp-content\/uploads\/2019\/05\/rosett-bl\u00e5.gif\" alt=\"\"\/><br \/>SE48890\/2018<br \/>HD: C\/D<br \/>HQ: 0,92<br \/>Vit\/Orange<br \/>Hane med svans<br \/>Skimmel<br \/>Jaktprov:<br \/>F\u00e4lt:  3 pris Ukl<br \/>&nbsp; &nbsp; &nbsp; &nbsp; &nbsp; 3 pris \u00d6kl<br \/>Galleri: <a href=\"https:\/\/almkullens.se\/?page_id=9405\">Almkullens Isidor<\/a><\/p>\n\n\n\n<p class=\"wp-block-paragraph\">I<span style=\"color:#313131\" class=\"tadv-color\">sidor har flyttat till Peter Boustedt i Kung\u00e4lv&nbsp;<\/span><\/p>\n<\/div>\n<\/div>\n\n\n\n<hr class=\"wp-block-separator is-style-wide\"\/>\n\n\n\n<div class=\"wp-block-columns has-2-columns is-layout-flex wp-container-core-columns-is-layout-8f761849 wp-block-columns-is-layout-flex\">\n<div class=\"wp-block-column is-layout-flow wp-block-column-is-layout-flow\">\n<figure class=\"wp-block-image\"><a href=\"https:\/\/almkullens.se\/wp-content\/uploads\/2018\/09\/288.jpg\" rel=\"lightbox[8892]\"><img loading=\"lazy\" decoding=\"async\" width=\"1024\" height=\"768\" src=\"https:\/\/almkullens.se\/wp-content\/uploads\/2019\/02\/012-1024x768.jpg\" alt=\"\" class=\"wp-image-9326\" srcset=\"https:\/\/almkullens.se\/wp-content\/uploads\/2019\/02\/012-1024x768.jpg 1024w, https:\/\/almkullens.se\/wp-content\/uploads\/2019\/02\/012-300x225.jpg 300w, https:\/\/almkullens.se\/wp-content\/uploads\/2019\/02\/012-768x576.jpg 768w, https:\/\/almkullens.se\/wp-content\/uploads\/2019\/02\/012-1568x1176.jpg 1568w, https:\/\/almkullens.se\/wp-content\/uploads\/2019\/02\/012.jpg 1800w\" sizes=\"auto, (max-width: 1024px) 100vw, 1024px\" \/><\/a><\/figure>\n<\/div>\n\n\n\n<div class=\"wp-block-column is-layout-flow wp-block-column-is-layout-flow\">\n<p class=\"has-very-dark-gray-color has-text-color wp-block-paragraph\"><strong>Almkullens Illt<\/strong><br \/>SE48891\/2018<br \/>HD: A<br \/>HQ: 0,97<br \/>Vit\/Orange<br \/>Hane med svans<br \/>Skimmel<br \/>Galleri: <a href=\"https:\/\/almkullens.se\/?page_id=9408\">Almkullens Illt<\/a><\/p>\n\n\n\n<p class=\"has-very-dark-gray-color has-text-color wp-block-paragraph\">Illt har flyttat till Dennis Nilsson i Hortlax<\/p>\n<\/div>\n<\/div>\n\n\n\n<figure class=\"wp-block-image\"><a href=\"https:\/\/almkullens.se\/wp-content\/uploads\/2018\/02\/Stamtavla-I-kull.jpg\" rel=\"lightbox[8892]\"><img loading=\"lazy\" decoding=\"async\" width=\"893\" height=\"633\" src=\"https:\/\/almkullens.se\/wp-content\/uploads\/2018\/02\/Stamtavla-I-kull.jpg\" alt=\"\" class=\"wp-image-8591\" srcset=\"https:\/\/almkullens.se\/wp-content\/uploads\/2018\/02\/Stamtavla-I-kull.jpg 893w, https:\/\/almkullens.se\/wp-content\/uploads\/2018\/02\/Stamtavla-I-kull-300x213.jpg 300w, https:\/\/almkullens.se\/wp-content\/uploads\/2018\/02\/Stamtavla-I-kull-768x544.jpg 768w\" sizes=\"auto, (max-width: 893px) 100vw, 893px\" \/><\/a><\/figure>\n","protected":false},"excerpt":{"rendered":"<p>Vestre Demmas TeodoreNO46183\/16Vit\/OrangeL\u00e5ng svansHD: AHQ: 0,96Jaktprov: 1 pris Ukl \u00a0 \u00a0 \u00a0 \u00a0 \u00a0 \u00a0 \u00a0 \u00a0 \u00a0 2\u00d72 pris \u00d6klUtst: NORDV-18 \u00a0 \u00a0 \u00a0 \u00a0 \u00a03 cert CACIB\u00c4g: Trond GuttormsenGalleri:\u00a0Vestre Demmas Teodore Almkullens FiaSE29341\/2015Vit\/OrangeL\u00e5ng svansHD: BHQ: 0,98Jaktprov: 4\u00d71 pris Ukl + HPF\u00e4lt: \u00a0 \u00a0 \u00a0 \u00a0 \u00a01 pris \u00d6klFj\u00e4ll:\u00a0 \u00a0 \u00a0 \u00a0 \u00a02 pris [&hellip;]<\/p>\n","protected":false},"author":1,"featured_media":0,"parent":0,"menu_order":0,"comment_status":"closed","ping_status":"closed","template":"","meta":{"_crdt_document":"","advgb_blocks_editor_width":"","advgb_blocks_columns_visual_guide":"","footnotes":""},"class_list":["post-8892","page","type-page","status-publish","hentry","entry"],"coauthors":[],"author_meta":{"author_link":"https:\/\/almkullens.se\/?author=1","display_name":"Peter &amp; Johanna"},"relative_dates":{"created":"Publicerad 7 \u00e5r sedan","modified":"Uppdaterad 5 \u00e5r sedan"},"absolute_dates":{"created":"Publicerat den 25 november, 2018","modified":"Uppdaterad den 5 november, 2020"},"absolute_dates_time":{"created":"Publicerat den 25 november, 2018 10:40","modified":"Uppdaterad den 5 november, 2020 17:18"},"featured_img_caption":"","featured_img":false,"series_order":"","jetpack_sharing_enabled":true,"_links":{"self":[{"href":"https:\/\/almkullens.se\/index.php?rest_route=\/wp\/v2\/pages\/8892","targetHints":{"allow":["GET"]}}],"collection":[{"href":"https:\/\/almkullens.se\/index.php?rest_route=\/wp\/v2\/pages"}],"about":[{"href":"https:\/\/almkullens.se\/index.php?rest_route=\/wp\/v2\/types\/page"}],"author":[{"embeddable":true,"href":"https:\/\/almkullens.se\/index.php?rest_route=\/wp\/v2\/users\/1"}],"replies":[{"embeddable":true,"href":"https:\/\/almkullens.se\/index.php?rest_route=%2Fwp%2Fv2%2Fcomments&post=8892"}],"version-history":[{"count":44,"href":"https:\/\/almkullens.se\/index.php?rest_route=\/wp\/v2\/pages\/8892\/revisions"}],"predecessor-version":[{"id":10391,"href":"https:\/\/almkullens.se\/index.php?rest_route=\/wp\/v2\/pages\/8892\/revisions\/10391"}],"wp:attachment":[{"href":"https:\/\/almkullens.se\/index.php?rest_route=%2Fwp%2Fv2%2Fmedia&parent=8892"}],"curies":[{"name":"wp","href":"https:\/\/api.w.org\/{rel}","templated":true}]}}