{"id":818,"date":"2011-05-19T13:43:43","date_gmt":"2011-05-19T13:43:43","guid":{"rendered":"http:\/\/almkullens.se\/?page_id=818"},"modified":"2025-06-17T20:27:16","modified_gmt":"2025-06-17T18:27:16","slug":"a-kullen","status":"publish","type":"page","link":"https:\/\/almkullens.se\/?page_id=818","title":{"rendered":"Almkullens A-kull"},"content":{"rendered":"<address style=\"text-align: center;\">\u00a0<\/address>\n<table style=\"width: 100%;\">\n<tbody>\n<tr style=\"border-color: #000000;\">\n<td style=\"width: 50.2179%;\"><a href=\"https:\/\/almkullens.se\/wp-content\/uploads\/2012\/07\/007.jpg\" rel=\"lightbox[818]\"><img loading=\"lazy\" decoding=\"async\" class=\"wp-image-3191  aligncenter\" src=\"https:\/\/almkullens.se\/wp-content\/uploads\/2012\/07\/007-300x225.jpg\" alt=\"Stevns\u00e5ens Valde \u00e4g: Poul Vestervang Pappa till v\u00e5r A-kull\" width=\"400\" height=\"300\" srcset=\"https:\/\/almkullens.se\/wp-content\/uploads\/2012\/07\/007-300x225.jpg 300w, https:\/\/almkullens.se\/wp-content\/uploads\/2012\/07\/007-1024x768.jpg 1024w, https:\/\/almkullens.se\/wp-content\/uploads\/2012\/07\/007.jpg 1200w\" sizes=\"auto, (max-width: 400px) 100vw, 400px\" \/><\/a><\/td>\n<td style=\"width: 49.7821%;\"><a href=\"https:\/\/almkullens.se\/?page_id=368\"><img loading=\"lazy\" decoding=\"async\" class=\"wp-image-3107 aligncenter\" src=\"https:\/\/almkullens.se\/wp-content\/uploads\/2010\/08\/162-300x200.jpg\" alt=\"P\u00e5lamalmens Elva\" width=\"451\" height=\"300\" srcset=\"https:\/\/almkullens.se\/wp-content\/uploads\/2010\/08\/162-300x200.jpg 300w, https:\/\/almkullens.se\/wp-content\/uploads\/2010\/08\/162-1024x682.jpg 1024w, https:\/\/almkullens.se\/wp-content\/uploads\/2010\/08\/162.jpg 1200w\" sizes=\"auto, (max-width: 451px) 100vw, 451px\" \/><\/a><\/td>\n<\/tr>\n<tr style=\"border-color: #000000;\">\n<td style=\"width: 50.2179%;\"><span style=\"color: #000000;\">DK UCH<\/span><br \/>\n<span style=\"color: #000000;\"><strong>Stevns\u00e5ens Valde<br \/>\n<\/strong>DK07744\/2006<\/span><br \/>\n<span style=\"color: #000000;\">HD: A<\/span><br \/>\n<span style=\"color: #000000;\">Vit &amp; Svart<\/span><br \/>\n<span style=\"color: #000000;\">(07124\/2001 DKCH Merlot \u2013 05088\/1998 Stevns\u00e5ens Emma)<\/span><br \/>\n<span style=\"color: #000000;\">Valde har\u00a01:a pris\u00a0\u00f6ppenklass i Danmark p\u00e5 Jaktprov\u00a0och \u00e4r Dansk Utst\u00e4llningsChampion<\/span><br \/>\n<span style=\"color: #000000;\">\u00c4g:\u00a0Poul Vestervang<\/span><br \/>\n<a href=\"http:\/\/www.stevnsaaens.dk\/index.html\">www.stevnsaaens.dk<\/a><\/td>\n<td style=\"width: 49.7821%;\"><span style=\"color: #000000;\">SE JCH \u00a0SE UCH<\/span><br \/>\n<span style=\"color: #000000;\"><strong>P\u00e5lamalmens Elva<br \/>\n<\/strong>S22072\/2008<\/span><br \/>\n<span style=\"color: #000000;\">HD: B<\/span><br \/>\n<span style=\"color: #000000;\">Vit &amp; Orange<\/span><br \/>\n<span style=\"color: #000000;\">(INT&amp;NORD UCH KBH V-04 SE V-04 SE V-05 SE V-08 VWW-08 Pasties De La Cour Des Perdrix \u2013 SE V-08 Elske Van \u2018t Gillishof)<\/span><br \/>\n<span style=\"color: #000000;\">se mer p\u00e5<\/span> <a href=\"https:\/\/almkullens.se\/?page_id=368\">Elvas sida<\/a><\/td>\n<\/tr>\n<tr>\n<td style=\"text-align: center;\" colspan=\"2\"><em>Valparna \u00e4r f\u00f6dda 13\/5-11<\/em><\/td>\n<\/tr>\n<tr style=\"border-color: #000000;\">\n<td style=\"width: 50.2179%; border-color: #000000;\"><span style=\"color: #ffffff;\">.<\/span><a href=\"https:\/\/almkullens.se\/wp-content\/uploads\/2014\/12\/IMG_9347.jpg\" rel=\"lightbox[818]\"><img loading=\"lazy\" decoding=\"async\" class=\"alignnone wp-image-4815 \" src=\"https:\/\/almkullens.se\/wp-content\/uploads\/2014\/12\/IMG_9347-300x200.jpg\" alt=\"\" width=\"440\" height=\"293\" srcset=\"https:\/\/almkullens.se\/wp-content\/uploads\/2014\/12\/IMG_9347-300x200.jpg 300w, https:\/\/almkullens.se\/wp-content\/uploads\/2014\/12\/IMG_9347-1024x683.jpg 1024w, https:\/\/almkullens.se\/wp-content\/uploads\/2014\/12\/IMG_9347.jpg 1800w\" sizes=\"auto, (max-width: 440px) 100vw, 440px\" \/><br \/>\n<\/a><span style=\"font-family: georgia, palatino, serif;\">Aska bor kvar h\u00e4r hos oss i V\u00e4neryr.<br \/>\nAska gick bort 2023-07-12<br \/>\nAska har en\u00a0<a href=\"https:\/\/almkullens.se\/?page_id=1022\">egen sida\u00a0<\/a>med mer info.<span style=\"color: #000000;\"><span style=\"font-size: 16px;\"><br \/>\n<\/span><\/span>Klicka h\u00e4r f\u00f6r att se fler bilder i\u00a0 Galleri:\u00a0<a href=\"https:\/\/almkullens.se\/?page_id=3805\">Almkullens Aska <\/a><\/span>Aska har f\u00f6tt 20 valpar (3 kullar) 13 av valparna har g\u00e5tt till pris p\u00e5 jaktprov 9 av dem har f\u00e5tt 1 pris och 3 av dem \u00e4r elithundar\u2026hennes valpar har sammanlagt 17st 1 pris!!!!<span style=\"color: #ffffff;\">.<\/span><\/td>\n<td style=\"width: 49.7821%; border-color: #000000;\"><span style=\"color: #000000;\"><span style=\"font-family: georgia, palatino;\"><strong>Almkullens Aska\u00a0<img decoding=\"async\" src=\"http:\/\/breton.datahound.no\/images\/shops\/ribbon_red.gif\" alt=\"\" \/><img decoding=\"async\" src=\"http:\/\/breton.datahound.no\/images\/shops\/ribbon_darkblue.gif\" alt=\"\" \/><br \/>\n<\/strong>SE40158\/2011<br \/>\nHD: A<br \/>\nHQ: 0,97<br \/>\nMankh\u00f6jd: ca 49<br \/>\nVit &amp; Orange<br \/>\nTik med svans<br \/>\n<\/span><strong>Jaktprov:<\/strong> \u00a0<strong>SE JCH<\/strong><\/span><br \/>\n<span style=\"color: #000000;\">F\u00e4lt:\u00a0 \u00a0 \u00a0 \u00a0 \u00a01:a Ukl<\/span><br \/>\n<span style=\"color: #000000;\">Skog:\u00a0 \u00a0 \u00a0 \u00a02:a \u00d6kl<\/span><br \/>\n<span style=\"color: #000000;\">Fj\u00e4ll:\u00a0 \u00a0 \u00a0 \u00a0 2:a \u00d6kl<\/span><br \/>\n<span style=\"color: #000000;\">\u00a0 \u00a0 \u00a0 \u00a0 \u00a0 \u00a0 \u00a0 \u00a0 \u00a01:a \u00d6kl<\/span><br \/>\n<span style=\"color: #000000;\">F\u00e4lt:\u00a0 \u00a0 \u00a0 \u00a0 \u00a01:a Ekl<\/span><br \/>\n<span style=\"color: #000000;\">\u00a0 \u00a0 \u00a0 \u00a0 \u00a0 \u00a0 \u00a0 \u00a0 \u00a01:a Ekl<\/span><br \/>\n<span style=\"color: #000000;\">\u00a0 \u00a0 \u00a0 \u00a0 \u00a0 \u00a0 \u00a0 \u00a0 \u00a01:a HP Ekl och SE JCH<\/span><br \/>\n<span style=\"color: #000000;\">\u00a0 \u00a0 \u00a0 \u00a0 \u00a0 \u00a0 \u00a0 \u00a0 \u00a02:a Ekl F\u00e4lt<br \/>\n<\/span>\u00a0 \u00a0 \u00a0 \u00a0 \u00a0 \u00a0 \u00a0 \u00a0\u00a0<span style=\"color: #000000;\">4 plac SM Skl<\/span><br \/>\n<span style=\"color: #000000;\"><strong>Utst\u00e4llning<\/strong>:\u00a0 <strong>SE UCH<\/strong><\/span><br \/>\n<span style=\"color: #000000;\">Juniorkl: \u00a0\u00a0Excellent<\/span><br \/>\n<span style=\"color: #000000;\">Jaktkl: \u00a05x Excellent 4x Ck 3x Cert<\/span><br \/>\n<span style=\"color: #000000;\">\u00a0 \u00a0 \u00a0 \u00a0 \u00a0 \u00a0 \u00a0 \u00a02x Bir 1 CACIB<\/span><br \/>\n<span style=\"color: #000000;\"><strong>\u00c5rets Breton<\/strong>-2013<\/span><br \/>\n<span style=\"color: #000000;\"><strong>\u00c5rets Allrounhund<\/strong>-2013<br \/>\nAska erh\u00f6ll 2021 SKK\u2019s <strong>Bruksavelspris!<\/strong><br \/>\n<\/span><\/td>\n<\/tr>\n<tr>\n<td style=\"border-color: #000000; width: 50.2179%;\"><span style=\"color: #ffffff;\">.<\/span><a href=\"https:\/\/almkullens.se\/wp-content\/uploads\/2015\/08\/3Q1A2247.jpg\" rel=\"lightbox[818]\"><img loading=\"lazy\" decoding=\"async\" class=\" wp-image-5700  aligncenter\" src=\"https:\/\/almkullens.se\/wp-content\/uploads\/2015\/08\/3Q1A2247-300x200.jpg\" alt=\"\" width=\"440\" height=\"293\" srcset=\"https:\/\/almkullens.se\/wp-content\/uploads\/2015\/08\/3Q1A2247-300x200.jpg 300w, https:\/\/almkullens.se\/wp-content\/uploads\/2015\/08\/3Q1A2247-1024x683.jpg 1024w, https:\/\/almkullens.se\/wp-content\/uploads\/2015\/08\/3Q1A2247.jpg 1800w\" sizes=\"auto, (max-width: 440px) 100vw, 440px\" \/><\/a><span style=\"color: #000000; background-color: #ffffff;\">Akira bor hos familjen Stefan &amp; Maria H\u00f6rnlund i Vilhelmina. Akira gick bort i februari 2025<\/span><br \/>\n<span style=\"background-color: #ffffff;\"><span style=\"color: #000000;\">Galleri:<\/span>\u00a0<a style=\"background-color: #ffffff;\" href=\"https:\/\/almkullens.se\/?page_id=3887\">Almkullens Akira<\/a><br \/>\n<\/span><span style=\"background-color: #ffffff;\">Akira har 3 kullar med totalt 17 valpar. 9 av valparna har g\u00e5tt till pris p\u00e5 jaktprov, tv\u00e5 \u00e4r SE Jch!<\/span><span style=\"color: #ffffff; background-color: #ffffff;\">.<\/span><\/td>\n<td style=\"border-color: #000000; width: 49.7821%;\"><span style=\"color: #000000;\"><strong>Almkullens Akira\u00a0<img decoding=\"async\" src=\"http:\/\/breton.datahound.no\/images\/shops\/ribbon_red.gif\" alt=\"\" \/><img decoding=\"async\" src=\"http:\/\/breton.datahound.no\/images\/shops\/ribbon_darkblue.gif\" alt=\"\" \/><br \/>\n<\/strong>SE40159\/2011<\/span><br \/>\n<span style=\"color: #000000;\">HD: B<br \/>\nHQ: 0,97<br \/>\nMankh\u00f6jd: ca 48<\/span><br \/>\n<span style=\"color: #000000;\">Vit &amp; Orange<\/span><br \/>\n<span style=\"color: #000000;\">Tik med svans<\/span><br \/>\n<span style=\"color: #000000;\"><strong>Jaktprov:<\/strong> <strong>SE JCH<\/strong><\/span><br \/>\n<span style=\"color: #000000;\">Fj\u00e4ll:\u00a0 \u00a0 \u00a0 1:a Ukl<\/span><br \/>\n<span style=\"color: #000000;\">\u00a0<span style=\"color: #ffffff;\">.\u00a0<\/span>\u00a0 \u00a0 \u00a0 \u00a0 \u00a0 \u00a0 2&#215;2:a Ukl<\/span><br \/>\n<span style=\"color: #000000;\">Skog:\u00a0 \u00a0 \u00a01:a \u00d6kl<\/span><br \/>\n<span style=\"color: #000000;\">Fj\u00e4ll:\u00a0 \u00a0 \u00a0 2:a Ekl<br \/>\n<span style=\"color: #ffffff;\">.\u00a0<\/span>\u00a0 \u00a0 \u00a0 \u00a0 \u00a0 \u00a0 \u00a01:a Ekl<br \/>\n<span style=\"color: #ffffff;\">.<\/span>\u00a0 \u00a0 \u00a0 \u00a0 \u00a0 \u00a0 \u00a0 1:a Ekl<br \/>\n<\/span>\u00a0<span style=\"color: #ffffff;\"> .\u00a0<\/span>\u00a0 \u00a0 \u00a0 \u00a0 \u00a0 \u00a0<span style=\"color: #000000;\">4 plac Skl<\/span><br \/>\n<span style=\"color: #000000;\">\u00a0 <span style=\"color: #ffffff;\">\u00a0.\u00a0<\/span>\u00a0 \u00a0 \u00a0 \u00a0 \u00a0 1:a Ekl och d\u00e4rmed SE JCH<\/span><br \/>\n<strong><span style=\"color: #000000;\">Utst\u00e4llning:<\/span><\/strong><br \/>\n<span style=\"color: #000000;\">Jaktkl:\u00a0\u00a0\u00a0\u00a0Excellent<\/span><\/td>\n<\/tr>\n<tr>\n<td style=\"border-color: #000000; width: 50.2179%;\"><span style=\"color: #ffffff;\">.<\/span><a href=\"https:\/\/almkullens.se\/wp-content\/uploads\/2015\/08\/3Q1A1410.jpg\" rel=\"lightbox[818]\"><img loading=\"lazy\" decoding=\"async\" class=\" wp-image-5681  aligncenter\" src=\"https:\/\/almkullens.se\/wp-content\/uploads\/2015\/08\/3Q1A1410-300x200.jpg\" alt=\"\" width=\"440\" height=\"293\" srcset=\"https:\/\/almkullens.se\/wp-content\/uploads\/2015\/08\/3Q1A1410-300x200.jpg 300w, https:\/\/almkullens.se\/wp-content\/uploads\/2015\/08\/3Q1A1410-1024x683.jpg 1024w, https:\/\/almkullens.se\/wp-content\/uploads\/2015\/08\/3Q1A1410.jpg 1800w\" sizes=\"auto, (max-width: 440px) 100vw, 440px\" \/><\/a><span style=\"color: #000000;\">Alonso bor hos Mats Andersson och Elisabeth i Mora.<br \/>\n<\/span>Alonso gick bort v\u00e5ren 2024<br \/>\n<span style=\"color: #000000;\">Galleri:<\/span> <a href=\"https:\/\/almkullens.se\/?page_id=3883\">Almkullens Alonso<\/a><\/td>\n<td style=\"border-color: #000000; width: 49.7821%;\"><span style=\"color: #000000;\"><strong>Almkullens Alonso\u00a0<img decoding=\"async\" src=\"http:\/\/breton.datahound.no\/images\/shops\/ribbon_red.gif\" alt=\"\" \/><img decoding=\"async\" src=\"http:\/\/breton.datahound.no\/images\/shops\/ribbon_darkblue.gif\" alt=\"\" \/><\/strong><br \/>\nSE40160\/2011<\/span><br \/>\n<span style=\"color: #000000;\">HD: A<br \/>\nMankh\u00f6jd: ca\u00a051<\/span><br \/>\n<span style=\"color: #000000;\">Vit &amp; Orange<\/span><br \/>\n<span style=\"color: #000000;\">Hane med svans<\/span><br \/>\n<strong><span style=\"color: #000000;\">Jaktprov:<\/span><\/strong><br \/>\n<span style=\"color: #000000;\">F\u00e4lt:\u00a0 \u00a0 \u00a0 \u00a0 \u00a02:a Ukl<\/span><br \/>\n<span style=\"color: #000000;\">\u00a0 \u00a0 \u00a0 \u00a0 \u00a0 \u00a0 \u00a0 \u00a0 \u00a01:a med HP Ukl<\/span><br \/>\n<span style=\"color: #000000;\">Fj\u00e4ll:\u00a0 \u00a0 \u00a0 \u00a0 3&#215;2:a \u00d6kl<\/span><br \/>\n<span style=\"color: #000000;\">\u00a0 \u00a0 \u00a0 \u00a0 \u00a0 \u00a0 \u00a0 \u00a0 \u00a01:a \u00d6kl<\/span><br \/>\n<strong><span style=\"color: #000000;\">Utst\u00e4llning:<\/span><\/strong><br \/>\n<span style=\"color: #000000;\">Jaktkl:\u00a0\u00a0\u00a0\u00a0\u00a0\u00a0Excellent<\/span><\/td>\n<\/tr>\n<tr>\n<td style=\"border-color: #000000; width: 50.2179%;\"><span style=\"color: #ffffff;\">.<\/span><a href=\"https:\/\/almkullens.se\/wp-content\/uploads\/2014\/05\/551619_449801198381264_441900285838022_1544314_1350252391_n.jpg\" rel=\"lightbox[818]\"><img loading=\"lazy\" decoding=\"async\" class=\"alignnone wp-image-3475 \" src=\"https:\/\/almkullens.se\/wp-content\/uploads\/2014\/05\/551619_449801198381264_441900285838022_1544314_1350252391_n-300x199.jpg\" alt=\"\" width=\"440\" height=\"292\" srcset=\"https:\/\/almkullens.se\/wp-content\/uploads\/2014\/05\/551619_449801198381264_441900285838022_1544314_1350252391_n-300x199.jpg 300w, https:\/\/almkullens.se\/wp-content\/uploads\/2014\/05\/551619_449801198381264_441900285838022_1544314_1350252391_n.jpg 960w\" sizes=\"auto, (max-width: 440px) 100vw, 440px\" \/><\/a><\/td>\n<td style=\"border-color: #000000; width: 49.7821%;\"><span style=\"color: #000000;\"><strong>Almkullens Ajax<br \/>\n<\/strong>SE40162\/2011<\/span><br \/>\n<span style=\"color: #000000;\">Vit\u00a0&amp;\u00a0svart<\/span><br \/>\n<span style=\"color: #000000;\">Hane med svans<\/span><br \/>\n<span style=\"color: #000000;\">Ajax bor hos familjen Urban Wikstr\u00f6ms i Pite\u00e5.<\/span><br \/>\n<span style=\"color: #000000;\">Galleri:\u00a0<\/span><a href=\"https:\/\/almkullens.se\/?page_id=3890\">Almkullens Ajax<\/a><br \/>\nAjax gick bort h\u00f6sten 2020.<\/td>\n<\/tr>\n<tr>\n<td style=\"border-color: #000000; width: 50.2179%;\"><span style=\"color: #ffffff;\">.<\/span><a href=\"https:\/\/almkullens.se\/wp-content\/uploads\/2015\/08\/300.jpg\" rel=\"lightbox[818]\"><img loading=\"lazy\" decoding=\"async\" class=\" wp-image-5709  aligncenter\" src=\"https:\/\/almkullens.se\/wp-content\/uploads\/2015\/08\/300-300x200.jpg\" alt=\"\" width=\"440\" height=\"293\" srcset=\"https:\/\/almkullens.se\/wp-content\/uploads\/2015\/08\/300-300x200.jpg 300w, https:\/\/almkullens.se\/wp-content\/uploads\/2015\/08\/300-1024x683.jpg 1024w, https:\/\/almkullens.se\/wp-content\/uploads\/2015\/08\/300.jpg 1800w\" sizes=\"auto, (max-width: 440px) 100vw, 440px\" \/><\/a><span style=\"color: #000000;\"><br \/>\nAlex bor hos\u00a0Janne Berntsson p\u00e5 Orust.<br \/>\n<\/span>Alex gick bort h\u00f6sten 2022.<br \/>\n<span style=\"color: #000000;\">Galleri:<\/span>\u00a0<a href=\"https:\/\/almkullens.se\/?page_id=3892\">Almkullens Alex<\/a><\/td>\n<td style=\"border-color: #000000; width: 49.7821%;\"><span style=\"color: #000000;\"><strong>Almkullens Alex\u00a0<img decoding=\"async\" src=\"http:\/\/breton.datahound.no\/images\/shops\/ribbon_red.gif\" alt=\"\" \/><img decoding=\"async\" src=\"http:\/\/breton.datahound.no\/images\/shops\/ribbon_darkblue.gif\" alt=\"\" \/><br \/>\n<\/strong>SE40163\/2011<\/span><br \/>\n<span style=\"color: #000000;\">HD: C<br \/>\nMankh\u00f6jd: ca\u00a050<\/span><br \/>\n<span style=\"color: #000000;\">Vit &amp; Svart<\/span><br \/>\n<span style=\"color: #000000;\">Hane med svans<\/span><br \/>\n<span style=\"color: #000000;\">Jaktprov:<\/span><br \/>\n<span style=\"color: #000000;\">F\u00e4lt:\u00a0\u00a0\u00a0\u00a0\u00a0\u00a0\u00a0\u00a0\u00a0\u00a03:e pris \u00d6kl<\/span><br \/>\n<span style=\"color: #000000;\">Fj\u00e4ll:\u00a0\u00a0\u00a0\u00a0\u00a0\u00a0\u00a0\u00a0\u00a03:e pris \u00d6kl<br \/>\nUtst\u00e4llning:<\/span><br \/>\n<span style=\"color: #000000;\">Jaktkl: \u00a0\u00a0\u00a0\u00a0Excellent<\/span><\/td>\n<\/tr>\n<tr>\n<td style=\"border-color: #000000; width: 50.2179%;\"><span style=\"color: #ffffff;\">.<\/span><a href=\"https:\/\/almkullens.se\/wp-content\/uploads\/2011\/05\/2260.jpg\" rel=\"lightbox[818]\"><img loading=\"lazy\" decoding=\"async\" class=\"alignnone  wp-image-3168\" src=\"https:\/\/almkullens.se\/wp-content\/uploads\/2011\/05\/2260-300x200.jpg\" alt=\"Almkullens Auto\" width=\"440\" height=\"293\" srcset=\"https:\/\/almkullens.se\/wp-content\/uploads\/2011\/05\/2260-300x200.jpg 300w, https:\/\/almkullens.se\/wp-content\/uploads\/2011\/05\/2260-1024x682.jpg 1024w, https:\/\/almkullens.se\/wp-content\/uploads\/2011\/05\/2260.jpg 1200w\" sizes=\"auto, (max-width: 440px) 100vw, 440px\" \/><\/a><\/td>\n<td style=\"border-color: #000000; width: 49.7821%;\"><span style=\"color: #000000;\"><strong>Almkullens Auto<br \/>\n<\/strong>SE40161\/2011<\/span><br \/>\n<span style=\"color: #000000;\">HD: B<\/span><br \/>\n<span style=\"color: #000000;\">Vit &amp; Svart<\/span><br \/>\n<span style=\"color: #000000;\">Hane med svans<\/span><br \/>\n<span style=\"color: #000000;\">Auto bor hos Daniel Julander i Svenljunga.<\/span><br \/>\n<span style=\"color: #000000;\">Galleri:\u00a0<\/span><a href=\"https:\/\/almkullens.se\/?page_id=3894\">Almkullens Auto<\/a><\/td>\n<\/tr>\n<tr>\n<td style=\"border-color: #000000; width: 50.2179%;\"><span style=\"color: #000000;\"><span style=\"color: #ffffff;\">.<\/span><a href=\"https:\/\/almkullens.se\/wp-content\/uploads\/2011\/05\/1180.jpg\" rel=\"lightbox[818]\"><img loading=\"lazy\" decoding=\"async\" class=\"alignnone  wp-image-3169\" src=\"https:\/\/almkullens.se\/wp-content\/uploads\/2011\/05\/1180-300x200.jpg\" alt=\"Almkullens Alwin\" width=\"440\" height=\"293\" srcset=\"https:\/\/almkullens.se\/wp-content\/uploads\/2011\/05\/1180-300x200.jpg 300w, https:\/\/almkullens.se\/wp-content\/uploads\/2011\/05\/1180-1024x682.jpg 1024w, https:\/\/almkullens.se\/wp-content\/uploads\/2011\/05\/1180.jpg 1200w\" sizes=\"auto, (max-width: 440px) 100vw, 440px\" \/><\/a><\/span><\/td>\n<td style=\"border-color: #000000; width: 49.7821%;\"><span style=\"color: #000000;\"><strong>Almkullens Alwin<br \/>\n<\/strong>SE40164\/2011<\/span><br \/>\n<span style=\"color: #000000;\">HD: C<\/span><br \/>\n<span style=\"color: #000000;\">Vit &amp; Svart<\/span><br \/>\n<span style=\"color: #000000;\">Hane med svans<\/span><br \/>\n<span style=\"color: #000000;\">Alwin har flyttat till familjen Henrik Andersson i Mellbystrand. Alwin gick bort 11\/4 2025<\/span><br \/>\n<span style=\"color: #000000;\">Galleri:<\/span> <a href=\"https:\/\/almkullens.se\/?page_id=3896\">Almkullens Alwin<\/a><\/td>\n<\/tr>\n<\/tbody>\n<\/table>\n","protected":false},"excerpt":{"rendered":"<p>\u00a0 DK UCH Stevns\u00e5ens Valde DK07744\/2006 HD: A Vit &amp; Svart (07124\/2001 DKCH Merlot \u2013 05088\/1998 Stevns\u00e5ens Emma) Valde har\u00a01:a pris\u00a0\u00f6ppenklass i Danmark p\u00e5 Jaktprov\u00a0och \u00e4r Dansk Utst\u00e4llningsChampion \u00c4g:\u00a0Poul Vestervang www.stevnsaaens.dk SE JCH \u00a0SE UCH P\u00e5lamalmens Elva S22072\/2008 HD: B Vit &amp; Orange (INT&amp;NORD UCH KBH V-04 SE V-04 SE V-05 SE V-08 VWW-08 Pasties [&hellip;]<\/p>\n","protected":false},"author":1,"featured_media":0,"parent":0,"menu_order":0,"comment_status":"open","ping_status":"open","template":"onecolumn-page.php","meta":{"_crdt_document":"","advgb_blocks_editor_width":"","advgb_blocks_columns_visual_guide":"","footnotes":""},"class_list":["post-818","page","type-page","status-publish","hentry","entry"],"coauthors":[],"author_meta":{"author_link":"https:\/\/almkullens.se\/?author=1","display_name":"Peter &amp; Johanna"},"relative_dates":{"created":"Publicerad 15 \u00e5r sedan","modified":"Uppdaterad 11 m\u00e5nader sedan"},"absolute_dates":{"created":"Publicerat den 19 maj, 2011","modified":"Uppdaterad den 17 juni, 2025"},"absolute_dates_time":{"created":"Publicerat den 19 maj, 2011 13:43","modified":"Uppdaterad den 17 juni, 2025 20:27"},"featured_img_caption":"","featured_img":false,"series_order":"","jetpack_sharing_enabled":true,"_links":{"self":[{"href":"https:\/\/almkullens.se\/index.php?rest_route=\/wp\/v2\/pages\/818","targetHints":{"allow":["GET"]}}],"collection":[{"href":"https:\/\/almkullens.se\/index.php?rest_route=\/wp\/v2\/pages"}],"about":[{"href":"https:\/\/almkullens.se\/index.php?rest_route=\/wp\/v2\/types\/page"}],"author":[{"embeddable":true,"href":"https:\/\/almkullens.se\/index.php?rest_route=\/wp\/v2\/users\/1"}],"replies":[{"embeddable":true,"href":"https:\/\/almkullens.se\/index.php?rest_route=%2Fwp%2Fv2%2Fcomments&post=818"}],"version-history":[{"count":254,"href":"https:\/\/almkullens.se\/index.php?rest_route=\/wp\/v2\/pages\/818\/revisions"}],"predecessor-version":[{"id":12820,"href":"https:\/\/almkullens.se\/index.php?rest_route=\/wp\/v2\/pages\/818\/revisions\/12820"}],"wp:attachment":[{"href":"https:\/\/almkullens.se\/index.php?rest_route=%2Fwp%2Fv2%2Fmedia&parent=818"}],"curies":[{"name":"wp","href":"https:\/\/api.w.org\/{rel}","templated":true}]}}