{"id":6535,"date":"2016-02-13T13:05:14","date_gmt":"2016-02-13T12:05:14","guid":{"rendered":"http:\/\/almkullens.se\/?page_id=6535"},"modified":"2025-10-12T10:50:53","modified_gmt":"2025-10-12T08:50:53","slug":"almkullens-g-kull","status":"publish","type":"page","link":"https:\/\/almkullens.se\/?page_id=6535","title":{"rendered":"Almkullens G-kull"},"content":{"rendered":"<table style=\"width: 100%;\" border=\"2\">\n<tbody>\n<tr>\n<td><a href=\"https:\/\/almkullens.se\/wp-content\/uploads\/2016\/02\/H\u00e9rak-de-la-Plaine-Marat6.jpg\"  rel=\"lightbox[6535] attachment wp-att-6393\"><img loading=\"lazy\" decoding=\"async\" class=\"wp-image-6700  aligncenter\" src=\"https:\/\/almkullens.se\/wp-content\/uploads\/2016\/02\/H\u00e9rak-de-la-Plaine-Marat6-e1458157824558-300x219.jpg\" alt=\"\" width=\"429\" height=\"313\" srcset=\"https:\/\/almkullens.se\/wp-content\/uploads\/2016\/02\/H\u00e9rak-de-la-Plaine-Marat6-e1458157824558-300x219.jpg 300w, https:\/\/almkullens.se\/wp-content\/uploads\/2016\/02\/H\u00e9rak-de-la-Plaine-Marat6-e1458157824558-768x562.jpg 768w, https:\/\/almkullens.se\/wp-content\/uploads\/2016\/02\/H\u00e9rak-de-la-Plaine-Marat6-e1458157824558.jpg 889w\" sizes=\"auto, (max-width: 429px) 100vw, 429px\" \/><\/a><\/td>\n<td><a href=\"https:\/\/almkullens.se\/wp-content\/uploads\/2015\/01\/20150106namnl\u00f6st001.jpg\"  rel=\"lightbox[6535] attachment wp-att-4863\"><img loading=\"lazy\" decoding=\"async\" class=\"wp-image-4863  aligncenter\" src=\"https:\/\/almkullens.se\/wp-content\/uploads\/2015\/01\/20150106namnl\u00f6st001-300x210.jpg\" alt=\"Almkullens Aska \u00c4g: Johanna Olofsson &amp; Peter Nilsson\" width=\"440\" height=\"308\" srcset=\"https:\/\/almkullens.se\/wp-content\/uploads\/2015\/01\/20150106namnl\u00f6st001-300x210.jpg 300w, https:\/\/almkullens.se\/wp-content\/uploads\/2015\/01\/20150106namnl\u00f6st001-1024x715.jpg 1024w, https:\/\/almkullens.se\/wp-content\/uploads\/2015\/01\/20150106namnl\u00f6st001.jpg 1800w\" sizes=\"auto, (max-width: 440px) 100vw, 440px\" \/><\/a><\/td>\n<\/tr>\n<tr>\n<td style=\"width: 50%;\"><strong>H\u00e9rak de la Plaine Marat<br \/>\n<\/strong>LOF276037\/34841<br \/>\nTricolor<br \/>\nKuperad svans<br \/>\nHD: A<br \/>\nChampion des Fields Trials de Printemps 2015.<br \/>\n1er \u00e0 L&#8217;Echelle de Valeur Printemps Solo 2015<br \/>\nChampion de Gibier Naturel (GN) 2015.<br \/>\nExcellent p\u00e5 utst\u00e4llning<br \/>\n\u00c4gare: Gilles Pasty<\/td>\n<td style=\"width: 50%;\"><strong>Almkullens Aska<\/strong><br \/>\nSE40158\/2011<br \/>\nVit\/Orange<br \/>\nL\u00e5ng svans<br \/>\nHD: A<br \/>\nSE JCH<br \/>\nSE UCH<br \/>\n\u00c5rets Breton 2013<br \/>\n\u00c5rets allroundbreton 2013<br \/>\n<a href=\"https:\/\/almkullens.se\/?page_id=1022\">Askas\u00a0sida<\/a><\/td>\n<\/tr>\n<tr>\n<td style=\"text-align: center;\" colspan=\"2\"><em>Valparna \u00e4r f\u00f6dda den 9\/2 2016<\/em><\/td>\n<\/tr>\n<tr>\n<td style=\"border-color: #000000; text-align: left;\"><span style=\"color: #ffffff;\">\u00a0.<\/span><a href=\"https:\/\/almkullens.se\/wp-content\/uploads\/2016\/09\/923.jpg\"  rel=\"lightbox[6535] attachment wp-att-6561\"><img loading=\"lazy\" decoding=\"async\" class=\"wp-image-7296  alignnone\" src=\"https:\/\/almkullens.se\/wp-content\/uploads\/2016\/09\/923-300x225.jpg\" width=\"431\" height=\"323\" srcset=\"https:\/\/almkullens.se\/wp-content\/uploads\/2016\/09\/923-300x225.jpg 300w, https:\/\/almkullens.se\/wp-content\/uploads\/2016\/09\/923-768x576.jpg 768w, https:\/\/almkullens.se\/wp-content\/uploads\/2016\/09\/923-1024x768.jpg 1024w, https:\/\/almkullens.se\/wp-content\/uploads\/2016\/09\/923.jpg 1800w\" sizes=\"auto, (max-width: 431px) 100vw, 431px\" \/><\/a><span style=\"background-color: #ffffff;\">Gucci\u00a0har flyttat till Magnus Lindgren i Ume\u00e5<\/span><br \/>\n<span style=\"background-color: #ffffff;\"><a style=\"background-color: #ffffff;\" href=\"https:\/\/almkullens.se\/?page_id=7306\">Galleri:\u00a0Almkullens Gucci<\/a><\/span><\/td>\n<td style=\"border-color: #000000; text-align: center;\">\n<p style=\"text-align: left;\"><span style=\"background-color: #ffffff;\"><span style=\"color: #000000;\"><strong><br \/>\nAlmkullens Gucci <img decoding=\"async\" class=\"\" src=\"http:\/\/breton.datahound.no\/images\/shops\/ribbon_darkblue.gif\" \/><img decoding=\"async\" src=\"http:\/\/breton.datahound.no\/images\/shops\/ribbon_red.gif\" \/><br \/>\n<\/strong>SE18511\/2016<br \/>\nHD: B\/C<br \/>\nHQ: 0,97<br \/>\n<\/span><span style=\"color: #000000;\">Tricolor<\/span><\/span><br \/>\n<span style=\"color: #000000; background-color: #ffffff;\">skimmel<\/span><br \/>\n<span style=\"color: #000000; background-color: #ffffff;\">svans<br \/>\nJaktprov:<br \/>\nFj\u00e4ll:\u00a0 \u00a0 \u00a0 \u00a02 \u00d6kl<br \/>\nMankh\u00f6jd: 47 cm<br \/>\nUtst\u00e4llning:<br \/>\nValpkl 6-9 m\u00e5n: 1 HP Bim valp<br \/>\nJaktklass: Excellent Cert BIM CACIB<\/span><\/p>\n<\/td>\n<\/tr>\n<tr>\n<td style=\"border-color: #000000; text-align: left;\"><span style=\"color: #ffffff;\">.<\/span><a href=\"https:\/\/almkullens.se\/wp-content\/uploads\/2016\/09\/116.jpg\"  rel=\"lightbox[6535] attachment wp-att-6562\"><img loading=\"lazy\" decoding=\"async\" class=\"wp-image-7321  alignnone\" src=\"https:\/\/almkullens.se\/wp-content\/uploads\/2016\/09\/116-300x200.jpg\" width=\"431\" height=\"287\" srcset=\"https:\/\/almkullens.se\/wp-content\/uploads\/2016\/09\/116-300x200.jpg 300w, https:\/\/almkullens.se\/wp-content\/uploads\/2016\/09\/116-768x512.jpg 768w, https:\/\/almkullens.se\/wp-content\/uploads\/2016\/09\/116-1024x683.jpg 1024w, https:\/\/almkullens.se\/wp-content\/uploads\/2016\/09\/116.jpg 1800w\" sizes=\"auto, (max-width: 431px) 100vw, 431px\" \/><br \/>\n<\/a><span style=\"background-color: #ffffff;\">Gaia har flyttat till Cristher och Louise Sandstr\u00f6m i Boliden<\/span><br \/>\n<span style=\"background-color: #ffffff;\"><a style=\"background-color: #ffffff;\" href=\"https:\/\/almkullens.se\/?page_id=6620\">Galleri: Almkullens Gaia<\/a><\/span><br \/>\n<span style=\"background-color: #ffffff;\">Gaia har 2 kullar\/9 valpar<\/span><\/td>\n<td style=\"border-color: #000000; text-align: center;\">\n<p style=\"text-align: left;\"><span style=\"background-color: #ffffff;\"><span style=\"color: #000000;\"><strong><br \/>\nAlmkullens Gaia\u00a0<img decoding=\"async\" src=\"http:\/\/breton.datahound.no\/images\/shops\/ribbon_darkblue.gif\" \/><br \/>\n<\/strong>SE18512\/2016<br \/>\nHD: B<br \/>\nHQ: 0,96<br \/>\n<\/span><span style=\"color: #000000;\">Tricolor<\/span><\/span><br \/>\n<span style=\"color: #000000; background-color: #ffffff;\">skimmel<\/span><br \/>\n<span style=\"color: #000000; background-color: #ffffff;\">svans<br \/>\nMankh\u00f6jd: 46 cm<br \/>\nJaktprov:<br \/>\nFj\u00e4ll:\u00a0 \u00a0 \u00a0 3 Ukl<br \/>\n<span style=\"color: #ffffff;\">.\u00a0<\/span> \u00a0 \u00a0 \u00a0 \u00a0 \u00a0 1 Ukl<br \/>\n<span style=\"color: #ffffff;\">.\u00a0<\/span> \u00a0 \u00a0 \u00a0 \u00a0 \u00a0 2 Ukl<br \/>\nSkog:\u00a0 \u00a0 2 Ukl<br \/>\nUtst\u00e4llning: Jkl: Good<\/span><\/p>\n<p style=\"text-align: left;\">\n<\/td>\n<\/tr>\n<tr style=\"border-color: #000000;\">\n<td style=\"border-color: #000000; text-align: left;\"><span style=\"color: #ffffff;\">.<\/span><a href=\"https:\/\/almkullens.se\/wp-content\/uploads\/2016\/02\/663.jpg\"  rel=\"lightbox[6535] attachment wp-att-6566\"><img loading=\"lazy\" decoding=\"async\" class=\"wp-image-7482  alignnone\" src=\"https:\/\/almkullens.se\/wp-content\/uploads\/2016\/02\/663-300x200.jpg\" width=\"430\" height=\"287\" srcset=\"https:\/\/almkullens.se\/wp-content\/uploads\/2016\/02\/663-300x200.jpg 300w, https:\/\/almkullens.se\/wp-content\/uploads\/2016\/02\/663-768x512.jpg 768w, https:\/\/almkullens.se\/wp-content\/uploads\/2016\/02\/663-1024x683.jpg 1024w, https:\/\/almkullens.se\/wp-content\/uploads\/2016\/02\/663.jpg 1800w\" sizes=\"auto, (max-width: 430px) 100vw, 430px\" \/><\/a><span style=\"background-color: #ffffff;\">Patrich &amp; Maria Orresol i \u00c5sele \u00e4r Glittras nya familj<br \/>\nGlittra \u00e4r tyv\u00e4rr d\u00f6d<\/span><br \/>\n<span style=\"background-color: #ffffff;\"><a style=\"background-color: #ffffff;\" href=\"https:\/\/almkullens.se\/?page_id=6625\">Galleri:\u00a0Almkullens Glittra<\/a><\/span><\/td>\n<td style=\"border-color: #000000; text-align: center;\">\n<p style=\"text-align: left;\"><span style=\"color: #000000;\"><strong><br \/>\n<span style=\"background-color: #ffffff;\">Almkullens Glittra\u00a0<img decoding=\"async\" src=\"http:\/\/breton.datahound.no\/images\/shops\/ribbon_red.gif\" \/><img decoding=\"async\" src=\"http:\/\/breton.datahound.no\/images\/shops\/ribbon_darkblue.gif\" \/><\/span><br \/>\n<\/strong><\/span><span style=\"color: #000000; background-color: #ffffff;\">SE18513\/2016<br \/>\nHD: B\/C<br \/>\nHQ: 0,98<br \/>\nVit\/Orange<\/span><br \/>\n<span style=\"color: #000000; background-color: #ffffff;\">Ej skimmel<\/span><br \/>\n<span style=\"color: #000000; background-color: #ffffff;\">svans<br \/>\nMankh\u00f6jd: 46,5 cm<br \/>\nJaktprov:<br \/>\nFj\u00e4ll:\u00a0 \u00a0 \u00a0 \u00a01 HP Ukl<br \/>\n<span style=\"color: #ffffff;\">.\u00a0<\/span> \u00a0 \u00a0 \u00a0 \u00a0 \u00a0 \u00a0 1 Ukl<br \/>\n<span style=\"color: #ffffff;\">.\u00a0 \u00a0<\/span> \u00a0 \u00a0 \u00a0 \u00a0 \u00a0 1 Ukl<br \/>\n<span style=\"color: #ffffff;\">.\u00a0<\/span> \u00a0 \u00a0 \u00a0 \u00a0 \u00a0 \u00a0 2 \u00d6kl<br \/>\nSkog:\u00a0 \u00a0 \u00a0 2 \u00d6kl<br \/>\nNorsk Derby 2017: Rangerad 7 av 148 startande<br \/>\n\u00c5rets Breton Unghund \u2013 2017<br \/>\nUtst\u00e4llning:<br \/>\nJaktkl: Very Good<\/span><\/p>\n<\/td>\n<\/tr>\n<tr>\n<td style=\"border-color: #000000; text-align: left;\"><span style=\"background-color: #ffffff; color: #ffffff;\">.<\/span><a href=\"https:\/\/almkullens.se\/wp-content\/uploads\/2017\/10\/322.jpg\"  rel=\"lightbox[6535] attachment wp-att-6568\"><img loading=\"lazy\" decoding=\"async\" class=\"wp-image-8170  alignnone\" src=\"https:\/\/almkullens.se\/wp-content\/uploads\/2017\/10\/322-300x225.jpg\" alt=\"\" width=\"431\" height=\"323\" srcset=\"https:\/\/almkullens.se\/wp-content\/uploads\/2017\/10\/322-300x225.jpg 300w, https:\/\/almkullens.se\/wp-content\/uploads\/2017\/10\/322-768x576.jpg 768w, https:\/\/almkullens.se\/wp-content\/uploads\/2017\/10\/322-1024x768.jpg 1024w, https:\/\/almkullens.se\/wp-content\/uploads\/2017\/10\/322.jpg 1600w\" sizes=\"auto, (max-width: 431px) 100vw, 431px\" \/><\/a><span style=\"background-color: #ffffff;\">Sangita &amp; Mikael Jonsson i Bro \u00e4r Gideons nya familj<br \/>\n<\/span>Gideon \u00e4r tyv\u00e4rr d\u00f6d<br \/>\n<span style=\"background-color: #ffffff;\"><a style=\"background-color: #ffffff;\" href=\"https:\/\/almkullens.se\/?page_id=6588\">Galleri:\u00a0Almkullens Gideon<\/a><\/span><br \/>\n<span style=\"background-color: #ffffff;\">Gideon har 4 kullar i Sverige\/30 valpar och 1 kull i Norge med 7 valpar.<\/span><\/td>\n<td style=\"border-color: #000000; text-align: center;\">\n<p style=\"text-align: left;\"><span style=\"color: #000000;\"><strong><br \/>\n<span style=\"background-color: #ffffff;\">Almkullens Gideon\u00a0<img decoding=\"async\" src=\"http:\/\/breton.datahound.no\/images\/shops\/ribbon_red.gif\" \/><img decoding=\"async\" src=\"http:\/\/breton.datahound.no\/images\/shops\/ribbon_darkblue.gif\" \/><\/span><br \/>\n<\/strong><\/span><span style=\"color: #000000; background-color: #ffffff;\">SE18515\/2016<br \/>\nHD: A<br \/>\nHQ: 1,0<br \/>\nVit\/svart<\/span><br \/>\n<span style=\"color: #000000; background-color: #ffffff;\">skimmel<\/span><br \/>\n<span style=\"color: #000000;\"><span style=\"background-color: #ffffff;\">svans<\/span><br \/>\n<span style=\"background-color: #ffffff;\">Mankh\u00f6jd: 50 cm<\/span><br \/>\n<span style=\"background-color: #ffffff;\">Jaktprov:<\/span><br \/>\n<span style=\"background-color: #ffffff;\">F\u00e4lt:\u00a0 \u00a0 \u00a0 \u00a0 \u00a01 Ukl<\/span><br \/>\n<span style=\"color: #ffffff;\">.\u00a0<\/span> \u00a0 \u00a0 \u00a0 \u00a0 \u00a0 \u00a0 \u00a01 Ukl<br \/>\n<span style=\"background-color: #ffffff;\">Utst\u00e4llning:<\/span><br \/>\n<span style=\"background-color: #ffffff;\">Junkl: Very Good<\/span><br \/>\n<span style=\"background-color: #ffffff;\">Jaktkl: Excellent CERT BIR CACIB<\/span><\/span><\/p>\n<\/td>\n<\/tr>\n<tr>\n<td style=\"border-color: #000000; text-align: left;\"><span style=\"color: #ffffff;\">\u00a0.<\/span><a href=\"https:\/\/almkullens.se\/wp-content\/uploads\/2017\/06\/Almkullens-Giron-1.jpg\" rel=\"lightbox[6535]\"><img loading=\"lazy\" decoding=\"async\" class=\"alignnone wp-image-7993 \" src=\"https:\/\/almkullens.se\/wp-content\/uploads\/2017\/06\/Almkullens-Giron-1-300x264.jpg\" alt=\"\" width=\"431\" height=\"379\" srcset=\"https:\/\/almkullens.se\/wp-content\/uploads\/2017\/06\/Almkullens-Giron-1-300x264.jpg 300w, https:\/\/almkullens.se\/wp-content\/uploads\/2017\/06\/Almkullens-Giron-1-768x675.jpg 768w, https:\/\/almkullens.se\/wp-content\/uploads\/2017\/06\/Almkullens-Giron-1.jpg 960w\" sizes=\"auto, (max-width: 431px) 100vw, 431px\" \/><\/a><\/p>\n<p><span style=\"background-color: #ffffff;\">Giron har flyttat till Sveinung &amp; Karin Aune i Stj\u00f8rdal, Norge (Bild Sveinung Aune) Giron \u00e4r tyv\u00e4rr d\u00f6d<a style=\"background-color: #ffffff;\" href=\"http:\/\/www.storsnasen.com\/\"><br \/>\n<\/a><a style=\"background-color: #ffffff;\" href=\"https:\/\/almkullens.se\/?page_id=6593\">Galleri:\u00a0Almkullens Giron<\/a><\/span><\/td>\n<td style=\"border-color: #000000; text-align: center;\">\n<p style=\"text-align: left;\"><span style=\"background-color: #ffffff;\"><span style=\"color: #000000;\"><strong><br \/>\nAlmkullens Giron\u00a0<img decoding=\"async\" src=\"http:\/\/breton.datahound.no\/images\/shops\/ribbon_red.gif\" \/><br \/>\n<\/strong><\/span><span style=\"color: #000000;\">SE18514\/2016<br \/>\nHD: C<br \/>\nHQ: 0,95<br \/>\nVit\/svart<\/span><\/span><br \/>\n<span style=\"color: #000000; background-color: #ffffff;\">skimmel<\/span><br \/>\n<span style=\"color: #000000; background-color: #ffffff;\">svans<br \/>\nMankh\u00f6jd: 50 cm<br \/>\nUtst\u00e4llning:<br \/>\nUnghundsklass: Excellent<br \/>\nAk(\u00f6ppenklass): Exc. ck.<\/span><\/p>\n<\/td>\n<\/tr>\n<tr>\n<td style=\"border-color: #000000; text-align: left;\"><span style=\"color: #ffffff;\">.<\/span><a href=\"https:\/\/almkullens.se\/wp-content\/uploads\/2016\/10\/1719.jpg\"  rel=\"lightbox[6535] attachment wp-att-6563\"><img loading=\"lazy\" decoding=\"async\" class=\"wp-image-7536  alignnone\" src=\"https:\/\/almkullens.se\/wp-content\/uploads\/2016\/10\/1719-300x200.jpg\" width=\"431\" height=\"287\" srcset=\"https:\/\/almkullens.se\/wp-content\/uploads\/2016\/10\/1719-300x200.jpg 300w, https:\/\/almkullens.se\/wp-content\/uploads\/2016\/10\/1719-768x512.jpg 768w, https:\/\/almkullens.se\/wp-content\/uploads\/2016\/10\/1719-1024x683.jpg 1024w, https:\/\/almkullens.se\/wp-content\/uploads\/2016\/10\/1719.jpg 1800w\" sizes=\"auto, (max-width: 431px) 100vw, 431px\" \/><\/a><\/p>\n<p><span style=\"background-color: #ffffff;\">Mirjam &amp; Robert Landholm i Ljungskile \u00e4r Gimlis nya familj Gimli \u00e4r tyv\u00e4rr d\u00f6d<a style=\"background-color: #ffffff;\" href=\"https:\/\/almkullens.se\/wp-content\/uploads\/2016\/07\/1385.jpg\"  rel=\"lightbox[6535] attachment wp-att-6563\"><br \/>\n<\/a><a style=\"background-color: #ffffff;\" href=\"https:\/\/almkullens.se\/?page_id=6599\">Galleri:\u00a0Almkullens Gimli<\/a><\/span><a href=\"https:\/\/almkullens.se\/wp-content\/uploads\/2016\/07\/1385.jpg\"  rel=\"lightbox[6535] attachment wp-att-6563\"><br \/>\n<\/a><\/td>\n<td style=\"border-color: #000000; text-align: left;\"><span style=\"background-color: #ffffff;\"><span style=\"color: #000000;\"><strong><br \/>\nAlmkullens Gimli\u00a0<img decoding=\"async\" src=\"http:\/\/breton.datahound.no\/images\/shops\/ribbon_red.gif\" \/><img decoding=\"async\" src=\"http:\/\/breton.datahound.no\/images\/shops\/ribbon_darkblue.gif\" \/><br \/>\n<\/strong><\/span><span style=\"color: #000000;\">SE18516\/2016<br \/>\nHD: C<br \/>\nHQ: 0,95<br \/>\nVit\/orange<\/span><\/span><br \/>\n<span style=\"color: #000000; background-color: #ffffff;\">skimmel<\/span><br \/>\n<span style=\"color: #000000; background-color: #ffffff;\">svans<br \/>\nJaktprov:<br \/>\nF\u00e4lt:\u00a0 \u00a0 \u00a0 \u00a0 \u00a01 Ukl<br \/>\nMankh\u00f6jd: 51 cm<br \/>\nUtst\u00e4llning:<br \/>\nValpkl: 6-9 m\u00e5n: 1 HP Bir valp X3 Bis2 valpX2<br \/>\nJunkl: ExcellentX2 CK BIM<br \/>\nJaktkl: VG<\/span><\/td>\n<\/tr>\n<tr>\n<td style=\"border-color: #000000; text-align: left;\"><span style=\"color: #ffffff;\">.<\/span><br \/>\n<a href=\"https:\/\/almkullens.se\/wp-content\/uploads\/2016\/10\/1697.jpg\" rel=\"lightbox[6535]\"><img loading=\"lazy\" decoding=\"async\" class=\" wp-image-7535\" src=\"https:\/\/almkullens.se\/wp-content\/uploads\/2016\/10\/1697-300x200.jpg\" alt=\"\" width=\"430\" height=\"286\" srcset=\"https:\/\/almkullens.se\/wp-content\/uploads\/2016\/10\/1697-300x200.jpg 300w, https:\/\/almkullens.se\/wp-content\/uploads\/2016\/10\/1697-768x512.jpg 768w, https:\/\/almkullens.se\/wp-content\/uploads\/2016\/10\/1697-1024x683.jpg 1024w, https:\/\/almkullens.se\/wp-content\/uploads\/2016\/10\/1697.jpg 1800w\" sizes=\"auto, (max-width: 430px) 100vw, 430px\" \/><\/a><span style=\"background-color: #ffffff;\">Gizmo har flyttat till Familjen Henrik Nilsson i S\u00f6lvesborg<\/span><br \/>\n<span style=\"background-color: #ffffff;\"><a style=\"background-color: #ffffff;\" href=\"https:\/\/almkullens.se\/?page_id=6604\">Galleri:\u00a0Almkullens Gizmo<\/a><\/span><\/td>\n<td style=\"border-color: #000000; text-align: left;\"><span style=\"color: #000000;\"><strong>Almkullens Gizmo\u00a0<img decoding=\"async\" src=\"http:\/\/breton.datahound.no\/images\/shops\/ribbon_red.gif\" \/><br \/>\n<\/strong><\/span><span style=\"color: #000000;\">SE18517\/2016<br \/>\nVit\/orange<\/span><br \/>\n<span style=\"color: #000000;\">skimmel<\/span><br \/>\n<span style=\"color: #000000;\">svans<br \/>\nMankh\u00f6jd: 50 cm<br \/>\nUtst\u00e4llning:<br \/>\n\u00d6kl: Very Good<\/span><\/td>\n<\/tr>\n<tr>\n<td style=\"border-color: #000000; text-align: left;\"><span style=\"color: #ffffff;\">.<\/span><a href=\"https:\/\/almkullens.se\/wp-content\/uploads\/2016\/10\/1228.jpg\"  rel=\"lightbox[6535] attachment wp-att-6565\"><img loading=\"lazy\" decoding=\"async\" class=\"wp-image-7528  alignnone\" src=\"https:\/\/almkullens.se\/wp-content\/uploads\/2016\/10\/1228-300x200.jpg\" width=\"431\" height=\"287\" srcset=\"https:\/\/almkullens.se\/wp-content\/uploads\/2016\/10\/1228-300x200.jpg 300w, https:\/\/almkullens.se\/wp-content\/uploads\/2016\/10\/1228-768x512.jpg 768w, https:\/\/almkullens.se\/wp-content\/uploads\/2016\/10\/1228-1024x683.jpg 1024w, https:\/\/almkullens.se\/wp-content\/uploads\/2016\/10\/1228.jpg 1800w\" sizes=\"auto, (max-width: 431px) 100vw, 431px\" \/><\/a><\/td>\n<td style=\"border-color: #000000; text-align: left;\"><span style=\"background-color: #ffffff;\"><span style=\"color: #000000;\"><strong><br \/>\nAlmkullens Gordon<br \/>\n<\/strong><\/span><span style=\"color: #000000;\">SE18518\/2016<br \/>\nVit\/orange<\/span><\/span><br \/>\n<span style=\"color: #000000; background-color: #ffffff;\">skimmel<\/span><br \/>\n<span style=\"color: #000000; background-color: #ffffff;\">svans<\/span><span style=\"background-color: #ffffff;\">Gordon har flyttat till Ola Holmgren och hans familj i Matfors<br \/>\nGordon \u00e4r tyv\u00e4rr d\u00f6d.\u00a0<\/span><\/p>\n<p><span style=\"background-color: #ffffff;\"><a style=\"background-color: #ffffff;\" href=\"https:\/\/almkullens.se\/?page_id=6610\">Galleri:\u00a0Almkullens Gordon<\/a><\/span><\/td>\n<\/tr>\n<\/tbody>\n<\/table>\n<p style=\"text-align: center;\">G-Kullens stamtavla<a href=\"https:\/\/almkullens.se\/wp-content\/uploads\/2010\/07\/Stamtavla-G-kullen.png\"  rel=\"lightbox[6535] attachment wp-att-6096\"><img loading=\"lazy\" decoding=\"async\" class=\"alignright size-full wp-image-6096\" src=\"https:\/\/almkullens.se\/wp-content\/uploads\/2010\/07\/Stamtavla-G-kullen.png\" alt=\"Stamtavla G-kullen\" width=\"747\" height=\"526\" srcset=\"https:\/\/almkullens.se\/wp-content\/uploads\/2010\/07\/Stamtavla-G-kullen.png 747w, https:\/\/almkullens.se\/wp-content\/uploads\/2010\/07\/Stamtavla-G-kullen-300x211.png 300w\" sizes=\"auto, (max-width: 747px) 100vw, 747px\" \/><\/a><\/p>\n","protected":false},"excerpt":{"rendered":"<p>H\u00e9rak de la Plaine Marat LOF276037\/34841 Tricolor Kuperad svans HD: A Champion des Fields Trials de Printemps 2015. 1er \u00e0 L&#8217;Echelle de Valeur Printemps Solo 2015 Champion de Gibier Naturel (GN) 2015. Excellent p\u00e5 utst\u00e4llning \u00c4gare: Gilles Pasty Almkullens Aska SE40158\/2011 Vit\/Orange L\u00e5ng svans HD: A SE JCH SE UCH \u00c5rets Breton 2013 \u00c5rets allroundbreton [&hellip;]<\/p>\n","protected":false},"author":1,"featured_media":0,"parent":0,"menu_order":0,"comment_status":"closed","ping_status":"closed","template":"","meta":{"_crdt_document":"","advgb_blocks_editor_width":"","advgb_blocks_columns_visual_guide":"","footnotes":""},"class_list":["post-6535","page","type-page","status-publish","hentry","entry"],"coauthors":[],"author_meta":{"author_link":"https:\/\/almkullens.se\/?author=1","display_name":"Peter &amp; Johanna"},"relative_dates":{"created":"Publicerad 10 \u00e5r sedan","modified":"Uppdaterad 7 m\u00e5nader sedan"},"absolute_dates":{"created":"Publicerat den 13 februari, 2016","modified":"Uppdaterad den 12 oktober, 2025"},"absolute_dates_time":{"created":"Publicerat den 13 februari, 2016 13:05","modified":"Uppdaterad den 12 oktober, 2025 10:50"},"featured_img_caption":"","featured_img":false,"series_order":"","jetpack_sharing_enabled":true,"_links":{"self":[{"href":"https:\/\/almkullens.se\/index.php?rest_route=\/wp\/v2\/pages\/6535","targetHints":{"allow":["GET"]}}],"collection":[{"href":"https:\/\/almkullens.se\/index.php?rest_route=\/wp\/v2\/pages"}],"about":[{"href":"https:\/\/almkullens.se\/index.php?rest_route=\/wp\/v2\/types\/page"}],"author":[{"embeddable":true,"href":"https:\/\/almkullens.se\/index.php?rest_route=\/wp\/v2\/users\/1"}],"replies":[{"embeddable":true,"href":"https:\/\/almkullens.se\/index.php?rest_route=%2Fwp%2Fv2%2Fcomments&post=6535"}],"version-history":[{"count":120,"href":"https:\/\/almkullens.se\/index.php?rest_route=\/wp\/v2\/pages\/6535\/revisions"}],"predecessor-version":[{"id":12907,"href":"https:\/\/almkullens.se\/index.php?rest_route=\/wp\/v2\/pages\/6535\/revisions\/12907"}],"wp:attachment":[{"href":"https:\/\/almkullens.se\/index.php?rest_route=%2Fwp%2Fv2%2Fmedia&parent=6535"}],"curies":[{"name":"wp","href":"https:\/\/api.w.org\/{rel}","templated":true}]}}