{"id":5060,"date":"2015-03-09T11:57:04","date_gmt":"2015-03-09T10:57:04","guid":{"rendered":"http:\/\/almkullens.se\/?page_id=5060"},"modified":"2020-06-06T14:11:02","modified_gmt":"2020-06-06T12:11:02","slug":"a-tabell","status":"publish","type":"page","link":"https:\/\/almkullens.se\/?page_id=5060","title":{"rendered":"K\u00f6pa valp hos oss"},"content":{"rendered":"\n<div class=\"wp-block-image\"><figure class=\"alignright is-resized\"><a href=\"https:\/\/almkullens.se\/wp-content\/uploads\/2010\/07\/Elvas-valpar-121.jpg\" rel=\"lightbox[5060]\"><img loading=\"lazy\" decoding=\"async\" src=\"https:\/\/almkullens.se\/wp-content\/uploads\/2010\/07\/Elvas-valpar-121-1024x768.jpg\" alt=\"A-Kullen\" class=\"wp-image-4672\" width=\"709\" height=\"532\" srcset=\"https:\/\/almkullens.se\/wp-content\/uploads\/2010\/07\/Elvas-valpar-121-1024x768.jpg 1024w, https:\/\/almkullens.se\/wp-content\/uploads\/2010\/07\/Elvas-valpar-121-300x225.jpg 300w, https:\/\/almkullens.se\/wp-content\/uploads\/2010\/07\/Elvas-valpar-121.jpg 1800w\" sizes=\"auto, (max-width: 709px) 100vw, 709px\" \/><\/a><figcaption>A-Kullen<\/figcaption><\/figure><\/div>\n\n\n\n<p class=\"stil2 wp-block-paragraph\">En breton&nbsp;\u00e4r en fransk st\u00e5ende f\u00e5gelhund och \u00e4r sedan generationer avlad f\u00f6r jakt p\u00e5 tryckande vilt.<br \/>Av den anledningen s\u00e4ljer vi endast&nbsp;v\u00e5ra&nbsp;valpar till j\u00e4gare och\/eller jaktprovsintresserade.<br \/>Vill man enbart ha en s\u00e4llskapshund s\u00e5 tycker vi att det finns det l\u00e4mpligare raser att v\u00e4lja mellan. En Breton \u00e4r en jakthund med alla de drifter som en jakthund har.<br \/>D\u00e5 v\u00e5ra hundar \u00e4lskar att ligga i soffan och bli klappade s\u00e5 har vi ocks\u00e5 krav p\u00e5 att hunden mestadels skall f\u00e5 bo inomhus tillsammans med husse\/matte och s\u00e4ljer allts\u00e5 inte&nbsp;till de som enbart har sin hund st\u00e5ende i en hundg\u00e5rd.<\/p>\n\n\n\n<div class=\"wp-block-image\"><figure class=\"alignleft is-resized\"><a href=\"https:\/\/almkullens.se\/wp-content\/uploads\/2012\/07\/A-kullen-7v-163.jpg\" rel=\"lightbox[5060]\"><img loading=\"lazy\" decoding=\"async\" src=\"https:\/\/almkullens.se\/wp-content\/uploads\/2012\/07\/A-kullen-7v-163-1024x768.jpg\" alt=\"Almkullens Alonso \u00c4gare: Mats Andersson\" class=\"wp-image-3333\" width=\"502\" height=\"377\" srcset=\"https:\/\/almkullens.se\/wp-content\/uploads\/2012\/07\/A-kullen-7v-163-1024x768.jpg 1024w, https:\/\/almkullens.se\/wp-content\/uploads\/2012\/07\/A-kullen-7v-163-300x225.jpg 300w, https:\/\/almkullens.se\/wp-content\/uploads\/2012\/07\/A-kullen-7v-163.jpg 1200w\" sizes=\"auto, (max-width: 502px) 100vw, 502px\" \/><\/a><figcaption>Almkullens Alonso<\/figcaption><\/figure><\/div>\n\n\n\n<p class=\"stil2 wp-block-paragraph\">V\u00e5r ambition \u00e4r att f\u00f6da upp sunda, friska, l\u00e4ttdresserade och duktiga jakthundar&nbsp;som f\u00f6ljer FCIs rasstandards beskrivning av rasen b\u00e5de jaktligt&nbsp;och exteri\u00f6rt.<\/p>\n\n\n\n<p class=\"stil2 wp-block-paragraph\">Och d\u00e5 ingen jagar 365 dagar om \u00e5ret \u00e4r det ocks\u00e5 viktigt f\u00f6r oss att hundarna \u00e4r mysiga familjehundar&nbsp;och&nbsp;kan koppla av de dagar som det inte \u00e4r jakt.&nbsp;<\/p>\n\n\n\n<p class=\"wp-block-paragraph\">Vi f\u00f6der upp v\u00e5ra valpar i hemmilj\u00f6, valparna&nbsp;bor i v\u00e5rt sovrum tills de \u00e4r 3 veckor gamla och d\u00e5 f\u00e5r de flytta ut i k\u00f6ket, d\u00e4r de kommer att ha sin huvudsakliga sovplats tills de blir 8 veckor och flyttar till sina nya \u00e4gare.<\/p>\n\n\n\n<p class=\"wp-block-paragraph\">N\u00e4r valpen levereras \u00e4r den registrerad i SKK, veterin\u00e4r besiktigad, avmaskad, vaccinerad och ID m\u00e4rkt.<br \/>Vi brukar ha en valptr\u00e4ff n\u00e4r valparna \u00e4r runt 4 m\u00e5nader och en&nbsp;f\u00e5geltr\u00e4ning n\u00e4r det blir l\u00e4mpligt, oftast vid ca 10 m\u00e5n \u00e5lder.<br \/>Vi vill g\u00e4rna beh\u00e5lla kontakten med v\u00e5ra valpk\u00f6pare.<\/p>\n","protected":false},"excerpt":{"rendered":"<p>En breton&nbsp;\u00e4r en fransk st\u00e5ende f\u00e5gelhund och \u00e4r sedan generationer avlad f\u00f6r jakt p\u00e5 tryckande vilt.Av den anledningen s\u00e4ljer vi endast&nbsp;v\u00e5ra&nbsp;valpar till j\u00e4gare och\/eller jaktprovsintresserade.Vill man enbart ha en s\u00e4llskapshund s\u00e5 tycker vi att det finns det l\u00e4mpligare raser att v\u00e4lja mellan. En Breton \u00e4r en jakthund med alla de drifter som en jakthund har.D\u00e5 [&hellip;]<\/p>\n","protected":false},"author":1,"featured_media":0,"parent":0,"menu_order":0,"comment_status":"closed","ping_status":"open","template":"onecolumn-page.php","meta":{"_crdt_document":"","advgb_blocks_editor_width":"","advgb_blocks_columns_visual_guide":"","footnotes":""},"class_list":["post-5060","page","type-page","status-publish","hentry","entry"],"coauthors":[],"author_meta":{"author_link":"https:\/\/almkullens.se\/?author=1","display_name":"Peter &amp; Johanna"},"relative_dates":{"created":"Publicerad 11 \u00e5r sedan","modified":"Uppdaterad 6 \u00e5r sedan"},"absolute_dates":{"created":"Publicerat den 9 mars, 2015","modified":"Uppdaterad den 6 juni, 2020"},"absolute_dates_time":{"created":"Publicerat den 9 mars, 2015 11:57","modified":"Uppdaterad den 6 juni, 2020 14:11"},"featured_img_caption":"","featured_img":false,"series_order":"","jetpack_sharing_enabled":true,"_links":{"self":[{"href":"https:\/\/almkullens.se\/index.php?rest_route=\/wp\/v2\/pages\/5060","targetHints":{"allow":["GET"]}}],"collection":[{"href":"https:\/\/almkullens.se\/index.php?rest_route=\/wp\/v2\/pages"}],"about":[{"href":"https:\/\/almkullens.se\/index.php?rest_route=\/wp\/v2\/types\/page"}],"author":[{"embeddable":true,"href":"https:\/\/almkullens.se\/index.php?rest_route=\/wp\/v2\/users\/1"}],"replies":[{"embeddable":true,"href":"https:\/\/almkullens.se\/index.php?rest_route=%2Fwp%2Fv2%2Fcomments&post=5060"}],"version-history":[{"count":25,"href":"https:\/\/almkullens.se\/index.php?rest_route=\/wp\/v2\/pages\/5060\/revisions"}],"predecessor-version":[{"id":10277,"href":"https:\/\/almkullens.se\/index.php?rest_route=\/wp\/v2\/pages\/5060\/revisions\/10277"}],"wp:attachment":[{"href":"https:\/\/almkullens.se\/index.php?rest_route=%2Fwp%2Fv2%2Fmedia&parent=5060"}],"curies":[{"name":"wp","href":"https:\/\/api.w.org\/{rel}","templated":true}]}}