{"id":346,"date":"2010-08-13T08:56:18","date_gmt":"2010-08-13T08:56:18","guid":{"rendered":"http:\/\/almkullens.se\/?page_id=346"},"modified":"2018-12-31T08:16:19","modified_gmt":"2018-12-31T07:16:19","slug":"landinarnas-edvin","status":"publish","type":"page","link":"https:\/\/almkullens.se\/?page_id=346","title":{"rendered":"Landinarnas Edvin"},"content":{"rendered":"\n<div class=\"wp-block-image\"><figure class=\"alignright is-resized\"><a href=\"https:\/\/almkullens.se\/wp-content\/uploads\/2012\/04\/1661.jpg\" rel=\"lightbox[346]\"><img loading=\"lazy\" decoding=\"async\" src=\"https:\/\/almkullens.se\/wp-content\/uploads\/2012\/04\/1661-300x200.jpg\" alt=\"Edvin flyr med svansen mellan benen\" class=\"wp-image-1394\" width=\"356\" height=\"237\" srcset=\"https:\/\/almkullens.se\/wp-content\/uploads\/2012\/04\/1661-300x200.jpg 300w, https:\/\/almkullens.se\/wp-content\/uploads\/2012\/04\/1661-1024x682.jpg 1024w, https:\/\/almkullens.se\/wp-content\/uploads\/2012\/04\/1661.jpg 1800w\" sizes=\"auto, (max-width: 356px) 100vw, 356px\" \/><\/a><\/figure><\/div>\n\n\n\n<p class=\"wp-block-paragraph\">Edvin \u00e4r den fj\u00e4rde &nbsp;str\u00e4vh\u00e5riga vorsthen som jag har haft gl\u00e4djen att ha.&nbsp;Det visade sig ganska tidigt att han hade riktigt mycket spring i benen och att han sk\u00f6tte f\u00e5gel bra. D\u00e4remot s\u00e5 tyckte han att husses pipa inte beh\u00f6vde lydas i b\u00f6rjan s\u00e5 detta har det jobbats p\u00e5 under \u00e5rens lopp. Han \u00e4r startad p\u00e5 jaktprov ett antal g\u00e5nger med riktigt hyfsade resultat men ett f\u00e4stingbett som orsakade borrelia satte stopp p\u00e5 hans provkarri\u00e4r det \u00e5ret som vi hade laddat f\u00f6r att ta oss upp i elitklassen, s\u00e5 n\u00e5gon elithund p\u00e5 prov det till\u00e4ts han inte att bli d\u00e5 jag ledsnade p\u00e5 att h\u00e5lla p\u00e5 att tr\u00e4na inf\u00f6r prov utan bara ville jaga ist\u00e4llet. Detta har han gjort med den \u00e4ran och det \u00e4r m\u00e5nga g\u00e5nger som jag st\u00e5tt p\u00e5 fj\u00e4llet&nbsp;och tittat p\u00e5 hans enast\u00e5ende s\u00f6k och fantastiska f\u00f6rm\u00e5ga att finna f\u00e5gel och m\u00e5tt s\u00e5 gott som man bara kan uppe i fj\u00e4llv\u00e4rden.<\/p>\n\n\n\n<div class=\"wp-block-image\"><figure class=\"alignleft is-resized\"><a href=\"https:\/\/almkullens.se\/wp-content\/uploads\/2012\/01\/101.jpg\" rel=\"lightbox[346]\"><img loading=\"lazy\" decoding=\"async\" src=\"https:\/\/almkullens.se\/wp-content\/uploads\/2012\/01\/101-300x200.jpg\" alt=\"Edvin\" class=\"wp-image-1183\" width=\"424\" height=\"283\" srcset=\"https:\/\/almkullens.se\/wp-content\/uploads\/2012\/01\/101-300x200.jpg 300w, https:\/\/almkullens.se\/wp-content\/uploads\/2012\/01\/101-1024x682.jpg 1024w, https:\/\/almkullens.se\/wp-content\/uploads\/2012\/01\/101.jpg 1920w\" sizes=\"auto, (max-width: 424px) 100vw, 424px\" \/><\/a><\/figure><\/div>\n\n\n\n<p class=\"wp-block-paragraph\">En annan styrka som ska n\u00e4mnas \u00e4r att han \u00e4r en riktigt god apport\u00f6r. Det spelar inte s\u00e5 stor roll vad det ska jagas, han ger sig i kast med vad som st\u00e5r tillbuds och tvekar inte att h\u00e4mta in ejdrar i kallt vresigt h\u00f6stvatten eller fungera som en duv eller g\u00e5sapport\u00f6r d\u00e5 detta kr\u00e4vs och allt som oftast s\u00e5 har husse st\u00e5tt med ett litet leende p\u00e5 l\u00e4pparna n\u00e4r Edvin fixat att hitta f\u00e5gel d\u00e4r andra g\u00e5tt bet.<\/p>\n","protected":false},"excerpt":{"rendered":"<p>Edvin \u00e4r den fj\u00e4rde &nbsp;str\u00e4vh\u00e5riga vorsthen som jag har haft gl\u00e4djen att ha.&nbsp;Det visade sig ganska tidigt att han hade riktigt mycket spring i benen och att han sk\u00f6tte f\u00e5gel bra. D\u00e4remot s\u00e5 tyckte han att husses pipa inte beh\u00f6vde lydas i b\u00f6rjan s\u00e5 detta har det jobbats p\u00e5 under \u00e5rens lopp. Han \u00e4r startad [&hellip;]<\/p>\n","protected":false},"author":1,"featured_media":0,"parent":0,"menu_order":0,"comment_status":"closed","ping_status":"open","template":"","meta":{"_crdt_document":"","advgb_blocks_editor_width":"","advgb_blocks_columns_visual_guide":"","footnotes":""},"class_list":["post-346","page","type-page","status-publish","hentry","entry"],"coauthors":[],"author_meta":{"author_link":"https:\/\/almkullens.se\/?author=1","display_name":"Peter &amp; Johanna"},"relative_dates":{"created":"Publicerad 16 \u00e5r sedan","modified":"Uppdaterad 7 \u00e5r sedan"},"absolute_dates":{"created":"Publicerat den 13 augusti, 2010","modified":"Uppdaterad den 31 december, 2018"},"absolute_dates_time":{"created":"Publicerat den 13 augusti, 2010 08:56","modified":"Uppdaterad den 31 december, 2018 08:16"},"featured_img_caption":"","featured_img":false,"series_order":"","jetpack_sharing_enabled":true,"_links":{"self":[{"href":"https:\/\/almkullens.se\/index.php?rest_route=\/wp\/v2\/pages\/346","targetHints":{"allow":["GET"]}}],"collection":[{"href":"https:\/\/almkullens.se\/index.php?rest_route=\/wp\/v2\/pages"}],"about":[{"href":"https:\/\/almkullens.se\/index.php?rest_route=\/wp\/v2\/types\/page"}],"author":[{"embeddable":true,"href":"https:\/\/almkullens.se\/index.php?rest_route=\/wp\/v2\/users\/1"}],"replies":[{"embeddable":true,"href":"https:\/\/almkullens.se\/index.php?rest_route=%2Fwp%2Fv2%2Fcomments&post=346"}],"version-history":[{"count":11,"href":"https:\/\/almkullens.se\/index.php?rest_route=\/wp\/v2\/pages\/346\/revisions"}],"predecessor-version":[{"id":9015,"href":"https:\/\/almkullens.se\/index.php?rest_route=\/wp\/v2\/pages\/346\/revisions\/9015"}],"wp:attachment":[{"href":"https:\/\/almkullens.se\/index.php?rest_route=%2Fwp%2Fv2%2Fmedia&parent=346"}],"curies":[{"name":"wp","href":"https:\/\/api.w.org\/{rel}","templated":true}]}}