{"id":2666,"date":"2014-02-01T12:56:56","date_gmt":"2014-02-01T11:56:56","guid":{"rendered":"http:\/\/almkullens.se\/?page_id=2666"},"modified":"2019-10-12T21:39:04","modified_gmt":"2019-10-12T19:39:04","slug":"almkullens-e-kull","status":"publish","type":"page","link":"https:\/\/almkullens.se\/?page_id=2666","title":{"rendered":"Almkullens E-Kull"},"content":{"rendered":"<address>\u00a0<\/address>\n<dl>\n<dd><\/dd>\n<\/dl>\n<table style=\"width: 100%; height: 4333px;\">\n<tbody>\n<tr style=\"height: 310px;\">\n<td style=\"width: 50%; height: 310px;\"><a href=\"https:\/\/almkullens.se\/?page_id=4169\"><img loading=\"lazy\" decoding=\"async\" class=\"alignnone wp-image-3240 \" src=\"https:\/\/almkullens.se\/wp-content\/uploads\/2012\/07\/162-300x200.jpg\" alt=\"Carl D\u2019ar Roc\u2019h Bernez, pappa till v\u00e5r E-kull \u00c4g: Stian Aaserud\" width=\"440\" height=\"293\" srcset=\"https:\/\/almkullens.se\/wp-content\/uploads\/2012\/07\/162-300x200.jpg 300w, https:\/\/almkullens.se\/wp-content\/uploads\/2012\/07\/162-1024x682.jpg 1024w, https:\/\/almkullens.se\/wp-content\/uploads\/2012\/07\/162.jpg 1200w\" sizes=\"auto, (max-width: 440px) 100vw, 440px\" \/><\/a><\/td>\n<td style=\"width: 50%; height: 310px;\"><a href=\"https:\/\/almkullens.se\/?page_id=1022\"><img loading=\"lazy\" decoding=\"async\" class=\"alignnone  wp-image-3098\" src=\"https:\/\/almkullens.se\/wp-content\/uploads\/2014\/02\/968-300x200.jpg\" alt=\"Almkullens Aska\" width=\"440\" height=\"293\" srcset=\"https:\/\/almkullens.se\/wp-content\/uploads\/2014\/02\/968-300x200.jpg 300w, https:\/\/almkullens.se\/wp-content\/uploads\/2014\/02\/968-1024x682.jpg 1024w, https:\/\/almkullens.se\/wp-content\/uploads\/2014\/02\/968.jpg 1200w\" sizes=\"auto, (max-width: 440px) 100vw, 440px\" \/><\/a><\/td>\n<\/tr>\n<tr style=\"height: 394px;\">\n<td style=\"width: 50%; height: 394px;\"><span style=\"color: #000000;\"><strong>Carl D&#8217;ar Roc&#8217;h Bernez<br \/>\n<\/strong>LOF246409<\/span><br \/>\n<span style=\"color: #000000;\">HD: A<\/span><br \/>\n<span style=\"color: #000000;\">Svart &amp; Vit<\/span><br \/>\n<span style=\"color: #000000;\">Avsaknad av Svans<\/span><br \/>\n<span style=\"color: #000000;\">Jaktprov: 1:a pris i AK och 1:a pris i segrarklass med CK<\/span><br \/>\n<span style=\"color: #000000;\">Utst: 1:a pris med CK i Ukl<\/span><br \/>\n<span style=\"color: #000000;\">\u00c4gare: Stian Aaserud<\/span><\/td>\n<td style=\"width: 50%; height: 394px;\"><span style=\"color: #000000;\"><strong>Almkullens Aska<br \/>\n<\/strong>SE40158\/2011<\/span><br \/>\n<span style=\"color: #000000;\">HD: A<br \/>\nHQ: 0,97<\/span><br \/>\n<span style=\"color: #000000;\">Vit &amp; Orange<\/span><br \/>\n<span style=\"color: #000000;\">Svans<\/span><br \/>\n<span style=\"color: #000000;\">Jaktprov: SE JCH<\/span><br \/>\n<span style=\"color: #000000;\">Utst:\u00a0SE UCH CACIB<\/span><br \/>\n<span style=\"color: #000000;\">\u00c5rets Breton &#8211; 13<\/span><br \/>\n<span style=\"color: #000000;\">\u00c5rets allroundbreton &#8211; 13<\/span><\/td>\n<\/tr>\n<tr>\n<td style=\"text-align: center; width: 100%;\" colspan=\"2\"><em>Valparna \u00e4r f\u00f6dda den 27\/1-14<\/em><\/td>\n<\/tr>\n<tr style=\"height: 602px;\">\n<td style=\"width: 50%; border-color: #000000; height: 602px;\"><span style=\"color: #ffffff;\">.<\/span><\/p>\n<p><a href=\"https:\/\/almkullens.se\/wp-content\/uploads\/2016\/04\/039.jpg\" rel=\"lightbox[2666]\"><img loading=\"lazy\" decoding=\"async\" class=\"wp-image-6915  aligncenter\" src=\"https:\/\/almkullens.se\/wp-content\/uploads\/2016\/04\/039-300x200.jpg\" width=\"440\" height=\"293\" srcset=\"https:\/\/almkullens.se\/wp-content\/uploads\/2016\/04\/039-300x200.jpg 300w, https:\/\/almkullens.se\/wp-content\/uploads\/2016\/04\/039-768x512.jpg 768w, https:\/\/almkullens.se\/wp-content\/uploads\/2016\/04\/039-1024x683.jpg 1024w, https:\/\/almkullens.se\/wp-content\/uploads\/2016\/04\/039.jpg 1800w\" sizes=\"auto, (max-width: 440px) 100vw, 440px\" \/><\/a><\/p>\n<p>Ella\u00a0har\u00a0flyttat till B\u00f6rje &amp; Alva Nilsson i Mariestad.<br \/>\n<a title=\"Almkullens Ella\" href=\"https:\/\/almkullens.se\/?page_id=4216\">Ellas Galleri<\/a><\/p>\n<\/td>\n<td style=\"width: 50%; border-color: #000000; height: 602px;\"><span style=\"color: #000000;\"><strong>Almkullens Ella\u00a0<img decoding=\"async\" src=\"http:\/\/breton.datahound.no\/images\/shops\/ribbon_darkblue.gif\" alt=\"\" \/><br \/>\n<\/strong>SE18198\/2014<br \/>\n<\/span>HD: B<br \/>\n<span style=\"color: #000000;\">Vit &amp; Orange<\/span><br \/>\n<span style=\"color: #000000;\">Tik med svans<br \/>\nJaktprov:<\/span><br \/>\n<span style=\"color: #000000;\">F\u00e4lt: \u00a0 \u00a0 \u00a0 \u00a0 \u00a0 3&#215;2:a pris Ukl<br \/>\nFj\u00e4ll: \u00a0 \u00a0 \u00a0 \u00a0 \u00a02 \u00d6kl<\/span><\/td>\n<\/tr>\n<tr style=\"height: 641px;\">\n<td style=\"width: 50%; border-color: #000000; height: 641px;\">\n<p><a href=\"https:\/\/almkullens.se\/wp-content\/uploads\/2015\/08\/3Q1A1276.jpg\" rel=\"lightbox[2666]\"><img loading=\"lazy\" decoding=\"async\" class=\"aligncenter wp-image-5676 \" src=\"https:\/\/almkullens.se\/wp-content\/uploads\/2015\/08\/3Q1A1276-300x200.jpg\" alt=\"\" width=\"440\" height=\"293\" srcset=\"https:\/\/almkullens.se\/wp-content\/uploads\/2015\/08\/3Q1A1276-300x200.jpg 300w, https:\/\/almkullens.se\/wp-content\/uploads\/2015\/08\/3Q1A1276-1024x683.jpg 1024w, https:\/\/almkullens.se\/wp-content\/uploads\/2015\/08\/3Q1A1276.jpg 1800w\" sizes=\"auto, (max-width: 440px) 100vw, 440px\" \/><\/a><\/p>\n<p><span style=\"color: #000000;\">Ebba har\u00a0flyttat till Mikael och Karin Eriksson.\u00a0Klippforsens Kennel<br \/>\n<a href=\"https:\/\/almkullens.se\/?page_id=6270\">Ebbas Galleri<\/a><\/span><\/p>\n<\/td>\n<td style=\"width: 50%; border-color: #000000; height: 641px;\"><span style=\"color: #000000;\"><strong>Almkullens Ebba\u00a0<img decoding=\"async\" src=\"http:\/\/breton.datahound.no\/images\/shops\/ribbon_red.gif\" alt=\"\" \/><img decoding=\"async\" src=\"http:\/\/breton.datahound.no\/images\/shops\/ribbon_darkblue.gif\" alt=\"\" \/><br \/>\n<\/strong>SE18199\/2014<br \/>\nHD: C<br \/>\nMankh\u00f6jd: ca 48<\/span><br \/>\n<span style=\"color: #000000;\">Vit &amp; Svart<\/span><br \/>\n<span style=\"color: #000000;\">Tik med svans<br \/>\nJaktprov:<\/span><br \/>\n<span style=\"color: #000000;\">Fj\u00e4ll:\u00a0\u00a0\u00a0\u00a0\u00a0\u00a0\u00a0\u00a0\u00a02:a pris Ukl<br \/>\n.\u00a0 \u00a0 \u00a0 \u00a0 \u00a0 \u00a0 \u00a0 \u00a03:e pris \u00d6kl<br \/>\nUtst\u00e4llning:<\/span><br \/>\n<span style=\"color: #000000;\">Jaktkl:\u00a0\u00a0\u00a0\u00a0\u00a0\u00a0Excellent<\/span><\/td>\n<\/tr>\n<tr style=\"height: 666px;\">\n<td style=\"width: 50%; border-color: #000000; height: 666px;\">\n<p><span style=\"color: #ffffff;\">.<\/span><a href=\"https:\/\/almkullens.se\/wp-content\/uploads\/2014\/09\/IMG_8841.jpg\" rel=\"lightbox[2666]\"><img loading=\"lazy\" decoding=\"async\" class=\"alignnone wp-image-4179 \" src=\"https:\/\/almkullens.se\/wp-content\/uploads\/2014\/09\/IMG_8841-300x199.jpg\" alt=\"Almkullens Embla\" width=\"440\" height=\"292\" srcset=\"https:\/\/almkullens.se\/wp-content\/uploads\/2014\/09\/IMG_8841-300x199.jpg 300w, https:\/\/almkullens.se\/wp-content\/uploads\/2014\/09\/IMG_8841-1024x682.jpg 1024w, https:\/\/almkullens.se\/wp-content\/uploads\/2014\/09\/IMG_8841.jpg 2048w\" sizes=\"auto, (max-width: 440px) 100vw, 440px\" \/><br \/>\n<\/a><\/p>\n<p>Embla bor hos Isak Svensson och Felicia Lundgren i V\u00e4ster\u00e5s<a href=\"https:\/\/almkullens.se\/wp-content\/uploads\/2014\/09\/IMG_8841.jpg\" rel=\"lightbox[2666]\"><br \/>\n<\/a><a href=\"https:\/\/almkullens.se\/?page_id=3663\">H\u00e4r \u00e4r Emblas Galleri<\/a><br \/>\nEmbla har 1 kull med 4 valpar.<\/p>\n<\/td>\n<td style=\"width: 50%; border-color: #000000; height: 666px;\"><span style=\"color: #000000;\"><strong>Almkullens Embla\u00a0<img decoding=\"async\" src=\"http:\/\/breton.datahound.no\/images\/shops\/ribbon_red.gif\" alt=\"\" \/><img decoding=\"async\" src=\"http:\/\/breton.datahound.no\/images\/shops\/ribbon_darkblue.gif\" alt=\"\" \/><br \/>\n<\/strong>SE18200\/2014<br \/>\nHD: B<br \/>\nHQ: 0,93<br \/>\nMankh\u00f6jd: ca 47<\/span><br \/>\n<span style=\"color: #000000;\">Vit &amp; Svart<\/span><br \/>\n<span style=\"color: #000000;\">Tik med svans<br \/>\nJaktprov:<br \/>\nF\u00e4lt: \u00a0 \u00a0 \u00a0 \u00a0 2&#215;2 pris Ukl<br \/>\n.\u00a0 \u00a0 \u00a0 \u00a0 \u00a0 \u00a0 \u00a0 \u00a0 \u00a0 \u00a03 pris Ukl<br \/>\n.\u00a0 \u00a0 \u00a0 \u00a0 \u00a0 \u00a0 \u00a0 \u00a0 \u00a0 \u00a01 pris Ukl<br \/>\n.\u00a0 \u00a0 \u00a0 \u00a0 \u00a0 \u00a0 \u00a0 \u00a0 \u00a0 \u00a02 pris \u00d6kl<br \/>\n.\u00a0 \u00a0 \u00a0 \u00a0 \u00a0 \u00a0 \u00a0 \u00a02&#215;3 pris \u00d6kl<br \/>\n.\u00a0 \u00a0 \u00a0 \u00a0 \u00a0 \u00a0 \u00a0 \u00a0 \u00a0 \u00a01 pris \u00d6kl<br \/>\nUtst\u00e4llning:<\/span><br \/>\n<span style=\"color: #000000;\">Unghundskl: Excellent<br \/>\nJaktkl: \u00a0 \u00a0 \u00a0 \u00a0 \u00a0 \u00a0Excellent<\/span><\/td>\n<\/tr>\n<tr style=\"height: 452px;\">\n<td style=\"width: 50%; border-color: #000000; height: 452px;\">\n<p><span style=\"color: #ffffff;\">.<\/span><a href=\"https:\/\/almkullens.se\/wp-content\/uploads\/2014\/10\/IMG_4117.jpg\" rel=\"lightbox[2666]\"><img loading=\"lazy\" decoding=\"async\" class=\"alignnone wp-image-4315 \" src=\"https:\/\/almkullens.se\/wp-content\/uploads\/2014\/10\/IMG_4117-300x199.jpg\" alt=\"Almkullens Eila\" width=\"440\" height=\"292\" srcset=\"https:\/\/almkullens.se\/wp-content\/uploads\/2014\/10\/IMG_4117-300x199.jpg 300w, https:\/\/almkullens.se\/wp-content\/uploads\/2014\/10\/IMG_4117-1024x682.jpg 1024w, https:\/\/almkullens.se\/wp-content\/uploads\/2014\/10\/IMG_4117.jpg 1235w\" sizes=\"auto, (max-width: 440px) 100vw, 440px\" \/><\/a><\/p>\n<p><span style=\"color: #000000;\">Eila har\u00a0flyttat\u00a0till Ingrid Amundsen i Lule\u00e5.<\/span><br \/>\n<a title=\"Galleri: Almkullens Eila\" href=\"https:\/\/almkullens.se\/?page_id=4220\">Galleri: Almkullens Eila<\/a><\/p>\n<\/td>\n<td style=\"width: 50%; border-color: #000000; height: 452px;\"><span style=\"color: #000000;\"><strong>Almkullens Eila\u00a0<img decoding=\"async\" src=\"http:\/\/breton.datahound.no\/images\/shops\/ribbon_red.gif\" alt=\"\" \/><br \/>\n<\/strong>SE18201\/2014<br \/>\nHD: A<br \/>\nMankh\u00f6jd: 48<\/span><br \/>\n<span style=\"color: #000000;\">Vit &amp; Svart<\/span><br \/>\n<span style=\"color: #000000;\">Tik med svans<br \/>\nUtst\u00e4llning:<\/span><br \/>\n<span style=\"color: #000000;\">\u00d6ppenklass: Very Good<\/span><\/td>\n<\/tr>\n<tr style=\"height: 571px;\">\n<td style=\"width: 50%; border-color: #000000; height: 571px;\">\n<p><span style=\"color: #ffffff;\">.<\/span><a href=\"https:\/\/almkullens.se\/wp-content\/uploads\/2014\/09\/3Q1A2124.jpg\" rel=\"lightbox[2666]\"><img loading=\"lazy\" decoding=\"async\" class=\"alignnone wp-image-6227 \" src=\"https:\/\/almkullens.se\/wp-content\/uploads\/2014\/09\/3Q1A2124-300x200.jpg\" alt=\"\" width=\"440\" height=\"293\" srcset=\"https:\/\/almkullens.se\/wp-content\/uploads\/2014\/09\/3Q1A2124-300x200.jpg 300w, https:\/\/almkullens.se\/wp-content\/uploads\/2014\/09\/3Q1A2124-1024x683.jpg 1024w, https:\/\/almkullens.se\/wp-content\/uploads\/2014\/09\/3Q1A2124.jpg 1800w\" sizes=\"auto, (max-width: 440px) 100vw, 440px\" \/><\/a><\/p>\n<p>Eamon\u00a0har\u00a0flyttat\u00a0till Mia Nilsson och Rickard Henriksson i Pite\u00e5.<br \/>\nEamons\u00a0r\u00f6ntgenpl\u00e5tar \u00e4r bed\u00f6mda i USA,<br \/>\nOFA med GOOD A-2!<a href=\"https:\/\/almkullens.se\/wp-content\/uploads\/2014\/10\/IMG_4136.jpg\" rel=\"lightbox[2666]\"><br \/>\n<\/a><a title=\"Galleri: Almkullens Eamon\" href=\"https:\/\/almkullens.se\/?page_id=4224\">Galleri: Almkullens Eamon<\/a><\/p>\n<\/td>\n<td style=\"width: 50%; border-color: #000000; height: 571px;\"><span style=\"color: #000000;\"><strong>Almkullens Eamon\u00a0<img decoding=\"async\" src=\"http:\/\/breton.datahound.no\/images\/shops\/ribbon_red.gif\" alt=\"\" \/><img decoding=\"async\" src=\"http:\/\/breton.datahound.no\/images\/shops\/ribbon_darkblue.gif\" alt=\"\" \/><br \/>\n<\/strong>SE18202\/2014<\/span><br \/>\n<span style=\"color: #000000;\">HD: C<br \/>\nHQ: 0,97<br \/>\nMankh\u00f6jd: ca 50<\/span><br \/>\n<span style=\"color: #000000;\">Vit &amp; Orange<\/span><br \/>\n<span style=\"color: #000000;\">Hane med svans<br \/>\nJaktprov:<br \/>\nF\u00e4lt:\u00a0\u00a0\u00a0\u00a0\u00a0\u00a0\u00a0\u00a01:a HP Ukl<br \/>\n2:a \u00d6kl<br \/>\n3:e pris \u00d6kl<br \/>\nUtst\u00e4llning:<\/span><br \/>\n<span style=\"color: #000000;\">Jaktkl: \u00a0 Very Good<\/span><\/td>\n<\/tr>\n<tr style=\"height: 654px;\">\n<td style=\"width: 50%; border-color: #000000; height: 654px;\"><span style=\"color: #ffffff;\">.<\/span><\/p>\n<p><a href=\"https:\/\/almkullens.se\/wp-content\/uploads\/2015\/10\/Almkullens-Eros.jpg\" rel=\"lightbox[2666]\"><img loading=\"lazy\" decoding=\"async\" class=\"alignnone wp-image-6146 \" src=\"https:\/\/almkullens.se\/wp-content\/uploads\/2015\/10\/Almkullens-Eros-300x200.jpg\" alt=\"\" width=\"440\" height=\"293\" srcset=\"https:\/\/almkullens.se\/wp-content\/uploads\/2015\/10\/Almkullens-Eros-300x200.jpg 300w, https:\/\/almkullens.se\/wp-content\/uploads\/2015\/10\/Almkullens-Eros-1024x683.jpg 1024w, https:\/\/almkullens.se\/wp-content\/uploads\/2015\/10\/Almkullens-Eros.jpg 1800w\" sizes=\"auto, (max-width: 440px) 100vw, 440px\" \/><\/a><\/p>\n<p>Eros\u00a0har\u00a0flyttat till Andreas Ericsson och Tove L\u00f6fstr\u00f6m i Ume\u00e5.<br \/>\n<a href=\"https:\/\/almkullens.se\/?page_id=4226\">Galleri: Almkullens Eros<\/a><br \/>\nEros har 2 kullar med 10 valpar.<\/p>\n<\/td>\n<td style=\"width: 50%; border-color: #000000; height: 654px;\"><span style=\"color: #000000;\"><strong>Almkullens Eros\u00a0<img decoding=\"async\" src=\"http:\/\/breton.datahound.no\/images\/shops\/ribbon_red.gif\" alt=\"\" \/><img decoding=\"async\" src=\"http:\/\/breton.datahound.no\/images\/shops\/ribbon_darkblue.gif\" alt=\"\" \/><br \/>\n<\/strong>SE18203\/2014<br \/>\nHD: A\/B<br \/>\nMankh\u00f6jd: ca 50<\/span><br \/>\n<span style=\"color: #000000;\">Vit &amp; Svart<\/span><br \/>\n<span style=\"color: #000000;\">Hane med svans<br \/>\nJaktprov:<br \/>\nF\u00e4lt: \u00a0 \u00a0 \u00a0 \u00a01:a HP Ukl<br \/>\nUtst\u00e4llning:<\/span><br \/>\n<span style=\"color: #000000;\">Jaktkl: \u00a0 \u00a0Excellent<\/span><\/td>\n<\/tr>\n<\/tbody>\n<\/table>\n","protected":false},"excerpt":{"rendered":"<p>\u00a0 Carl D&#8217;ar Roc&#8217;h Bernez LOF246409 HD: A Svart &amp; Vit Avsaknad av Svans Jaktprov: 1:a pris i AK och 1:a pris i segrarklass med CK Utst: 1:a pris med CK i Ukl \u00c4gare: Stian Aaserud Almkullens Aska SE40158\/2011 HD: A HQ: 0,97 Vit &amp; Orange Svans Jaktprov: SE JCH Utst:\u00a0SE UCH CACIB \u00c5rets Breton [&hellip;]<\/p>\n","protected":false},"author":1,"featured_media":0,"parent":0,"menu_order":0,"comment_status":"open","ping_status":"open","template":"onecolumn-page.php","meta":{"_crdt_document":"","advgb_blocks_editor_width":"","advgb_blocks_columns_visual_guide":"","footnotes":""},"class_list":["post-2666","page","type-page","status-publish","hentry","entry"],"coauthors":[],"author_meta":{"author_link":"https:\/\/almkullens.se\/?author=1","display_name":"Peter &amp; Johanna"},"relative_dates":{"created":"Publicerad 12 \u00e5r sedan","modified":"Uppdaterad 7 \u00e5r sedan"},"absolute_dates":{"created":"Publicerat den 1 februari, 2014","modified":"Uppdaterad den 12 oktober, 2019"},"absolute_dates_time":{"created":"Publicerat den 1 februari, 2014 12:56","modified":"Uppdaterad den 12 oktober, 2019 21:39"},"featured_img_caption":"","featured_img":false,"series_order":"","jetpack_sharing_enabled":true,"_links":{"self":[{"href":"https:\/\/almkullens.se\/index.php?rest_route=\/wp\/v2\/pages\/2666","targetHints":{"allow":["GET"]}}],"collection":[{"href":"https:\/\/almkullens.se\/index.php?rest_route=\/wp\/v2\/pages"}],"about":[{"href":"https:\/\/almkullens.se\/index.php?rest_route=\/wp\/v2\/types\/page"}],"author":[{"embeddable":true,"href":"https:\/\/almkullens.se\/index.php?rest_route=\/wp\/v2\/users\/1"}],"replies":[{"embeddable":true,"href":"https:\/\/almkullens.se\/index.php?rest_route=%2Fwp%2Fv2%2Fcomments&post=2666"}],"version-history":[{"count":105,"href":"https:\/\/almkullens.se\/index.php?rest_route=\/wp\/v2\/pages\/2666\/revisions"}],"predecessor-version":[{"id":10020,"href":"https:\/\/almkullens.se\/index.php?rest_route=\/wp\/v2\/pages\/2666\/revisions\/10020"}],"wp:attachment":[{"href":"https:\/\/almkullens.se\/index.php?rest_route=%2Fwp%2Fv2%2Fmedia&parent=2666"}],"curies":[{"name":"wp","href":"https:\/\/api.w.org\/{rel}","templated":true}]}}