{"id":26,"date":"2010-06-27T07:18:27","date_gmt":"2010-06-27T07:18:27","guid":{"rendered":"http:\/\/almkullens.se\/?page_id=26"},"modified":"2022-05-26T12:10:02","modified_gmt":"2022-05-26T10:10:02","slug":"tors-riva","status":"publish","type":"page","link":"https:\/\/almkullens.se\/?page_id=26","title":{"rendered":"J Tors Riva"},"content":{"rendered":"\n<div class=\"wp-block-columns has-2-columns is-layout-flex wp-container-core-columns-is-layout-8f761849 wp-block-columns-is-layout-flex\">\n<div class=\"wp-block-column is-layout-flow wp-block-column-is-layout-flow\">\n<p class=\"has-white-background-color has-background wp-block-paragraph\"> <strong>Tors Riva<\/strong>\u00a0S46626\/2008<br \/><strong>Far:<\/strong>\u00a0Rex<br \/><strong>Mor:<\/strong>\u00a0Midtvejs Bina<br \/><strong>F\u00f6dd:<\/strong>\u00a016\/5 2008<br \/><strong>D\u00f6d<\/strong>: 20\/12 2021<br \/><strong>HD:<\/strong>\u00a0B<br \/><strong>HQ:<\/strong>\u00a0<br \/><strong>F\u00e4rg:<\/strong>\u00a0Vit &amp; Svart skimmel<br \/><strong>Svans:<\/strong>\u00a0stubbsvans<br \/><strong>Mankh\u00f6jd:<\/strong>\u00a046,5<span style=\"background-color:#ffffff\" class=\"tadv-background-color\"><br \/><strong>Jaktprov<\/strong>:<br \/>F\u00e4lt: \u00a0 \u00a0 \u00a0 \u00a0 \u00a0 \u00a0 \u00a0 \u00a0 \u00a0 1 Ukl<\/span><br \/>\u00a0 \u00a0 \u00a0 \u00a0 \u00a0 \u00a0 \u00a0 \u00a0 \u00a0 \u00a0 \u00a0 \u00a0\u00a0 2 \u00d6kl<br \/> \u00a0 \u00a0 \u00a0 \u00a0 \u00a0 \u00a0 \u00a0 \u00a0 \u00a0 \u00a0 \u00a0 \u00a0 1 \u00d6kl<br \/>\u00a0 \u00a0 \u00a0 \u00a0 \u00a0  \u00a03 st 2:pris Ekl<br \/><strong>Utst\u00e4llning<\/strong>: \u00a0\u00a0<br \/>Junkl: \u00a0 \u00a0 \u00a0 \u00a0 \u00a0     \u00a01 CK<br \/>Jaktkl: \u00a0 \u00a0 \u00a0 \u00a0 \u00a0      Excellent CERT BIR <\/p>\n\n\n\n<p class=\"has-white-background-color has-background wp-block-paragraph\">Riva har 2 kullar med 9 valpar. 3 av dom har startat p\u00e5 jaktprov och alla har g\u00e5tt till pris. 2 av dom \u00e4r i Elitklass! De har sammanlagt 8 st 1 pris!<\/p>\n<\/div>\n\n\n\n<div class=\"wp-block-column is-layout-flow wp-block-column-is-layout-flow\">\n<figure class=\"wp-block-image is-resized\"><a href=\"https:\/\/almkullens.se\/wp-content\/uploads\/2014\/07\/395.jpg\" rel=\"lightbox[26]\"><img loading=\"lazy\" decoding=\"async\" src=\"https:\/\/almkullens.se\/wp-content\/uploads\/2014\/07\/395.jpg\" alt=\"\" class=\"wp-image-3745\" width=\"518\" height=\"388\" srcset=\"https:\/\/almkullens.se\/wp-content\/uploads\/2014\/07\/395.jpg 1024w, https:\/\/almkullens.se\/wp-content\/uploads\/2014\/07\/395-300x225.jpg 300w\" sizes=\"auto, (max-width: 518px) 100vw, 518px\" \/><\/a><figcaption>Tors Riva \u00c4g: Johanna Olofsson<\/figcaption><\/figure>\n<\/div>\n<\/div>\n\n\n\n<p class=\"has-white-background-color has-background wp-block-paragraph\"><a href=\"https:\/\/almkullens.se\/?page_id=3764\">Rivas Galleri<\/a>&nbsp;och en liten&nbsp;<a href=\"https:\/\/www.youtube.com\/watch?v=KRd4Ua0t_qs&amp;list=UUVQXIoiPagcRRE0J3ndjVUg\">Film d\u00e4r Riva apporterar R\u00e4v<\/a><\/p>\n\n\n<div class=\"wp-block-image\">\n<figure class=\"alignleft is-resized\"><a href=\"https:\/\/almkullens.se\/wp-content\/uploads\/2010\/06\/037.jpg\" rel=\"lightbox[26]\"><img loading=\"lazy\" decoding=\"async\" src=\"https:\/\/almkullens.se\/wp-content\/uploads\/2010\/06\/037-300x200.jpg\" alt=\"Tors Riva\" class=\"wp-image-3112\" width=\"411\" height=\"274\" srcset=\"https:\/\/almkullens.se\/wp-content\/uploads\/2010\/06\/037-300x200.jpg 300w, https:\/\/almkullens.se\/wp-content\/uploads\/2010\/06\/037-1024x682.jpg 1024w, https:\/\/almkullens.se\/wp-content\/uploads\/2010\/06\/037.jpg 1200w\" sizes=\"auto, (max-width: 411px) 100vw, 411px\" \/><\/a><\/figure>\n<\/div>\n\n\n<p class=\"has-white-background-color has-background wp-block-paragraph\">&nbsp;&nbsp; &nbsp; Riva \u00e4r min f\u00f6rsta st\u00e5ende f\u00e5gelhund, en h\u00e4rlig tik som har l\u00e4rt mig ett och annat, bl.a vikten av att ha en riktigt bra lydnad p\u00e5 sin blivande stj\u00e4rna&#8230; Hon \u00e4r lugn och mysig inomhus, och vill g\u00e4rna ligga i mitt kn\u00e4 p\u00e5 kv\u00e4llen. Hon \u00e4r en v\u00e4ldigt glad och s\u00f6t liten hund, som viftar p\u00e5 hela kroppen och \u201dknorrar\u201d n\u00e4r hon h\u00e4lsar p\u00e5 en. Riva \u00e4r som m\u00e5nga andra en duktig spontanapport\u00f6r, och hon h\u00e4mtar g\u00e4rna det som katten sl\u00e4pat in, jag har vaknat m\u00e5nga g\u00e5nger av att Riva st\u00e5r p\u00e5 mig med en levande f\u00e5gel\/mus\/sork ca 5 cm fr\u00e5n n\u00e4san&#8230;<\/p>\n\n\n<div class=\"wp-block-image\">\n<figure class=\"alignright is-resized\"><a href=\"https:\/\/almkullens.se\/wp-content\/uploads\/2014\/07\/822.jpg\" rel=\"lightbox[26]\"><img loading=\"lazy\" decoding=\"async\" src=\"https:\/\/almkullens.se\/wp-content\/uploads\/2014\/07\/822-300x200.jpg\" alt=\"Tors Riva\" class=\"wp-image-3749\" width=\"423\" height=\"282\" srcset=\"https:\/\/almkullens.se\/wp-content\/uploads\/2014\/07\/822-300x200.jpg 300w, https:\/\/almkullens.se\/wp-content\/uploads\/2014\/07\/822.jpg 1024w\" sizes=\"auto, (max-width: 423px) 100vw, 423px\" \/><\/a><\/figure>\n<\/div>\n\n\n<p class=\"has-white-background-color has-background wp-block-paragraph\"> Men det visade sig att det spontana inte g\u00e4llde stora och tunga apporter s\u00e5 vi har f\u00e5tt jobba en hel del med att hon ska apportera in det jag kr\u00e4ver av henne. Idag \u00e4r Riva en duktig apport\u00f6r. (det st\u00f6rsta som hon apporterat \u00e4r en kanin p\u00e5 4,2 kg! ca 1\/3 av Rivas vikt.) Hon apporterar \u00e4ven r\u00e4v. Riva tar g\u00e4rna ut sv\u00e4ngarna p\u00e5 markerna, och \u00e4ven om hon inte \u00e4r s\u00e5 stor s\u00e5 g\u00e5r det undan&#8230; hon har en h\u00e4rlig energi i galoppen, men g\u00e5r ibland lite stort och lite sj\u00e4lvst\u00e4ndigt. Riva stod tidigt f\u00f6r f\u00e5gel, bara 4 m\u00e5n o 5 dagar gammal st\u00e5r hon f\u00f6r sin f\u00f6rsta rapph\u00f6nskull. Hon har sedan visat sig vara duktig p\u00e5 att hitta f\u00e5gel, jaktklok s\u00e4ger en del, hon har ocks\u00e5 en mycket bra f\u00e5gelhantering.<br \/>Som jag saknar denna h\u00e4rliga hund, \u00e4lskade Riva<img loading=\"lazy\" decoding=\"async\" width=\"50\" height=\"50\" class=\"wp-image-10672\" style=\"width: 50px;\" src=\"https:\/\/almkullens.se\/wp-content\/uploads\/2021\/06\/hjarta.jpg\" alt=\"\" srcset=\"https:\/\/almkullens.se\/wp-content\/uploads\/2021\/06\/hjarta.jpg 575w, https:\/\/almkullens.se\/wp-content\/uploads\/2021\/06\/hjarta-300x300.jpg 300w, https:\/\/almkullens.se\/wp-content\/uploads\/2021\/06\/hjarta-150x150.jpg 150w\" sizes=\"auto, (max-width: 50px) 100vw, 50px\" \/><\/p>\n\n\n<div class=\"wp-block-image\">\n<figure class=\"alignleft is-resized\"><a href=\"https:\/\/almkullens.se\/wp-content\/uploads\/2010\/06\/006.jpg\" rel=\"lightbox[26]\"><img loading=\"lazy\" decoding=\"async\" src=\"https:\/\/almkullens.se\/wp-content\/uploads\/2010\/06\/006-300x200.jpg\" alt=\"Tors Riva\" class=\"wp-image-3113\" width=\"554\" height=\"369\" srcset=\"https:\/\/almkullens.se\/wp-content\/uploads\/2010\/06\/006-300x200.jpg 300w, https:\/\/almkullens.se\/wp-content\/uploads\/2010\/06\/006-1024x682.jpg 1024w, https:\/\/almkullens.se\/wp-content\/uploads\/2010\/06\/006.jpg 1200w\" sizes=\"auto, (max-width: 554px) 100vw, 554px\" \/><\/a><\/figure>\n<\/div>\n\n\n<p class=\"wp-block-paragraph\">Rivas pappa Panter (Rex) \u00e4r en Italiensk hanne med m\u00e5nga meriter, Jaktprov: 3 CACIT, 1 CAC, 7 exellent, medverkat i VM och&nbsp;Jaktchampion i Belgien. Utst\u00e4llning: Exellent p\u00e5 special-utst\u00e4llning&nbsp;i Holland och Belgien, Svensk och Norsk Utst\u00e4llningschampion, SV-07!<\/p>\n\n\n\n<figure class=\"wp-block-image alignwide\"><a href=\"https:\/\/almkullens.se\/wp-content\/uploads\/2010\/06\/Rivas-stamtavla1.jpg\" rel=\"lightbox[26]\"><img loading=\"lazy\" decoding=\"async\" width=\"1024\" height=\"568\" src=\"https:\/\/almkullens.se\/wp-content\/uploads\/2010\/06\/Rivas-stamtavla1-1024x568.jpg\" alt=\"Rivas stamtavla\" class=\"wp-image-3556\" srcset=\"https:\/\/almkullens.se\/wp-content\/uploads\/2010\/06\/Rivas-stamtavla1-1024x568.jpg 1024w, https:\/\/almkullens.se\/wp-content\/uploads\/2010\/06\/Rivas-stamtavla1-300x166.jpg 300w, https:\/\/almkullens.se\/wp-content\/uploads\/2010\/06\/Rivas-stamtavla1.jpg 1331w\" sizes=\"auto, (max-width: 1024px) 100vw, 1024px\" \/><\/a><\/figure>\n","protected":false},"excerpt":{"rendered":"<p>Tors Riva\u00a0S46626\/2008Far:\u00a0RexMor:\u00a0Midtvejs BinaF\u00f6dd:\u00a016\/5 2008D\u00f6d: 20\/12 2021HD:\u00a0BHQ:\u00a0F\u00e4rg:\u00a0Vit &amp; Svart skimmelSvans:\u00a0stubbsvansMankh\u00f6jd:\u00a046,5Jaktprov:F\u00e4lt: \u00a0 \u00a0 \u00a0 \u00a0 \u00a0 \u00a0 \u00a0 \u00a0 \u00a0 1 Ukl\u00a0 \u00a0 \u00a0 \u00a0 \u00a0 \u00a0 \u00a0 \u00a0 \u00a0 \u00a0 \u00a0 \u00a0\u00a0 2 \u00d6kl \u00a0 \u00a0 \u00a0 \u00a0 \u00a0 \u00a0 \u00a0 \u00a0 \u00a0 \u00a0 \u00a0 \u00a0 1 \u00d6kl\u00a0 \u00a0 \u00a0 \u00a0 \u00a0 \u00a03 st 2:pris EklUtst\u00e4llning: [&hellip;]<\/p>\n","protected":false},"author":1,"featured_media":0,"parent":0,"menu_order":0,"comment_status":"closed","ping_status":"open","template":"onecolumn-page.php","meta":{"_crdt_document":"","advgb_blocks_editor_width":"","advgb_blocks_columns_visual_guide":"","footnotes":""},"class_list":["post-26","page","type-page","status-publish","hentry","entry"],"coauthors":[],"author_meta":{"author_link":"https:\/\/almkullens.se\/?author=1","display_name":"Peter &amp; Johanna"},"relative_dates":{"created":"Publicerad 16 \u00e5r sedan","modified":"Uppdaterad 4 \u00e5r sedan"},"absolute_dates":{"created":"Publicerat den 27 juni, 2010","modified":"Uppdaterad den 26 maj, 2022"},"absolute_dates_time":{"created":"Publicerat den 27 juni, 2010 07:18","modified":"Uppdaterad den 26 maj, 2022 12:10"},"featured_img_caption":"","featured_img":false,"series_order":"","jetpack_sharing_enabled":true,"_links":{"self":[{"href":"https:\/\/almkullens.se\/index.php?rest_route=\/wp\/v2\/pages\/26","targetHints":{"allow":["GET"]}}],"collection":[{"href":"https:\/\/almkullens.se\/index.php?rest_route=\/wp\/v2\/pages"}],"about":[{"href":"https:\/\/almkullens.se\/index.php?rest_route=\/wp\/v2\/types\/page"}],"author":[{"embeddable":true,"href":"https:\/\/almkullens.se\/index.php?rest_route=\/wp\/v2\/users\/1"}],"replies":[{"embeddable":true,"href":"https:\/\/almkullens.se\/index.php?rest_route=%2Fwp%2Fv2%2Fcomments&post=26"}],"version-history":[{"count":65,"href":"https:\/\/almkullens.se\/index.php?rest_route=\/wp\/v2\/pages\/26\/revisions"}],"predecessor-version":[{"id":11327,"href":"https:\/\/almkullens.se\/index.php?rest_route=\/wp\/v2\/pages\/26\/revisions\/11327"}],"wp:attachment":[{"href":"https:\/\/almkullens.se\/index.php?rest_route=%2Fwp%2Fv2%2Fmedia&parent=26"}],"curies":[{"name":"wp","href":"https:\/\/api.w.org\/{rel}","templated":true}]}}