{"id":2049,"date":"2013-06-08T11:40:41","date_gmt":"2013-06-08T09:40:41","guid":{"rendered":"http:\/\/almkullens.se\/?page_id=2049"},"modified":"2024-03-24T10:16:26","modified_gmt":"2024-03-24T09:16:26","slug":"almkullens-d-kull","status":"publish","type":"page","link":"https:\/\/almkullens.se\/?page_id=2049","title":{"rendered":"Almkullens D-kull"},"content":{"rendered":"<address>\u00a0<\/address>\n<table style=\"width: 100%;\">\n<tbody>\n<tr>\n<td style=\"width: 50%;\"><a href=\"https:\/\/almkullens.se\/wp-content\/uploads\/2014\/08\/IMG_7515.jpg\" rel=\"lightbox[2049]\"><img loading=\"lazy\" decoding=\"async\" class=\"alignnone wp-image-3986 \" src=\"https:\/\/almkullens.se\/wp-content\/uploads\/2014\/08\/IMG_7515-300x199.jpg\" alt=\"Fabian Du Vallon De La Rigaude \u00c4g: Arild Eikeland\" width=\"440\" height=\"292\" srcset=\"https:\/\/almkullens.se\/wp-content\/uploads\/2014\/08\/IMG_7515-300x199.jpg 300w, https:\/\/almkullens.se\/wp-content\/uploads\/2014\/08\/IMG_7515-1024x682.jpg 1024w, https:\/\/almkullens.se\/wp-content\/uploads\/2014\/08\/IMG_7515.jpg 2048w\" sizes=\"auto, (max-width: 440px) 100vw, 440px\" \/><\/a><\/td>\n<td style=\"width: 50%;\"><a href=\"https:\/\/almkullens.se\/wp-content\/uploads\/2014\/07\/20110720namnl\u00f6st002.jpg\" rel=\"lightbox[2049]\"><img loading=\"lazy\" decoding=\"async\" class=\"alignnone  wp-image-3754\" src=\"https:\/\/almkullens.se\/wp-content\/uploads\/2014\/07\/20110720namnl\u00f6st002-300x225.jpg\" alt=\"Riva\" width=\"440\" height=\"330\" srcset=\"https:\/\/almkullens.se\/wp-content\/uploads\/2014\/07\/20110720namnl\u00f6st002-300x225.jpg 300w, https:\/\/almkullens.se\/wp-content\/uploads\/2014\/07\/20110720namnl\u00f6st002.jpg 1024w\" sizes=\"auto, (max-width: 440px) 100vw, 440px\" \/><\/a><\/td>\n<\/tr>\n<tr>\n<td style=\"width: 50%;\"><span style=\"color: #000000;\"><strong>Fabian Du Vallon De La Rigaude<br \/>\n<\/strong>LOF7264779\/0<br \/>\nHD: B<br \/>\nF\u00e4rg: Tricolor \u00a0 \u00a0 \u00a0\u00a0 (LOF724555230734\u00a0\u00a0\u00a0Caid Des Genets De L&#8217;Azur-LOF24442839002 Chona Du Vallon De La Rigaude)<br \/>\nFabian har ett 2:a pris i Ukl. och ett Excellent Cert och Bir p\u00e5 utst\u00e4llning<br \/>\n\u00c4gare: Arild Eikeland<\/span><\/td>\n<td style=\"width: 50%;\"><span style=\"color: #000000;\"><strong>Tors Riva<br \/>\n<\/strong>S46626\/2008<\/span><br \/>\n<span style=\"color: #000000;\">HD: B<\/span><br \/>\n<span style=\"color: #000000;\">F\u00e4rg: Svart\/Vit<\/span><br \/>\n<span style=\"color: #000000;\">(INT UCH KBH V-08 NORD UCH SE V-07\u00a0Rex-Midtvejs Bina)<\/span><br \/>\n<span style=\"color: #000000;\">Riva har tre 2:a pris i elitklass och ett cert och Bir p\u00e5 utst\u00e4llning.<br \/>\nf\u00f6r mer info se <a title=\"J Tors Riva\" href=\"https:\/\/almkullens.se\/?page_id=26\">Rivas sida<\/a><\/span><\/td>\n<\/tr>\n<tr>\n<td style=\"text-align: center;\" colspan=\"2\"><em>Valparna \u00e4r f\u00f6dda den 7\/4-13<\/em><\/td>\n<\/tr>\n<tr>\n<td style=\"border-color: #000000; width: 50%;\"><span style=\"color: #ffffff;\">.<\/span><br \/>\n<a href=\"https:\/\/almkullens.se\/wp-content\/uploads\/2014\/08\/IMG_7059.jpg\" rel=\"lightbox[2049]\"><img loading=\"lazy\" decoding=\"async\" class=\"alignnone  wp-image-3980\" src=\"https:\/\/almkullens.se\/wp-content\/uploads\/2014\/08\/IMG_7059-268x300.jpg\" alt=\"Almkullens Demi\" width=\"440\" height=\"493\" \/><\/a><span style=\"color: #000000;\">Demi\u00a0s\u00e5ldes som 2-\u00e5ring och bor nu hos Ove och Monica Svanberg i Kungshamn.<\/span><br \/>\n<a title=\"Galleri: Almkullens Demi\" href=\"https:\/\/almkullens.se\/?page_id=3845\">Galleri: Almkullens Demi<\/a><br \/>\nDemi har en kull med 7 valpar.<\/td>\n<td style=\"border-color: #000000; width: 50%;\"><span style=\"color: #000000;\"><strong>Almkullens Demi \u00a0<img decoding=\"async\" src=\"http:\/\/breton.datahound.no\/images\/shops\/ribbon_red.gif\" \/><img decoding=\"async\" src=\"http:\/\/breton.datahound.no\/images\/shops\/ribbon_darkblue.gif\" alt=\"\" \/><br \/>\n<\/strong>SE31745\/2013<\/span><br \/>\n<span style=\"color: #000000;\">HD: C<br \/>\nHQ: 0,94<\/span><br \/>\n<span style=\"color: #000000;\">svart\/vit <\/span><br \/>\n<span style=\"color: #000000;\">tik<\/span><br \/>\n<span style=\"color: #000000;\">svansl\u00f6s<\/span><br \/>\n<span style=\"color: #000000;\">\u00c5rets Breton Unghund 2014<\/span><br \/>\n<span style=\"color: #000000;\">Jaktprov: 2014<\/span><br \/>\n<span style=\"color: #000000;\">Fj\u00e4ll:\u00a0\u00a0\u00a0\u00a0\u00a0\u00a0\u00a0\u00a0\u00a01:a pris Ukl<\/span><br \/>\n<span style=\"color: #000000;\">F\u00e4lt:\u00a0 \u00a0 \u00a0 4&#215;1:a pris Ukl<\/span><br \/>\n<span style=\"color: #000000;\">\u00a0 \u00a0 \u00a0 \u00a0 \u00a0 \u00a0 \u00a0 \u00a0 \u00a0 3:e pris \u00d6kl<br \/>\n2017\u00a0 \u00a0 \u00a0 \u00a0 \u00a0 1:a pris \u00d6kl<br \/>\nFj\u00e4ll 2022:\u00a0 \u00a0 3 pris Ekl<br \/>\nUtst\u00e4llning:<br \/>\nJaktklass: Very Good<\/span>Demis r\u00f6ntgenpl\u00e5tar \u00e4r bed\u00f6mda i USA, OFA med GOOD!<br \/>\n(det kan ungef\u00e4r j\u00e4mf\u00f6ras med FCI A-2)<\/td>\n<\/tr>\n<tr>\n<td style=\"border-color: #000000; width: 50%;\"><span style=\"color: #ffffff;\">.<\/span><a href=\"https:\/\/almkullens.se\/wp-content\/uploads\/2012\/07\/030-2.jpg\" rel=\"lightbox[2049]\"><img loading=\"lazy\" decoding=\"async\" class=\"alignnone wp-image-3201 \" src=\"https:\/\/almkullens.se\/wp-content\/uploads\/2012\/07\/030-2-300x200.jpg\" alt=\"Almkullens Disa \u00c4g: Sture Larsson\" width=\"440\" height=\"293\" srcset=\"https:\/\/almkullens.se\/wp-content\/uploads\/2012\/07\/030-2-300x200.jpg 300w, https:\/\/almkullens.se\/wp-content\/uploads\/2012\/07\/030-2-1024x682.jpg 1024w, https:\/\/almkullens.se\/wp-content\/uploads\/2012\/07\/030-2.jpg 1200w\" sizes=\"auto, (max-width: 440px) 100vw, 440px\" \/><\/a><\/td>\n<td style=\"border-color: #000000; width: 50%;\"><span style=\"color: #000000;\"><strong>Almkullens Disa<br \/>\n<\/strong>SE31746\/2013<\/span><br \/>\n<span style=\"color: #000000;\">svart\/vit<\/span><br \/>\n<span style=\"color: #000000;\">tik<\/span><br \/>\n<span style=\"color: #000000;\">med svans<\/span><br \/>\n<span style=\"color: #000000;\">Disa har flyttat till Sture &amp; Brita Larsson i Upph\u00e4rad.<br \/>\n\u2020 Juli 2023<\/span><br \/>\n<a title=\"Galleri: Almkullens Disa\" href=\"https:\/\/almkullens.se\/?page_id=4064\">Galleri: Almkullens Disa<\/a><\/td>\n<\/tr>\n<tr>\n<td style=\"border-color: #000000; width: 50%;\"><span style=\"color: #ffffff;\"><span style=\"color: #ffffff;\">.<\/span><\/span><a href=\"https:\/\/almkullens.se\/wp-content\/uploads\/2014\/09\/1125.jpg\" rel=\"lightbox[2049]\"><img loading=\"lazy\" decoding=\"async\" class=\" wp-image-4162\" src=\"https:\/\/almkullens.se\/wp-content\/uploads\/2014\/09\/1125-300x199.jpg\" alt=\"\" width=\"440\" height=\"292\" srcset=\"https:\/\/almkullens.se\/wp-content\/uploads\/2014\/09\/1125-300x199.jpg 300w, https:\/\/almkullens.se\/wp-content\/uploads\/2014\/09\/1125-1024x682.jpg 1024w, https:\/\/almkullens.se\/wp-content\/uploads\/2014\/09\/1125.jpg 2048w\" sizes=\"auto, (max-width: 440px) 100vw, 440px\" \/><\/a><\/td>\n<td style=\"border-color: #000000; width: 50%;\"><span style=\"color: #000000;\"><strong>Almkullens Diaz<br \/>\n<\/strong>SE31747\/2013<\/span><br \/>\n<span style=\"color: #000000;\">tricolor<\/span><br \/>\n<span style=\"color: #000000;\">hane<\/span><br \/>\n<span style=\"color: #000000;\">svansl\u00f6s<\/span><br \/>\n<span style=\"color: #000000;\">Diaz bor hos Daniel \u00d6stlund i Nykvarn.<\/span><br \/>\n<a title=\"Galleri: Almkullens Diaz\" href=\"https:\/\/almkullens.se\/?page_id=4066\">Galleri: Almkullens Diaz<\/a><\/td>\n<\/tr>\n<tr>\n<td style=\"border-color: #000000; width: 50%;\"><span style=\"color: #ffffff;\"><span style=\"color: #ffffff;\">.<\/span><\/span><a href=\"https:\/\/almkullens.se\/wp-content\/uploads\/2012\/07\/946.jpg\" rel=\"lightbox[2049]\"><img loading=\"lazy\" decoding=\"async\" class=\" wp-image-3310\" src=\"https:\/\/almkullens.se\/wp-content\/uploads\/2012\/07\/946-300x200.jpg\" alt=\"\" width=\"440\" height=\"293\" srcset=\"https:\/\/almkullens.se\/wp-content\/uploads\/2012\/07\/946-300x200.jpg 300w, https:\/\/almkullens.se\/wp-content\/uploads\/2012\/07\/946-1024x682.jpg 1024w, https:\/\/almkullens.se\/wp-content\/uploads\/2012\/07\/946.jpg 1200w\" sizes=\"auto, (max-width: 440px) 100vw, 440px\" \/><\/a><\/td>\n<td style=\"border-color: #000000; width: 50%;\"><span style=\"color: #000000;\"><strong>Almkullens Darwin<br \/>\n<\/strong>SE31748\/2013<\/span><br \/>\n<span style=\"color: #000000;\">svart\/vit<\/span><br \/>\n<span style=\"color: #000000;\">hane<\/span><br \/>\n<span style=\"color: #000000;\">svansl\u00f6s<\/span><br \/>\n<span style=\"color: #000000;\">Darwin bor hos Daniel Julander i Svenljunga.<\/span><br \/>\n<a href=\"https:\/\/almkullens.se\/?page_id=4062\">Galleri: Almkullens Darwin<\/a><\/td>\n<\/tr>\n<tr>\n<td style=\"border-color: #000000; width: 50%;\"><span style=\"color: #ffffff;\">.<\/span><a href=\"https:\/\/almkullens.se\/wp-content\/uploads\/2014\/09\/3Q1A9700.jpg\" rel=\"lightbox[2049]\"><img loading=\"lazy\" decoding=\"async\" class=\"alignnone wp-image-6259 \" src=\"https:\/\/almkullens.se\/wp-content\/uploads\/2014\/09\/3Q1A9700-300x200.jpg\" alt=\"\" width=\"440\" height=\"293\" srcset=\"https:\/\/almkullens.se\/wp-content\/uploads\/2014\/09\/3Q1A9700-300x200.jpg 300w, https:\/\/almkullens.se\/wp-content\/uploads\/2014\/09\/3Q1A9700-1024x683.jpg 1024w, https:\/\/almkullens.se\/wp-content\/uploads\/2014\/09\/3Q1A9700.jpg 1800w\" sizes=\"auto, (max-width: 440px) 100vw, 440px\" \/><\/a><\/td>\n<td style=\"border-color: #000000; width: 50%;\"><span style=\"color: #000000;\"><strong>Almkullens Dustin<br \/>\n<\/strong>SE31749\/2013<br \/>\nHD: C<\/span><br \/>\n<span style=\"color: #000000;\">svart\/vit<\/span><br \/>\n<span style=\"color: #000000;\">hane<\/span><br \/>\n<span style=\"color: #000000;\">med svans<\/span><br \/>\n<span style=\"color: #000000;\">Dustin har flyttat till Hans &amp; Monica Hansson i \u00d6dsm\u00e5l.<\/span><br \/>\n<a title=\"Galleri: Almkullens Dustin\" href=\"https:\/\/almkullens.se\/?page_id=4060\">Galleri: Almkullens Dustin<\/a><\/td>\n<\/tr>\n<\/tbody>\n<\/table>\n","protected":false},"excerpt":{"rendered":"<p>\u00a0 Fabian Du Vallon De La Rigaude LOF7264779\/0 HD: B F\u00e4rg: Tricolor \u00a0 \u00a0 \u00a0\u00a0 (LOF724555230734\u00a0\u00a0\u00a0Caid Des Genets De L&#8217;Azur-LOF24442839002 Chona Du Vallon De La Rigaude) Fabian har ett 2:a pris i Ukl. och ett Excellent Cert och Bir p\u00e5 utst\u00e4llning \u00c4gare: Arild Eikeland Tors Riva S46626\/2008 HD: B F\u00e4rg: Svart\/Vit (INT UCH KBH V-08 [&hellip;]<\/p>\n","protected":false},"author":1,"featured_media":0,"parent":0,"menu_order":0,"comment_status":"open","ping_status":"open","template":"onecolumn-page.php","meta":{"_crdt_document":"","advgb_blocks_editor_width":"","advgb_blocks_columns_visual_guide":"","footnotes":""},"class_list":["post-2049","page","type-page","status-publish","hentry","entry"],"coauthors":[],"author_meta":{"author_link":"https:\/\/almkullens.se\/?author=1","display_name":"Peter &amp; Johanna"},"relative_dates":{"created":"Publicerad 13 \u00e5r sedan","modified":"Uppdaterad 2 \u00e5r sedan"},"absolute_dates":{"created":"Publicerat den 8 juni, 2013","modified":"Uppdaterad den 24 mars, 2024"},"absolute_dates_time":{"created":"Publicerat den 8 juni, 2013 11:40","modified":"Uppdaterad den 24 mars, 2024 10:16"},"featured_img_caption":"","featured_img":false,"series_order":"","jetpack_sharing_enabled":true,"_links":{"self":[{"href":"https:\/\/almkullens.se\/index.php?rest_route=\/wp\/v2\/pages\/2049","targetHints":{"allow":["GET"]}}],"collection":[{"href":"https:\/\/almkullens.se\/index.php?rest_route=\/wp\/v2\/pages"}],"about":[{"href":"https:\/\/almkullens.se\/index.php?rest_route=\/wp\/v2\/types\/page"}],"author":[{"embeddable":true,"href":"https:\/\/almkullens.se\/index.php?rest_route=\/wp\/v2\/users\/1"}],"replies":[{"embeddable":true,"href":"https:\/\/almkullens.se\/index.php?rest_route=%2Fwp%2Fv2%2Fcomments&post=2049"}],"version-history":[{"count":85,"href":"https:\/\/almkullens.se\/index.php?rest_route=\/wp\/v2\/pages\/2049\/revisions"}],"predecessor-version":[{"id":12522,"href":"https:\/\/almkullens.se\/index.php?rest_route=\/wp\/v2\/pages\/2049\/revisions\/12522"}],"wp:attachment":[{"href":"https:\/\/almkullens.se\/index.php?rest_route=%2Fwp%2Fv2%2Fmedia&parent=2049"}],"curies":[{"name":"wp","href":"https:\/\/api.w.org\/{rel}","templated":true}]}}