{"id":1811,"date":"2013-01-12T14:04:42","date_gmt":"2013-01-12T13:04:42","guid":{"rendered":"http:\/\/almkullens.se\/?page_id=1811"},"modified":"2024-03-24T10:11:15","modified_gmt":"2024-03-24T09:11:15","slug":"c-kullen","status":"publish","type":"page","link":"https:\/\/almkullens.se\/?page_id=1811","title":{"rendered":"Almkullens C-kull"},"content":{"rendered":"<address>\u00a0<\/address>\n<table style=\"width: 100%;\">\n<tbody>\n<tr>\n<td style=\"width: 50%;\"><a href=\"https:\/\/almkullens.se\/wp-content\/uploads\/2012\/07\/317.jpg\" rel=\"lightbox[1811]\"><img loading=\"lazy\" decoding=\"async\" class=\"wp-image-3272  alignnone\" src=\"https:\/\/almkullens.se\/wp-content\/uploads\/2012\/07\/317-300x200.jpg\" width=\"440\" height=\"293\" srcset=\"https:\/\/almkullens.se\/wp-content\/uploads\/2012\/07\/317-300x200.jpg 300w, https:\/\/almkullens.se\/wp-content\/uploads\/2012\/07\/317-1024x682.jpg 1024w, https:\/\/almkullens.se\/wp-content\/uploads\/2012\/07\/317.jpg 1200w\" sizes=\"auto, (max-width: 440px) 100vw, 440px\" \/><\/a><\/td>\n<td style=\"width: 50%;\"><a href=\"https:\/\/almkullens.se\/wp-content\/uploads\/2012\/07\/302-2.jpg\" rel=\"lightbox[1811]\"><img loading=\"lazy\" decoding=\"async\" class=\"wp-image-3270  alignnone\" src=\"https:\/\/almkullens.se\/wp-content\/uploads\/2012\/07\/302-2-300x200.jpg\" width=\"440\" height=\"293\" srcset=\"https:\/\/almkullens.se\/wp-content\/uploads\/2012\/07\/302-2-300x200.jpg 300w, https:\/\/almkullens.se\/wp-content\/uploads\/2012\/07\/302-2-1024x682.jpg 1024w, https:\/\/almkullens.se\/wp-content\/uploads\/2012\/07\/302-2.jpg 1200w\" sizes=\"auto, (max-width: 440px) 100vw, 440px\" \/><\/a><\/td>\n<\/tr>\n<tr>\n<td style=\"width: 50%;\">\u00a0<span style=\"color: #000000;\">DK JCH\u00a0DK UCH<strong><br \/>\nMidtvejs Loke<\/strong><\/span><br \/>\n<span style=\"color: #000000;\">DK23295\/2009<\/span><br \/>\n<span style=\"color: #000000;\">HD: B<\/span><br \/>\n<span style=\"color: #000000;\">Tricolor<\/span><br \/>\n<span style=\"color: #000000;\">Kuperad svans<\/span><br \/>\n<span style=\"color: #000000;\">\u00c5rets Breton i Danmark 2012<\/span><br \/>\n<span style=\"color: #000000;\">\u00c4gare: Karsten Hinnerup<\/span><br \/>\n<span style=\"color: #000000;\">Hemsida:<\/span> <a href=\"http:\/\/midtvejs.homepage.dk\/Kennel%20Midtvejs\/home.htm\">Kennel Midtvejs<\/a><\/td>\n<td style=\"width: 50%;\">\u00a0<span style=\"color: #000000;\">SE JCH\u00a0SE UCH<strong><br \/>\nP\u00e5lamalmens Elva<br \/>\n<\/strong>S22072\/2008<\/span><br \/>\n<span style=\"color: #000000;\">HD: B<\/span><br \/>\n<span style=\"color: #000000;\">Vit &amp; Orange<\/span><br \/>\n<span style=\"color: #000000;\">Avsaknad av svans<\/span><br \/>\n<span style=\"color: #000000;\">4 plac i VM-11 (Excellent RCACIT)<\/span><br \/>\n<span style=\"color: #000000;\">6 plac i medelhavscupen-13<\/span><br \/>\n<span style=\"color: #000000;\">4Exc. i medelhavscupen-14<\/span><br \/>\n<span style=\"color: #000000;\">Silver i LagVM-14<\/span><br \/>\n<span style=\"color: #000000;\">l\u00e4s mer p\u00e5<\/span> <a href=\"https:\/\/almkullens.se\/?page_id=368\">Elvas sida<\/a><\/td>\n<\/tr>\n<tr>\n<td style=\"width: 50%; text-align: center;\" colspan=\"2\">\u00a0<em>\u00a0Valparna \u00e4r f\u00f6dda den 8\/1-13<\/em><\/td>\n<\/tr>\n<tr>\n<td style=\"width: 50%; border-color: #000000;\"><span style=\"color: #ffffff;\">.<\/span><br \/>\n<a href=\"https:\/\/almkullens.se\/wp-content\/uploads\/2015\/08\/3Q1A1590.jpg\" rel=\"lightbox[1811]\"><img loading=\"lazy\" decoding=\"async\" class=\"wp-image-5686  alignnone\" src=\"https:\/\/almkullens.se\/wp-content\/uploads\/2015\/08\/3Q1A1590-300x200.jpg\" alt=\"\" width=\"440\" height=\"293\" srcset=\"https:\/\/almkullens.se\/wp-content\/uploads\/2015\/08\/3Q1A1590-300x200.jpg 300w, https:\/\/almkullens.se\/wp-content\/uploads\/2015\/08\/3Q1A1590-1024x683.jpg 1024w, https:\/\/almkullens.se\/wp-content\/uploads\/2015\/08\/3Q1A1590.jpg 1800w\" sizes=\"auto, (max-width: 440px) 100vw, 440px\" \/><\/a>Calla bor hos Pontus och Annette Ekman<a href=\"https:\/\/almkullens.se\/wp-content\/uploads\/2015\/08\/3Q1A1590.jpg\" rel=\"lightbox[1811]\"><br \/>\n<\/a><a title=\"Galleri: Almkullens Calla\" href=\"https:\/\/almkullens.se\/?page_id=4052\">Galleri: Almkullens Calla<\/a><\/td>\n<td style=\"width: 50%; border-color: #000000;\"><span style=\"color: #000000;\"><strong>Almkullens Calla\u00a0<img decoding=\"async\" src=\"http:\/\/breton.datahound.no\/images\/shops\/ribbon_darkblue.gif\" alt=\"\" \/><\/strong><\/span><br \/>\n<span style=\"color: #000000;\"><span style=\"font-size: 16px;\"><span style=\"font-size: 16px;\"><span style=\"color: #000000;\">SE16191\/2013<br \/>\nHD: C<\/span><br \/>\n<span style=\"color: #000000;\">HQ: 0,90<\/span><br \/>\n<\/span><\/span>vit &amp; orange<\/span><br \/>\n<span style=\"color: #000000;\">tik med svans<br \/>\nJaktprov:<\/span><br \/>\n<span style=\"color: #000000;\">Fj\u00e4ll: \u00a0 \u00a0 \u00a0 \u00a0 3&#215;2:a pris \u00d6kl<br \/>\nF\u00e4lt: \u00a0 \u00a0 \u00a0 \u00a0 \u00a03:e pris \u00d6kl<\/span><br \/>\n<span style=\"color: #000000;\">\u00a0 \u00a0 \u00a0 \u00a0 \u00a0 \u00a0 \u00a0 \u00a0 \u00a0 \u00a01:a pris \u00d6kl<br \/>\n<\/span>\u00a0 \u00a0 \u00a0 \u00a0 \u00a0 \u00a0 \u00a0 \u00a0 \u00a0 \u00a01:a pris Ekl<\/td>\n<\/tr>\n<tr>\n<td style=\"width: 50%; border-color: #000000;\"><span style=\"color: #ffffff;\">.<\/span><a href=\"https:\/\/almkullens.se\/wp-content\/uploads\/2014\/10\/IMG_6593.jpg\" rel=\"lightbox[1811]\"><img loading=\"lazy\" decoding=\"async\" class=\"alignnone wp-image-4487 \" src=\"https:\/\/almkullens.se\/wp-content\/uploads\/2014\/10\/IMG_6593-300x199.jpg\" alt=\"Almkullens Clara\" width=\"440\" height=\"292\" srcset=\"https:\/\/almkullens.se\/wp-content\/uploads\/2014\/10\/IMG_6593-300x199.jpg 300w, https:\/\/almkullens.se\/wp-content\/uploads\/2014\/10\/IMG_6593-1024x682.jpg 1024w, https:\/\/almkullens.se\/wp-content\/uploads\/2014\/10\/IMG_6593.jpg 1659w\" sizes=\"auto, (max-width: 440px) 100vw, 440px\" \/><\/a><\/td>\n<td style=\"width: 50%; border-color: #000000;\">\n<p style=\"text-align: left;\"><span style=\"color: #000000;\"><strong>Almkullens\u00a0Clara<br \/>\n<\/strong>SE16192\/2013<\/span><br \/>\n<span style=\"color: #000000;\">vit &amp; orange<\/span><br \/>\n<span style=\"color: #000000;\">tik med svans<\/span><br \/>\n<span style=\"color: #000000;\">Clara bor hos Svein Arne Haugen och hans familj i Moss, Norge<\/span><br \/>\n<a title=\"Galleri: Almkullens Clara\" href=\"https:\/\/almkullens.se\/?page_id=4058\">Galleri: Almkullens Clara<\/a><\/p>\n<\/td>\n<\/tr>\n<tr>\n<td style=\"width: 50%; border-color: #000000;\"><span style=\"color: #ffffff;\">.<\/span><a href=\"https:\/\/almkullens.se\/wp-content\/uploads\/2016\/05\/1494.jpg\" rel=\"lightbox[1811]\"><img loading=\"lazy\" decoding=\"async\" class=\"wp-image-6966  alignnone\" src=\"https:\/\/almkullens.se\/wp-content\/uploads\/2016\/05\/1494-300x200.jpg\" width=\"440\" height=\"293\" srcset=\"https:\/\/almkullens.se\/wp-content\/uploads\/2016\/05\/1494-300x200.jpg 300w, https:\/\/almkullens.se\/wp-content\/uploads\/2016\/05\/1494-768x512.jpg 768w, https:\/\/almkullens.se\/wp-content\/uploads\/2016\/05\/1494-1024x683.jpg 1024w, https:\/\/almkullens.se\/wp-content\/uploads\/2016\/05\/1494.jpg 1800w\" sizes=\"auto, (max-width: 440px) 100vw, 440px\" \/><\/a><\/p>\n<p>Castro bor hos Peter Boustedt i Kung\u00e4lv<br \/>\nCastro gick bort 2022<a href=\"https:\/\/almkullens.se\/wp-content\/uploads\/2014\/10\/IMG_2545.jpg\" rel=\"lightbox[1811]\"><br \/>\n<\/a><a title=\"Galleri: Almkullens Castro\" href=\"https:\/\/almkullens.se\/?page_id=4054\">Galleri: Almkullens Castro<\/a><\/td>\n<td style=\"width: 50%; border-color: #000000;\">\n<p style=\"text-align: left;\"><span style=\"color: #000000;\"><strong>Almkullens\u00a0Castro\u00a0<img decoding=\"async\" src=\"http:\/\/breton.datahound.no\/images\/shops\/ribbon_red.gif\" alt=\"\" \/><img decoding=\"async\" src=\"http:\/\/breton.datahound.no\/images\/shops\/ribbon_darkblue.gif\" alt=\"\" \/><br \/>\n<\/strong>SE16193\/2013<\/span><br \/>\n<span style=\"color: #000000;\">HD: B<br \/>\nMankh\u00f6jd: ca\u00a050<\/span><br \/>\n<span style=\"color: #000000;\">tricolor hane\u00a0<\/span><br \/>\n<span style=\"color: #000000;\">Jaktprov: \u00a0<\/span><br \/>\n<span style=\"color: #000000;\">F\u00e4lt: \u00a0\u00a0\u00a0\u00a0\u00a0\u00a0\u00a0\u00a0\u00a0\u00a03:e pris Ukl\u00a0<\/span><br \/>\n<span style=\"color: #000000;\">\u00a0 \u00a0 \u00a0 \u00a0 \u00a0 \u00a0 \u00a0 \u00a0 \u00a0 \u00a01:a pris Ukl<br \/>\n2&#215;2:a \u00d6kl i Danmark<br \/>\n2&#215;3:e \u00a0pris \u00d6kl<br \/>\n2:a pris \u00d6kl<br \/>\nFj\u00e4ll:\u00a0\u00a0\u00a0\u00a0\u00a0\u00a0\u00a0\u00a0\u00a0\u00a03:e \u00a0pris \u00d6kl<\/span><span style=\"color: #000000;\"><br \/>\nViltsp\u00e5rprov:<br \/>\nAnlagsklass: Godk\u00e4nd<br \/>\nEfters\u00f6ksprov:<br \/>\n\u00d6kl: vatten: 7\u00a0po\u00e4ng. sp\u00e5r: 8\u00a0po\u00e4ng<br \/>\nUtst\u00e4llning:<br \/>\nJaktkl: \u00a0 \u00a0 \u00a0 \u00a0 \u00a0 Excellent<br \/>\n<\/span><\/p>\n<\/td>\n<\/tr>\n<tr>\n<td style=\"width: 50%; border-color: #000000;\"><span style=\"color: #ffffff;\">.<\/span><a href=\"https:\/\/almkullens.se\/wp-content\/uploads\/2014\/10\/IMG_1412.jpg\" rel=\"lightbox[1811]\"><img loading=\"lazy\" decoding=\"async\" class=\"alignnone wp-image-4250 \" src=\"https:\/\/almkullens.se\/wp-content\/uploads\/2014\/10\/IMG_1412-300x199.jpg\" alt=\"Almkullens Coda\" width=\"440\" height=\"292\" srcset=\"https:\/\/almkullens.se\/wp-content\/uploads\/2014\/10\/IMG_1412-300x199.jpg 300w, https:\/\/almkullens.se\/wp-content\/uploads\/2014\/10\/IMG_1412-1024x682.jpg 1024w, https:\/\/almkullens.se\/wp-content\/uploads\/2014\/10\/IMG_1412.jpg 2048w\" sizes=\"auto, (max-width: 440px) 100vw, 440px\" \/><\/a><span style=\"color: #000000;\">Coda bor hos Mirjam, Robert, Amanda och Max Landholm<br \/>\n<\/span>Castro gick tyv\u00e4rr bort \u2020 2023-02-17<br \/>\n<a title=\"Galleri: Almkullens Coda\" href=\"https:\/\/almkullens.se\/?page_id=4056\">Galleri: Almkullens Coda<\/a><\/td>\n<td style=\"width: 50%; border-color: #000000;\">\n<p style=\"text-align: left;\"><span style=\"color: #000000;\"><strong>Almkullens\u00a0Coda\u00a0<img decoding=\"async\" src=\"http:\/\/breton.datahound.no\/images\/shops\/ribbon_red.gif\" alt=\"\" \/><img decoding=\"async\" src=\"http:\/\/breton.datahound.no\/images\/shops\/ribbon_darkblue.gif\" alt=\"\" \/><br \/>\n<\/strong>SE16194\/2013<\/span><br \/>\n<span style=\"color: #000000;\">HD: C\/D<\/span><br \/>\n<span style=\"color: #000000;\">Vit &amp; Orange<\/span><br \/>\n<span style=\"color: #000000;\">Hane med svans<\/span><br \/>\n<span style=\"color: #000000;\">Jaktprov:<\/span><br \/>\n<span style=\"color: #000000;\">F\u00e4lt: \u00a0 \u00a0 \u00a0 \u00a0 \u00a0 \u00a02:a pris Ukl\u00a0<\/span><br \/>\n<span style=\"color: #000000;\">\u00a0 \u00a0 \u00a0 \u00a0 \u00a0 \u00a0 \u00a0 \u00a0 \u00a0 \u00a0 2:a pris Ukl<\/span><br \/>\n<span style=\"color: #000000;\">\u00a0 \u00a0 \u00a0 \u00a0 \u00a0 \u00a0 \u00a0 \u00a0 \u00a0 \u00a0 2:a pris Ukl<br \/>\n3:e pris \u00d6kl<br \/>\nEfters\u00f6ksprov:<br \/>\n\u00d6kl: vatten: 5\u00a0po\u00e4ng. sp\u00e5r: 10 po\u00e4ng<\/span><br \/>\n<span style=\"color: #000000;\">Utst\u00e4llning:<\/span><br \/>\n<span style=\"color: #000000;\">Valpklass 6-9 m\u00e5n: Excellent HP Birvalp<\/span><\/p>\n<\/td>\n<\/tr>\n<\/tbody>\n<\/table>\n","protected":false},"excerpt":{"rendered":"<p>\u00a0 \u00a0DK JCH\u00a0DK UCH Midtvejs Loke DK23295\/2009 HD: B Tricolor Kuperad svans \u00c5rets Breton i Danmark 2012 \u00c4gare: Karsten Hinnerup Hemsida: Kennel Midtvejs \u00a0SE JCH\u00a0SE UCH P\u00e5lamalmens Elva S22072\/2008 HD: B Vit &amp; Orange Avsaknad av svans 4 plac i VM-11 (Excellent RCACIT) 6 plac i medelhavscupen-13 4Exc. i medelhavscupen-14 Silver i LagVM-14 l\u00e4s mer [&hellip;]<\/p>\n","protected":false},"author":1,"featured_media":0,"parent":0,"menu_order":0,"comment_status":"open","ping_status":"open","template":"onecolumn-page.php","meta":{"_crdt_document":"","advgb_blocks_editor_width":"","advgb_blocks_columns_visual_guide":"","footnotes":""},"class_list":["post-1811","page","type-page","status-publish","hentry","entry"],"coauthors":[],"author_meta":{"author_link":"https:\/\/almkullens.se\/?author=1","display_name":"Peter &amp; Johanna"},"relative_dates":{"created":"Publicerad 13 \u00e5r sedan","modified":"Uppdaterad 2 \u00e5r sedan"},"absolute_dates":{"created":"Publicerat den 12 januari, 2013","modified":"Uppdaterad den 24 mars, 2024"},"absolute_dates_time":{"created":"Publicerat den 12 januari, 2013 14:04","modified":"Uppdaterad den 24 mars, 2024 10:11"},"featured_img_caption":"","featured_img":false,"series_order":"","jetpack_sharing_enabled":true,"_links":{"self":[{"href":"https:\/\/almkullens.se\/index.php?rest_route=\/wp\/v2\/pages\/1811","targetHints":{"allow":["GET"]}}],"collection":[{"href":"https:\/\/almkullens.se\/index.php?rest_route=\/wp\/v2\/pages"}],"about":[{"href":"https:\/\/almkullens.se\/index.php?rest_route=\/wp\/v2\/types\/page"}],"author":[{"embeddable":true,"href":"https:\/\/almkullens.se\/index.php?rest_route=\/wp\/v2\/users\/1"}],"replies":[{"embeddable":true,"href":"https:\/\/almkullens.se\/index.php?rest_route=%2Fwp%2Fv2%2Fcomments&post=1811"}],"version-history":[{"count":125,"href":"https:\/\/almkullens.se\/index.php?rest_route=\/wp\/v2\/pages\/1811\/revisions"}],"predecessor-version":[{"id":12520,"href":"https:\/\/almkullens.se\/index.php?rest_route=\/wp\/v2\/pages\/1811\/revisions\/12520"}],"wp:attachment":[{"href":"https:\/\/almkullens.se\/index.php?rest_route=%2Fwp%2Fv2%2Fmedia&parent=1811"}],"curies":[{"name":"wp","href":"https:\/\/api.w.org\/{rel}","templated":true}]}}