{"id":12747,"date":"2025-05-11T08:27:24","date_gmt":"2025-05-11T06:27:24","guid":{"rendered":"https:\/\/almkullens.se\/?page_id=12747"},"modified":"2025-10-26T08:33:11","modified_gmt":"2025-10-26T07:33:11","slug":"almkullens-n-kull","status":"publish","type":"page","link":"https:\/\/almkullens.se\/?page_id=12747","title":{"rendered":"Almkullens N-kull"},"content":{"rendered":"\n<figure class=\"wp-block-gallery has-nested-images columns-default is-cropped wp-block-gallery-1 is-layout-flex wp-block-gallery-is-layout-flex\">\n<figure class=\"wp-block-image size-large\"><a href=\"https:\/\/almkullens.se\/wp-content\/uploads\/2025\/10\/Almkullens-Leif2025.jpg\" rel=\"lightbox[12747]\"><img loading=\"lazy\" decoding=\"async\" width=\"1024\" height=\"683\" data-id=\"12869\" src=\"https:\/\/almkullens.se\/wp-content\/uploads\/2025\/10\/Almkullens-Leif2025-1024x683.jpg\" alt=\"\" class=\"wp-image-12869\" srcset=\"https:\/\/almkullens.se\/wp-content\/uploads\/2025\/10\/Almkullens-Leif2025-1024x683.jpg 1024w, https:\/\/almkullens.se\/wp-content\/uploads\/2025\/10\/Almkullens-Leif2025-300x200.jpg 300w, https:\/\/almkullens.se\/wp-content\/uploads\/2025\/10\/Almkullens-Leif2025-768x512.jpg 768w, https:\/\/almkullens.se\/wp-content\/uploads\/2025\/10\/Almkullens-Leif2025-1536x1024.jpg 1536w, https:\/\/almkullens.se\/wp-content\/uploads\/2025\/10\/Almkullens-Leif2025.jpg 1800w\" sizes=\"auto, (max-width: 1024px) 100vw, 1024px\" \/><\/a><\/figure>\n\n\n\n<figure class=\"wp-block-image size-large\"><a href=\"https:\/\/almkullens.se\/wp-content\/uploads\/2024\/03\/554.jpg\" rel=\"lightbox[12747]\"><img loading=\"lazy\" decoding=\"async\" width=\"1024\" height=\"683\" data-id=\"12514\" src=\"https:\/\/almkullens.se\/wp-content\/uploads\/2024\/03\/554-1024x683.jpg\" alt=\"\" class=\"wp-image-12514\" srcset=\"https:\/\/almkullens.se\/wp-content\/uploads\/2024\/03\/554-1024x683.jpg 1024w, https:\/\/almkullens.se\/wp-content\/uploads\/2024\/03\/554-300x200.jpg 300w, https:\/\/almkullens.se\/wp-content\/uploads\/2024\/03\/554-768x512.jpg 768w, https:\/\/almkullens.se\/wp-content\/uploads\/2024\/03\/554-1536x1024.jpg 1536w, https:\/\/almkullens.se\/wp-content\/uploads\/2024\/03\/554.jpg 1800w\" sizes=\"auto, (max-width: 1024px) 100vw, 1024px\" \/><\/a><\/figure>\n<\/figure>\n\n\n\n\n\n<div class=\"wp-block-columns is-layout-flex wp-container-core-columns-is-layout-8f761849 wp-block-columns-is-layout-flex\">\n<div class=\"wp-block-column is-layout-flow wp-block-column-is-layout-flow\">\n<p><span style=\"font-size: 20px;\"><strong>Almkullens Leif <\/strong><\/span>SE47419\/2022<br \/><strong>Far:<\/strong> Kamvatnet&#8217;s Fant<br \/><strong>Mor:<\/strong> Almkullens Fia<br \/><strong>F\u00f6dd:<\/strong> 17\/7 2022<br \/><strong>HD:<\/strong> B<br \/><strong>F\u00e4rg:<\/strong>&nbsp;Vit &amp; Orange skimmel<br \/><strong>Svans:<\/strong>&nbsp;L\u00e5ng svans<br \/><strong>Mankh\u00f6jd:<\/strong> ca 50<br \/><strong>Jaktprov:<\/strong><br \/>2024:<br \/>Fj\u00e4ll:&nbsp; 2 Ukl<br \/>F\u00e4lt:&nbsp; &nbsp;2 \u00d6kl<br \/>2025:<br \/>Fj\u00e4ll&nbsp; &nbsp;2 \u00d6kl<br \/>Fj\u00e4ll:&nbsp; 1 \u00d6kl<br \/><strong>Utst\u00e4llning:<\/strong><br \/>Jkl: Excellent<\/p>\n<\/div>\n\n\n\n<div class=\"wp-block-column is-layout-flow wp-block-column-is-layout-flow\">\n<p><span style=\"font-size: 20px;\"><strong>Almkullens Hexa<\/strong><\/span>&nbsp;SE13779\/2018<br \/><strong>Far:<\/strong>&nbsp;Inouk De L\u2019ardour<br \/><strong>Mor:<\/strong>&nbsp;Almkullens Aska<br \/><strong>F\u00f6dd:<\/strong>&nbsp;22\/12 2017<br \/><strong>HD:<\/strong>&nbsp;A<br \/><strong>HQ:<\/strong>&nbsp;0,98<br \/><strong>F\u00e4rg:<\/strong>&nbsp;Vit &amp; Orange skimmel<br \/><strong>Svans:<\/strong>&nbsp;L\u00e5ng svans<br \/><strong>Mankh\u00f6jd:<\/strong>&nbsp;ca 48<br \/><strong>Jaktprov:<\/strong><br \/>2019:<br \/>F\u00e4lt:&nbsp; &nbsp;1 Ukl (Danmark)<br \/>Fj\u00e4ll:&nbsp; 1 Ukl<br \/>Skog: 2 Ukl<br \/>F\u00e4lt:&nbsp; &nbsp;1 Ukl<br \/>&nbsp; &nbsp; &nbsp; &nbsp; &nbsp; &nbsp;2 \u00d6kl<br \/>2020:<br \/>Fj\u00e4ll:&nbsp; 1 \u00d6kl<br \/>F\u00e4lt:&nbsp; &nbsp;2 Ekl<br \/>&nbsp; &nbsp; &nbsp; &nbsp;&nbsp; &nbsp;&nbsp;2 Ekl<br \/>2021:&nbsp; 1 Ekl<br \/>2022: 2 Ekl<br \/>\u00c5rets Breton Allround-2019<br \/><strong>Utst\u00e4llning:<\/strong><br \/>Jaktkl: Very Good<\/p>\n<\/div>\n<\/div>\n\n\n\n<hr class=\"wp-block-separator has-alpha-channel-opacity is-style-wide\"\/>\n\n\n\n<p style=\"text-align: center;\"><em>Valparna \u00e4r f\u00f6dda den 1\/5 2025<\/em><\/p>\n\n\n\n\n\n<figure class=\"wp-block-table\"><table class=\"has-fixed-layout\"><tbody><tr><td><img loading=\"lazy\" decoding=\"async\" width=\"500\" height=\"333\" class=\"wp-image-12965\" style=\"width: 500px;\" src=\"https:\/\/almkullens.se\/wp-content\/uploads\/2025\/10\/Almkullens-Niska2025-2.jpg\" alt=\"\" srcset=\"https:\/\/almkullens.se\/wp-content\/uploads\/2025\/10\/Almkullens-Niska2025-2.jpg 1800w, https:\/\/almkullens.se\/wp-content\/uploads\/2025\/10\/Almkullens-Niska2025-2-300x200.jpg 300w, https:\/\/almkullens.se\/wp-content\/uploads\/2025\/10\/Almkullens-Niska2025-2-1024x683.jpg 1024w, https:\/\/almkullens.se\/wp-content\/uploads\/2025\/10\/Almkullens-Niska2025-2-768x512.jpg 768w, https:\/\/almkullens.se\/wp-content\/uploads\/2025\/10\/Almkullens-Niska2025-2-1536x1024.jpg 1536w\" sizes=\"auto, (max-width: 500px) 100vw, 500px\" \/><\/td><td><strong>Almkullens Niska<\/strong><br \/><strong>K\u00f6n:<\/strong>&nbsp;Tik<br \/><strong>F\u00e4rg:<\/strong>&nbsp;Vit\/ Orange skimmel<br \/><strong>Svans:<\/strong>&nbsp;l\u00e5ng svans<br \/><strong>Mankh\u00f6jd:<\/strong>&nbsp;<br \/><strong>HD:<\/strong>&nbsp;<br \/>Niska bor kvar h\u00e4r hos oss i V\u00e4ne-ryr<\/td><\/tr><tr><td><img loading=\"lazy\" decoding=\"async\" width=\"500\" height=\"333\" class=\"wp-image-12940\" style=\"width: 500px;\" src=\"https:\/\/almkullens.se\/wp-content\/uploads\/2025\/10\/Almkullens-Nemi2025-2.jpg\" alt=\"\" srcset=\"https:\/\/almkullens.se\/wp-content\/uploads\/2025\/10\/Almkullens-Nemi2025-2.jpg 1800w, https:\/\/almkullens.se\/wp-content\/uploads\/2025\/10\/Almkullens-Nemi2025-2-300x200.jpg 300w, https:\/\/almkullens.se\/wp-content\/uploads\/2025\/10\/Almkullens-Nemi2025-2-1024x683.jpg 1024w, https:\/\/almkullens.se\/wp-content\/uploads\/2025\/10\/Almkullens-Nemi2025-2-768x512.jpg 768w, https:\/\/almkullens.se\/wp-content\/uploads\/2025\/10\/Almkullens-Nemi2025-2-1536x1024.jpg 1536w\" sizes=\"auto, (max-width: 500px) 100vw, 500px\" \/><\/td><td><strong>Almkullens Nemi<\/strong><br \/><strong>K\u00f6n:<\/strong>&nbsp;Tik<br \/><strong>F\u00e4rg:<\/strong>&nbsp;Vit\/ Orange skimmel<br \/><strong>Svans:<\/strong>&nbsp;l\u00e5ng svans<br \/><strong>Mankh\u00f6jd:<\/strong>&nbsp;<br \/><strong>HD:<\/strong>&nbsp;<br \/>Nemi har flyttat till Stefan och Maria H\u00f6rnlund i Vilhelmina<\/td><\/tr><tr><td><img loading=\"lazy\" decoding=\"async\" width=\"500\" height=\"333\" class=\"wp-image-12843\" style=\"width: 500px;\" src=\"https:\/\/almkullens.se\/wp-content\/uploads\/2025\/07\/Almkullens-Noomi2025-3.jpg\" alt=\"\" srcset=\"https:\/\/almkullens.se\/wp-content\/uploads\/2025\/07\/Almkullens-Noomi2025-3.jpg 1800w, https:\/\/almkullens.se\/wp-content\/uploads\/2025\/07\/Almkullens-Noomi2025-3-300x200.jpg 300w, https:\/\/almkullens.se\/wp-content\/uploads\/2025\/07\/Almkullens-Noomi2025-3-1024x683.jpg 1024w, https:\/\/almkullens.se\/wp-content\/uploads\/2025\/07\/Almkullens-Noomi2025-3-768x512.jpg 768w, https:\/\/almkullens.se\/wp-content\/uploads\/2025\/07\/Almkullens-Noomi2025-3-1536x1024.jpg 1536w\" sizes=\"auto, (max-width: 500px) 100vw, 500px\" \/><\/td><td><strong>Almkullens Noomi<\/strong><br \/><strong>K\u00f6n:<\/strong>&nbsp;Tik<br \/><strong>F\u00e4rg:<\/strong>&nbsp;Vit\/ Orange skimmel<br \/><strong>Svans:<\/strong>&nbsp;l\u00e5ng svans<br \/><strong>Mankh\u00f6jd:<\/strong>&nbsp;<br \/><strong>HD:<\/strong>&nbsp;<br \/>Noomi har flyttat till Roger och Christina Vall\u00e9n i Vilhelmina<\/td><\/tr><tr><td><img loading=\"lazy\" decoding=\"async\" width=\"500\" height=\"333\" class=\"wp-image-12844\" style=\"width: 500px;\" src=\"https:\/\/almkullens.se\/wp-content\/uploads\/2025\/07\/Almkullens-Nicko2025-3.jpg\" alt=\"\" srcset=\"https:\/\/almkullens.se\/wp-content\/uploads\/2025\/07\/Almkullens-Nicko2025-3.jpg 1800w, https:\/\/almkullens.se\/wp-content\/uploads\/2025\/07\/Almkullens-Nicko2025-3-300x200.jpg 300w, https:\/\/almkullens.se\/wp-content\/uploads\/2025\/07\/Almkullens-Nicko2025-3-1024x683.jpg 1024w, https:\/\/almkullens.se\/wp-content\/uploads\/2025\/07\/Almkullens-Nicko2025-3-768x512.jpg 768w, https:\/\/almkullens.se\/wp-content\/uploads\/2025\/07\/Almkullens-Nicko2025-3-1536x1024.jpg 1536w\" sizes=\"auto, (max-width: 500px) 100vw, 500px\" \/><\/td><td><strong>Almkullens Nicko<\/strong><br \/><strong>K\u00f6n:<\/strong>&nbsp;Tik<br \/><strong>F\u00e4rg:<\/strong>&nbsp;Vit\/ Orange skimmel<br \/><strong>Svans:<\/strong>&nbsp;l\u00e5ng svans<br \/><strong>Mankh\u00f6jd:<\/strong>&nbsp;<br \/><strong>HD:<\/strong>&nbsp;<br \/>Nicko har flyttat till Martin Bergman i Vilhelmina<\/td><\/tr><tr><td><img loading=\"lazy\" decoding=\"async\" width=\"500\" height=\"333\" class=\"wp-image-12845\" style=\"width: 500px;\" src=\"https:\/\/almkullens.se\/wp-content\/uploads\/2025\/07\/Almkullens-Ninze2025-3.jpg\" alt=\"\" srcset=\"https:\/\/almkullens.se\/wp-content\/uploads\/2025\/07\/Almkullens-Ninze2025-3.jpg 1800w, https:\/\/almkullens.se\/wp-content\/uploads\/2025\/07\/Almkullens-Ninze2025-3-300x200.jpg 300w, https:\/\/almkullens.se\/wp-content\/uploads\/2025\/07\/Almkullens-Ninze2025-3-1024x683.jpg 1024w, https:\/\/almkullens.se\/wp-content\/uploads\/2025\/07\/Almkullens-Ninze2025-3-768x512.jpg 768w, https:\/\/almkullens.se\/wp-content\/uploads\/2025\/07\/Almkullens-Ninze2025-3-1536x1024.jpg 1536w\" sizes=\"auto, (max-width: 500px) 100vw, 500px\" \/><\/td><td><strong>Almkullens Ninze<\/strong><br \/><strong>K\u00f6n:<\/strong>&nbsp;Tik<br \/><strong>F\u00e4rg:<\/strong>&nbsp;Vit\/ Orange skimmel<br \/><strong>Svans:<\/strong>&nbsp;l\u00e5ng svans<br \/><strong>Mankh\u00f6jd:<\/strong>&nbsp;<br \/><strong>HD:<\/strong>&nbsp;<br \/>Ninze har flyttat till Hans Lissdaniels och Agneta i Sundsvall<\/td><\/tr><tr><td><img loading=\"lazy\" decoding=\"async\" width=\"500\" height=\"333\" class=\"wp-image-12936\" style=\"width: 500px;\" src=\"https:\/\/almkullens.se\/wp-content\/uploads\/2025\/10\/Almkullens-Nessie2025-4.jpg\" alt=\"\" srcset=\"https:\/\/almkullens.se\/wp-content\/uploads\/2025\/10\/Almkullens-Nessie2025-4.jpg 1800w, https:\/\/almkullens.se\/wp-content\/uploads\/2025\/10\/Almkullens-Nessie2025-4-300x200.jpg 300w, https:\/\/almkullens.se\/wp-content\/uploads\/2025\/10\/Almkullens-Nessie2025-4-1024x683.jpg 1024w, https:\/\/almkullens.se\/wp-content\/uploads\/2025\/10\/Almkullens-Nessie2025-4-768x512.jpg 768w, https:\/\/almkullens.se\/wp-content\/uploads\/2025\/10\/Almkullens-Nessie2025-4-1536x1024.jpg 1536w\" sizes=\"auto, (max-width: 500px) 100vw, 500px\" \/><\/td><td><strong>Almkullens Nessie<\/strong><br \/><strong>K\u00f6n:<\/strong>&nbsp;Tik<br \/><strong>F\u00e4rg:<\/strong>&nbsp;Vit\/ Orange skimmel<br \/><strong>Svans:<\/strong>&nbsp;l\u00e5ng svans<br \/><strong>Mankh\u00f6jd:<\/strong>&nbsp;<br \/><strong>HD:<\/strong>&nbsp;<br \/>Nessie har flyttat till Stig-\u00c5ke Almqvist och Kristina som bor i K\u00f6pmannebro<\/td><\/tr><tr><td><img loading=\"lazy\" decoding=\"async\" width=\"500\" height=\"333\" class=\"wp-image-12847\" style=\"width: 500px;\" src=\"https:\/\/almkullens.se\/wp-content\/uploads\/2025\/07\/Almkullens-NBilly2025-6.jpg\" alt=\"\" srcset=\"https:\/\/almkullens.se\/wp-content\/uploads\/2025\/07\/Almkullens-NBilly2025-6.jpg 1800w, https:\/\/almkullens.se\/wp-content\/uploads\/2025\/07\/Almkullens-NBilly2025-6-300x200.jpg 300w, https:\/\/almkullens.se\/wp-content\/uploads\/2025\/07\/Almkullens-NBilly2025-6-1024x683.jpg 1024w, https:\/\/almkullens.se\/wp-content\/uploads\/2025\/07\/Almkullens-NBilly2025-6-768x512.jpg 768w, https:\/\/almkullens.se\/wp-content\/uploads\/2025\/07\/Almkullens-NBilly2025-6-1536x1024.jpg 1536w\" sizes=\"auto, (max-width: 500px) 100vw, 500px\" \/><\/td><td><strong>Almkullens N&#8217; Billy<\/strong><br \/><strong>K\u00f6n:<\/strong>&nbsp;Hane<br \/><strong>F\u00e4rg:<\/strong>&nbsp;Vit\/ Orange troligen skimmel<br \/><strong>Svans:<\/strong>&nbsp;l\u00e5ng svans<br \/><strong>Mankh\u00f6jd:<\/strong>&nbsp;<br \/><strong>HD:<\/strong>&nbsp;<br \/>N&#8217; Billy har flyttat till Lars Nilsson i Lycksele<\/td><\/tr><tr><td><img loading=\"lazy\" decoding=\"async\" width=\"500\" height=\"333\" class=\"wp-image-12848\" style=\"width: 500px;\" src=\"https:\/\/almkullens.se\/wp-content\/uploads\/2025\/07\/Almkullens-Norris2025-3.jpg\" alt=\"\" srcset=\"https:\/\/almkullens.se\/wp-content\/uploads\/2025\/07\/Almkullens-Norris2025-3.jpg 1800w, https:\/\/almkullens.se\/wp-content\/uploads\/2025\/07\/Almkullens-Norris2025-3-300x200.jpg 300w, https:\/\/almkullens.se\/wp-content\/uploads\/2025\/07\/Almkullens-Norris2025-3-1024x683.jpg 1024w, https:\/\/almkullens.se\/wp-content\/uploads\/2025\/07\/Almkullens-Norris2025-3-768x512.jpg 768w, https:\/\/almkullens.se\/wp-content\/uploads\/2025\/07\/Almkullens-Norris2025-3-1536x1024.jpg 1536w\" sizes=\"auto, (max-width: 500px) 100vw, 500px\" \/><\/td><td><strong>Almkullens Norris<\/strong><br \/><strong>K\u00f6n:<\/strong>&nbsp;Hane<br \/><strong>F\u00e4rg:<\/strong>&nbsp;Vit\/ Orange skimmel<br \/><strong>Svans:<\/strong>&nbsp;l\u00e5ng svans<br \/><strong>Mankh\u00f6jd:<\/strong>&nbsp;<br \/><strong>HD:<\/strong>&nbsp;<br \/>Norris har flyttat till Mats Andersson och Elisabeth i Mora<\/td><\/tr><\/tbody><\/table><\/figure>\n\n\n\n<p>Stamtavla N-kullen<\/p>\n\n\n\n<figure class=\"wp-block-image alignwide size-full\"><a href=\"https:\/\/almkullens.se\/wp-content\/uploads\/2025\/05\/N-Kullen-1.png\" rel=\"lightbox[12747]\"><img loading=\"lazy\" decoding=\"async\" width=\"821\" height=\"630\" src=\"https:\/\/almkullens.se\/wp-content\/uploads\/2025\/05\/N-Kullen-1.png\" alt=\"\" class=\"wp-image-12753\" srcset=\"https:\/\/almkullens.se\/wp-content\/uploads\/2025\/05\/N-Kullen-1.png 821w, https:\/\/almkullens.se\/wp-content\/uploads\/2025\/05\/N-Kullen-1-300x230.png 300w, https:\/\/almkullens.se\/wp-content\/uploads\/2025\/05\/N-Kullen-1-768x589.png 768w\" sizes=\"auto, (max-width: 821px) 100vw, 821px\" \/><\/a><\/figure>\n","protected":false},"excerpt":{"rendered":"<p>Almkullens Leif SE47419\/2022Far: Kamvatnet&#8217;s FantMor: Almkullens FiaF\u00f6dd: 17\/7 2022HD: BF\u00e4rg:&nbsp;Vit &amp; Orange skimmelSvans:&nbsp;L\u00e5ng svansMankh\u00f6jd: ca 50Jaktprov:2024:Fj\u00e4ll:&nbsp; 2 UklF\u00e4lt:&nbsp; &nbsp;2 \u00d6kl2025:Fj\u00e4ll&nbsp; &nbsp;2 \u00d6klFj\u00e4ll:&nbsp; 1 \u00d6klUtst\u00e4llning:Jkl: Excellent Almkullens Hexa&nbsp;SE13779\/2018Far:&nbsp;Inouk De L\u2019ardourMor:&nbsp;Almkullens AskaF\u00f6dd:&nbsp;22\/12 2017HD:&nbsp;AHQ:&nbsp;0,98F\u00e4rg:&nbsp;Vit &amp; Orange skimmelSvans:&nbsp;L\u00e5ng svansMankh\u00f6jd:&nbsp;ca 48Jaktprov:2019:F\u00e4lt:&nbsp; &nbsp;1 Ukl (Danmark)Fj\u00e4ll:&nbsp; 1 UklSkog: 2 UklF\u00e4lt:&nbsp; &nbsp;1 Ukl&nbsp; &nbsp; &nbsp; &nbsp; &nbsp; &nbsp;2 \u00d6kl2020:Fj\u00e4ll:&nbsp; 1 \u00d6klF\u00e4lt:&nbsp; &nbsp;2 Ekl&nbsp; [&hellip;]<\/p>\n","protected":false},"author":1,"featured_media":0,"parent":0,"menu_order":0,"comment_status":"closed","ping_status":"closed","template":"","meta":{"_crdt_document":"","advgb_blocks_editor_width":"","advgb_blocks_columns_visual_guide":"","footnotes":""},"class_list":["post-12747","page","type-page","status-publish","hentry","entry"],"coauthors":[],"author_meta":{"author_link":"https:\/\/almkullens.se\/?author=1","display_name":"Peter &amp; Johanna"},"relative_dates":{"created":"Publicerad 12 m\u00e5nader sedan","modified":"Uppdaterad 6 m\u00e5nader sedan"},"absolute_dates":{"created":"Publicerat den 11 maj, 2025","modified":"Uppdaterad den 26 oktober, 2025"},"absolute_dates_time":{"created":"Publicerat den 11 maj, 2025 08:27","modified":"Uppdaterad den 26 oktober, 2025 08:33"},"featured_img_caption":"","featured_img":false,"series_order":"","jetpack_sharing_enabled":true,"_links":{"self":[{"href":"https:\/\/almkullens.se\/index.php?rest_route=\/wp\/v2\/pages\/12747","targetHints":{"allow":["GET"]}}],"collection":[{"href":"https:\/\/almkullens.se\/index.php?rest_route=\/wp\/v2\/pages"}],"about":[{"href":"https:\/\/almkullens.se\/index.php?rest_route=\/wp\/v2\/types\/page"}],"author":[{"embeddable":true,"href":"https:\/\/almkullens.se\/index.php?rest_route=\/wp\/v2\/users\/1"}],"replies":[{"embeddable":true,"href":"https:\/\/almkullens.se\/index.php?rest_route=%2Fwp%2Fv2%2Fcomments&post=12747"}],"version-history":[{"count":15,"href":"https:\/\/almkullens.se\/index.php?rest_route=\/wp\/v2\/pages\/12747\/revisions"}],"predecessor-version":[{"id":12966,"href":"https:\/\/almkullens.se\/index.php?rest_route=\/wp\/v2\/pages\/12747\/revisions\/12966"}],"wp:attachment":[{"href":"https:\/\/almkullens.se\/index.php?rest_route=%2Fwp%2Fv2%2Fmedia&parent=12747"}],"curies":[{"name":"wp","href":"https:\/\/api.w.org\/{rel}","templated":true}]}}