{"id":12191,"date":"2023-05-20T09:42:25","date_gmt":"2023-05-20T07:42:25","guid":{"rendered":"https:\/\/almkullens.se\/?page_id=12191"},"modified":"2026-01-24T12:47:17","modified_gmt":"2026-01-24T11:47:17","slug":"almkullens-m-kull","status":"publish","type":"page","link":"https:\/\/almkullens.se\/?page_id=12191","title":{"rendered":"Almkullens M-kull"},"content":{"rendered":"\n<table class=\"wp-block-advgb-table advgb-table-frontend\"><tbody><tr><td><img loading=\"lazy\" decoding=\"async\" width=\"500\" height=\"393\" class=\"wp-image-12130\" style=\"width: 500px;\" src=\"https:\/\/almkullens.se\/wp-content\/uploads\/2023\/02\/PVNs-Poker-scaled.jpeg\" alt=\"\" srcset=\"https:\/\/almkullens.se\/wp-content\/uploads\/2023\/02\/PVNs-Poker-scaled.jpeg 2560w, https:\/\/almkullens.se\/wp-content\/uploads\/2023\/02\/PVNs-Poker-300x236.jpeg 300w, https:\/\/almkullens.se\/wp-content\/uploads\/2023\/02\/PVNs-Poker-1024x805.jpeg 1024w, https:\/\/almkullens.se\/wp-content\/uploads\/2023\/02\/PVNs-Poker-768x604.jpeg 768w, https:\/\/almkullens.se\/wp-content\/uploads\/2023\/02\/PVNs-Poker-1536x1207.jpeg 1536w, https:\/\/almkullens.se\/wp-content\/uploads\/2023\/02\/PVNs-Poker-2048x1609.jpeg 2048w\" sizes=\"auto, (max-width: 500px) 100vw, 500px\" \/><\/td><td><img loading=\"lazy\" decoding=\"async\" width=\"500\" height=\"375\" class=\"wp-image-11059\" style=\"width: 500px;\" src=\"https:\/\/almkullens.se\/wp-content\/uploads\/2021\/10\/700.jpg\" alt=\"\" srcset=\"https:\/\/almkullens.se\/wp-content\/uploads\/2021\/10\/700.jpg 1800w, https:\/\/almkullens.se\/wp-content\/uploads\/2021\/10\/700-300x225.jpg 300w, https:\/\/almkullens.se\/wp-content\/uploads\/2021\/10\/700-1024x768.jpg 1024w, https:\/\/almkullens.se\/wp-content\/uploads\/2021\/10\/700-768x576.jpg 768w, https:\/\/almkullens.se\/wp-content\/uploads\/2021\/10\/700-1536x1152.jpg 1536w\" sizes=\"auto, (max-width: 500px) 100vw, 500px\" \/><\/td><\/tr><tr><td style=\"border-right-color:#000\"><strong>Pvn&#8217;s Poker<\/strong>&nbsp;<br \/>SE47963\/2022<br \/><strong>Far:<\/strong>&nbsp;Goku De Kronnellar<br \/><strong>Mor:<\/strong>&nbsp;Bess<br \/><strong>F\u00e4rg:<\/strong>&nbsp;Vit\/Orange<br \/><strong>Svans:<\/strong>&nbsp;kuperad<br \/><strong>H\u00f6fter:<\/strong>&nbsp;HD: A<br \/><strong>Jaktprov:<\/strong>&nbsp;<br \/>2&#215;1 Ukl (Danmark)<br \/>2 \u00d6kl (Danmark)<br \/>2x Excellent i Andalusien<br \/>2 \u00d6kl<br \/>2022: 1 \u00d6kl<br \/>2022: 3 Ekl<br \/>2023: 2 Ekl<br \/>2024: 2 Ekl<br \/><strong>Utst\u00e4llning:<\/strong>&nbsp;<\/td><td><strong>Almkullens Hexa<\/strong>&nbsp;SE13779\/2018<br \/><strong>Far:<\/strong>&nbsp;Inouk De L\u2019ardour<br \/><strong>Mor:<\/strong>&nbsp;Almkullens Aska<br \/><strong>F\u00f6dd:<\/strong>&nbsp;22\/12 2017<br \/><strong>HD:<\/strong>&nbsp;A<br \/><strong>HQ:<\/strong>&nbsp;0,98<br \/><strong>F\u00e4rg:<\/strong>&nbsp;Vit &amp; Orange skimmel<br \/><strong>Svans:<\/strong>&nbsp;L\u00e5ng svans<br \/><strong>Mankh\u00f6jd:<\/strong>&nbsp;ca 48<br \/><strong>Jaktprov:<\/strong><br \/>2019:<br \/>F\u00e4lt:&nbsp; &nbsp;1 Ukl (Danmark)<br \/>Fj\u00e4ll:&nbsp; 1 Ukl<br \/>Skog: 2 Ukl<br \/>F\u00e4lt:&nbsp; &nbsp;1 Ukl<br \/>&nbsp; &nbsp; &nbsp; &nbsp; &nbsp; &nbsp;2 \u00d6kl<br \/>2020:<br \/>Fj\u00e4ll:&nbsp; 1 \u00d6kl<br \/>F\u00e4lt:&nbsp; &nbsp;2 Ekl<br \/>&nbsp; &nbsp; &nbsp; &nbsp;&nbsp; &nbsp;&nbsp;2 Ekl<br \/>2021:&nbsp; 1 Ekl<br \/>2022: 2 Ekl<br \/>\u00c5rets Breton Allround-2019<br \/><strong>Utst\u00e4llning:<\/strong><br \/>Jaktkl: Very Good<\/td><\/tr><tr><td style=\"text-align:center;border-top-color:#000;border-bottom-color:#000\" colspan=\"2\"><em>Valparna \u00e4r f\u00f6dda den<\/em> 2\/5 2023<\/td><\/tr><tr><td><img loading=\"lazy\" decoding=\"async\" width=\"500\" height=\"333\" class=\"wp-image-12713\" style=\"width: 500px;\" src=\"https:\/\/almkullens.se\/wp-content\/uploads\/2025\/04\/Almkullens-Myrra2024-4.jpg\" alt=\"\" srcset=\"https:\/\/almkullens.se\/wp-content\/uploads\/2025\/04\/Almkullens-Myrra2024-4.jpg 1800w, https:\/\/almkullens.se\/wp-content\/uploads\/2025\/04\/Almkullens-Myrra2024-4-300x200.jpg 300w, https:\/\/almkullens.se\/wp-content\/uploads\/2025\/04\/Almkullens-Myrra2024-4-1024x683.jpg 1024w, https:\/\/almkullens.se\/wp-content\/uploads\/2025\/04\/Almkullens-Myrra2024-4-768x512.jpg 768w, https:\/\/almkullens.se\/wp-content\/uploads\/2025\/04\/Almkullens-Myrra2024-4-1536x1024.jpg 1536w\" sizes=\"auto, (max-width: 500px) 100vw, 500px\" \/><br \/>Myrra har flyttat till Helena och P\u00e4r Diedrichs i Kungshamn<br \/><a href=\"https:\/\/almkullens.se\/?page_id=12338\" data-type=\"page\" data-id=\"12338\">Galleri: Almkullens Myrra<\/a><a href=\"https:\/\/almkullens.se\/wp-content\/uploads\/2023\/07\/1108.jpg\" rel=\"lightbox[12191]\"><\/a><\/td><td><strong>Almkullens Myrra<\/strong><br \/><strong>K\u00f6n:<\/strong>&nbsp;Tik<br \/><strong>F\u00e4rg:<\/strong>&nbsp;Vit\/ Orange skimmel<br \/><strong>Svans:<\/strong>&nbsp;l\u00e5ng svans<br \/><strong>Mankh\u00f6jd:<\/strong>&nbsp;<br \/><strong>HD:<\/strong>&nbsp;B<br \/><strong>Jaktprov:<\/strong><br \/>Fj\u00e4ll 2025: 2 pris Ukl<br \/>Fj\u00e4ll 2025: 2 pris Ukl<br \/>Fj\u00e4ll 2025: 2 pris Ukl<br \/>Fj\u00e4ll h\u00f6st-25: 2 pris \u00d6kl<br \/>F\u00e4lt 2025: 2 pris \u00d6kl<\/td><\/tr><tr><td style=\"border-top-color:#000\"><img loading=\"lazy\" decoding=\"async\" width=\"500\" height=\"375\" class=\"wp-image-12744\" style=\"width: 500px;\" src=\"https:\/\/almkullens.se\/wp-content\/uploads\/2025\/05\/ES8A9336.jpg\" alt=\"\" srcset=\"https:\/\/almkullens.se\/wp-content\/uploads\/2025\/05\/ES8A9336.jpg 1600w, https:\/\/almkullens.se\/wp-content\/uploads\/2025\/05\/ES8A9336-300x225.jpg 300w, https:\/\/almkullens.se\/wp-content\/uploads\/2025\/05\/ES8A9336-1024x768.jpg 1024w, https:\/\/almkullens.se\/wp-content\/uploads\/2025\/05\/ES8A9336-768x576.jpg 768w, https:\/\/almkullens.se\/wp-content\/uploads\/2025\/05\/ES8A9336-1536x1152.jpg 1536w\" sizes=\"auto, (max-width: 500px) 100vw, 500px\" \/><\/td><td style=\"border-top-color:#000\"><strong>Almkullens Mixie<\/strong><br \/><strong>K\u00f6n:<\/strong>&nbsp;Tik<br \/><strong>F\u00e4rg:<\/strong>&nbsp;Vit\/ Orange skimmel<br \/><strong>Svans:<\/strong>&nbsp;l\u00e5ng svans<br \/><strong>Mankh\u00f6jd:<\/strong>&nbsp;<br \/><strong>HD:<\/strong>&nbsp;B<br \/><strong>Jaktprov:<\/strong><br \/>Fj\u00e4ll 2025: 2 pris Ukl<br \/>Mixie har flyttat till Petra och Daniel Thal\u00e9n i Marsfj\u00e4ll<br \/><a href=\"https:\/\/almkullens.se\/?page_id=12335\">Galleri: Almkullens Mixie<\/a><\/td><\/tr><tr><td style=\"border-top-color:#000\"><img loading=\"lazy\" decoding=\"async\" width=\"500\" height=\"421\" class=\"wp-image-12811\" style=\"width: 500px;\" src=\"https:\/\/almkullens.se\/wp-content\/uploads\/2025\/05\/Moses5.jpg\" alt=\"\" srcset=\"https:\/\/almkullens.se\/wp-content\/uploads\/2025\/05\/Moses5.jpg 1436w, https:\/\/almkullens.se\/wp-content\/uploads\/2025\/05\/Moses5-300x253.jpg 300w, https:\/\/almkullens.se\/wp-content\/uploads\/2025\/05\/Moses5-1024x862.jpg 1024w, https:\/\/almkullens.se\/wp-content\/uploads\/2025\/05\/Moses5-768x647.jpg 768w\" sizes=\"auto, (max-width: 500px) 100vw, 500px\" \/>Moses bor hos Kenneth och Tuula Gr\u00e5hn i Alaj\u00e4rvi, Finland<br \/><a href=\"https:\/\/almkullens.se\/?page_id=12340\" data-type=\"page\" data-id=\"12340\">Galleri: Almkullens Moses<\/a><\/td><td style=\"border-top-color:#000\"><strong>Almkullens Moses<\/strong><br \/><strong>K\u00f6n:<\/strong>\u00a0Hane<br \/><strong>F\u00e4rg:<\/strong>\u00a0Vit\/ Orange skimmel<br \/><strong>Svans:<\/strong>\u00a0l\u00e5ng svans<br \/><strong>Mankh\u00f6jd:<\/strong>\u00a049-50 cm<br \/><strong>HD:<\/strong>\u00a0C (B+C)<br \/><strong>\u00d6gon:<\/strong> Utan anm\u00e4rkning<br \/><strong>Jaktprov:<\/strong><br \/>2024 F\u00e4lt Junkkari: 1 pris Ukl 96P (b\u00e4sta hund av ca. 300 st f\u00f6re finalsl\u00e4pp, en skadad tass satte stopp)<br \/>2025 F\u00e4lt: 2 \u00d6kl 77 P<br \/>\u00a0 \u00a0 \u00a0 \u00a0\u00a0 \u00a0 \u00a0 \u00a0 \u00a0\u00a0 \u00a0\u00a0\u00a02 \u00d6kl 77 P<br \/>\u00a0 \u00a0 \u00a0 \u00a0\u00a0 \u00a0 \u00a0 \u00a0\u00a0 \u00a0\u00a0 \u00a0\u00a02 \u00d6kl 70 P<br \/>\u00a0 \u00a0 \u00a0 \u00a0\u00a0\u00a0 \u00a0 \u00a0 \u00a0\u00a0 \u00a0 \u00a0\u00a01 \u00d6kl 94 P<br \/><strong>Utst\u00e4llning:<\/strong><br \/>2024: Ukl: Very Good<br \/>2025: Jkl: Excellent Cert BIR<br \/><strong>Efters\u00f6ksprov:<\/strong><br \/>2024\u00a0Ukl vatten: Excellent 15p (NUO Vesit)<br \/>2025 \u00d6kl sp\u00e5r och vatten: full pott 20p (AVO)<br \/><strong>\u00d6vrigt:<\/strong><br \/>\u00c5rets Unghund Breton i Finland -2024<br \/><\/td><\/tr><tr><td style=\"border-top-color:#000\"><img loading=\"lazy\" decoding=\"async\" width=\"700\" height=\"586\" class=\"wp-image-12552\" style=\"width: 700px;\" src=\"https:\/\/almkullens.se\/wp-content\/uploads\/2024\/05\/441431748_802781228471555_5668426080017365338_n.jpg\" alt=\"\" srcset=\"https:\/\/almkullens.se\/wp-content\/uploads\/2024\/05\/441431748_802781228471555_5668426080017365338_n.jpg 1697w, https:\/\/almkullens.se\/wp-content\/uploads\/2024\/05\/441431748_802781228471555_5668426080017365338_n-300x251.jpg 300w, https:\/\/almkullens.se\/wp-content\/uploads\/2024\/05\/441431748_802781228471555_5668426080017365338_n-1024x857.jpg 1024w, https:\/\/almkullens.se\/wp-content\/uploads\/2024\/05\/441431748_802781228471555_5668426080017365338_n-768x643.jpg 768w, https:\/\/almkullens.se\/wp-content\/uploads\/2024\/05\/441431748_802781228471555_5668426080017365338_n-1536x1286.jpg 1536w\" sizes=\"auto, (max-width: 700px) 100vw, 700px\" \/><\/td><td style=\"border-top-color:#000\"><strong>Almkullens Meeko<\/strong><br \/><strong>K\u00f6n:<\/strong>&nbsp;Hane<br \/><strong>F\u00e4rg:<\/strong>&nbsp;Vit\/ Orange skimmel<br \/><strong>Svans:<\/strong>&nbsp;l\u00e5ng svans<br \/><strong>Mankh\u00f6jd:<\/strong>&nbsp;50 cm<br \/><strong>HD:<\/strong>&nbsp;C<br \/><strong>Utst\u00e4llning:<\/strong><br \/>2024: Junkl. Excellent<br \/>Meeko har flyttat till Mari Gustafsson som bor p\u00e5 Aln\u00f6<br \/><a href=\"https:\/\/almkullens.se\/?page_id=12345\" data-type=\"page\" data-id=\"12345\">Galleri: Almkullens Meeko<\/a><\/td><\/tr><tr><td style=\"border-top-color:#000\"><img loading=\"lazy\" decoding=\"async\" width=\"500\" height=\"333\" class=\"wp-image-12745\" style=\"width: 500px;\" src=\"https:\/\/almkullens.se\/wp-content\/uploads\/2025\/05\/ES8A1893.jpg\" alt=\"\" srcset=\"https:\/\/almkullens.se\/wp-content\/uploads\/2025\/05\/ES8A1893.jpg 1800w, https:\/\/almkullens.se\/wp-content\/uploads\/2025\/05\/ES8A1893-300x200.jpg 300w, https:\/\/almkullens.se\/wp-content\/uploads\/2025\/05\/ES8A1893-1024x683.jpg 1024w, https:\/\/almkullens.se\/wp-content\/uploads\/2025\/05\/ES8A1893-768x512.jpg 768w, https:\/\/almkullens.se\/wp-content\/uploads\/2025\/05\/ES8A1893-1536x1024.jpg 1536w\" sizes=\"auto, (max-width: 500px) 100vw, 500px\" \/><\/td><td style=\"border-top-color:#000\"><strong>Almkullens Max<\/strong><br \/><strong>K\u00f6n:<\/strong>&nbsp;Hane<br \/><strong>F\u00e4rg:<\/strong>&nbsp;Vit\/ Orange skimmel<br \/><strong>Svans:<\/strong>&nbsp;l\u00e5ng svans<br \/><strong>Mankh\u00f6jd:<\/strong>&nbsp;<br \/><strong>HD:<\/strong>&nbsp;A<br \/><strong>Utst\u00e4llning: <\/strong><br \/>2025 \u00d6kl: Very good<br \/>Max har flyttat hem till Peter Bergkvist som bor i Ludvika<br \/><a href=\"https:\/\/almkullens.se\/?page_id=12343\" data-type=\"page\" data-id=\"12343\">Galleri: Almkullens Max<\/a><\/td><\/tr><tr><td style=\"border-top-color:#000;border-bottom-color:#000\"><img loading=\"lazy\" decoding=\"async\" width=\"700\" height=\"788\" class=\"wp-image-12559\" style=\"width: 700px;\" src=\"https:\/\/almkullens.se\/wp-content\/uploads\/2024\/05\/09525032-88d0-4dee-bde7-6de6881fec07-e1716396070434.jpg\" alt=\"\" srcset=\"https:\/\/almkullens.se\/wp-content\/uploads\/2024\/05\/09525032-88d0-4dee-bde7-6de6881fec07-e1716396070434.jpg 1536w, https:\/\/almkullens.se\/wp-content\/uploads\/2024\/05\/09525032-88d0-4dee-bde7-6de6881fec07-e1716396070434-266x300.jpg 266w, https:\/\/almkullens.se\/wp-content\/uploads\/2024\/05\/09525032-88d0-4dee-bde7-6de6881fec07-e1716396070434-909x1024.jpg 909w, https:\/\/almkullens.se\/wp-content\/uploads\/2024\/05\/09525032-88d0-4dee-bde7-6de6881fec07-e1716396070434-768x865.jpg 768w, https:\/\/almkullens.se\/wp-content\/uploads\/2024\/05\/09525032-88d0-4dee-bde7-6de6881fec07-e1716396070434-1364x1536.jpg 1364w\" sizes=\"auto, (max-width: 700px) 100vw, 700px\" \/><\/td><td style=\"border-top-color:#000;border-bottom-color:#000\"><strong>Almkullens Mossi<\/strong><br \/><strong>K\u00f6n:<\/strong>&nbsp;Hane<br \/><strong>F\u00e4rg:<\/strong>&nbsp;Vit\/ Orange skimmel<br \/><strong>Svans:<\/strong>&nbsp;l\u00e5ng svans<br \/><strong>Mankh\u00f6jd:<\/strong>&nbsp;<br \/><strong>HD:<\/strong>&nbsp;B (A+B)<br \/>Mossi har flyttat hem till Willy Karlsson som bor i Vilhelmina<br \/><a href=\"https:\/\/almkullens.se\/?page_id=12347\" data-type=\"page\" data-id=\"12347\">Galleri: Almkullens Mossi<\/a><\/td><\/tr><\/tbody><\/table>\n\n\n\n<p class=\"wp-block-paragraph\">Stamtavla M-kullen<\/p>\n\n\n\n<figure class=\"wp-block-image size-full\"><img loading=\"lazy\" decoding=\"async\" width=\"845\" height=\"627\" src=\"https:\/\/almkullens.se\/wp-content\/uploads\/2023\/05\/stamtavla-m-kullen-1.png\" alt=\"\" class=\"wp-image-12199\" srcset=\"https:\/\/almkullens.se\/wp-content\/uploads\/2023\/05\/stamtavla-m-kullen-1.png 845w, https:\/\/almkullens.se\/wp-content\/uploads\/2023\/05\/stamtavla-m-kullen-1-300x223.png 300w, https:\/\/almkullens.se\/wp-content\/uploads\/2023\/05\/stamtavla-m-kullen-1-768x570.png 768w\" sizes=\"auto, (max-width: 845px) 100vw, 845px\" \/><\/figure>\n","protected":false},"excerpt":{"rendered":"<p>Stamtavla M-kullen<\/p>\n","protected":false},"author":1,"featured_media":0,"parent":0,"menu_order":0,"comment_status":"closed","ping_status":"closed","template":"","meta":{"_crdt_document":"","advgb_blocks_editor_width":"","advgb_blocks_columns_visual_guide":"","footnotes":""},"class_list":["post-12191","page","type-page","status-publish","hentry","entry"],"coauthors":[],"author_meta":{"author_link":"https:\/\/almkullens.se\/?author=1","display_name":"Peter &amp; Johanna"},"relative_dates":{"created":"Publicerad 3 \u00e5r sedan","modified":"Uppdaterad 3 m\u00e5nader sedan"},"absolute_dates":{"created":"Publicerat den 20 maj, 2023","modified":"Uppdaterad den 24 januari, 2026"},"absolute_dates_time":{"created":"Publicerat den 20 maj, 2023 09:42","modified":"Uppdaterad den 24 januari, 2026 12:47"},"featured_img_caption":"","featured_img":false,"series_order":"","jetpack_sharing_enabled":true,"_links":{"self":[{"href":"https:\/\/almkullens.se\/index.php?rest_route=\/wp\/v2\/pages\/12191","targetHints":{"allow":["GET"]}}],"collection":[{"href":"https:\/\/almkullens.se\/index.php?rest_route=\/wp\/v2\/pages"}],"about":[{"href":"https:\/\/almkullens.se\/index.php?rest_route=\/wp\/v2\/types\/page"}],"author":[{"embeddable":true,"href":"https:\/\/almkullens.se\/index.php?rest_route=\/wp\/v2\/users\/1"}],"replies":[{"embeddable":true,"href":"https:\/\/almkullens.se\/index.php?rest_route=%2Fwp%2Fv2%2Fcomments&post=12191"}],"version-history":[{"count":40,"href":"https:\/\/almkullens.se\/index.php?rest_route=\/wp\/v2\/pages\/12191\/revisions"}],"predecessor-version":[{"id":13011,"href":"https:\/\/almkullens.se\/index.php?rest_route=\/wp\/v2\/pages\/12191\/revisions\/13011"}],"wp:attachment":[{"href":"https:\/\/almkullens.se\/index.php?rest_route=%2Fwp%2Fv2%2Fmedia&parent=12191"}],"curies":[{"name":"wp","href":"https:\/\/api.w.org\/{rel}","templated":true}]}}