{"id":12035,"date":"2023-02-11T16:44:31","date_gmt":"2023-02-11T15:44:31","guid":{"rendered":"https:\/\/almkullens.se\/?page_id=12035"},"modified":"2023-02-11T16:48:11","modified_gmt":"2023-02-11T15:48:11","slug":"finsk-forklaring-med-bilder-av-ltv","status":"publish","type":"page","link":"https:\/\/almkullens.se\/?page_id=12035","title":{"rendered":"Finsk F\u00f6rklaring med bilder av LTV"},"content":{"rendered":"\n<p class=\"has-white-background-color has-background wp-block-paragraph\"><strong>Grunderna f\u00f6r klassificering av \u00f6verg\u00e5ngskotor i l\u00e4ndryggen<\/strong> &#8211; i finland<br \/>Orginalet finns p\u00e5 Finska kennelklubbens sida, detta \u00e4r en \u00f6vers\u00e4ttning men ocks\u00e5 lite omgjort med f\u00f6rklaringar av vissa ord &#8211; av mig (och Google) som varken \u00e4r veterin\u00e4r, l\u00e4kare eller finskspr\u00e5kig&#8230; men det kanske \u00e4nd\u00e5 kan ge en vink om vad LTV \u00e4r?<br \/><br \/>L\u00e4ndryggens \u00f6verg\u00e5ngskotor (LTV &#8211; Lumbosacral Transitional Vertebra)<br \/>Lumbar=l\u00e4ndrygg=L1-L7<br \/>Transitional=\u00f6verg\u00e5ngs<br \/>Vertebra=kotor<br \/>Sacrum=korsben=S1-S3<br \/>En hund har normalt 7 l\u00e4ndkotor (L1-L7) och 3 sakralkotor (<em>vertebrae sacrales<\/em>, S1\u2013S3) som \u00e4r sammanv\u00e4xta till\u00a0korsbenet\u00a0(<em>sacrum<\/em>) som utg\u00f6r en del av\u00a0b\u00e4ckenet\u00a0(<em>pelvis<\/em>).  (figur 1A, B). <br \/>Tv\u00e4rgrenarna p\u00e5 korsbenets 1: a ryggkota formas till ledytor som artikulerar med b\u00e4ckenbenen (iliacbenen).<br \/><img loading=\"lazy\" decoding=\"async\" width=\"800\" height=\"215\" class=\"wp-image-12036\" style=\"width: 800px;\" src=\"https:\/\/almkullens.se\/wp-content\/uploads\/2023\/01\/Normal-rygg-med-namn-e1674977567809.png\" alt=\"\" srcset=\"https:\/\/almkullens.se\/wp-content\/uploads\/2023\/01\/Normal-rygg-med-namn-e1674977567809.png 698w, https:\/\/almkullens.se\/wp-content\/uploads\/2023\/01\/Normal-rygg-med-namn-e1674977567809-300x81.png 300w\" sizes=\"auto, (max-width: 800px) 100vw, 800px\" \/><br \/><strong>Bild 1A:<\/strong> Sidobild p\u00e5 l\u00e4ndryggen. Normal l\u00e4ndrygg (L1-L7) och korsben (sacrum) (S1-S3) hos hunden. <br \/><br \/><img loading=\"lazy\" decoding=\"async\" width=\"800\" height=\"569\" class=\"wp-image-12037\" style=\"width: 800px;\" src=\"https:\/\/almkullens.se\/wp-content\/uploads\/2023\/01\/image.png\" alt=\"\" srcset=\"https:\/\/almkullens.se\/wp-content\/uploads\/2023\/01\/image.png 649w, https:\/\/almkullens.se\/wp-content\/uploads\/2023\/01\/image-300x214.png 300w\" sizes=\"auto, (max-width: 800px) 100vw, 800px\" \/><br \/><strong>Figur 1B:<\/strong> R\u00f6ntgen tagen med hunden liggande p\u00e5 rygg. Hundens normala sacrum, d\u00e4r sacrummets centrala \u00e5s framtr\u00e4der som en solid linje (pilar). <br \/><br \/><strong>LTV1<\/strong>, eller &#8221;delad central \u00e5s av sacrummet&#8221; (figur 2A), \u00e4r den mildaste formen av LTV, d\u00e4r<br \/>ryggkotans mellersta \u00e5s har en depression mellan 1: a och 2: a sakrala ryggkotorna (figur 2 B).  Ett LTV1-uttalande utf\u00e4rdas ocks\u00e5 om den 1:a delen av den centrala \u00e5sen \u00e4r otillr\u00e4ckligt utvecklad. Stomdelen av sacrummet \u00e4r alltid normalt f\u00f6rbenad.<br \/><br \/><img loading=\"lazy\" decoding=\"async\" width=\"800\" height=\"715\" class=\"wp-image-12039\" style=\"width: 800px;\" src=\"https:\/\/almkullens.se\/wp-content\/uploads\/2023\/01\/image-1.png\" alt=\"\" srcset=\"https:\/\/almkullens.se\/wp-content\/uploads\/2023\/01\/image-1.png 602w, https:\/\/almkullens.se\/wp-content\/uploads\/2023\/01\/image-1-300x268.png 300w\" sizes=\"auto, (max-width: 800px) 100vw, 800px\" \/><br \/><strong>Figur 2A:<\/strong> Depression i korsbenets centrala \u00e5s mellan 1:a och 2:a ryggkotan (LTV1) visas p\u00e5 r\u00f6ntgenstr\u00e5len som ett gap (svart pil).  Ryggkotans centrala \u00e5s verkar separat (vit pil). <br \/><br \/><img loading=\"lazy\" decoding=\"async\" width=\"400\" height=\"425\" class=\"wp-image-12040\" style=\"width: 400px;\" src=\"https:\/\/almkullens.se\/wp-content\/uploads\/2023\/01\/image-2.png\" alt=\"\" srcset=\"https:\/\/almkullens.se\/wp-content\/uploads\/2023\/01\/image-2.png 349w, https:\/\/almkullens.se\/wp-content\/uploads\/2023\/01\/image-2-282x300.png 282w\" sizes=\"auto, (max-width: 400px) 100vw, 400px\" \/>   <br \/><strong>Figur 2B:<\/strong> <br \/>Datortomografibild av korsbenets mittlinje i l\u00e4ngdriktningen. <br \/>F\u00f6rdjupningen p\u00e5 den centrala \u00e5sen \u00e4r tydligt synlig (pil). <br \/><br \/><strong>LTV2<\/strong> \u00e4r en symmetrisk form av den mellanliggande l\u00e4ndryggen-sakrala kotan, d\u00e4r f\u00f6r\u00e4ndringarna p\u00e5 v\u00e4nster och h\u00f6ger sida \u00e4r likartade. Kotan kan mer p\u00e5minna om en l\u00e4ndkota (fig. 3A) eller en sakral kota. <br \/>Kroppsdelen sacrum \u00e4r ofta onormalt f\u00f6rbenad och r\u00f6ntgen visar ett mellanrum mellan korsbenets 1:a och 2:a ryggradskropp (Figur 3B).<br \/><img loading=\"lazy\" decoding=\"async\" width=\"800\" height=\"686\" class=\"wp-image-12041\" style=\"width: 800px;\" src=\"https:\/\/almkullens.se\/wp-content\/uploads\/2023\/01\/image-3.png\" alt=\"\" srcset=\"https:\/\/almkullens.se\/wp-content\/uploads\/2023\/01\/image-3.png 676w, https:\/\/almkullens.se\/wp-content\/uploads\/2023\/01\/image-3-300x257.png 300w\" sizes=\"auto, (max-width: 800px) 100vw, 800px\" \/> <br \/><strong>Figur 3A:<\/strong> Symmetrisk mellanliggande l\u00e4ndryggskota (LTV2). Den sista l\u00e4ndkotan (L7) \u00e4r kort, den ligger l\u00e4ngre bak \u00e4n normalt och de tv\u00e4rg\u00e5ende grenarna riktas mot sidorna (pilarna). <br \/><br \/><img loading=\"lazy\" decoding=\"async\" width=\"800\" height=\"375\" class=\"wp-image-12042\" style=\"width: 800px;\" src=\"https:\/\/almkullens.se\/wp-content\/uploads\/2023\/01\/image-4.png\" alt=\"\" srcset=\"https:\/\/almkullens.se\/wp-content\/uploads\/2023\/01\/image-4.png 662w, https:\/\/almkullens.se\/wp-content\/uploads\/2023\/01\/image-4-300x140.png 300w\" sizes=\"auto, (max-width: 800px) 100vw, 800px\" \/><br \/><strong>Figur 3B:<\/strong> Sidobild. Det finns ett mellanrum<br \/> (pil) mellan korsbenets 1:a och 2:a ryggradskropp (s1-s2). <br \/><br \/><strong>LTV3<\/strong> \u00e4r en asymmetrisk form av den mellanliggande l\u00e4ndryggen-sakrala kotan, d\u00e4r h\u00f6ger och v\u00e4nster sida \u00e4r olika: ena sidan p\u00e5minner mest om l\u00e4ndryggen och den<br \/>andra som en sacralkota (Figur 4). Kroppsdelen sacrum \u00e4r ofta onormalt<br \/>f\u00f6rbenad och r\u00f6ntgen visar ett gap mellan korsbenets 1:a och 2:a ryggradskropp (Figur 3B). <br \/><img loading=\"lazy\" decoding=\"async\" width=\"800\" height=\"694\" class=\"wp-image-12043\" style=\"width: 800px;\" src=\"https:\/\/almkullens.se\/wp-content\/uploads\/2023\/01\/image-5.png\" alt=\"\" srcset=\"https:\/\/almkullens.se\/wp-content\/uploads\/2023\/01\/image-5.png 586w, https:\/\/almkullens.se\/wp-content\/uploads\/2023\/01\/image-5-300x260.png 300w\" sizes=\"auto, (max-width: 800px) 100vw, 800px\" \/><br \/><strong>Figur 4:<\/strong> Asymmetrisk mellanliggande l\u00e4ndryggskota (LTV3). <br \/>Den h\u00f6gra sidan av den sista l\u00e4ndkotan liknar en l\u00e4ndryggskota (vit pil), och v\u00e4nster sida<br \/>liknar en sakral ryggkota (svart pil). <br \/><br \/><strong>LTV4<\/strong> \u00e4r den strukturellt allvarligaste formen av den mellanliggande l\u00e4ndryggen-sakrala kotan, d\u00e4r korsbenets 1: a ryggkota (S1) i sacrummet har formen av en l\u00e4ndkota (L8, l\u00e4ndrygg) (figur 5A), eller d\u00e4r den 7: e l\u00e4ndkotan (L7) har formen av en sakral ryggkota (L6, sakralisering) (Figur 5B). <br \/><img loading=\"lazy\" decoding=\"async\" width=\"800\" height=\"378\" class=\"wp-image-12044\" style=\"width: 800px;\" src=\"https:\/\/almkullens.se\/wp-content\/uploads\/2023\/01\/image-6.png\" alt=\"\" srcset=\"https:\/\/almkullens.se\/wp-content\/uploads\/2023\/01\/image-6.png 594w, https:\/\/almkullens.se\/wp-content\/uploads\/2023\/01\/image-6-300x142.png 300w\" sizes=\"auto, (max-width: 800px) 100vw, 800px\" \/><br \/><strong>Figur 5A:<\/strong> Mellanliggande l\u00e4ndryggskota (LTV4), d\u00e4r korsbenets 1:a kota (S1) har samma form som l\u00e4ndkotan (L8). <br \/><br \/><img loading=\"lazy\" decoding=\"async\" width=\"800\" height=\"411\" class=\"wp-image-12045\" style=\"width: 800px;\" src=\"https:\/\/almkullens.se\/wp-content\/uploads\/2023\/01\/image-7.png\" alt=\"\" srcset=\"https:\/\/almkullens.se\/wp-content\/uploads\/2023\/01\/image-7.png 514w, https:\/\/almkullens.se\/wp-content\/uploads\/2023\/01\/image-7-300x154.png 300w\" sizes=\"auto, (max-width: 800px) 100vw, 800px\" \/><br \/><strong>Figur 5 B:<\/strong> Mellanliggande l\u00e4ndryggskota (LTV4), d\u00e4r den sista l\u00e4ndkotan (L7) har formen av en sakral kota (L6). <br \/>Dessutom finns det en grad LTV0 borderline case, som visas i behandlingsinformationssystemet som vanligt (LTV0). En gr\u00e4nslinje kan ges om den sista l\u00e4ndkotan (L7) \u00e4r klart kortare \u00e4n normalt och ligger l\u00e4ngre bak \u00e4n normalt. <br \/>Korsgrenarnas form och position \u00e4r emellertid normala eller n\u00e4stan normala. <br \/><br \/><strong>Betydelsen av den mellanliggande l\u00e4ndryggen-sakrala ryggkotan f\u00f6r en hund.<\/strong> <br \/><br \/><strong>LTV1:<\/strong> Mot bakgrund av aktuell kunskap orsakar denna f\u00f6r\u00e4ndring inte symtom hos hunden. <br \/><strong>LTV2\u2212LTV4:<\/strong> F\u00f6r\u00e4ndringarna kan predisponera f\u00f6r l\u00e4ndryggs-sakrala degenerativa sjukdomar som kan orsaka symtom (s\u00e5 kallat cauda equina syndrom). Det finns rasspecifika skillnader och hundens arbete\/hobbyanv\u00e4ndning kan ocks\u00e5 p\u00e5verka. Ofta<br \/>\u00e4r hundar helt asymptomatiska. LTV3 kan vara associerad med medf\u00f6tt snett b\u00e4cken och ensidig h\u00f6ftledstillv\u00e4xtst\u00f6rning.<br \/><\/p>\n","protected":false},"excerpt":{"rendered":"<p>Grunderna f\u00f6r klassificering av \u00f6verg\u00e5ngskotor i l\u00e4ndryggen &#8211; i finlandOrginalet finns p\u00e5 Finska kennelklubbens sida, detta \u00e4r en \u00f6vers\u00e4ttning men ocks\u00e5 lite omgjort med f\u00f6rklaringar av vissa ord &#8211; av mig (och Google) som varken \u00e4r veterin\u00e4r, l\u00e4kare eller finskspr\u00e5kig&#8230; men det kanske \u00e4nd\u00e5 kan ge en vink om vad LTV \u00e4r? L\u00e4ndryggens \u00f6verg\u00e5ngskotor (LTV [&hellip;]<\/p>\n","protected":false},"author":1,"featured_media":0,"parent":0,"menu_order":0,"comment_status":"closed","ping_status":"closed","template":"","meta":{"_crdt_document":"","advgb_blocks_editor_width":"","advgb_blocks_columns_visual_guide":"","footnotes":""},"class_list":["post-12035","page","type-page","status-publish","hentry","entry"],"coauthors":[],"author_meta":{"author_link":"https:\/\/almkullens.se\/?author=1","display_name":"Peter &amp; Johanna"},"relative_dates":{"created":"Publicerad 3 \u00e5r sedan","modified":"Uppdaterad 3 \u00e5r sedan"},"absolute_dates":{"created":"Publicerat den 11 februari, 2023","modified":"Uppdaterad den 11 februari, 2023"},"absolute_dates_time":{"created":"Publicerat den 11 februari, 2023 16:44","modified":"Uppdaterad den 11 februari, 2023 16:48"},"featured_img_caption":"","featured_img":false,"series_order":"","jetpack_sharing_enabled":true,"_links":{"self":[{"href":"https:\/\/almkullens.se\/index.php?rest_route=\/wp\/v2\/pages\/12035","targetHints":{"allow":["GET"]}}],"collection":[{"href":"https:\/\/almkullens.se\/index.php?rest_route=\/wp\/v2\/pages"}],"about":[{"href":"https:\/\/almkullens.se\/index.php?rest_route=\/wp\/v2\/types\/page"}],"author":[{"embeddable":true,"href":"https:\/\/almkullens.se\/index.php?rest_route=\/wp\/v2\/users\/1"}],"replies":[{"embeddable":true,"href":"https:\/\/almkullens.se\/index.php?rest_route=%2Fwp%2Fv2%2Fcomments&post=12035"}],"version-history":[{"count":15,"href":"https:\/\/almkullens.se\/index.php?rest_route=\/wp\/v2\/pages\/12035\/revisions"}],"predecessor-version":[{"id":12447,"href":"https:\/\/almkullens.se\/index.php?rest_route=\/wp\/v2\/pages\/12035\/revisions\/12447"}],"wp:attachment":[{"href":"https:\/\/almkullens.se\/index.php?rest_route=%2Fwp%2Fv2%2Fmedia&parent=12035"}],"curies":[{"name":"wp","href":"https:\/\/api.w.org\/{rel}","templated":true}]}}