{"id":12021,"date":"2023-02-11T17:00:24","date_gmt":"2023-02-11T16:00:24","guid":{"rendered":"https:\/\/almkullens.se\/?page_id=12021"},"modified":"2023-11-04T09:03:36","modified_gmt":"2023-11-04T08:03:36","slug":"ltv","status":"publish","type":"page","link":"https:\/\/almkullens.se\/?page_id=12021","title":{"rendered":"LTV = Lumbosacral Transitional Vertebrae"},"content":{"rendered":"\n<p class=\"wp-block-paragraph\">Varf\u00f6r skriver jag om LTV d\u00e5? Jo det finns dom som tror att det \u00e4r v\u00e4ldigt vanligt med \u00f6verg\u00e5ngskotor hos v\u00e5r ras Breton, hur vanligt det \u00e4r det vet vi inte, men vi vet att SKK meddelar \u00e4garen n\u00e4r de kan se LTV som bifynd till vanlig HD-r\u00f6ntgen, men det registreras dock inte i Sverige, s\u00e5 det finns ingen statistik alls p\u00e5 det i Sverige men det g\u00f6r det i Finland och kanske kommer det \u00e4ven att registreras i Sverige i framtiden. <br \/>Jag har i alla fall sammanst\u00e4llt lite om LTV f\u00f6r att man l\u00e4ttare skall kunna f\u00f6rst\u00e5 vad det handlar om.<\/p>\n\n\n\n<p class=\"has-white-background-color has-background wp-block-paragraph\"><img loading=\"lazy\" decoding=\"async\" width=\"800\" height=\"274\" class=\"wp-image-12047\" style=\"width: 800px;\" src=\"https:\/\/almkullens.se\/wp-content\/uploads\/2023\/01\/image-8.png\" alt=\"\" srcset=\"https:\/\/almkullens.se\/wp-content\/uploads\/2023\/01\/image-8.png 1340w, https:\/\/almkullens.se\/wp-content\/uploads\/2023\/01\/image-8-300x103.png 300w, https:\/\/almkullens.se\/wp-content\/uploads\/2023\/01\/image-8-1024x351.png 1024w, https:\/\/almkullens.se\/wp-content\/uploads\/2023\/01\/image-8-768x263.png 768w\" sizes=\"auto, (max-width: 800px) 100vw, 800px\" \/><br \/>Bilden ovan visar hundens l\u00e4ndkotor L1-L7 och 3 sakralkotor S1\u2013S3<br \/>Den h\u00e4r hundens kotor \u00e4r normala, den \u00e4r TV fri eller LTV0.<br \/><br \/><strong>\u00d6verg\u00e5ngskota = Transitional Vertebrae (TV)<\/strong><br \/><strong>Lumbosakral \u00f6verg\u00e5ngskota = Lumbosacral Transitional Vertebrae (LTV)<br \/><\/strong>Den lumbosakrala \u00f6verg\u00e5ngskotan (LTV) \u00e4r en vanlig medf\u00f6dd och \u00e4rftlig ryggradsmissbildning, vars arvsmekanism \u00e4r ok\u00e4nd.<br \/>LTV avser en kota med egenskaper hos b\u00e5de l\u00e4ndryggen och sakrala ryggkotor. Den mellanliggande kotan kan vara den sista l\u00e4ndkotan (L7), d\u00e5 talar man om sakralisering eller den <span style=\"background-color:#ffffff\" class=\"tadv-background-color\">f\u00f6rsta <\/span>sakrumkotan (S1), och d\u00e5 talar man om lumbalisering.<br \/>F\u00f6r\u00e4ndringen kan vara symmetrisk, det vill s\u00e4ga liknande p\u00e5 h\u00f6ger och v\u00e4nster sida, eller asymmetrisk, d\u00e5 h\u00f6ger och v\u00e4nster sida ser olika ut p\u00e5 r\u00f6ntgen som tas med hunden liggande p\u00e5 rygg. Diagnosen st\u00e4lls ofta fr\u00e5n en h\u00f6ftbild, fr\u00e5n vilken man kan se hundens korsben och l\u00e4ndryggs-korsbensled fr\u00e5n ett h\u00e5ll (&#8221;ovanifr\u00e5n&#8221;). Hos vissa hundar \u00e4r antalet l\u00e4ndryggskotor onormalt, ist\u00e4llet f\u00f6r de normala 7 ryggkotorna har dessa hundar 8 (L8) eller 6 (L6) l\u00e4ndryggskotor. L8, eller l\u00e4ndrygg, inneb\u00e4r att korsbenets 1:a kota har formen av en l\u00e4ndkota&nbsp;och L6 (sakralisering) inneb\u00e4r att den 7:e l\u00e4ndkotan \u00e4r i form av en sakral kota.&nbsp;Detta \u00e4r en form av LTV och kr\u00e4ver en sidor\u00f6ntgen av b\u00e5de br\u00f6stkorgen och l\u00e4ndryggen f\u00f6r att uppt\u00e4cka det. L\u00e4ndryggsbilden ska visa hela sakrumomr\u00e5det.<br \/><br \/>LTV finns hos flera hundraser, och \u00e5tminstone hos sch\u00e4fer finns forskningsdata om dess samband med ryggproblem. LTV uts\u00e4tter l\u00e4ndryggen-sakrala ledomr\u00e5det f\u00f6r tidig degeneration (utveckling till det s\u00e4mre), vars konsekvenser kan vara bakre ryggsm\u00e4rta och i v\u00e4rsta fall symtom p\u00e5 f\u00f6rlamning av bakbenen. Som behandling anv\u00e4nds vila och sm\u00e4rtstillande medel, och i de allvarligaste fallen kirurgisk behandling. S\u00e4llskapshundar som blir sjuka klarar sig ofta ganska bra, men prognosen f\u00f6r att \u00e5terg\u00e5 till att vara hobby- eller arbets\/jakthund \u00e4r os\u00e4ker.<br \/><br \/>I Finland r\u00f6ntgas l\u00e4ndryggen p\u00e5 bland annat breton (frivilligt). <br \/>R\u00f6ntgenbilderna tas enligt (finska) Kennelklubbens instruktioner och vid bed\u00f6mning av f\u00f6r\u00e4ndringar i<br \/>ryggen anv\u00e4nds av (finska) Kennelklubben fastst\u00e4llda bed\u00f6mningsskalor, se nedan.<br \/><br \/><strong>Lumbosakral \u00f6verg\u00e5ngskota (Lumbosacral Transitional Vertebra)<\/strong><br \/>Gradering Beskrivning<br \/><strong>LTV0<\/strong> Inga f\u00f6r\u00e4ndringar<br \/><strong>LTV1<\/strong> Korsbenets mittkam (S1\u2013S2) \u00e4r f\u00f6rdelad eller n\u00e5gon annan uppbyggnad som avviker lindrigt fr\u00e5n det normala (definition fr.o.m. 1.1.2015)<br \/><strong>LTV2<\/strong> Symmetrisk lumbosakral \u00f6verg\u00e5ngskota<br \/><strong>LTV3<\/strong> Osymmetrisk lumbosakral \u00f6verg\u00e5ngskota<br \/><strong>LTV4<\/strong> 6 eller 8 l\u00e4ndkotor<br \/><br \/>Se f<a href=\"https:\/\/almkullens.se\/?page_id=12035\">\u00f6rklaring av graderingarna med bilder<\/a> h\u00e4r<a href=\"https:\/\/almkullens.se\/?page_id=12035\">.<br \/><\/a><br \/>Finska kennelklubben skriver:<br \/><em>Det finns fortfarande lite information om f\u00f6rekomsten av LTV-f\u00f6r\u00e4ndringar i olika raser. Kennelklubbens avelsvetenskapliga kommitt\u00e9 rekommenderar att hundar med symtom utesluts fr\u00e5n avel. Alla asymptomatiska hundar kan anv\u00e4ndas, men hundar med LTV1\u2013LTV4-resultat rekommenderas att endast paras ihop med LTV0-hundar. Avkomlingarna till s\u00e5dana kombinationer rekommenderas att beskrivas f\u00f6r att f\u00e5 mer information om arv och betydelse av bel\u00e5ningsgradsf\u00f6r\u00e4ndringar.<\/em><\/p>\n\n\n\n<h2 class=\"wp-block-heading\"><strong>Finsk F\u00f6rklaring med bilder av LTV<\/strong><\/h2>\n\n\n\n<p class=\"wp-block-paragraph\"><strong>Grunderna f\u00f6r klassificering av \u00f6verg\u00e5ngskotor i l\u00e4ndryggen<\/strong> &#8211; i finland<br \/>Orginalet finns p\u00e5 Finska kennelklubbens sida, detta \u00e4r en \u00f6vers\u00e4ttning men ocks\u00e5 lite omgjort med f\u00f6rklaringar av vissa ord &#8211; av mig (och Google) som varken \u00e4r veterin\u00e4r, l\u00e4kare eller finskspr\u00e5kig&#8230; men det kanske \u00e4nd\u00e5 kan ge en vink om vad LTV \u00e4r?<br \/><br \/>L\u00e4ndryggens \u00f6verg\u00e5ngskotor (LTV &#8211; Lumbosacral Transitional Vertebra)<br \/>Lumbar=l\u00e4ndrygg=L1-L7<br \/>Transitional=\u00f6verg\u00e5ngs<br \/>Vertebra=kotor<br \/>Sacrum=korsben=S1-S3<br \/>En hund har normalt 7 l\u00e4ndkotor (L1-L7) och 3 sakralkotor (<em>vertebrae sacrales<\/em>, S1\u2013S3) som \u00e4r sammanv\u00e4xta till\u00a0korsbenet\u00a0(<em>sacrum<\/em>) som utg\u00f6r en del av\u00a0b\u00e4ckenet\u00a0(<em>pelvis<\/em>).  (figur 1A, B). <br \/>Tv\u00e4rgrenarna p\u00e5 korsbenets 1: a ryggkota formas till ledytor som artikulerar med b\u00e4ckenbenen (iliacbenen).<\/p>\n\n\n\n<figure class=\"wp-block-image size-full\"><img loading=\"lazy\" decoding=\"async\" width=\"698\" height=\"188\" src=\"https:\/\/almkullens.se\/wp-content\/uploads\/2023\/01\/Normal-rygg-med-namn-e1674977567809.png\" alt=\"\" class=\"wp-image-12036\" srcset=\"https:\/\/almkullens.se\/wp-content\/uploads\/2023\/01\/Normal-rygg-med-namn-e1674977567809.png 698w, https:\/\/almkullens.se\/wp-content\/uploads\/2023\/01\/Normal-rygg-med-namn-e1674977567809-300x81.png 300w\" sizes=\"auto, (max-width: 698px) 100vw, 698px\" \/><figcaption class=\"wp-element-caption\"><strong>Bild 1A:<\/strong> Sidobild p\u00e5 l\u00e4ndryggen. Normal l\u00e4ndrygg (L1-L7) och korsben (sacrum) (S1-S3) hos hunden. <\/figcaption><\/figure>\n\n\n\n<p class=\"wp-block-paragraph\"><\/p>\n\n\n\n<figure class=\"wp-block-image size-full\"><img loading=\"lazy\" decoding=\"async\" width=\"649\" height=\"462\" src=\"https:\/\/almkullens.se\/wp-content\/uploads\/2023\/01\/image.png\" alt=\"\" class=\"wp-image-12037\" srcset=\"https:\/\/almkullens.se\/wp-content\/uploads\/2023\/01\/image.png 649w, https:\/\/almkullens.se\/wp-content\/uploads\/2023\/01\/image-300x214.png 300w\" sizes=\"auto, (max-width: 649px) 100vw, 649px\" \/><figcaption class=\"wp-element-caption\"><strong>Figur 1B:<\/strong>\u00a0R\u00f6ntgen tagen med hunden liggande p\u00e5 rygg. Hundens normala sacrum, d\u00e4r sacrummets centrala \u00e5s framtr\u00e4der som en solid linje (pilar).<\/figcaption><\/figure>\n\n\n\n<p class=\"wp-block-paragraph\"><strong>LTV1<\/strong>, eller \u201ddelad central \u00e5s av sacrummet\u201d (figur 2A), \u00e4r den mildaste formen av LTV, d\u00e4r<br \/>ryggkotans mellersta \u00e5s har en depression mellan 1: a och 2: a sakrala ryggkotorna (figur 2 B). Ett LTV1-uttalande utf\u00e4rdas ocks\u00e5 om den 1:a delen av den centrala \u00e5sen \u00e4r otillr\u00e4ckligt utvecklad. Stomdelen av sacrummet \u00e4r alltid normalt f\u00f6rbenad.<\/p>\n\n\n\n<figure class=\"wp-block-image size-full\"><img loading=\"lazy\" decoding=\"async\" width=\"602\" height=\"538\" src=\"https:\/\/almkullens.se\/wp-content\/uploads\/2023\/01\/image-1.png\" alt=\"\" class=\"wp-image-12039\" srcset=\"https:\/\/almkullens.se\/wp-content\/uploads\/2023\/01\/image-1.png 602w, https:\/\/almkullens.se\/wp-content\/uploads\/2023\/01\/image-1-300x268.png 300w\" sizes=\"auto, (max-width: 602px) 100vw, 602px\" \/><figcaption class=\"wp-element-caption\"><strong>Figur 2A:<\/strong>\u00a0Depression i korsbenets centrala \u00e5s mellan 1:a och 2:a ryggkotan (LTV1) visas p\u00e5 r\u00f6ntgenstr\u00e5len som ett gap (svart pil). Ryggkotans centrala \u00e5s verkar separat (vit pil).<\/figcaption><\/figure>\n\n\n\n<figure class=\"wp-block-image size-full\"><img loading=\"lazy\" decoding=\"async\" width=\"349\" height=\"371\" src=\"https:\/\/almkullens.se\/wp-content\/uploads\/2023\/01\/image-2.png\" alt=\"\" class=\"wp-image-12040\" srcset=\"https:\/\/almkullens.se\/wp-content\/uploads\/2023\/01\/image-2.png 349w, https:\/\/almkullens.se\/wp-content\/uploads\/2023\/01\/image-2-282x300.png 282w\" sizes=\"auto, (max-width: 349px) 100vw, 349px\" \/><figcaption class=\"wp-element-caption\"><strong>Figur 2B:<\/strong><br \/>Datortomografibild av korsbenets mittlinje i l\u00e4ngdriktningen.<br \/>F\u00f6rdjupningen p\u00e5 den centrala \u00e5sen \u00e4r tydligt synlig (pil).<\/figcaption><\/figure>\n\n\n\n<p class=\"wp-block-paragraph\"><strong>LTV2<\/strong>\u00a0\u00e4r en symmetrisk form av den mellanliggande l\u00e4ndryggen-sakrala kotan, d\u00e4r f\u00f6r\u00e4ndringarna p\u00e5 v\u00e4nster och h\u00f6ger sida \u00e4r likartade. Kotan kan mer p\u00e5minna om en l\u00e4ndkota (fig. 3A) eller en sakral kota.<br \/>Kroppsdelen sacrum \u00e4r ofta onormalt f\u00f6rbenad och r\u00f6ntgen visar ett mellanrum mellan korsbenets 1:a och 2:a ryggradskropp (Figur 3B).<\/p>\n\n\n\n<figure class=\"wp-block-image size-full\"><img loading=\"lazy\" decoding=\"async\" width=\"676\" height=\"580\" src=\"https:\/\/almkullens.se\/wp-content\/uploads\/2023\/01\/image-3.png\" alt=\"\" class=\"wp-image-12041\" srcset=\"https:\/\/almkullens.se\/wp-content\/uploads\/2023\/01\/image-3.png 676w, https:\/\/almkullens.se\/wp-content\/uploads\/2023\/01\/image-3-300x257.png 300w\" sizes=\"auto, (max-width: 676px) 100vw, 676px\" \/><figcaption class=\"wp-element-caption\"><strong>Figur 3A:<\/strong>\u00a0Symmetrisk mellanliggande l\u00e4ndryggskota (LTV2). Den sista l\u00e4ndkotan (L7) \u00e4r kort, den ligger l\u00e4ngre bak \u00e4n normalt och de tv\u00e4rg\u00e5ende grenarna riktas mot sidorna (pilarna).<\/figcaption><\/figure>\n\n\n\n<figure class=\"wp-block-image size-full\"><img loading=\"lazy\" decoding=\"async\" width=\"662\" height=\"310\" src=\"https:\/\/almkullens.se\/wp-content\/uploads\/2023\/01\/image-4.png\" alt=\"\" class=\"wp-image-12042\" srcset=\"https:\/\/almkullens.se\/wp-content\/uploads\/2023\/01\/image-4.png 662w, https:\/\/almkullens.se\/wp-content\/uploads\/2023\/01\/image-4-300x140.png 300w\" sizes=\"auto, (max-width: 662px) 100vw, 662px\" \/><figcaption class=\"wp-element-caption\"><strong>Figur 3B:<\/strong>\u00a0Sidobild. Det finns ett mellanrum<br \/>(pil) mellan korsbenets 1:a och 2:a ryggradskropp (s1-s2).<\/figcaption><\/figure>\n\n\n\n<p class=\"wp-block-paragraph\"><strong>LTV3<\/strong>\u00a0\u00e4r en asymmetrisk form av den mellanliggande l\u00e4ndryggen-sakrala kotan, d\u00e4r h\u00f6ger och v\u00e4nster sida \u00e4r olika: ena sidan p\u00e5minner mest om l\u00e4ndryggen och den<br \/>andra som en sacralkota (Figur 4). Kroppsdelen sacrum \u00e4r ofta onormalt<br \/>f\u00f6rbenad och r\u00f6ntgen visar ett gap mellan korsbenets 1:a och 2:a ryggradskropp (Figur 3B).<\/p>\n\n\n\n<figure class=\"wp-block-image size-full\"><img loading=\"lazy\" decoding=\"async\" width=\"586\" height=\"508\" src=\"https:\/\/almkullens.se\/wp-content\/uploads\/2023\/01\/image-5.png\" alt=\"\" class=\"wp-image-12043\" srcset=\"https:\/\/almkullens.se\/wp-content\/uploads\/2023\/01\/image-5.png 586w, https:\/\/almkullens.se\/wp-content\/uploads\/2023\/01\/image-5-300x260.png 300w\" sizes=\"auto, (max-width: 586px) 100vw, 586px\" \/><figcaption class=\"wp-element-caption\"><strong>Figur 4:<\/strong>\u00a0Asymmetrisk mellanliggande l\u00e4ndryggskota (LTV3).<br \/>Den h\u00f6gra sidan av den sista l\u00e4ndkotan liknar en l\u00e4ndryggskota (vit pil), och v\u00e4nster sida<br \/>liknar en sakral ryggkota (svart pil).<\/figcaption><\/figure>\n\n\n\n<p class=\"wp-block-paragraph\"><strong>LTV4<\/strong>\u00a0\u00e4r den strukturellt allvarligaste formen av den mellanliggande l\u00e4ndryggen-sakrala kotan, d\u00e4r korsbenets 1: a ryggkota (S1) i sacrummet har formen av en l\u00e4ndkota (L8, l\u00e4ndrygg) (figur 5A), eller d\u00e4r den 7: e l\u00e4ndkotan (L7) har formen av en sakral ryggkota (L6, sakralisering) (Figur 5B).<\/p>\n\n\n\n<figure class=\"wp-block-image size-full\"><img loading=\"lazy\" decoding=\"async\" width=\"594\" height=\"281\" src=\"https:\/\/almkullens.se\/wp-content\/uploads\/2023\/01\/image-6.png\" alt=\"\" class=\"wp-image-12044\" srcset=\"https:\/\/almkullens.se\/wp-content\/uploads\/2023\/01\/image-6.png 594w, https:\/\/almkullens.se\/wp-content\/uploads\/2023\/01\/image-6-300x142.png 300w\" sizes=\"auto, (max-width: 594px) 100vw, 594px\" \/><figcaption class=\"wp-element-caption\"><strong>Figur 5A:<\/strong>\u00a0Mellanliggande l\u00e4ndryggskota (LTV4), d\u00e4r korsbenets 1:a kota (S1) har samma form som l\u00e4ndkotan (L8).<\/figcaption><\/figure>\n\n\n\n<figure class=\"wp-block-image size-full\"><img loading=\"lazy\" decoding=\"async\" width=\"514\" height=\"264\" src=\"https:\/\/almkullens.se\/wp-content\/uploads\/2023\/01\/image-7.png\" alt=\"\" class=\"wp-image-12045\" srcset=\"https:\/\/almkullens.se\/wp-content\/uploads\/2023\/01\/image-7.png 514w, https:\/\/almkullens.se\/wp-content\/uploads\/2023\/01\/image-7-300x154.png 300w\" sizes=\"auto, (max-width: 514px) 100vw, 514px\" \/><figcaption class=\"wp-element-caption\"><strong>Figur 5 B:<\/strong>\u00a0Mellanliggande l\u00e4ndryggskota (LTV4), d\u00e4r den sista l\u00e4ndkotan (L7) har formen av en sakral kota (L6).<\/figcaption><\/figure>\n\n\n\n<p class=\"wp-block-paragraph\">Dessutom finns det en grad LTV0 borderline case, som visas i behandlingsinformationssystemet som vanligt (LTV0). En gr\u00e4nslinje kan ges om den sista l\u00e4ndkotan (L7) \u00e4r klart kortare \u00e4n normalt och ligger l\u00e4ngre bak \u00e4n normalt.<br \/>Korsgrenarnas form och position \u00e4r emellertid normala eller n\u00e4stan normala.<\/p>\n\n\n\n<p class=\"wp-block-paragraph\"><strong>Betydelsen av den mellanliggande l\u00e4ndryggen-sakrala ryggkotan f\u00f6r en hund.<\/strong><\/p>\n\n\n\n<p class=\"wp-block-paragraph\"><strong>LTV1:<\/strong>&nbsp;Mot bakgrund av aktuell kunskap orsakar denna f\u00f6r\u00e4ndring inte symtom hos hunden.<br \/><strong>LTV2\u2212LTV4:<\/strong>&nbsp;F\u00f6r\u00e4ndringarna kan predisponera f\u00f6r l\u00e4ndryggs-sakrala degenerativa sjukdomar som kan orsaka symtom (s\u00e5 kallat cauda equina syndrom). Det finns rasspecifika skillnader och hundens arbete\/hobbyanv\u00e4ndning kan ocks\u00e5 p\u00e5verka. Ofta<br \/>\u00e4r hundar helt asymptomatiska. LTV3 kan vara associerad med medf\u00f6tt snett b\u00e4cken och ensidig h\u00f6ftledstillv\u00e4xtst\u00f6rning.<\/p>\n","protected":false},"excerpt":{"rendered":"<p>Varf\u00f6r skriver jag om LTV d\u00e5? Jo det finns dom som tror att det \u00e4r v\u00e4ldigt vanligt med \u00f6verg\u00e5ngskotor hos v\u00e5r ras Breton, hur vanligt det \u00e4r det vet vi inte, men vi vet att SKK meddelar \u00e4garen n\u00e4r de kan se LTV som bifynd till vanlig HD-r\u00f6ntgen, men det registreras dock inte i Sverige, [&hellip;]<\/p>\n","protected":false},"author":1,"featured_media":0,"parent":0,"menu_order":0,"comment_status":"closed","ping_status":"closed","template":"","meta":{"_crdt_document":"","advgb_blocks_editor_width":"default","advgb_blocks_columns_visual_guide":"","footnotes":""},"class_list":["post-12021","page","type-page","status-publish","hentry","entry"],"coauthors":[],"author_meta":{"author_link":"https:\/\/almkullens.se\/?author=1","display_name":"Peter &amp; Johanna"},"relative_dates":{"created":"Publicerad 3 \u00e5r sedan","modified":"Uppdaterad 2 \u00e5r sedan"},"absolute_dates":{"created":"Publicerat den 11 februari, 2023","modified":"Uppdaterad den 4 november, 2023"},"absolute_dates_time":{"created":"Publicerat den 11 februari, 2023 17:00","modified":"Uppdaterad den 4 november, 2023 09:03"},"featured_img_caption":"","featured_img":false,"series_order":"","jetpack_sharing_enabled":true,"_links":{"self":[{"href":"https:\/\/almkullens.se\/index.php?rest_route=\/wp\/v2\/pages\/12021","targetHints":{"allow":["GET"]}}],"collection":[{"href":"https:\/\/almkullens.se\/index.php?rest_route=\/wp\/v2\/pages"}],"about":[{"href":"https:\/\/almkullens.se\/index.php?rest_route=\/wp\/v2\/types\/page"}],"author":[{"embeddable":true,"href":"https:\/\/almkullens.se\/index.php?rest_route=\/wp\/v2\/users\/1"}],"replies":[{"embeddable":true,"href":"https:\/\/almkullens.se\/index.php?rest_route=%2Fwp%2Fv2%2Fcomments&post=12021"}],"version-history":[{"count":16,"href":"https:\/\/almkullens.se\/index.php?rest_route=\/wp\/v2\/pages\/12021\/revisions"}],"predecessor-version":[{"id":12448,"href":"https:\/\/almkullens.se\/index.php?rest_route=\/wp\/v2\/pages\/12021\/revisions\/12448"}],"wp:attachment":[{"href":"https:\/\/almkullens.se\/index.php?rest_route=%2Fwp%2Fv2%2Fmedia&parent=12021"}],"curies":[{"name":"wp","href":"https:\/\/api.w.org\/{rel}","templated":true}]}}