{"id":11688,"date":"2022-08-03T11:31:41","date_gmt":"2022-08-03T09:31:41","guid":{"rendered":"https:\/\/almkullens.se\/?page_id=11688"},"modified":"2024-07-09T07:27:05","modified_gmt":"2024-07-09T05:27:05","slug":"farger-pa-breton-2","status":"publish","type":"page","link":"https:\/\/almkullens.se\/?page_id=11688","title":{"rendered":"F\u00e4rger p\u00e5 breton"},"content":{"rendered":"\n<table class=\"wp-block-advgb-table advgb-table-frontend is-style-default\" style=\"table-layout:fixed\"><tbody><tr><td style=\"background-color:#ffffff;text-align:left\" colspan=\"2\">Bretonen finns i 5 godk\u00e4nda f\u00e4rgvarianter och tv\u00e5 ej standardenliga.<br \/>De finns b\u00e5de som skimmel och som helt vit i de vita partierna, och det \u00e4r \u00f6nskv\u00e4rt att ungef\u00e4r 50% \u00e4r vitt och ca&nbsp;50% \u00e4r f\u00e4rgat, enf\u00e4rgade bretoner \u00e4r inte godk\u00e4nt.<br \/>H\u00e4r st\u00e5r det en hel del att l\u00e4sa om Bretonens f\u00e4rger:<br \/><a href=\"http:\/\/www.laboklin.co.uk\/BrittanyCoatColours.pdf\">Coat Colours in Brittany<\/a><\/td><\/tr><tr><td style=\"background-color:#ffffff;text-align:center;border-top-color:#000\" colspan=\"2\"><strong>Vit &amp; Orange<\/strong><\/td><\/tr><tr><td style=\"background-color:#ffffff\">F\u00e4rgbeteckningen p\u00e5 SKK \u00e4r<br \/>VO = Vit&nbsp;&amp; Orange<br \/>Genupps\u00e4ttning: \u2013\/ee\/\u2013<br \/>H\u00e4r kallar vi den orange. Om man parar 2 st orangef\u00e4rgade&nbsp;bretoner s\u00e5 blir ALLA avkommorna orange, det beror p\u00e5 att en orange hund har allelerna&nbsp;ee som ger en orange f\u00e4rg p\u00e5 alla pigmenterade omr\u00e5den, de&nbsp;<em>kan<\/em>&nbsp;inte producera svart f\u00e4rg.&nbsp;<br \/>Andra gener (de flesta) kommer inte att ha n\u00e5gon effekt p\u00e5 p\u00e4lsf\u00e4rgen&nbsp;utan de kommer att bli dolda.<\/td><td style=\"background-color:#ffffff\"><img loading=\"lazy\" decoding=\"async\" width=\"700\" height=\"525\" class=\"wp-image-6999\" style=\"width: 700px;\" src=\"https:\/\/almkullens.se\/wp-content\/uploads\/2016\/06\/784.jpg\" alt=\"\" srcset=\"https:\/\/almkullens.se\/wp-content\/uploads\/2016\/06\/784.jpg 1800w, https:\/\/almkullens.se\/wp-content\/uploads\/2016\/06\/784-300x225.jpg 300w, https:\/\/almkullens.se\/wp-content\/uploads\/2016\/06\/784-768x576.jpg 768w, https:\/\/almkullens.se\/wp-content\/uploads\/2016\/06\/784-1024x768.jpg 1024w\" sizes=\"auto, (max-width: 700px) 100vw, 700px\" \/><\/td><\/tr><tr><td style=\"background-color:#ffffff;text-align:center;border-top-color:#000\" colspan=\"2\"><strong>Vit &amp; Svart<\/strong><\/td><\/tr><tr><td style=\"background-color:#ffffff\">F\u00e4rgbeteckningen p\u00e5 SKK \u00e4r<br \/>VS = Vit&nbsp;&amp;&nbsp;Svart<br \/>Genupps\u00e4ttning: B-\/E-\/K<sup>B<\/sup>\u2013<br \/>Bretonen f\u00e5r sin svarta f\u00e4rg fr\u00e5n B \u2013 bruna serien. Ett stort B \u00e4r dominant och ger svart f\u00e4rg b\u00e5de i enkel och dubbel upps\u00e4ttning. En svart hund har ocks\u00e5 minst ett stort E (annars hade f\u00e4rgen blivit orange) och minst ett K<sup>B<\/sup>.<br \/>K<sup>B<\/sup>&nbsp;\u201dst\u00e4nger av\u201d A serien s\u00e5 att inte tricolor eller sobelgenen blir synlig.<\/td><td style=\"background-color:#ffffff\"><img loading=\"lazy\" decoding=\"async\" width=\"700\" height=\"525\" class=\"wp-image-3745\" style=\"width: 700px;\" src=\"https:\/\/almkullens.se\/wp-content\/uploads\/2014\/07\/395.jpg\" alt=\"\" srcset=\"https:\/\/almkullens.se\/wp-content\/uploads\/2014\/07\/395.jpg 1024w, https:\/\/almkullens.se\/wp-content\/uploads\/2014\/07\/395-300x225.jpg 300w\" sizes=\"auto, (max-width: 700px) 100vw, 700px\" \/><\/td><\/tr><tr><td style=\"background-color:#ffffff;text-align:center;border-top-color:#000\" colspan=\"2\"><strong>Vit &amp; Leverbrun<\/strong><\/td><\/tr><tr><td style=\"background-color:#ffffff\">F\u00e4rgbeteckningen p\u00e5 SKK \u00e4r<br \/>VL = Vit &amp; Leverbrun<br \/>Genupps\u00e4ttning: bb\/E-\/K<sup>B<\/sup>\u2013<br \/>Om man parar 2 st leverbruna bretoner&nbsp;med varandra s\u00e5&nbsp;kan valparnas f\u00e4rger endast bli&nbsp;<br \/>Vit &amp; Leverbrun<br \/>Vit&nbsp;&amp; Orange<br \/>Vit, Leverbrun &amp; Orange (tricolor) och den ej \u00f6nskv\u00e4rda f\u00e4rgen Sobel.<br \/>En Leverbrun hund har ett litet&nbsp;b i dubbel upps\u00e4ttning&nbsp;<em>bb&nbsp;<\/em>den har ocks\u00e5 minst ett stort E (annars hade han varit orange) och minst ett K<sup>B<\/sup>&nbsp;som har \u201dst\u00e4ngt\u201d av A \u2013 serien.<\/td><td style=\"background-color:#ffffff\"><img loading=\"lazy\" decoding=\"async\" width=\"700\" height=\"525\" class=\"wp-image-8941\" style=\"width: 700px;\" src=\"https:\/\/almkullens.se\/wp-content\/uploads\/2018\/12\/382.jpg\" alt=\"\" srcset=\"https:\/\/almkullens.se\/wp-content\/uploads\/2018\/12\/382.jpg 1800w, https:\/\/almkullens.se\/wp-content\/uploads\/2018\/12\/382-300x225.jpg 300w, https:\/\/almkullens.se\/wp-content\/uploads\/2018\/12\/382-768x576.jpg 768w, https:\/\/almkullens.se\/wp-content\/uploads\/2018\/12\/382-1024x768.jpg 1024w\" sizes=\"auto, (max-width: 700px) 100vw, 700px\" \/><\/td><\/tr><tr><td style=\"background-color:#ffffff;border-top-color:#000;text-align:center\" colspan=\"2\"><strong>Vit, Svart &amp; Orange<\/strong><\/td><\/tr><tr><td style=\"background-color:#ffffff\">F\u00e4rgbeteckningen p\u00e5 SKK \u00e4r<br \/>VSO = Vit, Svart &amp; Orange (svart tricolor)<br \/>Genupps\u00e4ttning: a<sup>t<\/sup>a<sup>t<\/sup>\/B-\/E-\/k<sup>y<\/sup>k<sup>y<\/sup><br \/>Tricolorer \u00e4r alltid helt fria fr\u00e5n sobelgenen! S\u00e5 parar man 2 tricolorer med varandra, d\u00e4r minst 1 \u00e4r en svart tricolor s\u00e5 f\u00e5r man n\u00e5gon av f\u00e4rgvarianterna VSO, VLO och\/eller VO<br \/>Gucci p\u00e5 bilden h\u00e4r har i A-serien&nbsp;<em>a<sup>t<\/sup>a<sup>t&nbsp;<\/sup><\/em>som ger tantecken, B som ger svart f\u00e4rg, E som m\u00f6jligg\u00f6r produktionen av svart\/brunt pigment och&nbsp;<em>k<sup>y<\/sup>k<sup>y<\/sup><\/em>&nbsp;som g\u00f6r att &nbsp;A-serien&nbsp;syns.<\/td><td style=\"background-color:#ffffff\"><img loading=\"lazy\" decoding=\"async\" width=\"700\" height=\"525\" class=\"wp-image-7296\" style=\"width: 700px;\" src=\"https:\/\/almkullens.se\/wp-content\/uploads\/2016\/09\/923.jpg\" alt=\"\" srcset=\"https:\/\/almkullens.se\/wp-content\/uploads\/2016\/09\/923.jpg 1800w, https:\/\/almkullens.se\/wp-content\/uploads\/2016\/09\/923-300x225.jpg 300w, https:\/\/almkullens.se\/wp-content\/uploads\/2016\/09\/923-768x576.jpg 768w, https:\/\/almkullens.se\/wp-content\/uploads\/2016\/09\/923-1024x768.jpg 1024w\" sizes=\"auto, (max-width: 700px) 100vw, 700px\" \/><\/td><\/tr><tr><td style=\"background-color:#ffffff;text-align:center;border-top-color:#000\" colspan=\"2\"><strong>Vit, Leverbrun &amp; Orange<\/strong><\/td><\/tr><tr><td style=\"background-color:#ffffff\">F\u00e4rgbeteckningen p\u00e5 SKK \u00e4r<br \/>VLO = Vit, Leverbrun &amp; Orange<br \/>(brun tricolor)<br \/>Genupps\u00e4ttning: a<sup>t<\/sup>a<sup>t<\/sup>\/bb\/E-\/k<sup>y<\/sup>k<sup>y<\/sup><br \/>Om man parar 2 bruna tricolorer med varandra s\u00e5 kan det bara bli 2 olika f\u00e4rgvarianter, VLO och VO.<br \/>Miksi &nbsp;p\u00e5 bilden har<em>&nbsp;a<sup>t<\/sup>a<sup>t&nbsp;<\/sup><\/em>som ger tantecken, bb&nbsp;som ger brun&nbsp;f\u00e4rg, E som m\u00f6jligg\u00f6r produktionen av svart\/brunt pigment och&nbsp;<em>k<sup>y<\/sup>k<sup>y<\/sup><\/em>&nbsp;som g\u00f6r att &nbsp;A-serien&nbsp;syns.<\/td><td style=\"background-color:#ffffff\"><img loading=\"lazy\" decoding=\"async\" width=\"700\" height=\"525\" class=\"wp-image-7768\" style=\"width: 700px;\" src=\"https:\/\/almkullens.se\/wp-content\/uploads\/2017\/01\/013.jpg\" alt=\"\" srcset=\"https:\/\/almkullens.se\/wp-content\/uploads\/2017\/01\/013.jpg 1800w, https:\/\/almkullens.se\/wp-content\/uploads\/2017\/01\/013-300x225.jpg 300w, https:\/\/almkullens.se\/wp-content\/uploads\/2017\/01\/013-768x576.jpg 768w, https:\/\/almkullens.se\/wp-content\/uploads\/2017\/01\/013-1024x768.jpg 1024w\" sizes=\"auto, (max-width: 700px) 100vw, 700px\" \/><\/td><\/tr><tr><td style=\"background-color:#ffffff;text-align:center;border-top-color:#000\" colspan=\"2\"><strong>Sobel<\/strong><\/td><\/tr><tr><td style=\"background-color:#ffffff\">F\u00e4rgbeteckningen p\u00e5 SKK&nbsp;blir<br \/>X = ej standardenlig f\u00e4rg<br \/>Genupps\u00e4ttning: A<sup>y<\/sup>-\/\u2013\/E-\/k<sup>y<\/sup>k<sup>y<\/sup><br \/>Sobelf\u00e4rgen \u00e4r en ej \u00f6nskv\u00e4rd f\u00e4rg p\u00e5 rasen Breton.<br \/>I hemlandet Frankrike \u00e4r f\u00e4rgen ej godk\u00e4nd och de hundarna som har sobelf\u00e4rg f\u00e5r inte registreras.<br \/>Sobelgenen A<sup>y<\/sup>&nbsp;\u00e4r dominant och det r\u00e4cker med en A<sup>y<\/sup>-allel f\u00f6r att hunden skall&nbsp;kunna visa sobelf\u00e4rgen, det \u00e4r inte ovanligt att den nyf\u00f6dda valpen f\u00f6rst ser ut som en brun tricolor, det beror med stor sannolikhet p\u00e5 att valpen har en A<sup>y<\/sup>-allel och en a<sup>t<\/sup>-allel (<em>A<sup>y<\/sup>a<sup>t<\/sup><\/em>)<br \/>Sobel&nbsp;<em>A<sup>y<\/sup><\/em>&nbsp;och tricolorgenen&nbsp;<em>a<sup>t<\/sup><\/em>&nbsp;sitter p\u00e5 samma locus&nbsp;i A-serien (agoutiserien).<br \/>Det g\u00f6r att en hund som \u00e4r tricolor =&nbsp;<em>a<sup>t<\/sup>a<sup>t<\/sup><\/em>&nbsp;inte kan vara b\u00e4rare av A<sup>y<\/sup>&nbsp;allelen!<br \/>En vuxen hund som \u00e4r sobel kan ibland se ut som en orange hund! (OBS att en orange hund aldrig kan ha ens ett h\u00e5rstr\u00e5 som \u00e4r svart\u2026)<br \/><a href=\"https:\/\/almkullens.se\/?page_id=10486\">L\u00e4s mer om sobel h\u00e4r<\/a><\/td><td style=\"background-color:#ffffff\"><img loading=\"lazy\" decoding=\"async\" width=\"700\" height=\"563\" class=\"wp-image-10496\" style=\"width: 700px;\" src=\"https:\/\/almkullens.se\/wp-content\/uploads\/2021\/02\/Eirams-Sune-Stubb-3.jpg\" alt=\"\" srcset=\"https:\/\/almkullens.se\/wp-content\/uploads\/2021\/02\/Eirams-Sune-Stubb-3.jpg 455w, https:\/\/almkullens.se\/wp-content\/uploads\/2021\/02\/Eirams-Sune-Stubb-3-300x241.jpg 300w\" sizes=\"auto, (max-width: 700px) 100vw, 700px\" \/><\/td><\/tr><tr><td style=\"background-color:#ffffff;text-align:center;border-top-color:#000\" colspan=\"2\"><strong>Dilute<\/strong><\/td><\/tr><tr><td style=\"background-color:#ffffff\">F\u00e4rgbeteckningen p\u00e5 SKK\u00a0blir<br \/>X = ej standardenlig f\u00e4rg<br \/>Genupps\u00e4ttning: \u2013\/\u2013\/\u2013\/dd<br \/><strong>\u200e<\/strong>D\u200e\u200e = Ej utsp\u00e4dd, \u200enormalf\u00e4rgat pigment<br \/>dd = dilution<br \/>dilute finns i 3 olika varianter:<br \/>d<sup>1<\/sup>\u200e = dilute (variant 1, vanlig), \u200e<br \/>d<sup>2<\/sup>\u200e = dilute (variant 2), \u200e<br \/>d<sup>3<\/sup>\u200e = dilute (variant 3, s\u00e4llsynt)\u200e<br \/>alla kombinationer med dubbel upps\u00e4ttning av d ger dilute. Det sp\u00e4der ut svart och leverbrunt (eumelaninet) i p\u00e4lsen, men i regel s\u00e5 har den ingen synlig effekt p\u00e5 gul\/r\u00f6tt pigment (pheomelanin).<br \/>S\u00e5 alla f\u00e4rger som breton kan ha <em>kan<\/em> p\u00e5verkas av dd generna svart, brun, tricolorer och sobel, men det allts\u00e5 s\u00e4llsynt att orange f\u00e4rg p\u00e5verkas.<br \/>Svart pigment bleks ner till bl\u00e5tt och lever blir sandf\u00e4rgat. <br \/>\u00d6gon- och nosf\u00e4rg \u201dmatchar\u201d i regel p\u00e4lsf\u00e4rgen, det bleks allts\u00e5 ocks\u00e5 ner, effekten av dilution (dd) \u00e4r synlig redan vid f\u00f6delsen.<br \/>F\u00e4rgen Dilute \u00e4r p\u00e5 breton f\u00f6rknippad med sjukdomen CDA = Color dilution alopecia, CDA\u00a0\u00e4r en genetisk sjukdom som kan uppst\u00e5 p\u00e5 grund av dilution av f\u00e4rgen, och ge bland annat h\u00e5ravfall och\/eller infektioner i huden.<br \/>Hunden p\u00e5 bilden \u00e4r i grunden svart men som har dilute = den har blekts till bl\u00e5, och den har dessutom sjukdomen CDA.<br \/><a href=\"https:\/\/almkullens.se\/?page_id=10575\">L\u00e4s mer om dilute h\u00e4r<\/a><\/td><td style=\"background-color:#ffffff\"><img loading=\"lazy\" decoding=\"async\" width=\"700\" height=\"525\" class=\"wp-image-10731\" style=\"width: 700px;\" src=\"https:\/\/almkullens.se\/wp-content\/uploads\/2021\/08\/dd-Rondo-Clint-1.jpg\" alt=\"\" srcset=\"https:\/\/almkullens.se\/wp-content\/uploads\/2021\/08\/dd-Rondo-Clint-1.jpg 2048w, https:\/\/almkullens.se\/wp-content\/uploads\/2021\/08\/dd-Rondo-Clint-1-300x225.jpg 300w, https:\/\/almkullens.se\/wp-content\/uploads\/2021\/08\/dd-Rondo-Clint-1-1024x768.jpg 1024w, https:\/\/almkullens.se\/wp-content\/uploads\/2021\/08\/dd-Rondo-Clint-1-768x576.jpg 768w, https:\/\/almkullens.se\/wp-content\/uploads\/2021\/08\/dd-Rondo-Clint-1-1536x1152.jpg 1536w\" sizes=\"auto, (max-width: 700px) 100vw, 700px\" \/><\/td><\/tr><tr><td style=\"background-color:#ffffff;text-align:center;border-top-color:#000\" colspan=\"2\"><strong>S-spottinggenen<\/strong><\/td><\/tr><tr><td style=\"background-color:#ffffff;text-align:left\" rowspan=\"3\">S-LOCUS<br \/>S = inget vitt<br \/>s<sup>p<\/sup> = piebald<br \/>S\/S = solid, men minimalt vitt p\u00e5 br\u00f6st, tass, svanstipp kan f\u00f6rekomma<br \/>S\/s<sup>p<\/sup> = solid, men vita tecken av mindre omfattning f\u00f6rekommer.<br \/>s<sup>p<\/sup>s<sup>p<\/sup> = piebald\/parti<br \/><br \/>Ofullst\u00e4ndig dominans g\u00f6r variationerna mycket stora vad betr\u00e4ffar de pigmenterade fl\u00e4ckarnas placering och storlek.<br \/>I S-serien regleras m\u00e4ngden vitt, allts\u00e5 hur stora de vita f\u00e4lten \u00e4r, resten blir ju d\u00e5 f\u00e4rgat! <br \/>Det finns ocks\u00e5 indikationer p\u00e5 att de allelerna som ger vitt har st\u00f6rre inverkan p\u00e5 de orange hundarna \u00e4n p\u00e5 de svarta!<br \/><br \/>Alla bretoner har f\u00f6rmodligen s<sup>p<\/sup>s<sup>p<\/sup> <br \/><br \/><br \/>Bilderna till h\u00f6ger visar orange hundar, h\u00f6gst upp en hund med ett stort omr\u00e5de av f\u00e4rg.<br \/>Hund nr 2 visar lagom mycket av oregelbundna f\u00e4lt av f\u00e4rg<br \/>Hunden l\u00e4ngst ner har bara omr\u00e5den av orange p\u00e5 huvudet.<br \/>(OBS. alla 3 \u00e4r fullt godk\u00e4nda p\u00e5 utst\u00e4llningar)<\/td><td style=\"background-color:#ffffff\"><img loading=\"lazy\" decoding=\"async\" width=\"700\" height=\"467\" class=\"wp-image-5965\" style=\"width: 700px;\" src=\"https:\/\/almkullens.se\/wp-content\/uploads\/2015\/08\/333.jpg\" alt=\"\" srcset=\"https:\/\/almkullens.se\/wp-content\/uploads\/2015\/08\/333.jpg 1800w, https:\/\/almkullens.se\/wp-content\/uploads\/2015\/08\/333-300x200.jpg 300w, https:\/\/almkullens.se\/wp-content\/uploads\/2015\/08\/333-1024x683.jpg 1024w\" sizes=\"auto, (max-width: 700px) 100vw, 700px\" \/><\/td><\/tr><tr><td style=\"background-color:#ffffff\"><img loading=\"lazy\" decoding=\"async\" width=\"700\" height=\"525\" class=\"wp-image-9093\" style=\"width: 700px;\" src=\"https:\/\/almkullens.se\/wp-content\/uploads\/2019\/01\/249.jpg\" alt=\"Almkullens Gimli\" srcset=\"https:\/\/almkullens.se\/wp-content\/uploads\/2019\/01\/249.jpg 1800w, https:\/\/almkullens.se\/wp-content\/uploads\/2019\/01\/249-300x225.jpg 300w, https:\/\/almkullens.se\/wp-content\/uploads\/2019\/01\/249-768x576.jpg 768w, https:\/\/almkullens.se\/wp-content\/uploads\/2019\/01\/249-1024x768.jpg 1024w, https:\/\/almkullens.se\/wp-content\/uploads\/2019\/01\/249-1568x1176.jpg 1568w\" sizes=\"auto, (max-width: 700px) 100vw, 700px\" \/><\/td><\/tr><tr><td style=\"background-color:#ffffff\"><img loading=\"lazy\" decoding=\"async\" width=\"700\" height=\"467\" class=\"wp-image-5912\" style=\"width: 700px;\" src=\"https:\/\/almkullens.se\/wp-content\/uploads\/2015\/08\/3Q1A1936.jpg\" alt=\"\" srcset=\"https:\/\/almkullens.se\/wp-content\/uploads\/2015\/08\/3Q1A1936.jpg 1800w, https:\/\/almkullens.se\/wp-content\/uploads\/2015\/08\/3Q1A1936-300x200.jpg 300w, https:\/\/almkullens.se\/wp-content\/uploads\/2015\/08\/3Q1A1936-1024x683.jpg 1024w\" sizes=\"auto, (max-width: 700px) 100vw, 700px\" \/><\/td><\/tr><tr><td style=\"background-color:#ffffff;text-align:center;border-top-color:#000\" colspan=\"2\"><strong>T \u2013 tickningserien<\/strong> (skimmel)<\/td><\/tr><tr><td style=\"background-color:#ffffff\" rowspan=\"2\">T-LOCUS<br \/>T<sup>r<\/sup>= ticking (Roan)<br \/>t = ej ticking<br \/><br \/>F\u00f6r att tickning skall synas s\u00e5 fordras det att S \u2013 genen har gjort s\u00e5 att hunden\u00a0har vita\u00a0omr\u00e5den i p\u00e4lsen, tickningen har den f\u00e4rg som p\u00e4lsen skulle ha haft d\u00e4r om inte pigmentbildningen hade hindrats av S.\u00a0<br \/><em>T<\/em>\u00a0\u00e4r den dominana\u00a0allelen och ger sm\u00e5 f\u00e4rgade prickar eller fl\u00e4ckar i de vita\u00a0omr\u00e5dena p\u00e5 hunden, detta kallas tickning. Vid f\u00f6dseln syns inte tickning. Modifierade gener p\u00e5verkar m\u00e4ngden prickar och deras intensitet.\u00a0<br \/>T<sup>r<\/sup>T<sup>r<\/sup> = ger v\u00e4ldigt m\u00e5nga sm\u00e5 f\u00e4rgfl\u00e4ckar i de vita omr\u00e5dena, ibland kan hunden t.o.m. se enf\u00e4rgad ut.<br \/>T<sup>r<\/sup>t = ger f\u00e4rre sm\u00e5 f\u00e4rgfl\u00e4ckar.<br \/>Se skimmelteckningen p\u00e5 den svarta hunden t.h.<br \/><br \/>tt = Clear White, t \u00e4r recessiv och g\u00f6r i dubbel upps\u00e4ttning att\u00a0f\u00e4rgen blir helt vit (i de redan vita omr\u00e5dena).<br \/>Glittra p\u00e5 bilden har allts\u00e5\u00a0<em>tt<\/em>\u00a0och skulle hon f\u00e5 valpar med en hane som ocks\u00e5 har\u00a0<em>tt<\/em>\u00a0s\u00e5 blir alla valparna helt vita i de vita omr\u00e5dena.<\/td><td style=\"background-color:#ffffff\"><img loading=\"lazy\" decoding=\"async\" width=\"700\" height=\"525\" class=\"wp-image-11460\" style=\"width: 700px;\" src=\"https:\/\/almkullens.se\/wp-content\/uploads\/2022\/06\/076.jpg\" alt=\"\" srcset=\"https:\/\/almkullens.se\/wp-content\/uploads\/2022\/06\/076.jpg 1600w, https:\/\/almkullens.se\/wp-content\/uploads\/2022\/06\/076-300x225.jpg 300w, https:\/\/almkullens.se\/wp-content\/uploads\/2022\/06\/076-1024x768.jpg 1024w, https:\/\/almkullens.se\/wp-content\/uploads\/2022\/06\/076-768x576.jpg 768w, https:\/\/almkullens.se\/wp-content\/uploads\/2022\/06\/076-1536x1152.jpg 1536w\" sizes=\"auto, (max-width: 700px) 100vw, 700px\" \/><\/td><\/tr><tr><td style=\"background-color:#ffffff\"><img loading=\"lazy\" decoding=\"async\" width=\"700\" height=\"467\" class=\"wp-image-7482\" style=\"width: 700px;\" src=\"https:\/\/almkullens.se\/wp-content\/uploads\/2016\/02\/663.jpg\" alt=\"\" srcset=\"https:\/\/almkullens.se\/wp-content\/uploads\/2016\/02\/663.jpg 1800w, https:\/\/almkullens.se\/wp-content\/uploads\/2016\/02\/663-300x200.jpg 300w, https:\/\/almkullens.se\/wp-content\/uploads\/2016\/02\/663-768x512.jpg 768w, https:\/\/almkullens.se\/wp-content\/uploads\/2016\/02\/663-1024x683.jpg 1024w\" sizes=\"auto, (max-width: 700px) 100vw, 700px\" \/><\/td><\/tr><tr><td style=\"background-color:#ffffff;text-align:center;border-top-color:#000\" colspan=\"2\"><strong>Hur ser man<\/strong> <strong>T \u2013 tickning p\u00e5 valpar?<\/strong><\/td><\/tr><tr><td style=\"background-color:#ffffff\" rowspan=\"3\">Tickning\/skimmeln syns inte p\u00e5 de nyf\u00f6dda valparna, men man kan se om en valp blir skimmel\u00a0eller klartecknad p\u00e5 hur pigmentet p\u00e5 nos och tassar kommer n\u00e4r de \u00e4r nyf\u00f6dda.\u00a0<br \/>Om pigmentet kommer slumpm\u00e4ssigt, d\u00e5 \u00e4r valpen klartecknad. Se bilderna p\u00e5 Frasse och Glittra. Det kan ta tid innan nostryffeln p\u00e5 en klartecknad valp \u00e4r fullt pigmenterad, det kan ibland bli kvar ett litet opigmenterat omr\u00e5de, \u00e4r ett st\u00f6rre omr\u00e5de opigmenterat s\u00e5 \u00e4r det ett dikvalifiserande fel p\u00e5 utst\u00e4llning.<br \/>Om pigmentet d\u00e4remot kommer som en m\u00f6rk ring runt trampdynorna och runt nostryffeln och successivt fyller igen mot mitten, s\u00e5 \u00e4r valpen\u00a0skimmel.<br \/><br \/>Bretonens skimmelteckning kommer fr\u00e5n T-serien T<sup>r<\/sup>-Roan. <br \/>Kartl\u00e4ggningen om hundens f\u00e4rger \u00e4r inte p\u00e5 n\u00e5got vis klar\u2026det betyder att ibland\u00a0kommer det nya vetenskapliga r\u00f6n och det man en g\u00e5ng l\u00e4rt sig st\u00e4mmer inte l\u00e4ngre.<\/td><td style=\"background-color:#ffffff\"><img loading=\"lazy\" decoding=\"async\" width=\"700\" height=\"467\" class=\"wp-image-7820\" style=\"width: 700px;\" src=\"https:\/\/almkullens.se\/wp-content\/uploads\/2017\/01\/032.jpg\" alt=\"\" srcset=\"https:\/\/almkullens.se\/wp-content\/uploads\/2017\/01\/032.jpg 1800w, https:\/\/almkullens.se\/wp-content\/uploads\/2017\/01\/032-300x200.jpg 300w, https:\/\/almkullens.se\/wp-content\/uploads\/2017\/01\/032-768x512.jpg 768w, https:\/\/almkullens.se\/wp-content\/uploads\/2017\/01\/032-1024x683.jpg 1024w\" sizes=\"auto, (max-width: 700px) 100vw, 700px\" \/><\/td><\/tr><tr><td style=\"background-color:#ffffff\"><img loading=\"lazy\" decoding=\"async\" width=\"700\" height=\"467\" class=\"wp-image-6626\" style=\"width: 700px;\" src=\"https:\/\/almkullens.se\/wp-content\/uploads\/2016\/02\/077.jpg\" alt=\"\" srcset=\"https:\/\/almkullens.se\/wp-content\/uploads\/2016\/02\/077.jpg 1800w, https:\/\/almkullens.se\/wp-content\/uploads\/2016\/02\/077-300x200.jpg 300w, https:\/\/almkullens.se\/wp-content\/uploads\/2016\/02\/077-768x512.jpg 768w, https:\/\/almkullens.se\/wp-content\/uploads\/2016\/02\/077-1024x683.jpg 1024w\" sizes=\"auto, (max-width: 700px) 100vw, 700px\" \/><\/td><\/tr><tr><td style=\"background-color:#ffffff\"><img loading=\"lazy\" decoding=\"async\" width=\"700\" height=\"525\" class=\"wp-image-7821\" style=\"width: 700px;\" src=\"https:\/\/almkullens.se\/wp-content\/uploads\/2017\/01\/Elvas-valpar-001-2.jpg\" alt=\"\" srcset=\"https:\/\/almkullens.se\/wp-content\/uploads\/2017\/01\/Elvas-valpar-001-2.jpg 1800w, https:\/\/almkullens.se\/wp-content\/uploads\/2017\/01\/Elvas-valpar-001-2-300x225.jpg 300w, https:\/\/almkullens.se\/wp-content\/uploads\/2017\/01\/Elvas-valpar-001-2-768x576.jpg 768w, https:\/\/almkullens.se\/wp-content\/uploads\/2017\/01\/Elvas-valpar-001-2-1024x768.jpg 1024w\" sizes=\"auto, (max-width: 700px) 100vw, 700px\" \/><\/td><\/tr><tr><td style=\"background-color:#ffffff;text-align:center;border-top-color:#000\" colspan=\"2\"><strong>Intensiteten i p\u00e4lsf\u00e4rgen<\/strong><\/td><\/tr><tr><td style=\"background-color:#ffffff;text-align:left\">I-locus<br \/>I intense = djupt r\u00f6d\/gult p\u00e4lspigment<br \/>i non-intense = urblekt r\u00f6d\/gult p\u00e4lspigment<br \/>I-genens uppgift \u00e4r att ge maximalt pigmentdjup p\u00e5 allt r\u00f6d\/gult pigment (phaeomelanin)<br \/>den recessiva i-genen har successiv effekt, vilket tillsammans med den ofullst\u00e4ndiga dominansen g\u00f6r variationen i pigmentdjup mycket stor. Genen har urblekningseffekt p\u00e5 allt r\u00f6d\/gult pigment, men har ingen effekt p\u00e5 svart och leverf\u00e4rgat pigment (eumelanin), den kan allts\u00e5 b\u00e4ras dold hos svarta och leverf\u00e4rgade hundar.<br \/>II = djup orange f\u00e4rg<br \/>Ii = alla mellantoner av orange f\u00e4rg<br \/>ii = mycket urblekt orange f\u00e4rg<br \/>Hos sobelf\u00e4rgade p\u00e4lsar bleks det gula pigmentet ner, resultatet kan i extremfall bli creme med svarta toppar. Dessa valpar f\u00f6ds ofta mycket m\u00f6rka.<br \/>Hos tanpoints bleks tanomr\u00e5dena ner medan de m\u00f6rka partierna bibeh\u00e5ller full pigmentering.<br \/>Orange p\u00e4ls (ee) kan blekas ner till creme eller n\u00e4stan vit.<br \/>Det g\u00e5r numera att testa f\u00f6r generna p\u00e5 I-locus.<br \/><br \/>P\u00e5 bilden ses tv\u00e5 hundar med djup orange f\u00e4rg och en med urblekt f\u00e4rg.<\/td><td style=\"background-color:#ffffff\"><img loading=\"lazy\" decoding=\"async\" width=\"700\" height=\"525\" class=\"wp-image-11717\" style=\"width: 700px;\" src=\"https:\/\/almkullens.se\/wp-content\/uploads\/2022\/08\/Bretontraff-153.jpg\" alt=\"\" srcset=\"https:\/\/almkullens.se\/wp-content\/uploads\/2022\/08\/Bretontraff-153.jpg 1600w, https:\/\/almkullens.se\/wp-content\/uploads\/2022\/08\/Bretontraff-153-300x225.jpg 300w, https:\/\/almkullens.se\/wp-content\/uploads\/2022\/08\/Bretontraff-153-1024x768.jpg 1024w, https:\/\/almkullens.se\/wp-content\/uploads\/2022\/08\/Bretontraff-153-768x576.jpg 768w, https:\/\/almkullens.se\/wp-content\/uploads\/2022\/08\/Bretontraff-153-1536x1152.jpg 1536w\" sizes=\"auto, (max-width: 700px) 100vw, 700px\" \/><\/td><\/tr><tr><td style=\"background-color:#ffffff;text-align:center;border-top-color:#000\" colspan=\"2\"><strong>Sealpoint eller<\/strong> <strong>Seal &#8211; \u00e4ven kallad ghost tan<\/strong><\/td><\/tr><tr><td style=\"background-color:#ffffff\" rowspan=\"2\">Seal \u00e4r n\u00e5got som uppst\u00e5r n\u00e4r den dominanta \u2019svarta\u2019 KB-genen inte sk\u00f6ter sitt jobb &#8211; att hindra generna p\u00e5 A-locus att komma till uttryck. F\u00f6ljden blir att man kan ana sobel (Ay) eller tanpoint (at) trots att hunden egentligen \u00e4r svart:<br \/>Seal&nbsp;n\u00e4r KB-genen inte helt d\u00f6ljer Ay<br \/>Seal point n\u00e4r KB-genen inte helt d\u00f6ljer at<br \/>Ingen forskning har bedrivits, men praktiskt taget alla som testats har visat KB\/ky <br \/>P\u00e5 \u00f6versta bilden visas en hund som har Sealpoint, tanf\u00e4rgen syns extra mycket i sol.<br \/><br \/>P\u00e5 understa bilden \u00e4r det en hund som har seal, man kan allts\u00e5 se att sobelf\u00e4rgen lyser igenom den svarta f\u00e4rgen. (just denna hunden \u00e4r inte n\u00e5gon breton)<\/td><td style=\"background-color:#ffffff\"><img loading=\"lazy\" decoding=\"async\" width=\"700\" height=\"467\" class=\"wp-image-3538\" style=\"width: 700px;\" src=\"https:\/\/almkullens.se\/wp-content\/uploads\/2014\/05\/Bretontr\u00e4ff-259.jpg\" alt=\"\" srcset=\"https:\/\/almkullens.se\/wp-content\/uploads\/2014\/05\/Bretontr\u00e4ff-259.jpg 1024w, https:\/\/almkullens.se\/wp-content\/uploads\/2014\/05\/Bretontr\u00e4ff-259-300x200.jpg 300w\" sizes=\"auto, (max-width: 700px) 100vw, 700px\" \/><\/td><\/tr><tr><td style=\"background-color:#ffffff\"><img loading=\"lazy\" decoding=\"async\" width=\"700\" height=\"516\" class=\"wp-image-11742\" style=\"width: 700px;\" src=\"https:\/\/almkullens.se\/wp-content\/uploads\/2022\/08\/sealmix.jpg\" alt=\"\" srcset=\"https:\/\/almkullens.se\/wp-content\/uploads\/2022\/08\/sealmix.jpg 396w, https:\/\/almkullens.se\/wp-content\/uploads\/2022\/08\/sealmix-300x221.jpg 300w\" sizes=\"auto, (max-width: 700px) 100vw, 700px\" \/><\/td><\/tr><tr><td style=\"background-color:#ffffff;text-align:center;border-top-color:#000\" colspan=\"2\"><strong>Sadel m\u00f6nster och  Creeping Tan<\/strong><\/td><\/tr><tr><td style=\"background-color:#ffffff\" rowspan=\"2\">En gen, k\u00e4nd som&nbsp;<strong>RALY<\/strong>, har nyligen uppt\u00e4ckts som \u00e4r en&nbsp;modifierare av tricolor-genen, a<sup>t<\/sup>a<sup>t<\/sup>. <br \/>Creeping tanpointhundar har en eller tv\u00e5 kopior av denna genmutation, och den \u00e4r nu testbar.<br \/><br \/>RALY f\u00e5r den svarta (eller bruna) f\u00e4rgen p\u00e5 en tricolorf\u00e4rgad hund att &#8221;dra sig tillbaka&#8221; till hundens&nbsp;rygg&nbsp;och l\u00e4mna resten av p\u00e4lsen orange\/tanf\u00e4rgad (f\u00f6rutom det som \u00e4r vitt). En hund med creeping tan m\u00f6nster&nbsp;har n\u00e5got mer (st\u00f6rre omr\u00e5de) tanf\u00e4rg \u00e4n en vanlig tricolor oftast sprider det sig till omr\u00e5det runt \u00f6gonen och str\u00e4cker sig l\u00e4ngre upp p\u00e5 benen.&nbsp;Det kan ocks\u00e5 str\u00e4cka sig \u00f6ver hela huvudet,  och l\u00e4mna svart endast p\u00e5 ryggen, svansen och baksidan av nacken.<br \/>Hundar med creeping tan f\u00f6ds med en vanlig tricolorteckning men eumelanin (den svarta\/bruna f\u00e4rgen) drar sig tillbaka n\u00e4r hunden \u00e5ldras.<br \/><strong>Sadelm\u00f6nstret<\/strong>&nbsp;\u00e4r n\u00e4sta steg upp fr\u00e5n detta, d\u00e4r det r\u00f6da str\u00e4cker sig \u00f6ver hela huvudet, framsidan av br\u00f6stet\/halsen och toppen av benen och l\u00e4mnar svart endast p\u00e5 ryggen, svansen och baksidan av nacken.<\/td><td style=\"background-color:#ffffff\"><img loading=\"lazy\" decoding=\"async\" width=\"700\" height=\"467\" class=\"wp-image-11718\" style=\"width: 700px;\" src=\"https:\/\/almkullens.se\/wp-content\/uploads\/2022\/08\/278287633_1647638728932623_3195515847782082883_n.jpg\" alt=\"\" srcset=\"https:\/\/almkullens.se\/wp-content\/uploads\/2022\/08\/278287633_1647638728932623_3195515847782082883_n.jpg 2048w, https:\/\/almkullens.se\/wp-content\/uploads\/2022\/08\/278287633_1647638728932623_3195515847782082883_n-300x200.jpg 300w, https:\/\/almkullens.se\/wp-content\/uploads\/2022\/08\/278287633_1647638728932623_3195515847782082883_n-1024x683.jpg 1024w, https:\/\/almkullens.se\/wp-content\/uploads\/2022\/08\/278287633_1647638728932623_3195515847782082883_n-768x512.jpg 768w, https:\/\/almkullens.se\/wp-content\/uploads\/2022\/08\/278287633_1647638728932623_3195515847782082883_n-1536x1024.jpg 1536w\" sizes=\"auto, (max-width: 700px) 100vw, 700px\" \/><\/td><\/tr><tr><td style=\"background-color:#ffffff\"><img loading=\"lazy\" decoding=\"async\" width=\"700\" height=\"522\" class=\"wp-image-11719\" style=\"width: 700px;\" src=\"https:\/\/almkullens.se\/wp-content\/uploads\/2022\/08\/Hawkwise-Witchcraft-creeping-tan.png\" alt=\"\" srcset=\"https:\/\/almkullens.se\/wp-content\/uploads\/2022\/08\/Hawkwise-Witchcraft-creeping-tan.png 374w, https:\/\/almkullens.se\/wp-content\/uploads\/2022\/08\/Hawkwise-Witchcraft-creeping-tan-300x224.png 300w\" sizes=\"auto, (max-width: 700px) 100vw, 700px\" \/><\/td><\/tr><tr><td style=\"background-color:#ffffff;border-top-color:#000;text-align:center\" colspan=\"2\"><strong>Felf\u00e4rgade hundar och hundar med somatic mutation <\/strong><\/td><\/tr><tr><td style=\"background-color:#ffffff\" rowspan=\"2\">Vitt p\u00e5 ett \u00f6ra eller att ett \u00f6ga \u00e4r bel\u00e4get i en vit fl\u00e4ck \u00e4r ett diskvalifiserande fel p\u00e5 en breton.&nbsp;<br \/>Valpen till h\u00f6ger har 2 vita \u00f6ron.<br \/><br \/><br \/>Hunden under har troligtvis en somatic mutation som i detta fallet syns som ett svart \u00f6ra p\u00e5 en annars vit\/orange hund<\/td><td style=\"background-color:#ffffff\"><img loading=\"lazy\" decoding=\"async\" width=\"700\" height=\"596\" class=\"wp-image-11699\" style=\"width: 700px;\" src=\"https:\/\/almkullens.se\/wp-content\/uploads\/2022\/07\/vita-oron.jpg\" alt=\"\" srcset=\"https:\/\/almkullens.se\/wp-content\/uploads\/2022\/07\/vita-oron.jpg 450w, https:\/\/almkullens.se\/wp-content\/uploads\/2022\/07\/vita-oron-300x255.jpg 300w\" sizes=\"auto, (max-width: 700px) 100vw, 700px\" \/><\/td><\/tr><tr><td style=\"background-color:#ffffff\"><img loading=\"lazy\" decoding=\"async\" width=\"700\" height=\"467\" class=\"wp-image-5986\" style=\"width: 700px;\" src=\"https:\/\/almkullens.se\/wp-content\/uploads\/2015\/08\/271.jpg\" alt=\"\" srcset=\"https:\/\/almkullens.se\/wp-content\/uploads\/2015\/08\/271.jpg 1800w, https:\/\/almkullens.se\/wp-content\/uploads\/2015\/08\/271-300x200.jpg 300w, https:\/\/almkullens.se\/wp-content\/uploads\/2015\/08\/271-1024x683.jpg 1024w\" sizes=\"auto, (max-width: 700px) 100vw, 700px\" \/><\/td><\/tr><\/tbody><\/table>\n","protected":false},"excerpt":{"rendered":"","protected":false},"author":1,"featured_media":0,"parent":0,"menu_order":0,"comment_status":"closed","ping_status":"closed","template":"","meta":{"_crdt_document":"","advgb_blocks_editor_width":"","advgb_blocks_columns_visual_guide":"","footnotes":""},"class_list":["post-11688","page","type-page","status-publish","hentry","entry"],"coauthors":[],"author_meta":{"author_link":"https:\/\/almkullens.se\/?author=1","display_name":"Peter &amp; Johanna"},"relative_dates":{"created":"Publicerad 4 \u00e5r sedan","modified":"Uppdaterad 2 \u00e5r sedan"},"absolute_dates":{"created":"Publicerat den 3 augusti, 2022","modified":"Uppdaterad den 9 juli, 2024"},"absolute_dates_time":{"created":"Publicerat den 3 augusti, 2022 11:31","modified":"Uppdaterad den 9 juli, 2024 07:27"},"featured_img_caption":"","featured_img":false,"series_order":"","jetpack_sharing_enabled":true,"_links":{"self":[{"href":"https:\/\/almkullens.se\/index.php?rest_route=\/wp\/v2\/pages\/11688","targetHints":{"allow":["GET"]}}],"collection":[{"href":"https:\/\/almkullens.se\/index.php?rest_route=\/wp\/v2\/pages"}],"about":[{"href":"https:\/\/almkullens.se\/index.php?rest_route=\/wp\/v2\/types\/page"}],"author":[{"embeddable":true,"href":"https:\/\/almkullens.se\/index.php?rest_route=\/wp\/v2\/users\/1"}],"replies":[{"embeddable":true,"href":"https:\/\/almkullens.se\/index.php?rest_route=%2Fwp%2Fv2%2Fcomments&post=11688"}],"version-history":[{"count":37,"href":"https:\/\/almkullens.se\/index.php?rest_route=\/wp\/v2\/pages\/11688\/revisions"}],"predecessor-version":[{"id":12603,"href":"https:\/\/almkullens.se\/index.php?rest_route=\/wp\/v2\/pages\/11688\/revisions\/12603"}],"wp:attachment":[{"href":"https:\/\/almkullens.se\/index.php?rest_route=%2Fwp%2Fv2%2Fmedia&parent=11688"}],"curies":[{"name":"wp","href":"https:\/\/api.w.org\/{rel}","templated":true}]}}