{"id":10575,"date":"2021-08-12T08:57:17","date_gmt":"2021-08-12T06:57:17","guid":{"rendered":"http:\/\/almkullens.se\/?page_id=10575"},"modified":"2022-08-03T16:25:07","modified_gmt":"2022-08-03T14:25:07","slug":"dilution","status":"publish","type":"page","link":"https:\/\/almkullens.se\/?page_id=10575","title":{"rendered":"Dilute"},"content":{"rendered":"\n<div class=\"wp-block-media-text alignwide has-media-on-the-right is-stacked-on-mobile is-vertically-aligned-top is-image-fill has-white-background-color has-background\"><figure class=\"wp-block-media-text__media\" style=\"background-image:url(https:\/\/almkullens.se\/wp-content\/uploads\/2021\/05\/dd-Clint-LaFary2-e1628748558852-1024x960.jpg);background-position:72% 52%\"><a href=\"https:\/\/almkullens.se\/wp-content\/uploads\/2021\/05\/dd-Clint-LaFary2-e1628748558852.jpg\" rel=\"lightbox[10575]\"><img loading=\"lazy\" decoding=\"async\" width=\"1024\" height=\"960\" src=\"https:\/\/almkullens.se\/wp-content\/uploads\/2021\/05\/dd-Clint-LaFary2-e1628748558852-1024x960.jpg\" alt=\"\" class=\"wp-image-10576 size-full\" srcset=\"https:\/\/almkullens.se\/wp-content\/uploads\/2021\/05\/dd-Clint-LaFary2-e1628748558852-1024x960.jpg 1024w, https:\/\/almkullens.se\/wp-content\/uploads\/2021\/05\/dd-Clint-LaFary2-e1628748558852-300x281.jpg 300w, https:\/\/almkullens.se\/wp-content\/uploads\/2021\/05\/dd-Clint-LaFary2-e1628748558852-768x720.jpg 768w, https:\/\/almkullens.se\/wp-content\/uploads\/2021\/05\/dd-Clint-LaFary2-e1628748558852.jpg 1402w\" sizes=\"auto, (max-width: 1024px) 100vw, 1024px\" \/><\/a><\/figure><div class=\"wp-block-media-text__content\">\n<p class=\"wp-block-paragraph\">F\u00e4rgbeteckningen p\u00e5 SKK\u00a0blir<br \/>X = ej standardenlig f\u00e4rg<br \/>Genupps\u00e4ttning: &#8211;\/&#8211;\/&#8211;\/dd<br \/>DD = normalf\u00e4rgad, allts\u00e5 inte dilute<br \/>Dd = anlagsb\u00e4rare av dilute<br \/>dd = dilute = utsp\u00e4dd f\u00e4rg<br \/>Alla f\u00e4rger som breton kan ha p\u00e5verkas av dd generna, svart, brun, (ev. orange), tricolorer och t.o.m sobel.<br \/><br \/><span style=\"background-color:#ffffff\" class=\"tadv-background-color\">Det har h\u00e4nt att n\u00e5gon eller n\u00e5gra bretonvalpar i en kull f\u00f6ds med en v\u00e4ldigt utsp\u00e4dd f\u00e4rg, just den h\u00e4r bretonvalpen \u00e4r DNA testad och det visade att den \u00e4r dilute allts\u00e5 dd<\/span>, den har B p\u00e5 B locus, den \u00e4r allts\u00e5 svart som d\u00e5 har sp\u00e4tts ut till &#8221;bl\u00e5tt&#8221; den har ocks\u00e5 f\u00e5tt sjukdomen CDA, Color dilution alopecia, som \u00e4r starkt f\u00f6rknippad med dilute. CDA\u00a0\u00e4r en genetisk sjukdom som kan uppst\u00e5 p\u00e5 grund av dilution av f\u00e4rgen, och ge bland annat h\u00e5ravfall och\/eller infektioner i huden.<\/p>\n\n\n\n<p class=\"wp-block-paragraph\">Dubbla d-gener sp\u00e4der ut svart och leverbrunt (eumelaninet) i p\u00e4lsen, och i mycket s\u00e4llsynta fall ocks\u00e5 gul\/r\u00f6tt pigment (pheomelanin). Svart pigment bleks ner till bl\u00e5tt, lever blir sandf\u00e4rgat och r\u00f6tt\/gult (orange p\u00e5 breton) blir champangef\u00e4rgat. \u00d6gon- och nosf\u00e4rg &#8221;matchar&#8221; i regel p\u00e4lsf\u00e4rgen, det bleks allts\u00e5 ocks\u00e5 ner, effekten av dilution (dd) \u00e4r synlig redan vid f\u00f6delsen.<\/p>\n<\/div><\/div>\n\n\n\n<div class=\"wp-block-media-text alignwide is-stacked-on-mobile is-vertically-aligned-top\"><figure class=\"wp-block-media-text__media\"><a href=\"https:\/\/almkullens.se\/wp-content\/uploads\/2021\/08\/dd-Rondo-Clint-1.jpg\" rel=\"lightbox[10575]\"><img loading=\"lazy\" decoding=\"async\" width=\"1024\" height=\"768\" src=\"https:\/\/almkullens.se\/wp-content\/uploads\/2021\/08\/dd-Rondo-Clint-1-1024x768.jpg\" alt=\"\" class=\"wp-image-10731 size-full\" srcset=\"https:\/\/almkullens.se\/wp-content\/uploads\/2021\/08\/dd-Rondo-Clint-1-1024x768.jpg 1024w, https:\/\/almkullens.se\/wp-content\/uploads\/2021\/08\/dd-Rondo-Clint-1-300x225.jpg 300w, https:\/\/almkullens.se\/wp-content\/uploads\/2021\/08\/dd-Rondo-Clint-1-768x576.jpg 768w, https:\/\/almkullens.se\/wp-content\/uploads\/2021\/08\/dd-Rondo-Clint-1-1536x1152.jpg 1536w, https:\/\/almkullens.se\/wp-content\/uploads\/2021\/08\/dd-Rondo-Clint-1.jpg 2048w\" sizes=\"auto, (max-width: 1024px) 100vw, 1024px\" \/><\/a><\/figure><div class=\"wp-block-media-text__content\">\n<p class=\"has-white-background-color has-background wp-block-paragraph\"><br \/><br \/>H\u00e4r \u00e4r samma hund ett \u00e5r senare, man kan se att han har sjukdomen CDA f\u00f6r han \u00e4r tunnh\u00e5rig p\u00e5 huvud och \u00f6ron. <br \/>Ett tydligt tecken p\u00e5 att denna hund \u00e4r B-, dd (svart som \u00e4r dilute, =utsp\u00e4dd) \u00e4r att nosen \u00e4r bl\u00e5, men \u00e4ven att den inte har ett enda h\u00e5rstr\u00e5 som \u00e4r svart, utan all svart f\u00e4rg har blivit ut sp\u00e4dd till bl\u00e5. <br \/>Dilutegenen sitter p\u00e5 D-lokus och \u00e4r recessiv, det beh\u00f6vs allts\u00e5 tv\u00e5 d\u00a0alleler f\u00f6r att hunden ska vara dilute. \u00a0En hund med Dd eller DD kommer att ha normalt pigment, men tv\u00e5 hundar som b\u00e5da \u00e4r normalt f\u00e4rgade men d\u00e4r b\u00e5da \u00e4r b\u00e4rare av dilute=Dd kan allts\u00e5 f\u00e5 dilutef\u00e4rgade valpar tillsammans.<br \/><br \/><\/p>\n<\/div><\/div>\n\n\n\n<div class=\"wp-block-media-text alignwide has-media-on-the-right is-stacked-on-mobile has-white-background-color has-background\"><figure class=\"wp-block-media-text__media\"><img loading=\"lazy\" decoding=\"async\" width=\"768\" height=\"1024\" src=\"https:\/\/almkullens.se\/wp-content\/uploads\/2022\/08\/diluted-tricolor-dd-768x1024.jpg\" alt=\"\" class=\"wp-image-11738 size-full\" srcset=\"https:\/\/almkullens.se\/wp-content\/uploads\/2022\/08\/diluted-tricolor-dd-768x1024.jpg 768w, https:\/\/almkullens.se\/wp-content\/uploads\/2022\/08\/diluted-tricolor-dd-225x300.jpg 225w, https:\/\/almkullens.se\/wp-content\/uploads\/2022\/08\/diluted-tricolor-dd-1152x1536.jpg 1152w, https:\/\/almkullens.se\/wp-content\/uploads\/2022\/08\/diluted-tricolor-dd.jpg 1512w\" sizes=\"auto, (max-width: 768px) 100vw, 768px\" \/><\/figure><div class=\"wp-block-media-text__content\">\n<p class=\"wp-block-paragraph\">Bretonens ursprungsland Frankrike har (vad jag vet) inte sagt n\u00e5got om denna f\u00e4rgen. Vi har i avelsr\u00e5det fr\u00e5gat SKK vad deras inst\u00e4llning \u00e4r.<\/p>\n\n\n\n<p class=\"has-white-background-color has-background wp-block-paragraph\">S\u00e5 h\u00e4r tolkar jag SKK:<br \/><em>Anv\u00e4nd inte i avel om:<br \/>Hunden sjuk i CDA .<br \/>Om hunden har 2 genupps\u00e4ttningar dd, s\u00e5 \u00e4r den affekterad = synlig dilute<br \/>Kan anv\u00e4ndas i avel:<br \/>Anlagsb\u00e4rare, testa potentiella avelsdjur som man av n\u00e5gon anledning misst\u00e4nker kan vara anlagsb\u00e4rare f\u00f6r dilution. Om de visar sig vara anlagsb\u00e4rare kan de paras med hund som \u00e4r fri fr\u00e5n motsvarande anlag. (testad fri)<\/em><\/p>\n\n\n\n<p class=\"has-white-background-color has-background wp-block-paragraph\"><br \/>H\u00e4r \u00e4r en nyf\u00f6dd tricolorvalp som ocks\u00e5 \u00e4r dilute.<\/p>\n<\/div><\/div>\n\n\n\n<p class=\"has-white-background-color has-background wp-block-paragraph\">Nedan finns n\u00e5gra bilder<br \/><strong>Bild 1<\/strong>: visar 5 valpar d\u00e4r man tydligt ser att valpen i mitten \u00e4r diluted fr\u00e5n brun, den \u00e4r allts\u00e5 sandf\u00e4rgad. valpen h\u00f6gst upp till v\u00e4nster \u00e4r diluted fr\u00e5n svart, den \u00e4r allts\u00e5 bl\u00e5. De \u00f6vriga valparna p\u00e5 bilden \u00e4r normalf\u00e4rgade, en brun en orange och en svart.<br \/><strong>Bild 2<\/strong>: Valpen till v\u00e4nster \u00e4r diluted fr\u00e5n brun och den till h\u00f6ger \u00e4r diluted fr\u00e5n svart och valpen i mitten \u00e4r normalf\u00e4rgad svart.<br \/><strong>Bild 3<\/strong>: de 2 uppe till v\u00e4nster \u00e4r diluted brun, den l\u00e4ngst ner till h\u00f6ger \u00e4r diluted svart. Sedan finns det en svart och tv\u00e5 bruna p\u00e5 bilden.<br \/><strong>Bild 4<\/strong>: diluted fr\u00e5n brun.<br \/><strong>Bild 5<\/strong>: diluted fr\u00e5n brun.<br \/><strong>Bild 6<\/strong>: diluted fr\u00e5n svart och med sjukdomen CDA.<\/p>\n\n\n\n<figure class=\"wp-block-gallery alignwide has-nested-images columns-default is-cropped wp-block-gallery-1 is-layout-flex wp-block-gallery-is-layout-flex advgb-dyn-dcd2dde0\">\n<figure class=\"wp-block-image size-large\"><img loading=\"lazy\" decoding=\"async\" width=\"667\" height=\"580\" data-id=\"10732\" src=\"https:\/\/almkullens.se\/wp-content\/uploads\/2021\/08\/Eirams-DD-kull-3-e1628748275960.jpg\" alt=\"\" class=\"wp-image-10732\" srcset=\"https:\/\/almkullens.se\/wp-content\/uploads\/2021\/08\/Eirams-DD-kull-3-e1628748275960.jpg 667w, https:\/\/almkullens.se\/wp-content\/uploads\/2021\/08\/Eirams-DD-kull-3-e1628748275960-300x261.jpg 300w\" sizes=\"auto, (max-width: 667px) 100vw, 667px\" \/><figcaption class=\"wp-element-caption\">Bild 1<\/figcaption><\/figure>\n\n\n\n<figure class=\"wp-block-image size-large\"><img loading=\"lazy\" decoding=\"async\" width=\"1024\" height=\"576\" data-id=\"10733\" src=\"https:\/\/almkullens.se\/wp-content\/uploads\/2021\/08\/Eirams-dd-kull-5-1024x576.jpg\" alt=\"\" class=\"wp-image-10733\" srcset=\"https:\/\/almkullens.se\/wp-content\/uploads\/2021\/08\/Eirams-dd-kull-5-1024x576.jpg 1024w, https:\/\/almkullens.se\/wp-content\/uploads\/2021\/08\/Eirams-dd-kull-5-300x169.jpg 300w, https:\/\/almkullens.se\/wp-content\/uploads\/2021\/08\/Eirams-dd-kull-5-768x432.jpg 768w, https:\/\/almkullens.se\/wp-content\/uploads\/2021\/08\/Eirams-dd-kull-5.jpg 1440w\" sizes=\"auto, (max-width: 1024px) 100vw, 1024px\" \/><figcaption class=\"wp-element-caption\">Bild 2<\/figcaption><\/figure>\n\n\n\n<figure class=\"wp-block-image size-large\"><img loading=\"lazy\" decoding=\"async\" width=\"1024\" height=\"576\" data-id=\"10734\" src=\"https:\/\/almkullens.se\/wp-content\/uploads\/2021\/08\/Eirams-DD-kull-7-1024x576.jpg\" alt=\"\" class=\"wp-image-10734\" srcset=\"https:\/\/almkullens.se\/wp-content\/uploads\/2021\/08\/Eirams-DD-kull-7-1024x576.jpg 1024w, https:\/\/almkullens.se\/wp-content\/uploads\/2021\/08\/Eirams-DD-kull-7-300x169.jpg 300w, https:\/\/almkullens.se\/wp-content\/uploads\/2021\/08\/Eirams-DD-kull-7-768x432.jpg 768w, https:\/\/almkullens.se\/wp-content\/uploads\/2021\/08\/Eirams-DD-kull-7.jpg 1440w\" sizes=\"auto, (max-width: 1024px) 100vw, 1024px\" \/><figcaption class=\"wp-element-caption\">Bild 3<\/figcaption><\/figure>\n\n\n\n<figure class=\"wp-block-image size-large\"><img loading=\"lazy\" decoding=\"async\" width=\"1024\" height=\"576\" data-id=\"10735\" src=\"https:\/\/almkullens.se\/wp-content\/uploads\/2021\/08\/Eirams-DD-kull-1024x576.jpg\" alt=\"\" class=\"wp-image-10735\" srcset=\"https:\/\/almkullens.se\/wp-content\/uploads\/2021\/08\/Eirams-DD-kull-1024x576.jpg 1024w, https:\/\/almkullens.se\/wp-content\/uploads\/2021\/08\/Eirams-DD-kull-300x169.jpg 300w, https:\/\/almkullens.se\/wp-content\/uploads\/2021\/08\/Eirams-DD-kull-768x432.jpg 768w, https:\/\/almkullens.se\/wp-content\/uploads\/2021\/08\/Eirams-DD-kull-1536x864.jpg 1536w, https:\/\/almkullens.se\/wp-content\/uploads\/2021\/08\/Eirams-DD-kull.jpg 2048w\" sizes=\"auto, (max-width: 1024px) 100vw, 1024px\" \/><figcaption class=\"wp-element-caption\">Bild 4<\/figcaption><\/figure>\n\n\n\n<figure class=\"wp-block-image size-large\"><img loading=\"lazy\" decoding=\"async\" width=\"1024\" height=\"576\" data-id=\"10736\" src=\"https:\/\/almkullens.se\/wp-content\/uploads\/2021\/08\/Eirams-Drilla-1024x576.jpg\" alt=\"\" class=\"wp-image-10736\" srcset=\"https:\/\/almkullens.se\/wp-content\/uploads\/2021\/08\/Eirams-Drilla-1024x576.jpg 1024w, https:\/\/almkullens.se\/wp-content\/uploads\/2021\/08\/Eirams-Drilla-300x169.jpg 300w, https:\/\/almkullens.se\/wp-content\/uploads\/2021\/08\/Eirams-Drilla-768x432.jpg 768w, https:\/\/almkullens.se\/wp-content\/uploads\/2021\/08\/Eirams-Drilla.jpg 1440w\" sizes=\"auto, (max-width: 1024px) 100vw, 1024px\" \/><figcaption class=\"wp-element-caption\"> Bild 5<\/figcaption><\/figure>\n\n\n\n<figure class=\"wp-block-image size-large\"><img loading=\"lazy\" decoding=\"async\" width=\"823\" height=\"1024\" data-id=\"10737\" src=\"https:\/\/almkullens.se\/wp-content\/uploads\/2021\/08\/Tunnharig-Clint-L-e1628748351740-823x1024.jpg\" alt=\"\" class=\"wp-image-10737\" srcset=\"https:\/\/almkullens.se\/wp-content\/uploads\/2021\/08\/Tunnharig-Clint-L-e1628748351740-823x1024.jpg 823w, https:\/\/almkullens.se\/wp-content\/uploads\/2021\/08\/Tunnharig-Clint-L-e1628748351740-241x300.jpg 241w, https:\/\/almkullens.se\/wp-content\/uploads\/2021\/08\/Tunnharig-Clint-L-e1628748351740-768x955.jpg 768w, https:\/\/almkullens.se\/wp-content\/uploads\/2021\/08\/Tunnharig-Clint-L-e1628748351740-1235x1536.jpg 1235w, https:\/\/almkullens.se\/wp-content\/uploads\/2021\/08\/Tunnharig-Clint-L-e1628748351740.jpg 1300w\" sizes=\"auto, (max-width: 823px) 100vw, 823px\" \/><figcaption class=\"wp-element-caption\">Bild 6<\/figcaption><\/figure>\n<\/figure>\n","protected":false},"excerpt":{"rendered":"<p>F\u00e4rgbeteckningen p\u00e5 SKK\u00a0blirX = ej standardenlig f\u00e4rgGenupps\u00e4ttning: &#8211;\/&#8211;\/&#8211;\/ddDD = normalf\u00e4rgad, allts\u00e5 inte diluteDd = anlagsb\u00e4rare av dilutedd = dilute = utsp\u00e4dd f\u00e4rgAlla f\u00e4rger som breton kan ha p\u00e5verkas av dd generna, svart, brun, (ev. orange), tricolorer och t.o.m sobel. Det har h\u00e4nt att n\u00e5gon eller n\u00e5gra bretonvalpar i en kull f\u00f6ds med en v\u00e4ldigt utsp\u00e4dd [&hellip;]<\/p>\n","protected":false},"author":1,"featured_media":0,"parent":0,"menu_order":0,"comment_status":"closed","ping_status":"closed","template":"","meta":{"_crdt_document":"","advgb_blocks_editor_width":"","advgb_blocks_columns_visual_guide":"","footnotes":""},"class_list":["post-10575","page","type-page","status-publish","hentry","entry"],"coauthors":[],"author_meta":{"author_link":"https:\/\/almkullens.se\/?author=1","display_name":"Peter &amp; Johanna"},"relative_dates":{"created":"Publicerad 5 \u00e5r sedan","modified":"Uppdaterad 4 \u00e5r sedan"},"absolute_dates":{"created":"Publicerat den 12 augusti, 2021","modified":"Uppdaterad den 3 augusti, 2022"},"absolute_dates_time":{"created":"Publicerat den 12 augusti, 2021 08:57","modified":"Uppdaterad den 3 augusti, 2022 16:25"},"featured_img_caption":"","featured_img":false,"series_order":"","jetpack_sharing_enabled":true,"_links":{"self":[{"href":"https:\/\/almkullens.se\/index.php?rest_route=\/wp\/v2\/pages\/10575","targetHints":{"allow":["GET"]}}],"collection":[{"href":"https:\/\/almkullens.se\/index.php?rest_route=\/wp\/v2\/pages"}],"about":[{"href":"https:\/\/almkullens.se\/index.php?rest_route=\/wp\/v2\/types\/page"}],"author":[{"embeddable":true,"href":"https:\/\/almkullens.se\/index.php?rest_route=\/wp\/v2\/users\/1"}],"replies":[{"embeddable":true,"href":"https:\/\/almkullens.se\/index.php?rest_route=%2Fwp%2Fv2%2Fcomments&post=10575"}],"version-history":[{"count":29,"href":"https:\/\/almkullens.se\/index.php?rest_route=\/wp\/v2\/pages\/10575\/revisions"}],"predecessor-version":[{"id":11739,"href":"https:\/\/almkullens.se\/index.php?rest_route=\/wp\/v2\/pages\/10575\/revisions\/11739"}],"wp:attachment":[{"href":"https:\/\/almkullens.se\/index.php?rest_route=%2Fwp%2Fv2%2Fmedia&parent=10575"}],"curies":[{"name":"wp","href":"https:\/\/api.w.org\/{rel}","templated":true}]}}