{"id":10486,"date":"2021-02-22T05:54:45","date_gmt":"2021-02-22T04:54:45","guid":{"rendered":"http:\/\/almkullens.se\/?page_id=10486"},"modified":"2023-05-20T10:11:49","modified_gmt":"2023-05-20T08:11:49","slug":"sobel","status":"publish","type":"page","link":"https:\/\/almkullens.se\/?page_id=10486","title":{"rendered":"Sobel"},"content":{"rendered":"\n<div class=\"wp-block-media-text alignfull has-media-on-the-right is-stacked-on-mobile is-vertically-aligned-top advgb-dyn-f3d22578\"><div class=\"wp-block-media-text__content\">\n<p class=\"has-white-background-color has-background wp-block-paragraph\">Sobel \u00e4r en f\u00e4rgvariant hos breton som inte \u00e4r \u00f6nskv\u00e4rd enligt rasstandarden. <br \/>Jag g\u00f6r h\u00e4r ett f\u00f6rs\u00f6k att f\u00f6rklara lite om f\u00e4rgen, &#8230;..och visst \u00e4r den h\u00e4r lilla sobelf\u00e4rgade valpen otroligt s\u00f6t!<br \/>Men hur kan man d\u00e5 se att en breton \u00e4r sobel?<br \/>F\u00e4rgen hos sobel \u00e4r en r\u00f6d\/gul f\u00e4rg med svarta eller bruna inslag.<br \/>Hur m\u00f6rk kul\u00f6ren \u00e4r och hur mycket svarta\/bruna inslag p\u00e4lsen har kan variera stort mellan olika individer, fr\u00e5n n\u00e5gra f\u00e5 svarta\/bruna str\u00e5n till ganska mycket svart\/brunt. Oftast \u00e4r valparna m\u00f6rkare vid f\u00f6dseln \u00e4n de \u00e4r som vuxna. <br \/>En vuxen hund som \u00e4r sobel kan ibland se ut som en orange hund! (OBS att en orange hund aldrig kan ha ens ett h\u00e5rstr\u00e5 som \u00e4r svart\u2026inte ens ett morrh\u00e5r)<br \/>Det \u00e4r s\u00e5ledes viktigt att vi som uppf\u00f6dare \u00e4r uppriktiga mot b\u00e5de valpk\u00f6pare och andra uppf\u00f6dare s\u00e5 man vet om n\u00e4r sobelf\u00e4rgade hundar eller hundar som \u00e4r b\u00e4rare av sobel-genen anv\u00e4ndas i aveln.<br \/>Eftersom sobel inte \u00e4r f\u00f6rknippad med n\u00e5gon sjukdom s\u00e5 finns det inga restriktioner fr\u00e5n SKK.<\/p>\n\n\n\n<p class=\"has-medium-font-size wp-block-paragraph\"><\/p>\n<\/div><figure class=\"wp-block-media-text__media\"><a href=\"https:\/\/almkullens.se\/wp-content\/uploads\/2021\/02\/Crilos.jpg\" rel=\"lightbox[10486]\"><img loading=\"lazy\" decoding=\"async\" width=\"768\" height=\"1024\" src=\"https:\/\/almkullens.se\/wp-content\/uploads\/2021\/02\/Crilos-768x1024.jpg\" alt=\"\" class=\"wp-image-10487 size-full\" srcset=\"https:\/\/almkullens.se\/wp-content\/uploads\/2021\/02\/Crilos-768x1024.jpg 768w, https:\/\/almkullens.se\/wp-content\/uploads\/2021\/02\/Crilos-225x300.jpg 225w, https:\/\/almkullens.se\/wp-content\/uploads\/2021\/02\/Crilos-1152x1536.jpg 1152w, https:\/\/almkullens.se\/wp-content\/uploads\/2021\/02\/Crilos.jpg 1200w\" sizes=\"auto, (max-width: 768px) 100vw, 768px\" \/><\/a><\/figure><\/div>\n\n\n\n<h1 class=\"wp-block-heading has-white-background-color has-background has-medium-font-size advgb-dyn-cc3a0f83\" style=\"font-style:normal;font-weight:500\"><strong>Vad tycker vi i klubben d\u00e5?<\/strong><\/h1>\n\n\n\n<p class=\"has-white-background-color has-background wp-block-paragraph\">Ja vi ska ju f\u00f6lja bretonens hemland Frankrike och d\u00e4r \u00e4r sobelf\u00e4rgen en ej godk\u00e4nd p\u00e4lsf\u00e4rg och de hundarna som har sobelf\u00e4rg f\u00e5r inte registreras. Uppf\u00f6dare rekommenderas att DNA-testa de avelsdjur som man misst\u00e4nker \u00e4r b\u00e4rare och d\u00e4rmed kan l\u00e4mna sobelf\u00e4rgade valpar.<br \/>Om man vill anv\u00e4nda en hund som \u00e4r anlagsb\u00e4rare s\u00e5 kan man ju testa alla valparna och d\u00e5 spara en &#8221;sobelfri&#8221; valp f\u00f6r ev. fortsatt avelsarbete. Den enda man aldrig beh\u00f6ver testa f\u00f6r A<sup>y<\/sup> \u00e4r tricolorer f\u00f6r de kan inte vara b\u00e4rare av sobel (se nedan).<br \/><br \/>H\u00e4r i Sverige s\u00e5 \u00e4r det ok att registrera sobelf\u00e4rgade valpar med f\u00e4rgen X = ej standardenlig f\u00e4rg. <br \/>Det \u00e4r ocks\u00e5 helt ok att starta jaktprov och vara med p\u00e5 v\u00e5ra \u00f6vriga aktiviteter. <br \/>Utst\u00e4llning d\u00e5? Ja i bretonens hemland Frankrike s\u00e5 kan den ju inte ens st\u00e4llas ut men h\u00e4r g\u00e5r det bra, det st\u00e5r i v\u00e5rt Raskompendium att den b\u00f6r bel\u00f6nas med max good.<br \/><br \/><\/p>\n\n\n\n<div class=\"wp-block-media-text alignwide is-stacked-on-mobile advgb-dyn-978c96f4\"><figure class=\"wp-block-media-text__media\"><a href=\"https:\/\/almkullens.se\/wp-content\/uploads\/2021\/02\/Sune-Stubb1.jpg\" rel=\"lightbox[10486]\"><img loading=\"lazy\" decoding=\"async\" width=\"490\" height=\"393\" src=\"https:\/\/almkullens.se\/wp-content\/uploads\/2021\/02\/Sune-Stubb1.jpg\" alt=\"\" class=\"wp-image-10497 size-full\" srcset=\"https:\/\/almkullens.se\/wp-content\/uploads\/2021\/02\/Sune-Stubb1.jpg 490w, https:\/\/almkullens.se\/wp-content\/uploads\/2021\/02\/Sune-Stubb1-300x241.jpg 300w\" sizes=\"auto, (max-width: 490px) 100vw, 490px\" \/><\/a><\/figure><div class=\"wp-block-media-text__content\">\n<p class=\"has-white-background-color has-background wp-block-paragraph\"><br \/>Sobelgenen A<sup>y<\/sup>&nbsp;\u00e4r ofullst\u00e4ndigt dominant vilket betyder att det r\u00e4cker med en A<sup>y<\/sup>-allel f\u00f6r att hunden skall&nbsp;kunna visa sobelf\u00e4rgen men en hund som har genotypen A<sup>y<\/sup>\/a<sup>t<\/sup> (dvs. att den har \u00e4rvt A<sup>y<\/sup>-allelen fr\u00e5n den ena f\u00f6r\u00e4ldern och a<sup>t<\/sup>-allelen fr\u00e5n den andra) d\u00e4r kan tanf\u00e4rgen lysa igenom, och det kan vara sv\u00e5rt att se skillnad p\u00e5 en brun tricolorvalp och en sobelvalp. (a<sup>t<\/sup> i dubbel upps\u00e4ttning a<sup>t<\/sup>\/a<sup>t<\/sup> \u00e4r en tricolor)<br \/>Sobel&nbsp;<em>A<sup>y<\/sup><\/em>&nbsp;och tricolorgenen&nbsp;<em>a<sup>t<\/sup><\/em>&nbsp;sitter p\u00e5 samma locus&nbsp;i A-serien (agoutiserien).<br \/>Det g\u00f6r att en hund som \u00e4r tricolor =&nbsp;<em>a<sup>t<\/sup>a<sup>t<\/sup><\/em>&nbsp;INTE kan vara b\u00e4rare av A<sup>y<\/sup>&nbsp;allelen!<\/p>\n\n\n\n<p class=\"wp-block-paragraph\"><\/p>\n<\/div><\/div>\n\n\n\n<div class=\"wp-block-media-text alignwide is-stacked-on-mobile advgb-dyn-1212bb08\" style=\"grid-template-columns:60% auto\"><figure class=\"wp-block-media-text__media\"><a href=\"https:\/\/almkullens.se\/wp-content\/uploads\/2021\/02\/coco-2.jpg\" rel=\"lightbox[10486]\"><img loading=\"lazy\" decoding=\"async\" width=\"1024\" height=\"666\" src=\"https:\/\/almkullens.se\/wp-content\/uploads\/2021\/02\/coco-2-1024x666.jpg\" alt=\"\" class=\"wp-image-10489 size-full\" srcset=\"https:\/\/almkullens.se\/wp-content\/uploads\/2021\/02\/coco-2-1024x666.jpg 1024w, https:\/\/almkullens.se\/wp-content\/uploads\/2021\/02\/coco-2-300x195.jpg 300w, https:\/\/almkullens.se\/wp-content\/uploads\/2021\/02\/coco-2-768x499.jpg 768w, https:\/\/almkullens.se\/wp-content\/uploads\/2021\/02\/coco-2.jpg 1292w\" sizes=\"auto, (max-width: 1024px) 100vw, 1024px\" \/><\/a><\/figure><div class=\"wp-block-media-text__content\">\n<p class=\"has-white-background-color has-background wp-block-paragraph\">Valpen till v\u00e4nster ser ut som en tricolor men som unghund s\u00e5g den ut s\u00e5 h\u00e4r<\/p>\n\n\n\n<figure class=\"wp-block-image size-large\"><a href=\"https:\/\/almkullens.se\/wp-content\/uploads\/2021\/02\/coco5.jpg\" rel=\"lightbox[10486]\"><img loading=\"lazy\" decoding=\"async\" width=\"960\" height=\"720\" src=\"https:\/\/almkullens.se\/wp-content\/uploads\/2021\/02\/coco5.jpg\" alt=\"\" class=\"wp-image-10490\" srcset=\"https:\/\/almkullens.se\/wp-content\/uploads\/2021\/02\/coco5.jpg 960w, https:\/\/almkullens.se\/wp-content\/uploads\/2021\/02\/coco5-300x225.jpg 300w, https:\/\/almkullens.se\/wp-content\/uploads\/2021\/02\/coco5-768x576.jpg 768w\" sizes=\"auto, (max-width: 960px) 100vw, 960px\" \/><\/a><\/figure>\n<\/div><\/div>\n\n\n\n<div class=\"wp-block-media-text alignwide has-media-on-the-right is-stacked-on-mobile advgb-dyn-76dff86f\" style=\"grid-template-columns:auto 54%\"><div class=\"wp-block-media-text__content\">\n<p class=\"has-white-background-color has-background wp-block-paragraph\">H\u00e4r kommer ett exempel till, p\u00e5 valpen nedan ser man tydligt svarta skiftningar i p\u00e4lsen medan p\u00e5 bilden till h\u00f6ger s\u00e5 ser samma tik helt orange ut!<\/p>\n\n\n\n<figure class=\"wp-block-image size-large\"><a href=\"https:\/\/almkullens.se\/wp-content\/uploads\/2021\/02\/Brannbuas-Axa1.png\" rel=\"lightbox[10486]\"><img loading=\"lazy\" decoding=\"async\" width=\"1024\" height=\"683\" src=\"https:\/\/almkullens.se\/wp-content\/uploads\/2021\/02\/Brannbuas-Axa1-1024x683.png\" alt=\"\" class=\"wp-image-10493\" srcset=\"https:\/\/almkullens.se\/wp-content\/uploads\/2021\/02\/Brannbuas-Axa1-1024x683.png 1024w, https:\/\/almkullens.se\/wp-content\/uploads\/2021\/02\/Brannbuas-Axa1-300x200.png 300w, https:\/\/almkullens.se\/wp-content\/uploads\/2021\/02\/Brannbuas-Axa1-768x512.png 768w, https:\/\/almkullens.se\/wp-content\/uploads\/2021\/02\/Brannbuas-Axa1-1536x1024.png 1536w, https:\/\/almkullens.se\/wp-content\/uploads\/2021\/02\/Brannbuas-Axa1.png 1920w\" sizes=\"auto, (max-width: 1024px) 100vw, 1024px\" \/><\/a><\/figure>\n<\/div><figure class=\"wp-block-media-text__media\"><a href=\"https:\/\/almkullens.se\/wp-content\/uploads\/2021\/02\/Brannbuas-Axa-Sobel-2.jpg\" rel=\"lightbox[10486]\"><img loading=\"lazy\" decoding=\"async\" width=\"462\" height=\"337\" src=\"https:\/\/almkullens.se\/wp-content\/uploads\/2021\/02\/Brannbuas-Axa-Sobel-2.jpg\" alt=\"\" class=\"wp-image-10494 size-full\" srcset=\"https:\/\/almkullens.se\/wp-content\/uploads\/2021\/02\/Brannbuas-Axa-Sobel-2.jpg 462w, https:\/\/almkullens.se\/wp-content\/uploads\/2021\/02\/Brannbuas-Axa-Sobel-2-300x219.jpg 300w\" sizes=\"auto, (max-width: 462px) 100vw, 462px\" \/><\/a><\/figure><\/div>\n\n\n\n<p class=\"has-white-background-color has-background wp-block-paragraph\">Om man parar tv\u00e5 hundar d\u00e4r en av dom \u00e4r tricolor och den andra \u00e4r av en annan f\u00e4rg (antingen svart\/vit, brun\/vit eller orange\/vit) och de f\u00e5r en sobelf\u00e4rgad valp, s\u00e5 vet man att den med en annan f\u00e4rg (den svart\/vita, brun\/vita eller orange\/vita) \u00e4r b\u00e4rare av sobelgenen fast\u00e4n den inte \u00e4r sobel sj\u00e4lv!<br \/>En hund som har genen A<sup>y<\/sup> (sobelgenen) \u00e4r lika mycket b\u00e4rare av genen vare sig det syns p\u00e5 hunden eller inte och om den f\u00e5r valpar s\u00e5 \u00e4r det i snitt 50% av valparna som \u00e4r b\u00e4rare (oavsett om det syns eller ej)<br \/>Men som tur \u00e4r s\u00e5 sitter inte jaktanlagen i p\u00e4lsf\u00e4rgen.<\/p>\n\n\n\n<p><span style=\"background-color: #ffffff;\">F\u00e4rgbeteckningen p\u00e5 SKK&nbsp;blir<\/span><br data-rich-text-line-break=\"true\"\/><span style=\"background-color: #ffffff;\">X = ej standardenlig f\u00e4rg<\/span><br data-rich-text-line-break=\"true\"\/><span style=\"background-color: #ffffff;\">Genupps\u00e4ttning: A<sup>y<\/sup>-\/\u2013\/E-\/k<sup>y<\/sup>k<sup>y<\/sup><\/span><\/p>\n<p><span style=\"background-color: #ffffff;\">K\u00e4llinformation:<\/span><br \/><span style=\"background-color: #ffffff;\"><a style=\"background-color: #ffffff;\" href=\"http:\/\/www.laboklin.co.uk\/BrittanyCoatColours.pdf\" data-slimstat-clicked=\"false\" data-slimstat-type=\"0\" data-slimstat-tracking=\"true\" data-slimstat-callback=\"true\">Coat Colours in Brittany<\/a>&nbsp;\u2013&nbsp;http:\/\/www.laboklin.co.uk\/laboklin\/<\/span><br \/><span style=\"background-color: #ffffff;\">Hundavel i teori och praktik-Sofia Malm &amp; \u00c5sa Lindholm<\/span><\/p>\n<p>&nbsp;<\/p>\n","protected":false},"excerpt":{"rendered":"<p>Sobel \u00e4r en f\u00e4rgvariant hos breton som inte \u00e4r \u00f6nskv\u00e4rd enligt rasstandarden. Jag g\u00f6r h\u00e4r ett f\u00f6rs\u00f6k att f\u00f6rklara lite om f\u00e4rgen, &#8230;..och visst \u00e4r den h\u00e4r lilla sobelf\u00e4rgade valpen otroligt s\u00f6t!Men hur kan man d\u00e5 se att en breton \u00e4r sobel?F\u00e4rgen hos sobel \u00e4r en r\u00f6d\/gul f\u00e4rg med svarta eller bruna inslag.Hur m\u00f6rk kul\u00f6ren [&hellip;]<\/p>\n","protected":false},"author":1,"featured_media":0,"parent":0,"menu_order":0,"comment_status":"closed","ping_status":"closed","template":"","meta":{"_crdt_document":"","advgb_blocks_editor_width":"","advgb_blocks_columns_visual_guide":"","footnotes":""},"class_list":["post-10486","page","type-page","status-publish","hentry","entry"],"coauthors":[],"author_meta":{"author_link":"https:\/\/almkullens.se\/?author=1","display_name":"Peter &amp; Johanna"},"relative_dates":{"created":"Publicerad 5 \u00e5r sedan","modified":"Uppdaterad 3 \u00e5r sedan"},"absolute_dates":{"created":"Publicerat den 22 februari, 2021","modified":"Uppdaterad den 20 maj, 2023"},"absolute_dates_time":{"created":"Publicerat den 22 februari, 2021 05:54","modified":"Uppdaterad den 20 maj, 2023 10:11"},"featured_img_caption":"","featured_img":false,"series_order":"","jetpack_sharing_enabled":true,"_links":{"self":[{"href":"https:\/\/almkullens.se\/index.php?rest_route=\/wp\/v2\/pages\/10486","targetHints":{"allow":["GET"]}}],"collection":[{"href":"https:\/\/almkullens.se\/index.php?rest_route=\/wp\/v2\/pages"}],"about":[{"href":"https:\/\/almkullens.se\/index.php?rest_route=\/wp\/v2\/types\/page"}],"author":[{"embeddable":true,"href":"https:\/\/almkullens.se\/index.php?rest_route=\/wp\/v2\/users\/1"}],"replies":[{"embeddable":true,"href":"https:\/\/almkullens.se\/index.php?rest_route=%2Fwp%2Fv2%2Fcomments&post=10486"}],"version-history":[{"count":29,"href":"https:\/\/almkullens.se\/index.php?rest_route=\/wp\/v2\/pages\/10486\/revisions"}],"predecessor-version":[{"id":12220,"href":"https:\/\/almkullens.se\/index.php?rest_route=\/wp\/v2\/pages\/10486\/revisions\/12220"}],"wp:attachment":[{"href":"https:\/\/almkullens.se\/index.php?rest_route=%2Fwp%2Fv2%2Fmedia&parent=10486"}],"curies":[{"name":"wp","href":"https:\/\/api.w.org\/{rel}","templated":true}]}}