{"id":10334,"date":"2020-09-12T12:34:26","date_gmt":"2020-09-12T10:34:26","guid":{"rendered":"http:\/\/almkullens.se\/?page_id=10334"},"modified":"2023-05-01T08:29:33","modified_gmt":"2023-05-01T06:29:33","slug":"almkullens-h-kull-2","status":"publish","type":"page","link":"https:\/\/almkullens.se\/?page_id=10334","title":{"rendered":"Almkullens H-kull"},"content":{"rendered":"\n<div class=\"wp-block-columns is-layout-flex wp-container-core-columns-is-layout-8f761849 wp-block-columns-is-layout-flex\">\n<div class=\"wp-block-column is-layout-flow wp-block-column-is-layout-flow\">\n<figure class=\"wp-block-image size-large\"><img loading=\"lazy\" decoding=\"async\" width=\"1024\" height=\"683\" src=\"https:\/\/almkullens.se\/wp-content\/uploads\/2010\/07\/1496-1024x683.jpg\" alt=\"\" class=\"wp-image-8049\" srcset=\"https:\/\/almkullens.se\/wp-content\/uploads\/2010\/07\/1496-1024x683.jpg 1024w, https:\/\/almkullens.se\/wp-content\/uploads\/2010\/07\/1496-300x200.jpg 300w, https:\/\/almkullens.se\/wp-content\/uploads\/2010\/07\/1496-768x512.jpg 768w, https:\/\/almkullens.se\/wp-content\/uploads\/2010\/07\/1496.jpg 1600w\" sizes=\"auto, (max-width: 1024px) 100vw, 1024px\" \/><\/figure>\n\n\n\n<p class=\"has-white-background-color has-background wp-block-paragraph\"><strong>Inouk De L\u2019ardour&nbsp;<\/strong><img loading=\"lazy\" decoding=\"async\" width=\"16\" height=\"16\" class=\"wp-image-9563\" style=\"width: 16px;\" src=\"https:\/\/almkullens.se\/wp-content\/uploads\/2019\/05\/rosett-bl\u00e5.gif\" alt=\"\"\/><img loading=\"lazy\" decoding=\"async\" width=\"16\" height=\"16\" class=\"wp-image-9564\" style=\"width: 16px;\" src=\"https:\/\/almkullens.se\/wp-content\/uploads\/2019\/05\/rosett-r\u00f6d.gif\" alt=\"\"\/><br \/>DK12171\/2014<br \/>Vit\/Orange<br \/>Kuperad<br \/>HD: A<br \/>Jaktprov: 1 pris \u00d6kl<br \/>Apporteringspr\u00f8ve B: 1 pris<br \/>Utst\u00e4llning: DKCH<br \/><a href=\"https:\/\/almkullens.se\/?page_id=9064\">Galleri: Inouk De L\u2019ardour<\/a><br \/>\u00c4g: Jens Ole Nielsen<\/p>\n<\/div>\n\n\n\n<div class=\"wp-block-column is-layout-flow wp-block-column-is-layout-flow\">\n<figure class=\"wp-block-image size-large\"><img loading=\"lazy\" decoding=\"async\" width=\"1024\" height=\"683\" src=\"https:\/\/almkullens.se\/wp-content\/uploads\/2015\/12\/3Q1A3800-1024x683.jpg\" alt=\"\" class=\"wp-image-6409\" srcset=\"https:\/\/almkullens.se\/wp-content\/uploads\/2015\/12\/3Q1A3800-1024x683.jpg 1024w, https:\/\/almkullens.se\/wp-content\/uploads\/2015\/12\/3Q1A3800-300x200.jpg 300w, https:\/\/almkullens.se\/wp-content\/uploads\/2015\/12\/3Q1A3800-768x512.jpg 768w, https:\/\/almkullens.se\/wp-content\/uploads\/2015\/12\/3Q1A3800.jpg 1800w\" sizes=\"auto, (max-width: 1024px) 100vw, 1024px\" \/><\/figure>\n\n\n\n<p class=\"has-white-background-color has-background wp-block-paragraph\"><strong>Almkullens Aska<\/strong> <img loading=\"lazy\" decoding=\"async\" width=\"16\" height=\"16\" class=\"wp-image-9563\" style=\"width: 16px;\" src=\"https:\/\/almkullens.se\/wp-content\/uploads\/2019\/05\/rosett-bl\u00e5.gif\" alt=\"\"\/><img loading=\"lazy\" decoding=\"async\" width=\"16\" height=\"16\" class=\"wp-image-9564\" style=\"width: 16px;\" src=\"https:\/\/almkullens.se\/wp-content\/uploads\/2019\/05\/rosett-r\u00f6d.gif\" alt=\"\"\/><br \/>SE40158\/2011<br \/>Mankh\u00f6jd: ca 49<br \/>Vit\/Orange<br \/>L\u00e5ng svans<br \/>HD: A<br \/>HQ: 0,97<br \/>SE JCH<br \/>SE UCH<br \/>\u00c5rets Breton 2013<br \/>\u00c5rets allroundbreton 2013<br \/>4 plac SM F\u00e4lt 2016<br \/><a href=\"https:\/\/almkullens.se\/?page_id=1022\">Askas&nbsp;sida<\/a><\/p>\n\n\n<\/div>\n<\/div>\n\n\n\n<p class=\"has-text-align-center has-white-background-color has-background wp-block-paragraph\"><em>Valparna \u00e4r f\u00f6dda den 22\/12 2017<\/em><\/p>\n\n\n\n<hr class=\"wp-block-separator has-css-opacity is-style-wide\"\/>\n\n\n\n<div class=\"wp-block-columns is-layout-flex wp-container-core-columns-is-layout-8f761849 wp-block-columns-is-layout-flex\">\n<div class=\"wp-block-column is-layout-flow wp-block-column-is-layout-flow\">\n<figure class=\"wp-block-image size-large\"><img loading=\"lazy\" decoding=\"async\" width=\"1024\" height=\"683\" src=\"https:\/\/almkullens.se\/wp-content\/uploads\/2020\/02\/041-1024x683.jpg\" alt=\"\" class=\"wp-image-10203\" srcset=\"https:\/\/almkullens.se\/wp-content\/uploads\/2020\/02\/041-1024x683.jpg 1024w, https:\/\/almkullens.se\/wp-content\/uploads\/2020\/02\/041-300x200.jpg 300w, https:\/\/almkullens.se\/wp-content\/uploads\/2020\/02\/041-768x512.jpg 768w, https:\/\/almkullens.se\/wp-content\/uploads\/2020\/02\/041-1536x1024.jpg 1536w, https:\/\/almkullens.se\/wp-content\/uploads\/2020\/02\/041-2048x1366.jpg 2048w\" sizes=\"auto, (max-width: 1024px) 100vw, 1024px\" \/><\/figure>\n\n\n\n<p class=\"has-white-background-color has-background wp-block-paragraph\">Hexa bor kvar h\u00e4r hos oss i V\u00e4neryr<br \/>Hexa fick 5 valpar 2021 K-kullen<br \/>Galleri:&nbsp;<a href=\"https:\/\/almkullens.se\/?page_id=8467\">Almkullens Hexa<\/a><\/p>\n<\/div>\n\n\n\n<div class=\"wp-block-column is-layout-flow wp-block-column-is-layout-flow\">\n<p class=\"has-white-background-color has-background wp-block-paragraph\"><strong>Almkullens Hexa<\/strong> <img loading=\"lazy\" decoding=\"async\" width=\"16\" height=\"16\" class=\"wp-image-9563\" style=\"width: 16px;\" src=\"https:\/\/almkullens.se\/wp-content\/uploads\/2019\/05\/rosett-bl\u00e5.gif\" alt=\"\"\/><img loading=\"lazy\" decoding=\"async\" width=\"16\" height=\"16\" class=\"wp-image-9564\" style=\"width: 16px;\" src=\"https:\/\/almkullens.se\/wp-content\/uploads\/2019\/05\/rosett-r\u00f6d.gif\" alt=\"\"\/><br \/>SE13779\/2018<br \/>HD: A<br \/>HQ: 0,98<br \/>Mankh\u00f6jd: ca 48<br \/>Vit\/Orange<br \/>Tik med svans<br \/>skimmel<br \/>Jaktprov:<br \/>F\u00e4lt:&nbsp; &nbsp;1 Ukl (Danmark)<br \/>Fj\u00e4ll:&nbsp; 1 Ukl<br \/>Skog: 2 Ukl<br \/>F\u00e4lt:&nbsp; &nbsp;1 Ukl<br \/>&nbsp; &nbsp; &nbsp; &nbsp; &nbsp; &nbsp;2 \u00d6kl<br \/>Fj\u00e4ll:&nbsp; 1 \u00d6kl<br \/>F\u00e4lt:&nbsp; &nbsp;2 Ekl<br \/>&nbsp; &nbsp; &nbsp; &nbsp;&nbsp; &nbsp;&nbsp;2 Ekl<br \/>2021:&nbsp; 1 Ekl<br \/>2022: 2 Ekl<br \/>\u00c5rets Breton Allround-2019<br \/>Utst\u00e4llning:<br \/>Jaktkl: Very Good<\/p>\n<\/div>\n<\/div>\n\n\n\n<hr class=\"wp-block-separator has-css-opacity is-style-wide\"\/>\n\n\n\n<div class=\"wp-block-columns is-layout-flex wp-container-core-columns-is-layout-8f761849 wp-block-columns-is-layout-flex\">\n<div class=\"wp-block-column is-layout-flow wp-block-column-is-layout-flow\">\n<figure class=\"wp-block-image size-large\"><img loading=\"lazy\" decoding=\"async\" width=\"1024\" height=\"806\" src=\"https:\/\/almkullens.se\/wp-content\/uploads\/2020\/09\/Almkullens-Hrima-bra-1024x806.jpg\" alt=\"\" class=\"wp-image-10340\" srcset=\"https:\/\/almkullens.se\/wp-content\/uploads\/2020\/09\/Almkullens-Hrima-bra-1024x806.jpg 1024w, https:\/\/almkullens.se\/wp-content\/uploads\/2020\/09\/Almkullens-Hrima-bra-300x236.jpg 300w, https:\/\/almkullens.se\/wp-content\/uploads\/2020\/09\/Almkullens-Hrima-bra-768x604.jpg 768w, https:\/\/almkullens.se\/wp-content\/uploads\/2020\/09\/Almkullens-Hrima-bra-1536x1209.jpg 1536w, https:\/\/almkullens.se\/wp-content\/uploads\/2020\/09\/Almkullens-Hrima-bra.jpg 1549w\" sizes=\"auto, (max-width: 1024px) 100vw, 1024px\" \/><\/figure>\n\n\n\n<p class=\"has-white-background-color has-background wp-block-paragraph\">Hrima har flyttat till&nbsp;Dagfinnur Sm\u00e1ri \u00d3marsson p\u00e5 Island <br \/>Hrima fick 2021 6 valpar<br \/>Galleri:&nbsp;<a href=\"https:\/\/almkullens.se\/?page_id=8470\">Almkullens Hrima<\/a><\/p>\n<\/div>\n\n\n\n<div class=\"wp-block-column is-layout-flow wp-block-column-is-layout-flow\">\n<p class=\"has-white-background-color has-background wp-block-paragraph\"><strong><span class=\"tadv-background-color\" style=\"background-color:#ffffff\">A<\/span><\/strong><span class=\"tadv-background-color\" style=\"background-color:#ffffff\"><strong>lmkullens Hrima<\/strong> <img loading=\"lazy\" decoding=\"async\" width=\"16\" height=\"16\" class=\"wp-image-9563\" style=\"width: 16px;\" src=\"https:\/\/almkullens.se\/wp-content\/uploads\/2019\/05\/rosett-bl\u00e5.gif\" alt=\"\"\/><img loading=\"lazy\" decoding=\"async\" width=\"16\" height=\"16\" class=\"wp-image-9564\" style=\"width: 16px;\" src=\"https:\/\/almkullens.se\/wp-content\/uploads\/2019\/05\/rosett-r\u00f6d.gif\" alt=\"\"\/><br \/>SE13780\/2018<br \/>HD: C<br \/>Mankh\u00f6jd: ca\u00a047<br \/>Vit\/Orange<br \/>Tik med svans<br \/>skimmel<br \/>Jaktprov:<br \/>Fj\u00e4ll: <\/span><br \/>2019:\u00a0 \u00a0<span class=\"tadv-background-color\" style=\"background-color:#ffffff\">1 Ukl<br \/>2021:\u00a0 \u00a01 \u00d6kl<\/span><br \/> 2021:<span class=\"tadv-background-color\" style=\"background-color:#ffffff\"> \u00a01 Vinnarklass<\/span><br \/> 2021:<span class=\"tadv-background-color\" style=\"background-color:#ffffff\"> \u00a01 \u00d6kl<\/span><br \/>2021:\u00a0  1 \u00d6kl<br \/>2022:   1 \u00d6kl<br \/>2022:   1 \u00d6kl<br \/>2022:  1 Vinnarklass<br \/>2023:  3 Vinnarklass<br \/>Hrima blev \u00c5rets st\u00e5ende f\u00e5gelhund 2021 p\u00e5 Island, Alla st\u00e5ende f\u00e5gelhundsraser \u00e4r medr\u00e4knade.<span class=\"tadv-background-color\" style=\"background-color:#ffffff\"><br \/>Utst\u00e4llning:<br \/>Jaktkl: Excellent CERT <\/span>BIR<br \/>Excellent Btkl:1<\/p>\n<\/div>\n<\/div>\n\n\n\n<hr class=\"wp-block-separator has-css-opacity is-style-wide\"\/>\n\n\n\n<div class=\"wp-block-columns is-layout-flex wp-container-core-columns-is-layout-8f761849 wp-block-columns-is-layout-flex\">\n<div class=\"wp-block-column is-layout-flow wp-block-column-is-layout-flow\">\n<figure class=\"wp-block-image size-large\"><img loading=\"lazy\" decoding=\"async\" width=\"1024\" height=\"768\" src=\"https:\/\/almkullens.se\/wp-content\/uploads\/2018\/11\/1324-1024x768.jpg\" alt=\"Almkullens Holly \u00c4g: Mikael Isaksson\" class=\"wp-image-8859\" srcset=\"https:\/\/almkullens.se\/wp-content\/uploads\/2018\/11\/1324-1024x768.jpg 1024w, https:\/\/almkullens.se\/wp-content\/uploads\/2018\/11\/1324-300x225.jpg 300w, https:\/\/almkullens.se\/wp-content\/uploads\/2018\/11\/1324-768x576.jpg 768w, https:\/\/almkullens.se\/wp-content\/uploads\/2018\/11\/1324.jpg 1600w\" sizes=\"auto, (max-width: 1024px) 100vw, 1024px\" \/><\/figure>\n\n\n\n<p class=\"has-white-background-color has-background wp-block-paragraph\"><\/p>\n<\/div>\n\n\n\n<div class=\"wp-block-column has-white-background-color has-background is-layout-flow wp-block-column-is-layout-flow\">\n<p class=\"wp-block-paragraph\"><strong>Almkullens Holly<br \/><\/strong>SE13782\/2018<br \/>Mankh\u00f6jd: ca 49,5<br \/>Vit\/Orange<br \/>Tik med svans<br \/>skimmel<\/p>\n\n\n\n<p class=\"wp-block-paragraph\">Holly har flyttat till Mikael och&nbsp;\u00c5sa Isaksson i Lule\u00e5<\/p>\n\n\n\n<p class=\"wp-block-paragraph\">Galleri:&nbsp;<a href=\"https:\/\/almkullens.se\/?page_id=8475\">Almkullens Holly<\/a><\/p>\n<\/div>\n<\/div>\n\n\n\n<hr class=\"wp-block-separator has-css-opacity is-style-wide\"\/>\n\n\n\n<div class=\"wp-block-columns is-layout-flex wp-container-core-columns-is-layout-8f761849 wp-block-columns-is-layout-flex\">\n<div class=\"wp-block-column is-layout-flow wp-block-column-is-layout-flow\">\n<figure class=\"wp-block-image size-large\"><img loading=\"lazy\" decoding=\"async\" width=\"1024\" height=\"768\" src=\"https:\/\/almkullens.se\/wp-content\/uploads\/2018\/10\/423-1024x768.jpg\" alt=\"Almkullens Hera \u00c4g: Annika Stenberg\" class=\"wp-image-8792\" srcset=\"https:\/\/almkullens.se\/wp-content\/uploads\/2018\/10\/423-1024x768.jpg 1024w, https:\/\/almkullens.se\/wp-content\/uploads\/2018\/10\/423-300x225.jpg 300w, https:\/\/almkullens.se\/wp-content\/uploads\/2018\/10\/423-768x576.jpg 768w, https:\/\/almkullens.se\/wp-content\/uploads\/2018\/10\/423.jpg 1600w\" sizes=\"auto, (max-width: 1024px) 100vw, 1024px\" \/><\/figure>\n<\/div>\n\n\n\n<div class=\"wp-block-column is-layout-flow wp-block-column-is-layout-flow\">\n<p class=\"has-white-background-color has-background wp-block-paragraph\"><strong>Almkullens Hera<br \/><\/strong>SE13781\/2018<br \/>HD: B\/C<br \/>Mankh\u00f6jd: ca 47<br \/>Vit\/Orange<br \/>Tik med svans<br \/>skimmel<br \/>Utst\u00e4llning:<br \/>Valpklass: 1 HP Birvalp<\/p>\n\n\n\n<p class=\"has-white-background-color has-background wp-block-paragraph\">Hera har flyttat till Annika och Stellan&nbsp;Stenberg i Norsj\u00f6<br \/>Hera fick 5 valpar 2022<br \/>Galleri:&nbsp;<a href=\"https:\/\/almkullens.se\/?page_id=8478\">Almkullens Hera<\/a><\/p>\n<\/div>\n<\/div>\n\n\n\n<hr class=\"wp-block-separator has-css-opacity is-style-wide\"\/>\n\n\n\n<div class=\"wp-block-columns is-layout-flex wp-container-core-columns-is-layout-8f761849 wp-block-columns-is-layout-flex\">\n<div class=\"wp-block-column is-layout-flow wp-block-column-is-layout-flow\">\n<figure class=\"wp-block-image size-large\"><img loading=\"lazy\" decoding=\"async\" width=\"1024\" height=\"819\" src=\"https:\/\/almkullens.se\/wp-content\/uploads\/2019\/06\/219-1024x819.jpg\" alt=\"\" class=\"wp-image-9773\" srcset=\"https:\/\/almkullens.se\/wp-content\/uploads\/2019\/06\/219-1024x819.jpg 1024w, https:\/\/almkullens.se\/wp-content\/uploads\/2019\/06\/219-300x240.jpg 300w, https:\/\/almkullens.se\/wp-content\/uploads\/2019\/06\/219-768x614.jpg 768w, https:\/\/almkullens.se\/wp-content\/uploads\/2019\/06\/219.jpg 1800w\" sizes=\"auto, (max-width: 1024px) 100vw, 1024px\" \/><\/figure>\n<\/div>\n\n\n\n<div class=\"wp-block-column is-layout-flow wp-block-column-is-layout-flow\">\n<p class=\"has-white-background-color has-background wp-block-paragraph\"><strong>Almkullens Hedda<br \/><\/strong>SE13783\/2018<br \/>HD: B<br \/>Vit\/Orange<br \/>Tik med svans<br \/>skimmel<\/p>\n\n\n\n<p class=\"has-white-background-color has-background wp-block-paragraph\">Hedda har flyttat till Robert Hansson p\u00e5 Sm\u00f6gen<\/p>\n\n\n\n<p class=\"wp-block-paragraph\">Galleri:&nbsp;<a href=\"https:\/\/almkullens.se\/?page_id=8472\">Almkullens Hedda<\/a><\/p>\n<\/div>\n<\/div>\n\n\n\n<hr class=\"wp-block-separator has-css-opacity is-style-wide\"\/>\n\n\n\n<div class=\"wp-block-columns is-layout-flex wp-container-core-columns-is-layout-8f761849 wp-block-columns-is-layout-flex\">\n<div class=\"wp-block-column is-layout-flow wp-block-column-is-layout-flow\">\n<figure class=\"wp-block-image size-large\"><img loading=\"lazy\" decoding=\"async\" width=\"1024\" height=\"768\" src=\"https:\/\/almkullens.se\/wp-content\/uploads\/2018\/10\/1036-1024x768.jpg\" alt=\"Almkullens Hamilton\" class=\"wp-image-8793\" srcset=\"https:\/\/almkullens.se\/wp-content\/uploads\/2018\/10\/1036-1024x768.jpg 1024w, https:\/\/almkullens.se\/wp-content\/uploads\/2018\/10\/1036-300x225.jpg 300w, https:\/\/almkullens.se\/wp-content\/uploads\/2018\/10\/1036-768x576.jpg 768w, https:\/\/almkullens.se\/wp-content\/uploads\/2018\/10\/1036.jpg 1600w\" sizes=\"auto, (max-width: 1024px) 100vw, 1024px\" \/><\/figure>\n\n\n\n<p class=\"has-white-background-color has-background wp-block-paragraph\">Hamilton har flyttat till Mats Andersson och Elisabeth Brutus i Mora<br \/>Galleri:&nbsp;<a href=\"https:\/\/almkullens.se\/?page_id=8482\">Almkullens Hamilton<\/a><\/p>\n<\/div>\n\n\n\n<div class=\"wp-block-column is-layout-flow wp-block-column-is-layout-flow\">\n<p class=\"has-white-background-color has-background wp-block-paragraph\"><strong>Almkullens Hamilton&nbsp;<\/strong><img loading=\"lazy\" decoding=\"async\" width=\"16\" height=\"16\" class=\"wp-image-9563\" style=\"width: 16px;\" src=\"https:\/\/almkullens.se\/wp-content\/uploads\/2019\/05\/rosett-bl\u00e5.gif\" alt=\"\"\/><br \/>SE13784\/2018<br \/>HD: A<br \/>HQ: 0,98<br \/>Mankh\u00f6jd: ca 52<br \/>F\u00e4rg: Vit\/Orange<br \/>K\u00f6n: Hane<br \/>Svans: L\u00e5ng svans<br \/>Jaktprov:<br \/>Fj\u00e4ll: 2 \u00d6kl<br \/>Utst\u00e4llning: Disq. 53?<\/p>\n<\/div>\n<\/div>\n\n\n\n<hr class=\"wp-block-separator has-css-opacity is-style-wide\"\/>\n\n\n\n<p class=\"wp-block-paragraph\">H-kullens stamtavla<\/p>\n\n\n\n<figure class=\"wp-block-image alignfull size-large\"><img loading=\"lazy\" decoding=\"async\" width=\"794\" height=\"632\" src=\"https:\/\/almkullens.se\/wp-content\/uploads\/2010\/07\/H-kull.jpg\" alt=\"\" class=\"wp-image-8230\" srcset=\"https:\/\/almkullens.se\/wp-content\/uploads\/2010\/07\/H-kull.jpg 794w, https:\/\/almkullens.se\/wp-content\/uploads\/2010\/07\/H-kull-300x239.jpg 300w, https:\/\/almkullens.se\/wp-content\/uploads\/2010\/07\/H-kull-768x611.jpg 768w\" sizes=\"auto, (max-width: 794px) 100vw, 794px\" \/><\/figure>\n","protected":false},"excerpt":{"rendered":"<p>Inouk De L\u2019ardour&nbsp;DK12171\/2014Vit\/OrangeKuperadHD: AJaktprov: 1 pris \u00d6klApporteringspr\u00f8ve B: 1 prisUtst\u00e4llning: DKCHGalleri: Inouk De L\u2019ardour\u00c4g: Jens Ole Nielsen Almkullens Aska SE40158\/2011Mankh\u00f6jd: ca 49Vit\/OrangeL\u00e5ng svansHD: AHQ: 0,97SE JCHSE UCH\u00c5rets Breton 2013\u00c5rets allroundbreton 20134 plac SM F\u00e4lt 2016Askas&nbsp;sida Valparna \u00e4r f\u00f6dda den 22\/12 2017 Hexa bor kvar h\u00e4r hos oss i V\u00e4neryrHexa fick 5 valpar 2021 K-kullenGalleri:&nbsp;Almkullens Hexa [&hellip;]<\/p>\n","protected":false},"author":1,"featured_media":0,"parent":0,"menu_order":0,"comment_status":"closed","ping_status":"closed","template":"","meta":{"_crdt_document":"","advgb_blocks_editor_width":"","advgb_blocks_columns_visual_guide":"","footnotes":""},"class_list":["post-10334","page","type-page","status-publish","hentry","entry"],"coauthors":[],"author_meta":{"author_link":"https:\/\/almkullens.se\/?author=1","display_name":"Peter &amp; Johanna"},"relative_dates":{"created":"Publicerad 6 \u00e5r sedan","modified":"Uppdaterad 3 \u00e5r sedan"},"absolute_dates":{"created":"Publicerat den 12 september, 2020","modified":"Uppdaterad den 1 maj, 2023"},"absolute_dates_time":{"created":"Publicerat den 12 september, 2020 12:34","modified":"Uppdaterad den 1 maj, 2023 08:29"},"featured_img_caption":"","featured_img":false,"series_order":"","jetpack_sharing_enabled":true,"_links":{"self":[{"href":"https:\/\/almkullens.se\/index.php?rest_route=\/wp\/v2\/pages\/10334","targetHints":{"allow":["GET"]}}],"collection":[{"href":"https:\/\/almkullens.se\/index.php?rest_route=\/wp\/v2\/pages"}],"about":[{"href":"https:\/\/almkullens.se\/index.php?rest_route=\/wp\/v2\/types\/page"}],"author":[{"embeddable":true,"href":"https:\/\/almkullens.se\/index.php?rest_route=\/wp\/v2\/users\/1"}],"replies":[{"embeddable":true,"href":"https:\/\/almkullens.se\/index.php?rest_route=%2Fwp%2Fv2%2Fcomments&post=10334"}],"version-history":[{"count":24,"href":"https:\/\/almkullens.se\/index.php?rest_route=\/wp\/v2\/pages\/10334\/revisions"}],"predecessor-version":[{"id":12178,"href":"https:\/\/almkullens.se\/index.php?rest_route=\/wp\/v2\/pages\/10334\/revisions\/12178"}],"wp:attachment":[{"href":"https:\/\/almkullens.se\/index.php?rest_route=%2Fwp%2Fv2%2Fmedia&parent=10334"}],"curies":[{"name":"wp","href":"https:\/\/api.w.org\/{rel}","templated":true}]}}